{"id":1925,"date":"2025-09-03T13:40:32","date_gmt":"2025-09-03T11:40:32","guid":{"rendered":"https:\/\/www.abf.se\/orebro-lan\/?page_id=1925"},"modified":"2025-09-24T14:16:49","modified_gmt":"2025-09-24T12:16:49","slug":"finansiering-bidrag-och-projektstod","status":"publish","type":"page","link":"https:\/\/www.abf.se\/orebro-lan\/samarbeta-med-oss\/starta-ideell-forening\/finansiering-bidrag-och-projektstod\/","title":{"rendered":"Finansiering, bidrag och projektst\u00f6d"},"content":{"rendered":"<div\n    class=\"acf-hero-block container-lg no-padding mb-12 js-geolocation\"\n    data-block=\"hero-block\"\n    data-index=\"0\"\n>\n    <div class=\"h-[548px]  relative rounded-[32px] overflow-hidden flex bg-gray-light\">\n        <div class=\"relative z-10 mt-auto h-auto w-full md:h-full\">\n            <div class=\"flex w-full h-full flex-col flex-wrap justify-end w-full md:w-7\/12 lg:w-1\/2 md:justify-center\">\n                <div class=\"flex flex-col gap-3 md:gap-[18px] md:transparent pt-16 pb-36 md:py-8 px-4 w-full md:max-w-[620px] mx-auto px-8\">\n\n                    <h1 class=\"hero-heading hero-heading--red-text\"><span>Finansiering, bidrag och projektst\u00f6d<\/span><\/h1>\n\n                    \n                                    <\/div>\n            <\/div>\n        <\/div>\n\n                    <picture class=\"as-background-image mix-blend-multiply bg-black\/40\"><img decoding=\"async\" src=\"https:\/\/www.abf.se\/orebro-lan\/resized\/?url=https%3A%2F%2Fwww.abf.se%2Fwp-content%2Fuploads%2F2024%2F04%2FEkonomi-Foretag-Juridik-09.jpg&#038;fit=crop&#038;w=1440&#038;s=2d59e99d489121914e95f70f56d65c1a\" srcset=\"https:\/\/www.abf.se\/orebro-lan\/resized\/?url=https%3A%2F%2Fwww.abf.se%2Fwp-content%2Fuploads%2F2024%2F04%2FEkonomi-Foretag-Juridik-09.jpg&#038;fit=crop&#038;w=375&#038;h=540&#038;s=20c90e7247cb4c909e48b75bf1eda2ba 375w, https:\/\/www.abf.se\/orebro-lan\/resized\/?url=https%3A%2F%2Fwww.abf.se%2Fwp-content%2Fuploads%2F2024%2F04%2FEkonomi-Foretag-Juridik-09.jpg&#038;fit=crop&#038;w=447&#038;h=540&#038;s=745bea8c5c286b801220b4b2a9bb17fb 447w, https:\/\/www.abf.se\/orebro-lan\/resized\/?url=https%3A%2F%2Fwww.abf.se%2Fwp-content%2Fuploads%2F2024%2F04%2FEkonomi-Foretag-Juridik-09.jpg&#038;fit=crop&#038;w=519&#038;h=540&#038;s=397d0924cefd378432253bfc06643fbb 519w, https:\/\/www.abf.se\/orebro-lan\/resized\/?url=https%3A%2F%2Fwww.abf.se%2Fwp-content%2Fuploads%2F2024%2F04%2FEkonomi-Foretag-Juridik-09.jpg&#038;fit=crop&#038;w=591&#038;h=540&#038;s=da343fe9b381eb3c88533b9001a6502c 591w, https:\/\/www.abf.se\/orebro-lan\/resized\/?url=https%3A%2F%2Fwww.abf.se%2Fwp-content%2Fuploads%2F2024%2F04%2FEkonomi-Foretag-Juridik-09.jpg&#038;fit=crop&#038;w=663&#038;h=540&#038;s=65a41746fd9cfe2e3847726dc9c9a2ce 663w, https:\/\/www.abf.se\/orebro-lan\/resized\/?url=https%3A%2F%2Fwww.abf.se%2Fwp-content%2Fuploads%2F2024%2F04%2FEkonomi-Foretag-Juridik-09.jpg&#038;fit=crop&#038;w=750&#038;h=540&#038;s=7d8e8cb5c07e0e6fe50406a50ed64af7 750w, https:\/\/www.abf.se\/orebro-lan\/resized\/?url=https%3A%2F%2Fwww.abf.se%2Fwp-content%2Fuploads%2F2024%2F04%2FEkonomi-Foretag-Juridik-09.jpg&#038;fit=crop&#038;w=894&#038;h=540&#038;s=3e26b80c5868c81a5e4fed372d85fbf6 894w, https:\/\/www.abf.se\/orebro-lan\/resized\/?url=https%3A%2F%2Fwww.abf.se%2Fwp-content%2Fuploads%2F2024%2F04%2FEkonomi-Foretag-Juridik-09.jpg&#038;fit=crop&#038;w=1038&#038;h=540&#038;s=6c74bc57c40eab13dbb41a3f0d6ac831 1038w, https:\/\/www.abf.se\/orebro-lan\/resized\/?url=https%3A%2F%2Fwww.abf.se%2Fwp-content%2Fuploads%2F2024%2F04%2FEkonomi-Foretag-Juridik-09.jpg&#038;fit=crop&#038;w=1182&#038;h=540&#038;s=758017ae8a7806c6beebc8a3aff348e3 1182w, https:\/\/www.abf.se\/orebro-lan\/resized\/?url=https%3A%2F%2Fwww.abf.se%2Fwp-content%2Fuploads%2F2024%2F04%2FEkonomi-Foretag-Juridik-09.jpg&#038;fit=crop&#038;w=1326&#038;h=540&#038;s=1f33f223952cc0edec9a18127ce4a971 1326w, https:\/\/www.abf.se\/orebro-lan\/resized\/?url=https%3A%2F%2Fwww.abf.se%2Fwp-content%2Fuploads%2F2024%2F04%2FEkonomi-Foretag-Juridik-09.jpg&#038;fit=crop&#038;w=1440&#038;h=540&#038;s=9a0b6b7fa009a08ce5f0a52ec3c64046 1440w\" alt=\"\" height=\"540\" width=\"1440\" sizes=\"(max-width: 1440px) calc(100vw - 32px), 1440px\" loading=\"eager\" fetchpriority=\"high\" aria-hidden=\"true\" role=\"presentation\" \/><\/picture>\n        \n\n            <\/div>\n\n    <\/div>\n\n<div\n    class=\"acf-plain-heading-block container my-16\"\n    data-block=\"plain-heading-block\"\n>\n    <div class=\"max-w-[658px] mx-auto\">\n                <h1 class=\"hero-heading\"><span>Finansiering, bidrag och projektst\u00f6d<\/span><\/h1>\n                            <p class=\"mt-8 body-xl text-black\">\n                Ideella f\u00f6reningar har m\u00f6jlighet att s\u00f6ka olika former av finansiering f\u00f6r att utveckla sin verksamhet. Bidragen kan komma fr\u00e5n stat, kommun, regioner, organisationer, fonder och stiftelser.\n            <\/p>\n            <\/div>\n<\/div>\n<div\n    class=\"acf-text-image-block container my-12 md:my-15\"\n    data-block=\"text-image-block\"\n>\n    <div\n    class=\"flex flex-col items-center md:flex-row gap-8 md:gap-0 justify-center\">\n        \n        <div class=\"w-full md:w-1\/2 md:order-1\">\n        <div class=\"mx-auto md:max-w-[368px]\">\n            <h2 class=\"heading-lg\"><\/h2>\n            <div class=\"mb-6 mt-4 wysiwyg\">\n                <h3>Ni kan ocks\u00e5 f\u00e5 in pengar p\u00e5 andra s\u00e4tt:<\/h3>\n<ul>\n<li>F\u00e5 in pengar fr\u00e5n era medlemmar och de som kommer som deltagare p\u00e5 era aktiviteter, genom att till exempel s\u00e4lja fika, ta intr\u00e4de eller g\u00f6ra en insamling.<\/li>\n<li>S\u00f6ka sponsorpengar (eller varor\/material) hos f\u00f6retag, i utbyte mot att ni g\u00f6r reklam f\u00f6r dem.<\/li>\n<li>Ta betalda uppdrag som f\u00f6rening. M\u00e5nga f\u00f6reningar f\u00e5r in extra pengar genom att st\u00e4da, skotta sn\u00f6 eller sk\u00f6ta parkering p\u00e5 olika arrangemang.<\/li>\n<li>G\u00e5 samman och s\u00e4lja lotter, ost, jultidningar eller annat.<\/li>\n<li>F\u00e5 st\u00f6d till era folkbildningsarrangemang via ABF \u00d6rebro l\u00e4n.<\/li>\n<li>S\u00f6ka externa projektbidrag. L\u00e4s mer om det nedan!<\/li>\n<\/ul>\n\n            <\/div>\n                    <\/div>\n        <\/div>\n    <\/div>\n<\/div><div\n    class=\"acf-article-text-block article-container my-12\"\n    data-block=\"article-text-block\"\n>\n    <div class=\"wysiwyg\">\n        <h3>Var kan man s\u00f6ka bidrag?<\/h3>\n<ul>\n<li>Kommunen: Ofta finns lokala f\u00f6reningsbidrag f\u00f6r ungdomsverksamhet, kultur, idrott eller integration.<\/li>\n<li>Regionen\/Landstinget: St\u00f6d till kulturprojekt, folkh\u00e4lsa eller st\u00f6rre satsningar.<\/li>\n<li>Myndigheter: Till exempel MUCF (Myndigheten f\u00f6r ungdoms- och civilsamh\u00e4llesfr\u00e5gor) som ger st\u00f6d till ungdomsf\u00f6reningar.<\/li>\n<li>Fonder och stiftelser: M\u00e5nga stiftelser delar ut projektst\u00f6d, exempelvis Allm\u00e4nna Arvsfonden f\u00f6r nyskapande verksamhet.<\/li>\n<\/ul>\n<h3>Hur skriver man en ans\u00f6kan?<\/h3>\n<p>En bra ans\u00f6kan inneh\u00e5ller:<\/p>\n<ul>\n<li>Beskrivning av f\u00f6reningen \u2013 syfte, m\u00e5l och m\u00e5lgrupp.<\/li>\n<li>Projektid\u00e9 \u2013 vad ni vill g\u00f6ra och varf\u00f6r.<\/li>\n<li>M\u00e5l och syfte \u2013 vilka behov ni m\u00f6ter, vilken f\u00f6r\u00e4ndring ni vill \u00e5stadkomma.<\/li>\n<li>Genomf\u00f6rande \u2013 aktiviteter, tidsplan och ansvariga.<\/li>\n<li>Budget \u2013 int\u00e4kter (inklusive s\u00f6kt bidrag) och kostnader.<\/li>\n<li>F\u00f6rv\u00e4ntade resultat \u2013 vad bidraget ska leda till.<\/li>\n<\/ul>\n<h3>Tips f\u00f6r lyckade ans\u00f6kningar<\/h3>\n<ul>\n<li>L\u00e4s alltid riktlinjerna f\u00f6r bidraget noga.<\/li>\n<li>Anpassa er ans\u00f6kan till den organisation som delar ut st\u00f6det.<\/li>\n<li>Var tydliga med vad pengarna ska anv\u00e4ndas till.<\/li>\n<li>Visa att ni har kapacitet att genomf\u00f6ra projektet.<\/li>\n<li>Bifoga relevanta handlingar, t.ex. stadgar eller verksamhetsber\u00e4ttelse.<\/li>\n<\/ul>\n\n    <\/div>\n<\/div>\n<div\n    class=\"acf-article-facts-block article-container  my-8 \"\n    data-block=\"article-facts-block\"\n>\n<div class=\"bg-teal-light border border-teal p-8 rounded-corners-sm\">\n<header>\n        <h2 class=\"heading-md text-teal-dark mb-3\">\n            Tips!\n        <\/h2>\n    <\/header>\n    <div class=\"wysiwyg\">\n        <p>T\u00e4nk p\u00e5 att resurser inte alltid beh\u00f6ver betyda pengar! Kanske finns det n\u00e5gon i er n\u00e4rhet som kan l\u00e5na ut just det som ni annars skulle beh\u00f6va k\u00f6pa in? Fr\u00e5ga t ex er kontaktperson p\u00e5 kommunen eller p\u00e5 ABF, v\u00e4nner och grannar innan ni k\u00f6per nytt!<\/p>\n\n    <\/div>\n<\/div>\n\n<\/div>\n","protected":false},"excerpt":{"rendered":"","protected":false},"author":79,"featured_media":0,"parent":1889,"menu_order":0,"comment_status":"closed","ping_status":"closed","template":"","meta":{"_acf_changed":false,"footnotes":""},"class_list":["post-1925","page","type-page","status-publish","hentry"],"acf":[],"yoast_head":"<!-- This site is optimized with the Yoast SEO plugin v27.0 - https:\/\/yoast.com\/product\/yoast-seo-wordpress\/ -->\n<title>Finansiering, bidrag och projektst\u00f6d - ABF \u00d6rebro l\u00e4n<\/title>\n<meta name=\"description\" content=\"Tips p\u00e5 hur du hittar finansiering, bidrag eller annan typ av st\u00f6d till din ideella f\u00f6rening. ABF \u00d6rebro l\u00e4n hj\u00e4lper g\u00e4rna till!\" \/>\n<meta name=\"robots\" content=\"index, follow, max-snippet:-1, max-image-preview:large, max-video-preview:-1\" \/>\n<link rel=\"canonical\" href=\"https:\/\/www.abf.se\/orebro-lan\/samarbeta-med-oss\/starta-ideell-forening\/finansiering-bidrag-och-projektstod\/\" \/>\n<meta property=\"og:locale\" content=\"sv_SE\" \/>\n<meta property=\"og:type\" content=\"article\" \/>\n<meta property=\"og:title\" content=\"Finansiering, bidrag och projektst\u00f6d - ABF \u00d6rebro l\u00e4n\" \/>\n<meta property=\"og:description\" content=\"Tips p\u00e5 hur du hittar finansiering, bidrag eller annan typ av st\u00f6d till din ideella f\u00f6rening. ABF \u00d6rebro l\u00e4n hj\u00e4lper g\u00e4rna till!\" \/>\n<meta property=\"og:url\" content=\"https:\/\/www.abf.se\/orebro-lan\/samarbeta-med-oss\/starta-ideell-forening\/finansiering-bidrag-och-projektstod\/\" \/>\n<meta property=\"og:site_name\" content=\"\u00d6rebro l\u00e4n\" \/>\n<meta property=\"article:modified_time\" content=\"2025-09-24T12:16:49+00:00\" \/>\n<meta property=\"og:image\" content=\"https:\/\/www.abf.se\/wp-content\/uploads\/sites\/63\/2024\/04\/Nyckeln-liggande-scaled.jpg\" \/>\n\t<meta property=\"og:image:width\" content=\"2560\" \/>\n\t<meta property=\"og:image:height\" content=\"1440\" \/>\n\t<meta property=\"og:image:type\" content=\"image\/jpeg\" \/>\n<meta name=\"twitter:card\" content=\"summary_large_image\" \/>\n<script type=\"application\/ld+json\" class=\"yoast-schema-graph\">{\"@context\":\"https:\/\/schema.org\",\"@graph\":[{\"@type\":\"WebPage\",\"@id\":\"https:\/\/www.abf.se\/orebro-lan\/samarbeta-med-oss\/starta-ideell-forening\/finansiering-bidrag-och-projektstod\/\",\"url\":\"https:\/\/www.abf.se\/orebro-lan\/samarbeta-med-oss\/starta-ideell-forening\/finansiering-bidrag-och-projektstod\/\",\"name\":\"Finansiering, bidrag och projektst\u00f6d - ABF \u00d6rebro l\u00e4n\",\"isPartOf\":{\"@id\":\"https:\/\/www.abf.se\/orebro-lan\/#website\"},\"datePublished\":\"2025-09-03T11:40:32+00:00\",\"dateModified\":\"2025-09-24T12:16:49+00:00\",\"description\":\"Tips p\u00e5 hur du hittar finansiering, bidrag eller annan typ av st\u00f6d till din ideella f\u00f6rening. ABF \u00d6rebro l\u00e4n hj\u00e4lper g\u00e4rna till!\",\"breadcrumb\":{\"@id\":\"https:\/\/www.abf.se\/orebro-lan\/samarbeta-med-oss\/starta-ideell-forening\/finansiering-bidrag-och-projektstod\/#breadcrumb\"},\"inLanguage\":\"sv-SE\",\"potentialAction\":[{\"@type\":\"ReadAction\",\"target\":[\"https:\/\/www.abf.se\/orebro-lan\/samarbeta-med-oss\/starta-ideell-forening\/finansiering-bidrag-och-projektstod\/\"]}]},{\"@type\":\"BreadcrumbList\",\"@id\":\"https:\/\/www.abf.se\/orebro-lan\/samarbeta-med-oss\/starta-ideell-forening\/finansiering-bidrag-och-projektstod\/#breadcrumb\",\"itemListElement\":[{\"@type\":\"ListItem\",\"position\":1,\"name\":\"Home\",\"item\":\"https:\/\/www.abf.se\/orebro-lan\/\"},{\"@type\":\"ListItem\",\"position\":2,\"name\":\"Samarbeta med ABF\",\"item\":\"https:\/\/www.abf.se\/orebro-lan\/samarbeta-med-oss\/\"},{\"@type\":\"ListItem\",\"position\":3,\"name\":\"Starta en ideell f\u00f6rening\",\"item\":\"https:\/\/www.abf.se\/orebro-lan\/samarbeta-med-oss\/starta-ideell-forening\/\"},{\"@type\":\"ListItem\",\"position\":4,\"name\":\"Finansiering, bidrag och projektst\u00f6d\"}]},{\"@type\":\"WebSite\",\"@id\":\"https:\/\/www.abf.se\/orebro-lan\/#website\",\"url\":\"https:\/\/www.abf.se\/orebro-lan\/\",\"name\":\"\u00d6rebro l\u00e4n\",\"description\":\"\",\"potentialAction\":[{\"@type\":\"SearchAction\",\"target\":{\"@type\":\"EntryPoint\",\"urlTemplate\":\"https:\/\/www.abf.se\/orebro-lan\/?s={search_term_string}\"},\"query-input\":{\"@type\":\"PropertyValueSpecification\",\"valueRequired\":true,\"valueName\":\"search_term_string\"}}],\"inLanguage\":\"sv-SE\"}]}<\/script>\n<!-- \/ Yoast SEO plugin. -->","yoast_head_json":{"title":"Finansiering, bidrag och projektst\u00f6d - ABF \u00d6rebro l\u00e4n","description":"Tips p\u00e5 hur du hittar finansiering, bidrag eller annan typ av st\u00f6d till din ideella f\u00f6rening. ABF \u00d6rebro l\u00e4n hj\u00e4lper g\u00e4rna till!","robots":{"index":"index","follow":"follow","max-snippet":"max-snippet:-1","max-image-preview":"max-image-preview:large","max-video-preview":"max-video-preview:-1"},"canonical":"https:\/\/www.abf.se\/orebro-lan\/samarbeta-med-oss\/starta-ideell-forening\/finansiering-bidrag-och-projektstod\/","og_locale":"sv_SE","og_type":"article","og_title":"Finansiering, bidrag och projektst\u00f6d - ABF \u00d6rebro l\u00e4n","og_description":"Tips p\u00e5 hur du hittar finansiering, bidrag eller annan typ av st\u00f6d till din ideella f\u00f6rening. ABF \u00d6rebro l\u00e4n hj\u00e4lper g\u00e4rna till!","og_url":"https:\/\/www.abf.se\/orebro-lan\/samarbeta-med-oss\/starta-ideell-forening\/finansiering-bidrag-och-projektstod\/","og_site_name":"\u00d6rebro l\u00e4n","article_modified_time":"2025-09-24T12:16:49+00:00","og_image":[{"width":2560,"height":1440,"url":"https:\/\/www.abf.se\/wp-content\/uploads\/sites\/63\/2024\/04\/Nyckeln-liggande-scaled.jpg","type":"image\/jpeg"}],"twitter_card":"summary_large_image","schema":{"@context":"https:\/\/schema.org","@graph":[{"@type":"WebPage","@id":"https:\/\/www.abf.se\/orebro-lan\/samarbeta-med-oss\/starta-ideell-forening\/finansiering-bidrag-och-projektstod\/","url":"https:\/\/www.abf.se\/orebro-lan\/samarbeta-med-oss\/starta-ideell-forening\/finansiering-bidrag-och-projektstod\/","name":"Finansiering, bidrag och projektst\u00f6d - ABF \u00d6rebro l\u00e4n","isPartOf":{"@id":"https:\/\/www.abf.se\/orebro-lan\/#website"},"datePublished":"2025-09-03T11:40:32+00:00","dateModified":"2025-09-24T12:16:49+00:00","description":"Tips p\u00e5 hur du hittar finansiering, bidrag eller annan typ av st\u00f6d till din ideella f\u00f6rening. ABF \u00d6rebro l\u00e4n hj\u00e4lper g\u00e4rna till!","breadcrumb":{"@id":"https:\/\/www.abf.se\/orebro-lan\/samarbeta-med-oss\/starta-ideell-forening\/finansiering-bidrag-och-projektstod\/#breadcrumb"},"inLanguage":"sv-SE","potentialAction":[{"@type":"ReadAction","target":["https:\/\/www.abf.se\/orebro-lan\/samarbeta-med-oss\/starta-ideell-forening\/finansiering-bidrag-och-projektstod\/"]}]},{"@type":"BreadcrumbList","@id":"https:\/\/www.abf.se\/orebro-lan\/samarbeta-med-oss\/starta-ideell-forening\/finansiering-bidrag-och-projektstod\/#breadcrumb","itemListElement":[{"@type":"ListItem","position":1,"name":"Home","item":"https:\/\/www.abf.se\/orebro-lan\/"},{"@type":"ListItem","position":2,"name":"Samarbeta med ABF","item":"https:\/\/www.abf.se\/orebro-lan\/samarbeta-med-oss\/"},{"@type":"ListItem","position":3,"name":"Starta en ideell f\u00f6rening","item":"https:\/\/www.abf.se\/orebro-lan\/samarbeta-med-oss\/starta-ideell-forening\/"},{"@type":"ListItem","position":4,"name":"Finansiering, bidrag och projektst\u00f6d"}]},{"@type":"WebSite","@id":"https:\/\/www.abf.se\/orebro-lan\/#website","url":"https:\/\/www.abf.se\/orebro-lan\/","name":"\u00d6rebro l\u00e4n","description":"","potentialAction":[{"@type":"SearchAction","target":{"@type":"EntryPoint","urlTemplate":"https:\/\/www.abf.se\/orebro-lan\/?s={search_term_string}"},"query-input":{"@type":"PropertyValueSpecification","valueRequired":true,"valueName":"search_term_string"}}],"inLanguage":"sv-SE"}]}},"_links":{"self":[{"href":"https:\/\/www.abf.se\/orebro-lan\/wp-json\/wp\/v2\/pages\/1925","targetHints":{"allow":["GET"]}}],"collection":[{"href":"https:\/\/www.abf.se\/orebro-lan\/wp-json\/wp\/v2\/pages"}],"about":[{"href":"https:\/\/www.abf.se\/orebro-lan\/wp-json\/wp\/v2\/types\/page"}],"author":[{"embeddable":true,"href":"https:\/\/www.abf.se\/orebro-lan\/wp-json\/wp\/v2\/users\/79"}],"replies":[{"embeddable":true,"href":"https:\/\/www.abf.se\/orebro-lan\/wp-json\/wp\/v2\/comments?post=1925"}],"version-history":[{"count":9,"href":"https:\/\/www.abf.se\/orebro-lan\/wp-json\/wp\/v2\/pages\/1925\/revisions"}],"predecessor-version":[{"id":2031,"href":"https:\/\/www.abf.se\/orebro-lan\/wp-json\/wp\/v2\/pages\/1925\/revisions\/2031"}],"up":[{"embeddable":true,"href":"https:\/\/www.abf.se\/orebro-lan\/wp-json\/wp\/v2\/pages\/1889"}],"wp:attachment":[{"href":"https:\/\/www.abf.se\/orebro-lan\/wp-json\/wp\/v2\/media?parent=1925"}],"curies":[{"name":"wp","href":"https:\/\/api.w.org\/{rel}","templated":true}]}}