{"id":1940,"date":"2025-09-03T14:03:29","date_gmt":"2025-09-03T12:03:29","guid":{"rendered":"https:\/\/www.abf.se\/orebro-lan\/?page_id=1940"},"modified":"2025-09-24T15:37:45","modified_gmt":"2025-09-24T13:37:45","slug":"utvecklas-som-styrelsemedlem","status":"publish","type":"page","link":"https:\/\/www.abf.se\/orebro-lan\/kurser-for-fackligt-anslutna-och-foreningar\/utvecklas-som-styrelsemedlem\/","title":{"rendered":"Utvecklas som styrelsemedlem"},"content":{"rendered":"<div\n    class=\"acf-hero-block container-lg no-padding mb-12 js-geolocation\"\n    data-block=\"hero-block\"\n    data-index=\"0\"\n>\n    <div class=\"h-[548px]  relative rounded-[32px] overflow-hidden flex bg-gray-light\">\n        <div class=\"relative z-10 mt-auto h-auto w-full md:h-full\">\n            <div class=\"flex w-full h-full flex-col flex-wrap justify-end w-full md:w-7\/12 lg:w-1\/2 md:justify-center\">\n                <div class=\"flex flex-col gap-3 md:gap-[18px] md:transparent pt-16 pb-36 md:py-8 px-4 w-full md:max-w-[620px] mx-auto px-8\">\n\n                    <h1 class=\"hero-heading hero-heading--red-text\"><span>Utvecklas som styrelsemedlem<\/span><\/h1>\n\n                    \n                                    <\/div>\n            <\/div>\n        <\/div>\n\n                    <picture class=\"as-background-image mix-blend-multiply bg-black\/40\"><img decoding=\"async\" src=\"https:\/\/www.abf.se\/orebro-lan\/resized\/?url=https%3A%2F%2Fwww.abf.se%2Fwp-content%2Fuploads%2F2024%2F04%2Ftva-unga-kvinnor-med-laptop-Foto-Pexels-scaled.jpg&#038;fit=crop&#038;w=1440&#038;s=127c15c38a879752d4ce5007d11ddffc\" srcset=\"https:\/\/www.abf.se\/orebro-lan\/resized\/?url=https%3A%2F%2Fwww.abf.se%2Fwp-content%2Fuploads%2F2024%2F04%2Ftva-unga-kvinnor-med-laptop-Foto-Pexels-scaled.jpg&#038;fit=crop&#038;w=375&#038;h=540&#038;s=eeea66eb506cb3281ecaa133e9680946 375w, https:\/\/www.abf.se\/orebro-lan\/resized\/?url=https%3A%2F%2Fwww.abf.se%2Fwp-content%2Fuploads%2F2024%2F04%2Ftva-unga-kvinnor-med-laptop-Foto-Pexels-scaled.jpg&#038;fit=crop&#038;w=447&#038;h=540&#038;s=9e3a1434043fe7cff62e99811b85b281 447w, https:\/\/www.abf.se\/orebro-lan\/resized\/?url=https%3A%2F%2Fwww.abf.se%2Fwp-content%2Fuploads%2F2024%2F04%2Ftva-unga-kvinnor-med-laptop-Foto-Pexels-scaled.jpg&#038;fit=crop&#038;w=519&#038;h=540&#038;s=7a5f586e0fbf5a8d849abdd2cd8bcb73 519w, https:\/\/www.abf.se\/orebro-lan\/resized\/?url=https%3A%2F%2Fwww.abf.se%2Fwp-content%2Fuploads%2F2024%2F04%2Ftva-unga-kvinnor-med-laptop-Foto-Pexels-scaled.jpg&#038;fit=crop&#038;w=591&#038;h=540&#038;s=d301aefc79af6742356331050eeb47ed 591w, https:\/\/www.abf.se\/orebro-lan\/resized\/?url=https%3A%2F%2Fwww.abf.se%2Fwp-content%2Fuploads%2F2024%2F04%2Ftva-unga-kvinnor-med-laptop-Foto-Pexels-scaled.jpg&#038;fit=crop&#038;w=663&#038;h=540&#038;s=416e6a05c9b5e2c22bf65b7e9816e6a4 663w, https:\/\/www.abf.se\/orebro-lan\/resized\/?url=https%3A%2F%2Fwww.abf.se%2Fwp-content%2Fuploads%2F2024%2F04%2Ftva-unga-kvinnor-med-laptop-Foto-Pexels-scaled.jpg&#038;fit=crop&#038;w=750&#038;h=540&#038;s=0ead516a5105c2e0be9b35f670d39bde 750w, https:\/\/www.abf.se\/orebro-lan\/resized\/?url=https%3A%2F%2Fwww.abf.se%2Fwp-content%2Fuploads%2F2024%2F04%2Ftva-unga-kvinnor-med-laptop-Foto-Pexels-scaled.jpg&#038;fit=crop&#038;w=894&#038;h=540&#038;s=7ef4b78eca7133793ed372eb620a885f 894w, https:\/\/www.abf.se\/orebro-lan\/resized\/?url=https%3A%2F%2Fwww.abf.se%2Fwp-content%2Fuploads%2F2024%2F04%2Ftva-unga-kvinnor-med-laptop-Foto-Pexels-scaled.jpg&#038;fit=crop&#038;w=1038&#038;h=540&#038;s=5eb0857c490521ad1fbd54dc9c0c7516 1038w, https:\/\/www.abf.se\/orebro-lan\/resized\/?url=https%3A%2F%2Fwww.abf.se%2Fwp-content%2Fuploads%2F2024%2F04%2Ftva-unga-kvinnor-med-laptop-Foto-Pexels-scaled.jpg&#038;fit=crop&#038;w=1182&#038;h=540&#038;s=8bb346e34d0fbaa233c32a2c7db1f4d0 1182w, https:\/\/www.abf.se\/orebro-lan\/resized\/?url=https%3A%2F%2Fwww.abf.se%2Fwp-content%2Fuploads%2F2024%2F04%2Ftva-unga-kvinnor-med-laptop-Foto-Pexels-scaled.jpg&#038;fit=crop&#038;w=1326&#038;h=540&#038;s=dbe33ee5042530632893f388dce44108 1326w, https:\/\/www.abf.se\/orebro-lan\/resized\/?url=https%3A%2F%2Fwww.abf.se%2Fwp-content%2Fuploads%2F2024%2F04%2Ftva-unga-kvinnor-med-laptop-Foto-Pexels-scaled.jpg&#038;fit=crop&#038;w=1440&#038;h=540&#038;s=62f4222e946cfb5b3bd85ac78dda58cc 1440w\" alt=\"\" height=\"540\" width=\"1440\" sizes=\"(max-width: 1440px) calc(100vw - 32px), 1440px\" loading=\"eager\" fetchpriority=\"high\" aria-hidden=\"true\" role=\"presentation\" \/><\/picture>\n        \n\n            <\/div>\n\n    <\/div>\n\n<div\n    class=\"acf-article-text-block article-container my-12\"\n    data-block=\"article-text-block\"\n>\n    <div class=\"wysiwyg\">\n        <p><span data-contrast=\"auto\">Att vara aktiv i en ideell f\u00f6renings styrelse \u00e4r b\u00e5de viktigt och utvecklande. F\u00f6r att lyckas i sina roller och bidra till f\u00f6reningens framg\u00e5ng finns det ofta st\u00f6d och utbildningar att ta del av. P\u00e5 <\/span><a href=\"https:\/\/www.abf.se\/orebro-lan\/\"><span data-contrast=\"none\">https:\/\/www.abf.se\/orebro-lan\/<\/span><\/a><span data-contrast=\"auto\"> erbjuder vi flera utbildningar som hj\u00e4lper dig att v\u00e4xa i dina uppdrag som styrelsemedlem.<\/span><\/p>\n<ul>\n<li><b><span data-contrast=\"auto\">Kass\u00f6rsutbildning<\/span><\/b><span data-ccp-props=\"{&quot;134233117&quot;:false,&quot;134233118&quot;:false,&quot;201341983&quot;:0,&quot;335559738&quot;:281,&quot;335559739&quot;:281,&quot;335559740&quot;:240}\">\u00a0<\/span><\/li>\n<li><b><span data-contrast=\"auto\">Ordf\u00f6randeutbildning<\/span><\/b><span data-ccp-props=\"{&quot;134233117&quot;:false,&quot;134233118&quot;:false,&quot;201341983&quot;:0,&quot;335559738&quot;:281,&quot;335559739&quot;:281,&quot;335559740&quot;:240}\">\u00a0<\/span><\/li>\n<li><b><span data-contrast=\"auto\">Sekreterarutbildning<\/span><\/b><span data-ccp-props=\"{&quot;134233117&quot;:false,&quot;134233118&quot;:false,&quot;201341983&quot;:0,&quot;335559738&quot;:281,&quot;335559739&quot;:281,&quot;335559740&quot;:240}\">\u00a0<\/span><\/li>\n<li><b><span data-contrast=\"auto\">Valberedningsutbildning<\/span><\/b><span data-ccp-props=\"{&quot;134233117&quot;:false,&quot;134233118&quot;:false,&quot;201341983&quot;:0,&quot;335559738&quot;:281,&quot;335559739&quot;:281,&quot;335559740&quot;:240}\">\u00a0<\/span><\/li>\n<li><b><span data-contrast=\"auto\">Revisorsutbildning<\/span><\/b><span data-ccp-props=\"{&quot;134233117&quot;:false,&quot;134233118&quot;:false,&quot;201341983&quot;:0,&quot;335559738&quot;:281,&quot;335559739&quot;:281,&quot;335559740&quot;:240}\">\u00a0<\/span><\/li>\n<li><b><span data-contrast=\"auto\">Medlemsmodellen<\/span><\/b><span data-ccp-props=\"{&quot;134233117&quot;:false,&quot;134233118&quot;:false,&quot;201341983&quot;:0,&quot;335559738&quot;:281,&quot;335559739&quot;:281,&quot;335559740&quot;:240}\">\u00a0<\/span><\/li>\n<\/ul>\n\n    <\/div>\n<\/div>\n<div\n    class=\"acf-article-cta-link-block article-container my-8\"\n    data-block=\"article-cta-link-block\"\n>\n<div>\n    <a class=\"inline-flex flex-row items-center gap-4 text-link underline text-red-dark\"\n        href=\"https:\/\/www.abf.se\/orebro-lan\/kurs-sok\/\"\n            >\n        <span class=\"\">\n        H\u00e4r hittar ni v\u00e5ra kurser f\u00f6r styrelsemedlemmar!\n        <\/span>\n        <figure aria-hidden=\"true\" class=\"rounded-full bg-red-dark w-8 h-8 p-1 text-white\">\n            <svg width=\"20\" height=\"20\" viewBox=\"0 0 20 20\" fill=\"none\" class=\"SvgIconElement\">\n<path d=\"M4.16659 10L15.8333 10\" stroke=\"currentColor\"\/>\n<path d=\"M9.99992 4.1665L15.8333 9.99984L9.99992 15.8332\" stroke=\"currentColor\"\/>\n<\/svg>\n        <\/figure>\n    <\/a>\n<\/div>\n<\/div>\n<div\n    class=\"acf-article-text-block article-container my-12\"\n    data-block=\"article-text-block\"\n>\n    <div class=\"wysiwyg\">\n        <p><span data-contrast=\"auto\">Genom att delta i dessa utbildningar f\u00e5r du praktiska kunskaper och n\u00e4tverk med andra styrelsemedlemmar \u2013 perfekt f\u00f6r att st\u00e4rka din roll och bidra till en framg\u00e5ngsrik f\u00f6rening!<\/span><span data-ccp-props=\"{&quot;134233117&quot;:false,&quot;134233118&quot;:false,&quot;335559738&quot;:0,&quot;335559739&quot;:0}\">\u00a0<\/span><\/p>\n\n    <\/div>\n<\/div>\n","protected":false},"excerpt":{"rendered":"","protected":false},"author":79,"featured_media":0,"parent":271,"menu_order":0,"comment_status":"closed","ping_status":"closed","template":"","meta":{"_acf_changed":false,"footnotes":""},"class_list":["post-1940","page","type-page","status-publish","hentry"],"acf":[],"yoast_head":"<!-- This site is optimized with the Yoast SEO plugin v27.0 - https:\/\/yoast.com\/product\/yoast-seo-wordpress\/ -->\n<title>Utvecklas som styrelsemedlem - ABF \u00d6rebro l\u00e4n<\/title>\n<meta name=\"description\" content=\"Att utvecklas som styrelsemedlem och vara aktiv i en f\u00f6renings styrelse \u00e4r viktigt! ABF \u00d6rebro l\u00e4n ordnar utbildningar f\u00f6r styrelsemedlemmar.\" \/>\n<meta name=\"robots\" content=\"index, follow, max-snippet:-1, max-image-preview:large, max-video-preview:-1\" \/>\n<link rel=\"canonical\" href=\"https:\/\/www.abf.se\/orebro-lan\/kurser-for-fackligt-anslutna-och-foreningar\/utvecklas-som-styrelsemedlem\/\" \/>\n<meta property=\"og:locale\" content=\"sv_SE\" \/>\n<meta property=\"og:type\" content=\"article\" \/>\n<meta property=\"og:title\" content=\"Utvecklas som styrelsemedlem - ABF \u00d6rebro l\u00e4n\" \/>\n<meta property=\"og:description\" content=\"Att utvecklas som styrelsemedlem och vara aktiv i en f\u00f6renings styrelse \u00e4r viktigt! ABF \u00d6rebro l\u00e4n ordnar utbildningar f\u00f6r styrelsemedlemmar.\" \/>\n<meta property=\"og:url\" content=\"https:\/\/www.abf.se\/orebro-lan\/kurser-for-fackligt-anslutna-och-foreningar\/utvecklas-som-styrelsemedlem\/\" \/>\n<meta property=\"og:site_name\" content=\"\u00d6rebro l\u00e4n\" \/>\n<meta property=\"article:modified_time\" content=\"2025-09-24T13:37:45+00:00\" \/>\n<meta property=\"og:image\" content=\"https:\/\/www.abf.se\/wp-content\/uploads\/sites\/63\/2024\/04\/Nyckeln-liggande-scaled.jpg\" \/>\n\t<meta property=\"og:image:width\" content=\"2560\" \/>\n\t<meta property=\"og:image:height\" content=\"1440\" \/>\n\t<meta property=\"og:image:type\" content=\"image\/jpeg\" \/>\n<meta name=\"twitter:card\" content=\"summary_large_image\" \/>\n<script type=\"application\/ld+json\" class=\"yoast-schema-graph\">{\"@context\":\"https:\/\/schema.org\",\"@graph\":[{\"@type\":\"WebPage\",\"@id\":\"https:\/\/www.abf.se\/orebro-lan\/kurser-for-fackligt-anslutna-och-foreningar\/utvecklas-som-styrelsemedlem\/\",\"url\":\"https:\/\/www.abf.se\/orebro-lan\/kurser-for-fackligt-anslutna-och-foreningar\/utvecklas-som-styrelsemedlem\/\",\"name\":\"Utvecklas som styrelsemedlem - ABF \u00d6rebro l\u00e4n\",\"isPartOf\":{\"@id\":\"https:\/\/www.abf.se\/orebro-lan\/#website\"},\"datePublished\":\"2025-09-03T12:03:29+00:00\",\"dateModified\":\"2025-09-24T13:37:45+00:00\",\"description\":\"Att utvecklas som styrelsemedlem och vara aktiv i en f\u00f6renings styrelse \u00e4r viktigt! ABF \u00d6rebro l\u00e4n ordnar utbildningar f\u00f6r styrelsemedlemmar.\",\"breadcrumb\":{\"@id\":\"https:\/\/www.abf.se\/orebro-lan\/kurser-for-fackligt-anslutna-och-foreningar\/utvecklas-som-styrelsemedlem\/#breadcrumb\"},\"inLanguage\":\"sv-SE\",\"potentialAction\":[{\"@type\":\"ReadAction\",\"target\":[\"https:\/\/www.abf.se\/orebro-lan\/kurser-for-fackligt-anslutna-och-foreningar\/utvecklas-som-styrelsemedlem\/\"]}]},{\"@type\":\"BreadcrumbList\",\"@id\":\"https:\/\/www.abf.se\/orebro-lan\/kurser-for-fackligt-anslutna-och-foreningar\/utvecklas-som-styrelsemedlem\/#breadcrumb\",\"itemListElement\":[{\"@type\":\"ListItem\",\"position\":1,\"name\":\"Home\",\"item\":\"https:\/\/www.abf.se\/orebro-lan\/\"},{\"@type\":\"ListItem\",\"position\":2,\"name\":\"Kurser f\u00f6r fackligt anslutna, f\u00f6reningar och arbetsgivare\",\"item\":\"https:\/\/www.abf.se\/orebro-lan\/kurser-for-fackligt-anslutna-och-foreningar\/\"},{\"@type\":\"ListItem\",\"position\":3,\"name\":\"Utvecklas som styrelsemedlem\"}]},{\"@type\":\"WebSite\",\"@id\":\"https:\/\/www.abf.se\/orebro-lan\/#website\",\"url\":\"https:\/\/www.abf.se\/orebro-lan\/\",\"name\":\"\u00d6rebro l\u00e4n\",\"description\":\"\",\"potentialAction\":[{\"@type\":\"SearchAction\",\"target\":{\"@type\":\"EntryPoint\",\"urlTemplate\":\"https:\/\/www.abf.se\/orebro-lan\/?s={search_term_string}\"},\"query-input\":{\"@type\":\"PropertyValueSpecification\",\"valueRequired\":true,\"valueName\":\"search_term_string\"}}],\"inLanguage\":\"sv-SE\"}]}<\/script>\n<!-- \/ Yoast SEO plugin. -->","yoast_head_json":{"title":"Utvecklas som styrelsemedlem - ABF \u00d6rebro l\u00e4n","description":"Att utvecklas som styrelsemedlem och vara aktiv i en f\u00f6renings styrelse \u00e4r viktigt! ABF \u00d6rebro l\u00e4n ordnar utbildningar f\u00f6r styrelsemedlemmar.","robots":{"index":"index","follow":"follow","max-snippet":"max-snippet:-1","max-image-preview":"max-image-preview:large","max-video-preview":"max-video-preview:-1"},"canonical":"https:\/\/www.abf.se\/orebro-lan\/kurser-for-fackligt-anslutna-och-foreningar\/utvecklas-som-styrelsemedlem\/","og_locale":"sv_SE","og_type":"article","og_title":"Utvecklas som styrelsemedlem - ABF \u00d6rebro l\u00e4n","og_description":"Att utvecklas som styrelsemedlem och vara aktiv i en f\u00f6renings styrelse \u00e4r viktigt! ABF \u00d6rebro l\u00e4n ordnar utbildningar f\u00f6r styrelsemedlemmar.","og_url":"https:\/\/www.abf.se\/orebro-lan\/kurser-for-fackligt-anslutna-och-foreningar\/utvecklas-som-styrelsemedlem\/","og_site_name":"\u00d6rebro l\u00e4n","article_modified_time":"2025-09-24T13:37:45+00:00","og_image":[{"width":2560,"height":1440,"url":"https:\/\/www.abf.se\/wp-content\/uploads\/sites\/63\/2024\/04\/Nyckeln-liggande-scaled.jpg","type":"image\/jpeg"}],"twitter_card":"summary_large_image","schema":{"@context":"https:\/\/schema.org","@graph":[{"@type":"WebPage","@id":"https:\/\/www.abf.se\/orebro-lan\/kurser-for-fackligt-anslutna-och-foreningar\/utvecklas-som-styrelsemedlem\/","url":"https:\/\/www.abf.se\/orebro-lan\/kurser-for-fackligt-anslutna-och-foreningar\/utvecklas-som-styrelsemedlem\/","name":"Utvecklas som styrelsemedlem - ABF \u00d6rebro l\u00e4n","isPartOf":{"@id":"https:\/\/www.abf.se\/orebro-lan\/#website"},"datePublished":"2025-09-03T12:03:29+00:00","dateModified":"2025-09-24T13:37:45+00:00","description":"Att utvecklas som styrelsemedlem och vara aktiv i en f\u00f6renings styrelse \u00e4r viktigt! ABF \u00d6rebro l\u00e4n ordnar utbildningar f\u00f6r styrelsemedlemmar.","breadcrumb":{"@id":"https:\/\/www.abf.se\/orebro-lan\/kurser-for-fackligt-anslutna-och-foreningar\/utvecklas-som-styrelsemedlem\/#breadcrumb"},"inLanguage":"sv-SE","potentialAction":[{"@type":"ReadAction","target":["https:\/\/www.abf.se\/orebro-lan\/kurser-for-fackligt-anslutna-och-foreningar\/utvecklas-som-styrelsemedlem\/"]}]},{"@type":"BreadcrumbList","@id":"https:\/\/www.abf.se\/orebro-lan\/kurser-for-fackligt-anslutna-och-foreningar\/utvecklas-som-styrelsemedlem\/#breadcrumb","itemListElement":[{"@type":"ListItem","position":1,"name":"Home","item":"https:\/\/www.abf.se\/orebro-lan\/"},{"@type":"ListItem","position":2,"name":"Kurser f\u00f6r fackligt anslutna, f\u00f6reningar och arbetsgivare","item":"https:\/\/www.abf.se\/orebro-lan\/kurser-for-fackligt-anslutna-och-foreningar\/"},{"@type":"ListItem","position":3,"name":"Utvecklas som styrelsemedlem"}]},{"@type":"WebSite","@id":"https:\/\/www.abf.se\/orebro-lan\/#website","url":"https:\/\/www.abf.se\/orebro-lan\/","name":"\u00d6rebro l\u00e4n","description":"","potentialAction":[{"@type":"SearchAction","target":{"@type":"EntryPoint","urlTemplate":"https:\/\/www.abf.se\/orebro-lan\/?s={search_term_string}"},"query-input":{"@type":"PropertyValueSpecification","valueRequired":true,"valueName":"search_term_string"}}],"inLanguage":"sv-SE"}]}},"_links":{"self":[{"href":"https:\/\/www.abf.se\/orebro-lan\/wp-json\/wp\/v2\/pages\/1940","targetHints":{"allow":["GET"]}}],"collection":[{"href":"https:\/\/www.abf.se\/orebro-lan\/wp-json\/wp\/v2\/pages"}],"about":[{"href":"https:\/\/www.abf.se\/orebro-lan\/wp-json\/wp\/v2\/types\/page"}],"author":[{"embeddable":true,"href":"https:\/\/www.abf.se\/orebro-lan\/wp-json\/wp\/v2\/users\/79"}],"replies":[{"embeddable":true,"href":"https:\/\/www.abf.se\/orebro-lan\/wp-json\/wp\/v2\/comments?post=1940"}],"version-history":[{"count":6,"href":"https:\/\/www.abf.se\/orebro-lan\/wp-json\/wp\/v2\/pages\/1940\/revisions"}],"predecessor-version":[{"id":1977,"href":"https:\/\/www.abf.se\/orebro-lan\/wp-json\/wp\/v2\/pages\/1940\/revisions\/1977"}],"up":[{"embeddable":true,"href":"https:\/\/www.abf.se\/orebro-lan\/wp-json\/wp\/v2\/pages\/271"}],"wp:attachment":[{"href":"https:\/\/www.abf.se\/orebro-lan\/wp-json\/wp\/v2\/media?parent=1940"}],"curies":[{"name":"wp","href":"https:\/\/api.w.org\/{rel}","templated":true}]}}