{"id":2236,"date":"2026-01-19T10:49:21","date_gmt":"2026-01-19T09:49:21","guid":{"rendered":"https:\/\/www.abf.se\/orebro-lan\/?page_id=2236"},"modified":"2026-01-19T13:53:51","modified_gmt":"2026-01-19T12:53:51","slug":"abf-orebro-lans-kvalitetsarbete","status":"publish","type":"page","link":"https:\/\/www.abf.se\/orebro-lan\/om-abf-orebro-lan\/abf-orebro-lans-kvalitetsarbete\/","title":{"rendered":"ABF \u00d6rebro l\u00e4ns kvalitetsarbete"},"content":{"rendered":"<div\n    class=\"acf-hero-block container-lg no-padding mb-12 js-geolocation\"\n    data-block=\"hero-block\"\n    data-index=\"0\"\n>\n    <div class=\"h-[548px]  relative rounded-[32px] overflow-hidden flex bg-gray-light\">\n        <div class=\"relative z-10 mt-auto h-auto w-full md:h-full\">\n            <div class=\"flex w-full h-full flex-col flex-wrap justify-end w-full md:w-7\/12 lg:w-1\/2 md:justify-center\">\n                <div class=\"flex flex-col gap-3 md:gap-[18px] md:transparent pt-16 pb-36 md:py-8 px-4 w-full md:max-w-[620px] mx-auto px-8\">\n\n                    <h1 class=\"hero-heading hero-heading--red-text\"><span>ABF \u00d6rebro l\u00e4ns kvalitetsarbete<\/span><\/h1>\n\n                    \n                                    <\/div>\n            <\/div>\n        <\/div>\n\n                    <picture class=\"as-background-image mix-blend-multiply bg-black\/40\"><img decoding=\"async\" src=\"https:\/\/www.abf.se\/orebro-lan\/resized\/?url=https%3A%2F%2Fwww.abf.se%2Fwp-content%2Fuploads%2F2023%2F11%2FNa-fram-liggande_IMGP.jpg&#038;fit=crop&#038;w=1440&#038;s=8bd4a1ff382ace7d471f8443607787bf\" srcset=\"https:\/\/www.abf.se\/orebro-lan\/resized\/?url=https%3A%2F%2Fwww.abf.se%2Fwp-content%2Fuploads%2F2023%2F11%2FNa-fram-liggande_IMGP.jpg&#038;fit=crop&#038;w=375&#038;h=540&#038;s=2c5b529ce41ff374c08160130d12ec1f 375w, https:\/\/www.abf.se\/orebro-lan\/resized\/?url=https%3A%2F%2Fwww.abf.se%2Fwp-content%2Fuploads%2F2023%2F11%2FNa-fram-liggande_IMGP.jpg&#038;fit=crop&#038;w=447&#038;h=540&#038;s=8bb0e9477032c7a55bb9664c8d173e35 447w, https:\/\/www.abf.se\/orebro-lan\/resized\/?url=https%3A%2F%2Fwww.abf.se%2Fwp-content%2Fuploads%2F2023%2F11%2FNa-fram-liggande_IMGP.jpg&#038;fit=crop&#038;w=519&#038;h=540&#038;s=383a017348d31a74e4b45996cea2b02f 519w, https:\/\/www.abf.se\/orebro-lan\/resized\/?url=https%3A%2F%2Fwww.abf.se%2Fwp-content%2Fuploads%2F2023%2F11%2FNa-fram-liggande_IMGP.jpg&#038;fit=crop&#038;w=591&#038;h=540&#038;s=45c7a77424874989961944635f947d50 591w, https:\/\/www.abf.se\/orebro-lan\/resized\/?url=https%3A%2F%2Fwww.abf.se%2Fwp-content%2Fuploads%2F2023%2F11%2FNa-fram-liggande_IMGP.jpg&#038;fit=crop&#038;w=663&#038;h=540&#038;s=48234262d28bebab3a753875710877a1 663w, https:\/\/www.abf.se\/orebro-lan\/resized\/?url=https%3A%2F%2Fwww.abf.se%2Fwp-content%2Fuploads%2F2023%2F11%2FNa-fram-liggande_IMGP.jpg&#038;fit=crop&#038;w=750&#038;h=540&#038;s=1cc6035802b36a4647c6671739dc559d 750w, https:\/\/www.abf.se\/orebro-lan\/resized\/?url=https%3A%2F%2Fwww.abf.se%2Fwp-content%2Fuploads%2F2023%2F11%2FNa-fram-liggande_IMGP.jpg&#038;fit=crop&#038;w=894&#038;h=540&#038;s=b9f33c3efbb29e8790544b684c6aa0d0 894w, https:\/\/www.abf.se\/orebro-lan\/resized\/?url=https%3A%2F%2Fwww.abf.se%2Fwp-content%2Fuploads%2F2023%2F11%2FNa-fram-liggande_IMGP.jpg&#038;fit=crop&#038;w=1038&#038;h=540&#038;s=21f001385e6ca219404293b8135c71dc 1038w, https:\/\/www.abf.se\/orebro-lan\/resized\/?url=https%3A%2F%2Fwww.abf.se%2Fwp-content%2Fuploads%2F2023%2F11%2FNa-fram-liggande_IMGP.jpg&#038;fit=crop&#038;w=1182&#038;h=540&#038;s=1e33e9d90aa4fa7fc552c95b87ace4e0 1182w, https:\/\/www.abf.se\/orebro-lan\/resized\/?url=https%3A%2F%2Fwww.abf.se%2Fwp-content%2Fuploads%2F2023%2F11%2FNa-fram-liggande_IMGP.jpg&#038;fit=crop&#038;w=1326&#038;h=540&#038;s=e68673ce931b5a498698c48aba79f953 1326w, https:\/\/www.abf.se\/orebro-lan\/resized\/?url=https%3A%2F%2Fwww.abf.se%2Fwp-content%2Fuploads%2F2023%2F11%2FNa-fram-liggande_IMGP.jpg&#038;fit=crop&#038;w=1440&#038;h=540&#038;s=5cbaace2e5d4ed1f95c785f3bf737355 1440w\" alt=\"\" height=\"540\" width=\"1440\" sizes=\"(max-width: 1440px) calc(100vw - 32px), 1440px\" loading=\"eager\" fetchpriority=\"high\" aria-hidden=\"true\" role=\"presentation\" \/><\/picture>\n        \n\n            <\/div>\n\n    <\/div>\n\n<div\n    class=\"acf-plain-heading-block container my-16\"\n    data-block=\"plain-heading-block\"\n>\n    <div class=\"max-w-[658px] mx-auto\">\n                <h1 class=\"hero-heading\"><span>S\u00e5 h\u00e4r jobbar ABF \u00d6rebro l\u00e4n f\u00f6r att s\u00e4kra kvaliteten p\u00e5 v\u00e5r verksamhet<\/span><\/h1>\n                            <p class=\"mt-8 body-xl text-black\">\n                ABF \u00d6rebro l\u00e4n kvalitetss\u00e4krar verksamheten f\u00f6r att deltagare och samarbetsorganisationer ska kunna lita p\u00e5 att v\u00e5ra studiecirklar och kulturarrangemang h\u00e5ller h\u00f6g kvalitet, genomf\u00f6rs p\u00e5 r\u00e4tt s\u00e4tt och g\u00f6r verklig nytta. Det handlar om att v\u00e4rna folkbildningens trov\u00e4rdighet, s\u00e4kerst\u00e4lla att vi f\u00f6ljer villkor f\u00f6r statsbidrag och att v\u00e5ra resurser anv\u00e4nds ansvarsfullt. D\u00e4rf\u00f6r arbetar vi systematiskt med uppf\u00f6ljning, utbildning och kontroller \u2013 s\u00e5 att verksamheten blir trygg, transparent och s\u00e5 bra som m\u00f6jligt f\u00f6r alla som deltar.\n            <\/p>\n            <\/div>\n<\/div>\n<div\n    class=\"acf-text-image-block container my-12 md:my-15\"\n    data-block=\"text-image-block\"\n>\n    <div\n    class=\"flex flex-col items-center md:flex-row gap-8 md:gap-0 justify-between\">\n                        <div class=\"w-full md:w-1\/2 md:order-2\">\n            <picture><img decoding=\"async\" src=\"https:\/\/www.abf.se\/orebro-lan\/resized\/?url=https%3A%2F%2Fwww.abf.se%2Fwp-content%2Fuploads%2Fsites%2F63%2F2026%2F01%2FUtbildningstrappa.png&#038;fit=crop&#038;w=578&#038;s=f85b911e7abdc85a5effcdbe578881c0\" srcset=\"https:\/\/www.abf.se\/orebro-lan\/resized\/?url=https%3A%2F%2Fwww.abf.se%2Fwp-content%2Fuploads%2Fsites%2F63%2F2026%2F01%2FUtbildningstrappa.png&#038;fit=crop&#038;w=144&#038;h=126&#038;s=704606e5e02501dbba882071718e4495 144w, https:\/\/www.abf.se\/orebro-lan\/resized\/?url=https%3A%2F%2Fwww.abf.se%2Fwp-content%2Fuploads%2Fsites%2F63%2F2026%2F01%2FUtbildningstrappa.png&#038;fit=crop&#038;w=240&#038;h=211&#038;s=0709754f3a795c58030947a9fd185165 240w, https:\/\/www.abf.se\/orebro-lan\/resized\/?url=https%3A%2F%2Fwww.abf.se%2Fwp-content%2Fuploads%2Fsites%2F63%2F2026%2F01%2FUtbildningstrappa.png&#038;fit=crop&#038;w=288&#038;h=253&#038;s=8e2cf8b84c01c2fa6ccbeeed983b8dda 288w, https:\/\/www.abf.se\/orebro-lan\/resized\/?url=https%3A%2F%2Fwww.abf.se%2Fwp-content%2Fuploads%2Fsites%2F63%2F2026%2F01%2FUtbildningstrappa.png&#038;fit=crop&#038;w=336&#038;h=295&#038;s=3a8b9b2ad2d836d9051e094be478d790 336w, https:\/\/www.abf.se\/orebro-lan\/resized\/?url=https%3A%2F%2Fwww.abf.se%2Fwp-content%2Fuploads%2Fsites%2F63%2F2026%2F01%2FUtbildningstrappa.png&#038;fit=crop&#038;w=432&#038;h=380&#038;s=b2d04170aba85aa7a14da28335a214a7 432w, https:\/\/www.abf.se\/orebro-lan\/resized\/?url=https%3A%2F%2Fwww.abf.se%2Fwp-content%2Fuploads%2Fsites%2F63%2F2026%2F01%2FUtbildningstrappa.png&#038;fit=crop&#038;w=480&#038;h=422&#038;s=a73850f6ae8e1ccf5cdb58b1ef5255d5 480w, https:\/\/www.abf.se\/orebro-lan\/resized\/?url=https%3A%2F%2Fwww.abf.se%2Fwp-content%2Fuploads%2Fsites%2F63%2F2026%2F01%2FUtbildningstrappa.png&#038;fit=crop&#038;w=528&#038;h=464&#038;s=f88940a86c4f16a7d6604d27eaa1538b 528w, https:\/\/www.abf.se\/orebro-lan\/resized\/?url=https%3A%2F%2Fwww.abf.se%2Fwp-content%2Fuploads%2Fsites%2F63%2F2026%2F01%2FUtbildningstrappa.png&#038;fit=crop&#038;w=578&#038;h=509&#038;s=1cfbd0c0ba4549ecabcde796311b8ccf 578w, https:\/\/www.abf.se\/orebro-lan\/resized\/?url=https%3A%2F%2Fwww.abf.se%2Fwp-content%2Fuploads%2Fsites%2F63%2F2026%2F01%2FUtbildningstrappa.png&#038;fit=crop&#038;w=672&#038;h=591&#038;s=4757ec43a4caca02e64f93d579bb3190 672w, https:\/\/www.abf.se\/orebro-lan\/resized\/?url=https%3A%2F%2Fwww.abf.se%2Fwp-content%2Fuploads%2Fsites%2F63%2F2026%2F01%2FUtbildningstrappa.png&#038;fit=crop&#038;w=864&#038;h=760&#038;s=8b28228db13b0f54d2c2db0df964b81d 864w, https:\/\/www.abf.se\/orebro-lan\/resized\/?url=https%3A%2F%2Fwww.abf.se%2Fwp-content%2Fuploads%2Fsites%2F63%2F2026%2F01%2FUtbildningstrappa.png&#038;fit=crop&#038;w=1056&#038;h=929&#038;s=d9db8f09420f6d02632676990492483a 1056w\" alt=\"\" height=\"509\" width=\"578\" sizes=\"auto, (max-width: 768px) 100vw,\n                (max-width: 1280px) 50vw, 578px\" loading=\"lazy\" fetchpriority=\"low\" \/><\/picture>\n\n        <\/div>\n        \n        <div class=\"w-full md:w-1\/2 md:order-1\">\n        <div class=\"mx-auto md:max-w-[368px]\">\n            <h2 class=\"heading-lg\"><\/h2>\n            <div class=\"mb-6 mt-4 wysiwyg\">\n                <h3 data-start=\"542\" data-end=\"584\">S\u00e5 arbetar vi systematiskt med kvalitet<\/h3>\n<p data-start=\"585\" data-end=\"868\">Kvalitetsarbetet \u00e4r en del av det l\u00f6pande arbetet \u2013 fr\u00e5n planering och st\u00f6d till ledare, till uppf\u00f6ljning och kontroll under p\u00e5g\u00e5ende verksamhet. Vi kombinerar dokumentation i v\u00e5ra system med dialog, utbildningsinsatser och kontroller som b\u00e5de kan vara slumpm\u00e4ssiga och riskbaserade.<\/p>\n<h3 data-start=\"870\" data-end=\"909\">Roller och ansvar i kvalitetsarbetet<\/h3>\n<p data-start=\"910\" data-end=\"1195\">Kvalitetsarbetet sker b\u00e5de lokalt och centralt. Lokalt f\u00f6ljer vi upp, dokumenterar, genomf\u00f6r kontroller och st\u00f6ttar ledare och arrang\u00f6rer. Centralt finns funktioner som tar fram gemensamma rutiner, g\u00f6r \u00f6vergripande stickprov och bidrar med analysst\u00f6d, metodutveckling och \u00e5terkoppling.<\/p>\n\n            <\/div>\n                    <\/div>\n        <\/div>\n    <\/div>\n<\/div><div\n    class=\"acf-text-image-block container my-12 md:my-15\"\n    data-block=\"text-image-block\"\n>\n    <div\n    class=\"flex flex-col items-center md:flex-row gap-8 md:gap-0 justify-between\">\n                        <div class=\"w-full md:w-1\/2 md:order-1\">\n            <picture><img decoding=\"async\" src=\"https:\/\/www.abf.se\/orebro-lan\/resized\/?url=https%3A%2F%2Fwww.abf.se%2Fwp-content%2Fuploads%2Fsites%2F63%2F2026%2F01%2FCivilsamhalle_utanlogga.png&#038;fit=crop&#038;w=578&#038;s=76be38165271e7b95401a67f306c8d23\" srcset=\"https:\/\/www.abf.se\/orebro-lan\/resized\/?url=https%3A%2F%2Fwww.abf.se%2Fwp-content%2Fuploads%2Fsites%2F63%2F2026%2F01%2FCivilsamhalle_utanlogga.png&#038;fit=crop&#038;w=144&#038;h=126&#038;s=c06d6837dae4a21a7c397ca5effa9d28 144w, https:\/\/www.abf.se\/orebro-lan\/resized\/?url=https%3A%2F%2Fwww.abf.se%2Fwp-content%2Fuploads%2Fsites%2F63%2F2026%2F01%2FCivilsamhalle_utanlogga.png&#038;fit=crop&#038;w=240&#038;h=211&#038;s=f9b52435233596d940632394bfc121b8 240w, https:\/\/www.abf.se\/orebro-lan\/resized\/?url=https%3A%2F%2Fwww.abf.se%2Fwp-content%2Fuploads%2Fsites%2F63%2F2026%2F01%2FCivilsamhalle_utanlogga.png&#038;fit=crop&#038;w=288&#038;h=253&#038;s=9d1b3db99d4b15b6939e47aecafa9c6d 288w, https:\/\/www.abf.se\/orebro-lan\/resized\/?url=https%3A%2F%2Fwww.abf.se%2Fwp-content%2Fuploads%2Fsites%2F63%2F2026%2F01%2FCivilsamhalle_utanlogga.png&#038;fit=crop&#038;w=336&#038;h=295&#038;s=62a148f6469c414481e48ef7033e3193 336w, https:\/\/www.abf.se\/orebro-lan\/resized\/?url=https%3A%2F%2Fwww.abf.se%2Fwp-content%2Fuploads%2Fsites%2F63%2F2026%2F01%2FCivilsamhalle_utanlogga.png&#038;fit=crop&#038;w=432&#038;h=380&#038;s=33fe5d7d29d2e09fb3a9773695b34ecf 432w, https:\/\/www.abf.se\/orebro-lan\/resized\/?url=https%3A%2F%2Fwww.abf.se%2Fwp-content%2Fuploads%2Fsites%2F63%2F2026%2F01%2FCivilsamhalle_utanlogga.png&#038;fit=crop&#038;w=480&#038;h=422&#038;s=bac22f864808817a2bb1e7fd87199289 480w, https:\/\/www.abf.se\/orebro-lan\/resized\/?url=https%3A%2F%2Fwww.abf.se%2Fwp-content%2Fuploads%2Fsites%2F63%2F2026%2F01%2FCivilsamhalle_utanlogga.png&#038;fit=crop&#038;w=528&#038;h=464&#038;s=a062a86b4d17e601b30f00a9087b2618 528w, https:\/\/www.abf.se\/orebro-lan\/resized\/?url=https%3A%2F%2Fwww.abf.se%2Fwp-content%2Fuploads%2Fsites%2F63%2F2026%2F01%2FCivilsamhalle_utanlogga.png&#038;fit=crop&#038;w=578&#038;h=509&#038;s=8ebdb3fd29acdbb991cbf3dde0f81869 578w, https:\/\/www.abf.se\/orebro-lan\/resized\/?url=https%3A%2F%2Fwww.abf.se%2Fwp-content%2Fuploads%2Fsites%2F63%2F2026%2F01%2FCivilsamhalle_utanlogga.png&#038;fit=crop&#038;w=672&#038;h=591&#038;s=78886474766991621d00087a799862a8 672w, https:\/\/www.abf.se\/orebro-lan\/resized\/?url=https%3A%2F%2Fwww.abf.se%2Fwp-content%2Fuploads%2Fsites%2F63%2F2026%2F01%2FCivilsamhalle_utanlogga.png&#038;fit=crop&#038;w=864&#038;h=760&#038;s=55a65c9891878c8b21c44a0942d0b20a 864w, https:\/\/www.abf.se\/orebro-lan\/resized\/?url=https%3A%2F%2Fwww.abf.se%2Fwp-content%2Fuploads%2Fsites%2F63%2F2026%2F01%2FCivilsamhalle_utanlogga.png&#038;fit=crop&#038;w=1056&#038;h=929&#038;s=7a9c06f251a56792da0e0023c70347d3 1056w\" alt=\"\" height=\"509\" width=\"578\" sizes=\"auto, (max-width: 768px) 100vw,\n                (max-width: 1280px) 50vw, 578px\" loading=\"lazy\" fetchpriority=\"low\" \/><\/picture>\n\n        <\/div>\n        \n        <div class=\"w-full md:w-1\/2 md:order-2\">\n        <div class=\"mx-auto md:max-w-[368px]\">\n            <h2 class=\"heading-lg\"><\/h2>\n            <div class=\"mb-6 mt-4 wysiwyg\">\n                <h3 data-start=\"1197\" data-end=\"1253\">Planering och arrang\u00f6rskap dokumenteras i kontaktlogg<\/h3>\n<p data-start=\"1254\" data-end=\"1557\">En viktig grund i kvalitetsarbetet \u00e4r att ABF \u00d6rebro l\u00e4ns delaktighet i planering och uppf\u00f6ljning syns och g\u00e5r att f\u00f6lja. Planeringen dokumenteras i en intern kontaktlogg (t.ex. syfte, inneh\u00e5ll, uppl\u00e4gg, ansvar, lokaler och st\u00f6dinsatser). Det g\u00f6r verksamheten sp\u00e5rbar och tydlig \u2013 b\u00e5de f\u00f6r oss och vid eventuell granskning.<\/p>\n<h3 data-start=\"1559\" data-end=\"1591\">Insamling av kontaktuppgifter<\/h3>\n<p data-start=\"1592\" data-end=\"1933\">F\u00f6r att kunna f\u00f6lja upp verksamhet, kommunicera med deltagare och s\u00e4kerst\u00e4lla att uppgifter st\u00e4mmer beh\u00f6ver vi korrekta kontaktuppgifter. Det g\u00e4ller deltagare, cirkelledare och i kulturverksamhet \u00e4ven artister\/medverkande. Kontaktuppgifter \u00e4r en del av underlaget vid uppf\u00f6ljning och kontroll, och bidrar till ordning, trygghet och kvalitet. Med kontaktuppgifter avses en korrekt postadress, telefonnummer OCH en epostadress.<\/p>\n\n            <\/div>\n                    <\/div>\n        <\/div>\n    <\/div>\n<\/div><div\n    class=\"acf-text-image-block container my-12 md:my-15\"\n    data-block=\"text-image-block\"\n>\n    <div\n    class=\"flex flex-col items-center md:flex-row gap-8 md:gap-0 justify-between\">\n                        <div class=\"w-full md:w-1\/2 md:order-2\">\n            <picture><img decoding=\"async\" src=\"https:\/\/www.abf.se\/orebro-lan\/resized\/?url=https%3A%2F%2Fwww.abf.se%2Fwp-content%2Fuploads%2Fsites%2F63%2F2026%2F01%2FEfterMotet-1.png&#038;fit=crop&#038;w=578&#038;s=9be81debababd0351f3be696477729d4\" srcset=\"https:\/\/www.abf.se\/orebro-lan\/resized\/?url=https%3A%2F%2Fwww.abf.se%2Fwp-content%2Fuploads%2Fsites%2F63%2F2026%2F01%2FEfterMotet-1.png&#038;fit=crop&#038;w=144&#038;h=126&#038;s=c16ed2893d788ccc3c7fccb27dcd400d 144w, https:\/\/www.abf.se\/orebro-lan\/resized\/?url=https%3A%2F%2Fwww.abf.se%2Fwp-content%2Fuploads%2Fsites%2F63%2F2026%2F01%2FEfterMotet-1.png&#038;fit=crop&#038;w=240&#038;h=211&#038;s=b10ec2a969592849157f5ec9037aeb07 240w, https:\/\/www.abf.se\/orebro-lan\/resized\/?url=https%3A%2F%2Fwww.abf.se%2Fwp-content%2Fuploads%2Fsites%2F63%2F2026%2F01%2FEfterMotet-1.png&#038;fit=crop&#038;w=288&#038;h=253&#038;s=b592e996a2eeb8e79bc63985ba1a4cad 288w, https:\/\/www.abf.se\/orebro-lan\/resized\/?url=https%3A%2F%2Fwww.abf.se%2Fwp-content%2Fuploads%2Fsites%2F63%2F2026%2F01%2FEfterMotet-1.png&#038;fit=crop&#038;w=336&#038;h=295&#038;s=5c3a474c5a1337f9121aa114b20bea87 336w, https:\/\/www.abf.se\/orebro-lan\/resized\/?url=https%3A%2F%2Fwww.abf.se%2Fwp-content%2Fuploads%2Fsites%2F63%2F2026%2F01%2FEfterMotet-1.png&#038;fit=crop&#038;w=432&#038;h=380&#038;s=902f52c8fb9943f80468c74ac7b2b175 432w, https:\/\/www.abf.se\/orebro-lan\/resized\/?url=https%3A%2F%2Fwww.abf.se%2Fwp-content%2Fuploads%2Fsites%2F63%2F2026%2F01%2FEfterMotet-1.png&#038;fit=crop&#038;w=480&#038;h=422&#038;s=0b9066ca4eabe6ca8cacb24297561854 480w, https:\/\/www.abf.se\/orebro-lan\/resized\/?url=https%3A%2F%2Fwww.abf.se%2Fwp-content%2Fuploads%2Fsites%2F63%2F2026%2F01%2FEfterMotet-1.png&#038;fit=crop&#038;w=528&#038;h=464&#038;s=15d082381b57492590772e4ba0de2a99 528w, https:\/\/www.abf.se\/orebro-lan\/resized\/?url=https%3A%2F%2Fwww.abf.se%2Fwp-content%2Fuploads%2Fsites%2F63%2F2026%2F01%2FEfterMotet-1.png&#038;fit=crop&#038;w=578&#038;h=509&#038;s=67e55f45d51a9006bfaf08c872c91657 578w, https:\/\/www.abf.se\/orebro-lan\/resized\/?url=https%3A%2F%2Fwww.abf.se%2Fwp-content%2Fuploads%2Fsites%2F63%2F2026%2F01%2FEfterMotet-1.png&#038;fit=crop&#038;w=672&#038;h=591&#038;s=4de925765329a96b6ce8791f66a67f1d 672w, https:\/\/www.abf.se\/orebro-lan\/resized\/?url=https%3A%2F%2Fwww.abf.se%2Fwp-content%2Fuploads%2Fsites%2F63%2F2026%2F01%2FEfterMotet-1.png&#038;fit=crop&#038;w=864&#038;h=760&#038;s=d44c1ed3491ae1ab780026650275febd 864w, https:\/\/www.abf.se\/orebro-lan\/resized\/?url=https%3A%2F%2Fwww.abf.se%2Fwp-content%2Fuploads%2Fsites%2F63%2F2026%2F01%2FEfterMotet-1.png&#038;fit=crop&#038;w=1056&#038;h=929&#038;s=10242efcac3e4485d67dfab85e29885c 1056w\" alt=\"\" height=\"509\" width=\"578\" sizes=\"auto, (max-width: 768px) 100vw,\n                (max-width: 1280px) 50vw, 578px\" loading=\"lazy\" fetchpriority=\"low\" \/><\/picture>\n\n        <\/div>\n        \n        <div class=\"w-full md:w-1\/2 md:order-1\">\n        <div class=\"mx-auto md:max-w-[368px]\">\n            <h2 class=\"heading-lg\"><\/h2>\n            <div class=\"mb-6 mt-4 wysiwyg\">\n                <h3 data-start=\"1935\" data-end=\"1982\">N\u00e4rvarorapportering och arbetsplan<\/h3>\n<p data-start=\"1983\" data-end=\"2265\">Kvalitetsarbetet handlar ocks\u00e5 om att n\u00e4rvarolistor ska vara korrekt ifyllda och att arbetsplanen \u00e4r tydlig och l\u00e4tt att f\u00f6rst\u00e5. Detta f\u00f6r att rapporteringen ska spegla verkligheten. Det minskar risken f\u00f6r fel och g\u00f6r det enklare att ge r\u00e4tt st\u00f6d d\u00e4r det beh\u00f6vs.<\/p>\n<h3 data-start=\"2267\" data-end=\"2301\">Avgr\u00e4nsningar och gr\u00e4nsdragning<\/h3>\n<p data-start=\"2302\" data-end=\"2658\">Alla id\u00e9er passar inte inom den statsbidragsfinansierade folkbildningen. D\u00e4rf\u00f6r arbetar vi med tydliga avgr\u00e4nsningar: vi bed\u00f6mer inneh\u00e5ll, uppl\u00e4gg och syfte s\u00e5 att verksamheten ligger inom ramen f\u00f6r de regler och villkor som Folkbildningsr\u00e5det har tagit fram och i linje med ABF:s v\u00e4rdegrund. I \u201cgr\u00e4nsfall\u201d beh\u00f6ver det vara extra tydligt dokumenterat varf\u00f6r verksamheten ska rapporteras och hur villkoren uppfylls.<\/p>\n\n            <\/div>\n                    <\/div>\n        <\/div>\n    <\/div>\n<\/div><div\n    class=\"acf-text-image-block container my-12 md:my-15\"\n    data-block=\"text-image-block\"\n>\n    <div\n    class=\"flex flex-col items-center md:flex-row gap-8 md:gap-0 justify-between\">\n                        <div class=\"w-full md:w-1\/2 md:order-1\">\n            <picture><img decoding=\"async\" src=\"https:\/\/www.abf.se\/orebro-lan\/resized\/?url=https%3A%2F%2Fwww.abf.se%2Fwp-content%2Fuploads%2Fsites%2F63%2F2026%2F01%2FStudiecirkel-Demokrati-1.png&#038;fit=crop&#038;w=578&#038;s=046b7d4f491a43aaaaeee00cf91d4e0b\" srcset=\"https:\/\/www.abf.se\/orebro-lan\/resized\/?url=https%3A%2F%2Fwww.abf.se%2Fwp-content%2Fuploads%2Fsites%2F63%2F2026%2F01%2FStudiecirkel-Demokrati-1.png&#038;fit=crop&#038;w=144&#038;h=126&#038;s=83f24b7d19086130bed702e2099b2585 144w, https:\/\/www.abf.se\/orebro-lan\/resized\/?url=https%3A%2F%2Fwww.abf.se%2Fwp-content%2Fuploads%2Fsites%2F63%2F2026%2F01%2FStudiecirkel-Demokrati-1.png&#038;fit=crop&#038;w=240&#038;h=211&#038;s=c3b0ec2ee68bda182e1b7e291021b0ec 240w, https:\/\/www.abf.se\/orebro-lan\/resized\/?url=https%3A%2F%2Fwww.abf.se%2Fwp-content%2Fuploads%2Fsites%2F63%2F2026%2F01%2FStudiecirkel-Demokrati-1.png&#038;fit=crop&#038;w=288&#038;h=253&#038;s=28120ab6d7fa372334c979b96719fc35 288w, https:\/\/www.abf.se\/orebro-lan\/resized\/?url=https%3A%2F%2Fwww.abf.se%2Fwp-content%2Fuploads%2Fsites%2F63%2F2026%2F01%2FStudiecirkel-Demokrati-1.png&#038;fit=crop&#038;w=336&#038;h=295&#038;s=ba511863acaa24e17dcae0b76f9547d9 336w, https:\/\/www.abf.se\/orebro-lan\/resized\/?url=https%3A%2F%2Fwww.abf.se%2Fwp-content%2Fuploads%2Fsites%2F63%2F2026%2F01%2FStudiecirkel-Demokrati-1.png&#038;fit=crop&#038;w=432&#038;h=380&#038;s=7f264d5456e2bdb5d6b102a181a206e3 432w, https:\/\/www.abf.se\/orebro-lan\/resized\/?url=https%3A%2F%2Fwww.abf.se%2Fwp-content%2Fuploads%2Fsites%2F63%2F2026%2F01%2FStudiecirkel-Demokrati-1.png&#038;fit=crop&#038;w=480&#038;h=422&#038;s=ba670b85410dc97f5f53107f5def9375 480w, https:\/\/www.abf.se\/orebro-lan\/resized\/?url=https%3A%2F%2Fwww.abf.se%2Fwp-content%2Fuploads%2Fsites%2F63%2F2026%2F01%2FStudiecirkel-Demokrati-1.png&#038;fit=crop&#038;w=528&#038;h=464&#038;s=452cc20f36ad3b4db67216444976833b 528w, https:\/\/www.abf.se\/orebro-lan\/resized\/?url=https%3A%2F%2Fwww.abf.se%2Fwp-content%2Fuploads%2Fsites%2F63%2F2026%2F01%2FStudiecirkel-Demokrati-1.png&#038;fit=crop&#038;w=578&#038;h=509&#038;s=74102c744cdddc352f53dc39f36b9110 578w, https:\/\/www.abf.se\/orebro-lan\/resized\/?url=https%3A%2F%2Fwww.abf.se%2Fwp-content%2Fuploads%2Fsites%2F63%2F2026%2F01%2FStudiecirkel-Demokrati-1.png&#038;fit=crop&#038;w=672&#038;h=591&#038;s=46e1fdb50c8eb4809461a2c479ff0d1c 672w, https:\/\/www.abf.se\/orebro-lan\/resized\/?url=https%3A%2F%2Fwww.abf.se%2Fwp-content%2Fuploads%2Fsites%2F63%2F2026%2F01%2FStudiecirkel-Demokrati-1.png&#038;fit=crop&#038;w=864&#038;h=760&#038;s=f282b0febdb1af4a8a2e3d6ae45b7715 864w, https:\/\/www.abf.se\/orebro-lan\/resized\/?url=https%3A%2F%2Fwww.abf.se%2Fwp-content%2Fuploads%2Fsites%2F63%2F2026%2F01%2FStudiecirkel-Demokrati-1.png&#038;fit=crop&#038;w=1056&#038;h=929&#038;s=204ccf686ba57291514bfb7afdab3450 1056w\" alt=\"\" height=\"509\" width=\"578\" sizes=\"auto, (max-width: 768px) 100vw,\n                (max-width: 1280px) 50vw, 578px\" loading=\"lazy\" fetchpriority=\"low\" \/><\/picture>\n\n        <\/div>\n        \n        <div class=\"w-full md:w-1\/2 md:order-2\">\n        <div class=\"mx-auto md:max-w-[368px]\">\n            <h2 class=\"heading-lg\"><\/h2>\n            <div class=\"mb-6 mt-4 wysiwyg\">\n                <h3 data-start=\"2660\" data-end=\"2691\">Stickprov och internkontroll<\/h3>\n<p data-start=\"2692\" data-end=\"2964\">Vi g\u00f6r l\u00f6pande stickprov f\u00f6r att kontrollera att verksamhet genomf\u00f6rs som planerat och rapporteras korrekt. Stickprov kan vara slumpm\u00e4ssiga eller riskbaserade, och genomf\u00f6rs b\u00e5de lokalt och centralt. Resultatet dokumenteras och f\u00f6ljs upp med dialog och \u00e5tg\u00e4rder vid behov.<\/p>\n<h3 data-start=\"2966\" data-end=\"2992\">Riskbaserad uppf\u00f6ljning<\/h3>\n<p data-start=\"2993\" data-end=\"3332\">Ut\u00f6ver slumpm\u00e4ssiga kontroller riktar vi uppf\u00f6ljning mot omr\u00e5den d\u00e4r risken f\u00f6r fel kan vara st\u00f6rre \u2013 till exempel utifr\u00e5n m\u00f6nster i verksamheten, tidigare erfarenheter eller indikatorer som tyder p\u00e5 att n\u00e5got beh\u00f6ver kontrolleras n\u00e4rmare. Det g\u00f6r kvalitetsarbetet mer tr\u00e4ffs\u00e4kert och hj\u00e4lper oss att anv\u00e4nda tiden d\u00e4r den g\u00f6r mest nytta.<\/p>\n\n            <\/div>\n                    <\/div>\n        <\/div>\n    <\/div>\n<\/div><div\n    class=\"acf-text-image-block container my-12 md:my-15\"\n    data-block=\"text-image-block\"\n>\n    <div\n    class=\"flex flex-col items-center md:flex-row gap-8 md:gap-0 justify-between\">\n                        <div class=\"w-full md:w-1\/2 md:order-2\">\n            <picture><img decoding=\"async\" src=\"https:\/\/www.abf.se\/orebro-lan\/resized\/?url=https%3A%2F%2Fwww.abf.se%2Fwp-content%2Fuploads%2Fsites%2F63%2F2026%2F01%2FFolja-Forklara.png&#038;fit=crop&#038;w=578&#038;s=69476cffad40feabff0f1b1b389ce044\" srcset=\"https:\/\/www.abf.se\/orebro-lan\/resized\/?url=https%3A%2F%2Fwww.abf.se%2Fwp-content%2Fuploads%2Fsites%2F63%2F2026%2F01%2FFolja-Forklara.png&#038;fit=crop&#038;w=144&#038;h=126&#038;s=edd49f3faf357d6ecf4047794c0fdf2b 144w, https:\/\/www.abf.se\/orebro-lan\/resized\/?url=https%3A%2F%2Fwww.abf.se%2Fwp-content%2Fuploads%2Fsites%2F63%2F2026%2F01%2FFolja-Forklara.png&#038;fit=crop&#038;w=240&#038;h=211&#038;s=17d9ea4c44feec18cc54b9d0f83e4841 240w, https:\/\/www.abf.se\/orebro-lan\/resized\/?url=https%3A%2F%2Fwww.abf.se%2Fwp-content%2Fuploads%2Fsites%2F63%2F2026%2F01%2FFolja-Forklara.png&#038;fit=crop&#038;w=288&#038;h=253&#038;s=f880a197aff40c1e9618392df06d03c1 288w, https:\/\/www.abf.se\/orebro-lan\/resized\/?url=https%3A%2F%2Fwww.abf.se%2Fwp-content%2Fuploads%2Fsites%2F63%2F2026%2F01%2FFolja-Forklara.png&#038;fit=crop&#038;w=336&#038;h=295&#038;s=df78b04d62af540fe941a2ac4927973f 336w, https:\/\/www.abf.se\/orebro-lan\/resized\/?url=https%3A%2F%2Fwww.abf.se%2Fwp-content%2Fuploads%2Fsites%2F63%2F2026%2F01%2FFolja-Forklara.png&#038;fit=crop&#038;w=432&#038;h=380&#038;s=c5e578ba868ed05943fe6888cf7dc214 432w, https:\/\/www.abf.se\/orebro-lan\/resized\/?url=https%3A%2F%2Fwww.abf.se%2Fwp-content%2Fuploads%2Fsites%2F63%2F2026%2F01%2FFolja-Forklara.png&#038;fit=crop&#038;w=480&#038;h=422&#038;s=f754035794de7b3fa05d4c85fb4fade1 480w, https:\/\/www.abf.se\/orebro-lan\/resized\/?url=https%3A%2F%2Fwww.abf.se%2Fwp-content%2Fuploads%2Fsites%2F63%2F2026%2F01%2FFolja-Forklara.png&#038;fit=crop&#038;w=528&#038;h=464&#038;s=fa18a09fb4a0893b422f62012b11d5f0 528w, https:\/\/www.abf.se\/orebro-lan\/resized\/?url=https%3A%2F%2Fwww.abf.se%2Fwp-content%2Fuploads%2Fsites%2F63%2F2026%2F01%2FFolja-Forklara.png&#038;fit=crop&#038;w=578&#038;h=509&#038;s=cbc2fa39a03320675f428017c7cb8fc1 578w, https:\/\/www.abf.se\/orebro-lan\/resized\/?url=https%3A%2F%2Fwww.abf.se%2Fwp-content%2Fuploads%2Fsites%2F63%2F2026%2F01%2FFolja-Forklara.png&#038;fit=crop&#038;w=672&#038;h=591&#038;s=478609f03a271d2115910d044f257996 672w, https:\/\/www.abf.se\/orebro-lan\/resized\/?url=https%3A%2F%2Fwww.abf.se%2Fwp-content%2Fuploads%2Fsites%2F63%2F2026%2F01%2FFolja-Forklara.png&#038;fit=crop&#038;w=864&#038;h=760&#038;s=dc0a605135d915549b9b68f23b7238ad 864w, https:\/\/www.abf.se\/orebro-lan\/resized\/?url=https%3A%2F%2Fwww.abf.se%2Fwp-content%2Fuploads%2Fsites%2F63%2F2026%2F01%2FFolja-Forklara.png&#038;fit=crop&#038;w=1056&#038;h=929&#038;s=8d9b81a84eb850ab27db19fccb45aefb 1056w\" alt=\"\" height=\"509\" width=\"578\" sizes=\"auto, (max-width: 768px) 100vw,\n                (max-width: 1280px) 50vw, 578px\" loading=\"lazy\" fetchpriority=\"low\" \/><\/picture>\n\n        <\/div>\n        \n        <div class=\"w-full md:w-1\/2 md:order-1\">\n        <div class=\"mx-auto md:max-w-[368px]\">\n            <h2 class=\"heading-lg\"><\/h2>\n            <div class=\"mb-6 mt-4 wysiwyg\">\n                <h3 data-start=\"3334\" data-end=\"3374\">Utbildning och st\u00f6d till cirkelledare<\/h3>\n<p data-start=\"3375\" data-end=\"3765\">En central del av kvalitetsarbetet \u00e4r att cirkelledare f\u00e5r r\u00e4tt f\u00f6ruts\u00e4ttningar. Nya ledare f\u00e5r introduktion i ABF:s uppdrag, v\u00e4rdegrund och rutiner, inklusive administration och vad som g\u00e4ller f\u00f6r statsbidragsfinansierad verksamhet. Vi erbjuder ocks\u00e5 grundl\u00e4ggande cirkelledarutbildning och fortl\u00f6pande st\u00f6d \u2013 b\u00e5de f\u00f6r att st\u00e4rka ledarrollen och f\u00f6r att s\u00e4kerst\u00e4lla kvalitet i genomf\u00f6randet.<\/p>\n<h3 data-start=\"3767\" data-end=\"3799\">Oanm\u00e4lda bes\u00f6k i verksamheten<\/h3>\n<p data-start=\"3800\" data-end=\"4127\">Vi genomf\u00f6r oanm\u00e4lda bes\u00f6k f\u00f6r att f\u00e5 en verklighetsn\u00e4ra bild av hur verksamheten fungerar i praktiken. Bes\u00f6ken kan g\u00f6ras i olika verksamhetsformer och prioriteras ofta d\u00e4r vi ser riskindikatorer, men kan ocks\u00e5 vara slumpm\u00e4ssiga. Bes\u00f6ken dokumenteras och anv\u00e4nds f\u00f6r att kvalitetss\u00e4kra, ge st\u00f6d och vid behov korrigera brister.<\/p>\n\n            <\/div>\n                    <\/div>\n        <\/div>\n    <\/div>\n<\/div><div\n    class=\"acf-text-image-block container my-12 md:my-15\"\n    data-block=\"text-image-block\"\n>\n    <div\n    class=\"flex flex-col items-center md:flex-row gap-8 md:gap-0 justify-between\">\n                        <div class=\"w-full md:w-1\/2 md:order-1\">\n            <picture><img decoding=\"async\" src=\"https:\/\/www.abf.se\/orebro-lan\/resized\/?url=https%3A%2F%2Fwww.abf.se%2Fwp-content%2Fuploads%2Fsites%2F63%2F2026%2F01%2FBildning-1.png&#038;fit=crop&#038;w=578&#038;s=b681a41d1825f3a4c5fde92f3f23519e\" srcset=\"https:\/\/www.abf.se\/orebro-lan\/resized\/?url=https%3A%2F%2Fwww.abf.se%2Fwp-content%2Fuploads%2Fsites%2F63%2F2026%2F01%2FBildning-1.png&#038;fit=crop&#038;w=144&#038;h=126&#038;s=a6471b77726a39b3de5d3b857c089bb6 144w, https:\/\/www.abf.se\/orebro-lan\/resized\/?url=https%3A%2F%2Fwww.abf.se%2Fwp-content%2Fuploads%2Fsites%2F63%2F2026%2F01%2FBildning-1.png&#038;fit=crop&#038;w=240&#038;h=211&#038;s=84c7ea52ad49343e606b641f54e4cb18 240w, https:\/\/www.abf.se\/orebro-lan\/resized\/?url=https%3A%2F%2Fwww.abf.se%2Fwp-content%2Fuploads%2Fsites%2F63%2F2026%2F01%2FBildning-1.png&#038;fit=crop&#038;w=288&#038;h=253&#038;s=a27a1527cfee024d1765a22f60fec636 288w, https:\/\/www.abf.se\/orebro-lan\/resized\/?url=https%3A%2F%2Fwww.abf.se%2Fwp-content%2Fuploads%2Fsites%2F63%2F2026%2F01%2FBildning-1.png&#038;fit=crop&#038;w=336&#038;h=295&#038;s=907406b596757acb437e93b61ada374a 336w, https:\/\/www.abf.se\/orebro-lan\/resized\/?url=https%3A%2F%2Fwww.abf.se%2Fwp-content%2Fuploads%2Fsites%2F63%2F2026%2F01%2FBildning-1.png&#038;fit=crop&#038;w=432&#038;h=380&#038;s=56ce774363e83ef5f27f48c6b40e9bc2 432w, https:\/\/www.abf.se\/orebro-lan\/resized\/?url=https%3A%2F%2Fwww.abf.se%2Fwp-content%2Fuploads%2Fsites%2F63%2F2026%2F01%2FBildning-1.png&#038;fit=crop&#038;w=480&#038;h=422&#038;s=1e97f7d1effdbfa2dece3524d6cb1947 480w, https:\/\/www.abf.se\/orebro-lan\/resized\/?url=https%3A%2F%2Fwww.abf.se%2Fwp-content%2Fuploads%2Fsites%2F63%2F2026%2F01%2FBildning-1.png&#038;fit=crop&#038;w=528&#038;h=464&#038;s=51e90d94e41cd9b6513a7f59b5972ad7 528w, https:\/\/www.abf.se\/orebro-lan\/resized\/?url=https%3A%2F%2Fwww.abf.se%2Fwp-content%2Fuploads%2Fsites%2F63%2F2026%2F01%2FBildning-1.png&#038;fit=crop&#038;w=578&#038;h=509&#038;s=27a1495c7d657b9f1553f2d24fb7a2b9 578w, https:\/\/www.abf.se\/orebro-lan\/resized\/?url=https%3A%2F%2Fwww.abf.se%2Fwp-content%2Fuploads%2Fsites%2F63%2F2026%2F01%2FBildning-1.png&#038;fit=crop&#038;w=672&#038;h=591&#038;s=caeb7be86fb25d0085bb7d59b82eabc6 672w, https:\/\/www.abf.se\/orebro-lan\/resized\/?url=https%3A%2F%2Fwww.abf.se%2Fwp-content%2Fuploads%2Fsites%2F63%2F2026%2F01%2FBildning-1.png&#038;fit=crop&#038;w=864&#038;h=760&#038;s=5cd1b5a18198eea667b20e7508b0fb28 864w, https:\/\/www.abf.se\/orebro-lan\/resized\/?url=https%3A%2F%2Fwww.abf.se%2Fwp-content%2Fuploads%2Fsites%2F63%2F2026%2F01%2FBildning-1.png&#038;fit=crop&#038;w=1056&#038;h=929&#038;s=d3bb23ebcb9d740df676bec91784c004 1056w\" alt=\"\" height=\"509\" width=\"578\" sizes=\"auto, (max-width: 768px) 100vw,\n                (max-width: 1280px) 50vw, 578px\" loading=\"lazy\" fetchpriority=\"low\" \/><\/picture>\n\n        <\/div>\n        \n        <div class=\"w-full md:w-1\/2 md:order-2\">\n        <div class=\"mx-auto md:max-w-[368px]\">\n            <h2 class=\"heading-lg\"><\/h2>\n            <div class=\"mb-6 mt-4 wysiwyg\">\n                <h3 data-start=\"4129\" data-end=\"4172\">\u00c5terkoppling, \u00e5tg\u00e4rder och f\u00f6rb\u00e4ttringar<\/h3>\n<p data-start=\"4173\" data-end=\"4486\">N\u00e4r vi uppt\u00e4cker brister arbetar vi i f\u00f6rsta hand med dialog, st\u00f6d och r\u00e4ttning. Det kan handla om kompletteringar i dokumentation, f\u00f6rtydliganden i planering, utbildningsinsatser eller t\u00e4tare uppf\u00f6ljning. Kvalitetsarbetet ska leda till f\u00f6rb\u00e4ttringar \u2013 inte bara kontroll \u2013 s\u00e5 att verksamheten utvecklas \u00f6ver tid.<\/p>\n<h3>Transparens och trygghet f\u00f6r deltagare och samarbetspartners<\/h3>\n<p data-start=\"4552\" data-end=\"4822\">Genom tydliga rutiner, dokumentation och uppf\u00f6ljning skapar vi en tryggare och mer p\u00e5litlig verksamhet. Deltagare ska k\u00e4nna att de f\u00e5r en seri\u00f6s, v\u00e4l genomf\u00f6rd folkbildningsupplevelse, och samarbetspartners ska veta vad ABF \u00d6rebro l\u00e4n ansvarar f\u00f6r och hur vi s\u00e4kerst\u00e4ller kvalitet.<\/p>\n\n            <\/div>\n                    <\/div>\n        <\/div>\n    <\/div>\n<\/div><ul\n    class=\"acf-article-accordion-block accordion-group grid gap-4 my-12 article-container\"\n    data-block=\"article-accordion-block \"\n    data-ui-accordion-group\n>\n\n            <li class=\"accordion\" data-ui-accordion data-ui-accordion-open=\"false\">\n        <h3>\n        <button data-ui-accordion-button class=\"accordion-toggle font-bold\" aria-expanded=\"false\" aria-controls=\"row-kontakt-0\" id=\"kontakt-0\">\n            Kontakt\n            \n            <figure class=\"w-4.5 h-4.5\" aria-hidden=\"true\">\n            <svg width=\"20\" height=\"20\" viewBox=\"0 0 20 20\" fill=\"none\"\nclass=\"SvgIconElement\">\n<path d=\"M15.8333 7.16667L9.99992 13L4.16659 7.16667\" stroke=\"currentColor\"\/>\n<\/svg>\n            <\/figure>\n        <\/button>\n        \n                <\/h3>\n        <div class=\"accordion-content\">\n            <div id=\"row-kontakt-0\" role=\"region\" class=\"accordion-content-wrap\" aria-labelledby=\"kontakt-0\">\n                                                <div class=\"grid md:grid-cols-3 gap-y-10 mt-10\">\n                        \n                                                        <div class=\"contact flex flex-col gap-3\">\n                                <div class=\"md:max-w-[160px]\">\n                                    <picture><source media=\"(max-width:767px)\" srcset=\"https:\/\/www.abf.se\/orebro-lan\/resized\/?url=https%3A%2F%2Fwww.abf.se%2Fwp-content%2Fuploads%2Fsites%2F63%2F2024%2F03%2F20230130_104240-scaled.jpg&#038;fit=crop&#038;w=800&#038;h=800&#038;s=6cdecf03f842803271411456b849e8db 1x, https:\/\/www.abf.se\/orebro-lan\/resized\/?url=https%3A%2F%2Fwww.abf.se%2Fwp-content%2Fuploads%2Fsites%2F63%2F2024%2F03%2F20230130_104240-scaled.jpg&#038;fit=crop&#038;w=1600&#038;h=1600&#038;s=e9b0379ee9c0cf178454e3053a75b111 2x\"><img decoding=\"async\" src=\"https:\/\/www.abf.se\/orebro-lan\/resized\/?url=https%3A%2F%2Fwww.abf.se%2Fwp-content%2Fuploads%2Fsites%2F63%2F2024%2F03%2F20230130_104240-scaled.jpg&#038;fit=crop&#038;w=160&#038;s=1a5c86904cb789edbc318dc6922bd3a0\" srcset=\"https:\/\/www.abf.se\/orebro-lan\/resized\/?url=https%3A%2F%2Fwww.abf.se%2Fwp-content%2Fuploads%2Fsites%2F63%2F2024%2F03%2F20230130_104240-scaled.jpg&#038;fit=crop&#038;w=320&#038;h=440&#038;s=c5d94174e724326c3c8891bb18bbae19 1x, https:\/\/www.abf.se\/orebro-lan\/resized\/?url=https%3A%2F%2Fwww.abf.se%2Fwp-content%2Fuploads%2Fsites%2F63%2F2024%2F03%2F20230130_104240-scaled.jpg&#038;fit=crop&#038;w=320&#038;h=440&#038;s=c5d94174e724326c3c8891bb18bbae19 2x\" alt=\"\" \/><\/picture>\n                                <\/div>\n                                <div class=\"\">\n                                    <h4 class=\"heading-lg\">Nina Nor\u00e9n<\/h4>\n                                    <p class=\"body-md\">Kvalitetsansvarig<\/p>\n                                                                    <\/div>\n                                                                <div class=\"flex gap flex-col label-md gap-1\">\n                                                                        <div class=\"flex gap-3\">\n                                        <svg width=\"20\" height=\"20\" viewBox=\"0 0 20 20\" fill=\"none\" xmlns=\"http:\/\/www.w3.org\/2000\/svg\">\n<path d=\"M16.625 17.5C14.8333 17.5 13.0868 17.1007 11.3854 16.3021C9.68403 15.5035 8.17708 14.4479 6.86458 13.1354C5.55208 11.8229 4.49653 10.316 3.69792 8.61458C2.89931 6.91319 2.5 5.16667 2.5 3.375C2.5 3.125 2.58333 2.91667 2.75 2.75C2.91667 2.58333 3.125 2.5 3.375 2.5H6.75C6.94444 2.5 7.11806 2.5625 7.27083 2.6875C7.42361 2.8125 7.51389 2.97222 7.54167 3.16667L8.08333 6.08333C8.11111 6.27778 8.10764 6.45486 8.07292 6.61458C8.03819 6.77431 7.95833 6.91667 7.83333 7.04167L5.8125 9.08333C6.39583 10.0833 7.12847 11.0208 8.01042 11.8958C8.89236 12.7708 9.86111 13.5278 10.9167 14.1667L12.875 12.2083C13 12.0833 13.1632 11.9896 13.3646 11.9271C13.566 11.8646 13.7639 11.8472 13.9583 11.875L16.8333 12.4583C17.0278 12.5 17.1875 12.5938 17.3125 12.7396C17.4375 12.8854 17.5 13.0556 17.5 13.25V16.625C17.5 16.875 17.4167 17.0833 17.25 17.25C17.0833 17.4167 16.875 17.5 16.625 17.5ZM5.02083 7.5L6.39583 6.125L6.04167 4.16667H4.1875C4.25694 4.73611 4.35417 5.29861 4.47917 5.85417C4.60417 6.40972 4.78472 6.95833 5.02083 7.5ZM15.8333 15.7917V13.9583L13.875 13.5625L12.4792 14.9583C13.0208 15.1944 13.5729 15.3819 14.1354 15.5208C14.6979 15.6597 15.2639 15.75 15.8333 15.7917Z\" fill=\"black\"\/>\n<\/svg>\n                                        <p>\n                                                                                                                               <a href=\"callto:010-203 17 09\">010-203 17 09<\/a>\n                                                                                                                                     <\/p>\n                                    <\/div>\n                                                                                                            <div class=\"flex gap-3\">\n                                        <svg width=\"20\" height=\"20\" viewBox=\"0 0 20 20\" fill=\"none\" xmlns=\"http:\/\/www.w3.org\/2000\/svg\">\n<path d=\"M3.33366 16.6666C2.87533 16.6666 2.48296 16.5035 2.15658 16.1771C1.83019 15.8507 1.66699 15.4583 1.66699 15V4.99998C1.66699 4.54165 1.83019 4.14929 2.15658 3.8229C2.48296 3.49651 2.87533 3.33331 3.33366 3.33331H16.667C17.1253 3.33331 17.5177 3.49651 17.8441 3.8229C18.1705 4.14929 18.3337 4.54165 18.3337 4.99998V15C18.3337 15.4583 18.1705 15.8507 17.8441 16.1771C17.5177 16.5035 17.1253 16.6666 16.667 16.6666H3.33366ZM16.667 6.66665L10.4378 10.5625C10.3684 10.6041 10.2955 10.6354 10.2191 10.6562C10.1427 10.6771 10.0698 10.6875 10.0003 10.6875C9.93088 10.6875 9.85797 10.6771 9.78158 10.6562C9.70519 10.6354 9.63227 10.6041 9.56283 10.5625L3.33366 6.66665V15H16.667V6.66665ZM10.0003 9.16665L16.667 4.99998H3.33366L10.0003 9.16665ZM3.33366 6.87498V5.64581V5.66665V5.65623V6.87498Z\" fill=\"black\"\/>\n<\/svg>\n                                        <p><a href=\"mailto:nina.noren@abf.se\">nina.noren@abf.se<\/a><\/p>\n                                    <\/div>\n                                                                    <\/div>\n                                                            <\/div>\n                                            <\/div>\n                                        <\/div>\n        <\/div>\n    <\/li>\n    <\/ul>\n<div\n    class=\"acf-article-facts-block article-container  my-8 \"\n    data-block=\"article-facts-block\"\n>\n<div class=\"bg-teal-light border border-teal p-8 rounded-corners-sm\">\n<header>\n        <h2 class=\"heading-md text-teal-dark mb-3\">\n            FAQ\n        <\/h2>\n    <\/header>\n    <div class=\"wysiwyg\">\n        <p data-start=\"25\" data-end=\"246\"><strong data-start=\"25\" data-end=\"67\">Varf\u00f6r samlar ABF in kontaktuppgifter?<\/strong><br data-start=\"67\" data-end=\"70\" \/>F\u00f6r att kunna ta ansvar hela v\u00e4gen: informera vid \u00e4ndringar, f\u00f6lja upp och s\u00e4kerst\u00e4lla att verksamheten blir r\u00e4tt. Det g\u00e4ller deltagare, ledare och vid kultur \u00e4ven medverkande.<\/p>\n<p data-start=\"248\" data-end=\"438\"><strong data-start=\"248\" data-end=\"283\">Hur anv\u00e4nds kontaktuppgifterna?<\/strong><br data-start=\"283\" data-end=\"286\" \/>F\u00f6r administration, kommunikation och kvalitetsuppf\u00f6ljning kopplat till verksamheten.<\/p>\n<p data-start=\"440\" data-end=\"651\"><strong data-start=\"440\" data-end=\"476\">Varf\u00f6r \u00e4r dokumentation viktigt?<\/strong><br data-start=\"476\" data-end=\"479\" \/>Det \u00e4r v\u00e5rt s\u00e4tt att ta ansvar f\u00f6r folkbildningen och vara transparenta med hur verksamheten genomf\u00f6rs. Bra underlag g\u00f6r ocks\u00e5 att vi kan l\u00e4ra, f\u00f6rb\u00e4ttra och ge b\u00e4ttre st\u00f6d.<\/p>\n<p data-start=\"653\" data-end=\"864\"><strong data-start=\"653\" data-end=\"702\">Hur f\u00f6ljer ni upp planering och genomf\u00f6rande?<\/strong><br data-start=\"702\" data-end=\"705\" \/>Vi dokumenterar planering, dialog och uppf\u00f6ljning i en intern kontaktlogg, s\u00e5 att \u00f6verenskommelser och st\u00f6dinsatser blir tydliga. Det g\u00f6r verksamheten sp\u00e5rbar och trygg.<\/p>\n<p data-start=\"866\" data-end=\"1047\"><strong data-start=\"866\" data-end=\"891\">Vad \u00e4r ett stickprov?<\/strong><br data-start=\"891\" data-end=\"894\" \/>Vi granskar ett urval av p\u00e5g\u00e5ende verksamhet f\u00f6r att se att den genomf\u00f6rs som planerat och rapporteras korrekt. Urvalet kan vara slump eller riskbaserat.<\/p>\n<p data-start=\"1049\" data-end=\"1210\"><strong data-start=\"1049\" data-end=\"1082\">Varf\u00f6r g\u00f6r ni oanm\u00e4lda bes\u00f6k?<\/strong><br data-start=\"1082\" data-end=\"1085\" \/>F\u00f6r att f\u00e5 en verklighetsn\u00e4ra bild av hur det fungerar i praktiken. Bes\u00f6ken ska s\u00e4kra kvalitet och ge st\u00f6d \u2013 inte \u201cleta fel\u201d.<\/p>\n<p data-start=\"1212\" data-end=\"1412\"><strong data-start=\"1212\" data-end=\"1249\">Vad h\u00e4nder om n\u00e5got inte st\u00e4mmer?<\/strong><br data-start=\"1249\" data-end=\"1252\" \/>Vi tar dialog och hj\u00e4lper till att r\u00e4tta till, till exempel genom kompletteringar eller tydligare planering. Vid \u00e5terkommande brister kan uppf\u00f6ljningen sk\u00e4rpas.<\/p>\n<p data-start=\"1414\" data-end=\"1593\"><strong data-start=\"1414\" data-end=\"1452\">\u00c4r kvalitetsarbetet bara kontroll?<\/strong><br data-start=\"1452\" data-end=\"1455\" \/>Nej, lika viktigt \u00e4r st\u00f6d och utbildning f\u00f6r ledare samt tydlig planering. Kontroller \u00e4r en del av helheten f\u00f6r att utveckla verksamheten.<\/p>\n<p data-start=\"1595\" data-end=\"1785\"><strong data-start=\"1595\" data-end=\"1637\">Hur skyddar ni deltagarnas integritet?<\/strong><br data-start=\"1637\" data-end=\"1640\" \/>Vi hanterar personuppgifter varsamt och bara f\u00f6r \u00e4ndam\u00e5l kopplade till verksamheten. Vi samlar in det som beh\u00f6vs och arbetar f\u00f6r trygg hantering.<\/p>\n\n    <\/div>\n<\/div>\n\n<\/div>\n","protected":false},"excerpt":{"rendered":"","protected":false},"author":79,"featured_media":0,"parent":638,"menu_order":0,"comment_status":"closed","ping_status":"closed","template":"","meta":{"_acf_changed":false,"footnotes":""},"class_list":["post-2236","page","type-page","status-publish","hentry"],"acf":[],"yoast_head":"<!-- This site is optimized with the Yoast SEO plugin v27.0 - https:\/\/yoast.com\/product\/yoast-seo-wordpress\/ -->\n<title>ABF \u00d6rebro l\u00e4ns kvalitetsarbete - \u00d6rebro l\u00e4n<\/title>\n<meta name=\"description\" content=\"ABF \u00d6rebro l\u00e4n genomf\u00f6r kvalitetsarbete f\u00f6r att deltagare och samarbetsorganisationer ska kunna lita p\u00e5 att verksamheten h\u00e5ller h\u00f6g kvalitet.\" \/>\n<meta name=\"robots\" content=\"index, follow, max-snippet:-1, max-image-preview:large, max-video-preview:-1\" \/>\n<link rel=\"canonical\" href=\"https:\/\/www.abf.se\/orebro-lan\/om-abf-orebro-lan\/abf-orebro-lans-kvalitetsarbete\/\" \/>\n<meta property=\"og:locale\" content=\"sv_SE\" \/>\n<meta property=\"og:type\" content=\"article\" \/>\n<meta property=\"og:title\" content=\"ABF \u00d6rebro l\u00e4ns kvalitetsarbete - \u00d6rebro l\u00e4n\" \/>\n<meta property=\"og:description\" content=\"ABF \u00d6rebro l\u00e4n genomf\u00f6r kvalitetsarbete f\u00f6r att deltagare och samarbetsorganisationer ska kunna lita p\u00e5 att verksamheten h\u00e5ller h\u00f6g kvalitet.\" \/>\n<meta property=\"og:url\" content=\"https:\/\/www.abf.se\/orebro-lan\/om-abf-orebro-lan\/abf-orebro-lans-kvalitetsarbete\/\" \/>\n<meta property=\"og:site_name\" content=\"\u00d6rebro l\u00e4n\" \/>\n<meta property=\"article:modified_time\" content=\"2026-01-19T12:53:51+00:00\" \/>\n<meta property=\"og:image\" content=\"https:\/\/www.abf.se\/wp-content\/uploads\/sites\/63\/2024\/04\/Nyckeln-liggande-scaled.jpg\" \/>\n\t<meta property=\"og:image:width\" content=\"2560\" \/>\n\t<meta property=\"og:image:height\" content=\"1440\" \/>\n\t<meta property=\"og:image:type\" content=\"image\/jpeg\" \/>\n<meta name=\"twitter:card\" content=\"summary_large_image\" \/>\n<script type=\"application\/ld+json\" class=\"yoast-schema-graph\">{\"@context\":\"https:\/\/schema.org\",\"@graph\":[{\"@type\":\"WebPage\",\"@id\":\"https:\/\/www.abf.se\/orebro-lan\/om-abf-orebro-lan\/abf-orebro-lans-kvalitetsarbete\/\",\"url\":\"https:\/\/www.abf.se\/orebro-lan\/om-abf-orebro-lan\/abf-orebro-lans-kvalitetsarbete\/\",\"name\":\"ABF \u00d6rebro l\u00e4ns kvalitetsarbete - \u00d6rebro l\u00e4n\",\"isPartOf\":{\"@id\":\"https:\/\/www.abf.se\/orebro-lan\/#website\"},\"datePublished\":\"2026-01-19T09:49:21+00:00\",\"dateModified\":\"2026-01-19T12:53:51+00:00\",\"description\":\"ABF \u00d6rebro l\u00e4n genomf\u00f6r kvalitetsarbete f\u00f6r att deltagare och samarbetsorganisationer ska kunna lita p\u00e5 att verksamheten h\u00e5ller h\u00f6g kvalitet.\",\"breadcrumb\":{\"@id\":\"https:\/\/www.abf.se\/orebro-lan\/om-abf-orebro-lan\/abf-orebro-lans-kvalitetsarbete\/#breadcrumb\"},\"inLanguage\":\"sv-SE\",\"potentialAction\":[{\"@type\":\"ReadAction\",\"target\":[\"https:\/\/www.abf.se\/orebro-lan\/om-abf-orebro-lan\/abf-orebro-lans-kvalitetsarbete\/\"]}]},{\"@type\":\"BreadcrumbList\",\"@id\":\"https:\/\/www.abf.se\/orebro-lan\/om-abf-orebro-lan\/abf-orebro-lans-kvalitetsarbete\/#breadcrumb\",\"itemListElement\":[{\"@type\":\"ListItem\",\"position\":1,\"name\":\"Home\",\"item\":\"https:\/\/www.abf.se\/orebro-lan\/\"},{\"@type\":\"ListItem\",\"position\":2,\"name\":\"Om oss\",\"item\":\"https:\/\/www.abf.se\/orebro-lan\/om-abf-orebro-lan\/\"},{\"@type\":\"ListItem\",\"position\":3,\"name\":\"ABF \u00d6rebro l\u00e4ns kvalitetsarbete\"}]},{\"@type\":\"WebSite\",\"@id\":\"https:\/\/www.abf.se\/orebro-lan\/#website\",\"url\":\"https:\/\/www.abf.se\/orebro-lan\/\",\"name\":\"\u00d6rebro l\u00e4n\",\"description\":\"\",\"potentialAction\":[{\"@type\":\"SearchAction\",\"target\":{\"@type\":\"EntryPoint\",\"urlTemplate\":\"https:\/\/www.abf.se\/orebro-lan\/?s={search_term_string}\"},\"query-input\":{\"@type\":\"PropertyValueSpecification\",\"valueRequired\":true,\"valueName\":\"search_term_string\"}}],\"inLanguage\":\"sv-SE\"}]}<\/script>\n<!-- \/ Yoast SEO plugin. -->","yoast_head_json":{"title":"ABF \u00d6rebro l\u00e4ns kvalitetsarbete - \u00d6rebro l\u00e4n","description":"ABF \u00d6rebro l\u00e4n genomf\u00f6r kvalitetsarbete f\u00f6r att deltagare och samarbetsorganisationer ska kunna lita p\u00e5 att verksamheten h\u00e5ller h\u00f6g kvalitet.","robots":{"index":"index","follow":"follow","max-snippet":"max-snippet:-1","max-image-preview":"max-image-preview:large","max-video-preview":"max-video-preview:-1"},"canonical":"https:\/\/www.abf.se\/orebro-lan\/om-abf-orebro-lan\/abf-orebro-lans-kvalitetsarbete\/","og_locale":"sv_SE","og_type":"article","og_title":"ABF \u00d6rebro l\u00e4ns kvalitetsarbete - \u00d6rebro l\u00e4n","og_description":"ABF \u00d6rebro l\u00e4n genomf\u00f6r kvalitetsarbete f\u00f6r att deltagare och samarbetsorganisationer ska kunna lita p\u00e5 att verksamheten h\u00e5ller h\u00f6g kvalitet.","og_url":"https:\/\/www.abf.se\/orebro-lan\/om-abf-orebro-lan\/abf-orebro-lans-kvalitetsarbete\/","og_site_name":"\u00d6rebro l\u00e4n","article_modified_time":"2026-01-19T12:53:51+00:00","og_image":[{"width":2560,"height":1440,"url":"https:\/\/www.abf.se\/wp-content\/uploads\/sites\/63\/2024\/04\/Nyckeln-liggande-scaled.jpg","type":"image\/jpeg"}],"twitter_card":"summary_large_image","schema":{"@context":"https:\/\/schema.org","@graph":[{"@type":"WebPage","@id":"https:\/\/www.abf.se\/orebro-lan\/om-abf-orebro-lan\/abf-orebro-lans-kvalitetsarbete\/","url":"https:\/\/www.abf.se\/orebro-lan\/om-abf-orebro-lan\/abf-orebro-lans-kvalitetsarbete\/","name":"ABF \u00d6rebro l\u00e4ns kvalitetsarbete - \u00d6rebro l\u00e4n","isPartOf":{"@id":"https:\/\/www.abf.se\/orebro-lan\/#website"},"datePublished":"2026-01-19T09:49:21+00:00","dateModified":"2026-01-19T12:53:51+00:00","description":"ABF \u00d6rebro l\u00e4n genomf\u00f6r kvalitetsarbete f\u00f6r att deltagare och samarbetsorganisationer ska kunna lita p\u00e5 att verksamheten h\u00e5ller h\u00f6g kvalitet.","breadcrumb":{"@id":"https:\/\/www.abf.se\/orebro-lan\/om-abf-orebro-lan\/abf-orebro-lans-kvalitetsarbete\/#breadcrumb"},"inLanguage":"sv-SE","potentialAction":[{"@type":"ReadAction","target":["https:\/\/www.abf.se\/orebro-lan\/om-abf-orebro-lan\/abf-orebro-lans-kvalitetsarbete\/"]}]},{"@type":"BreadcrumbList","@id":"https:\/\/www.abf.se\/orebro-lan\/om-abf-orebro-lan\/abf-orebro-lans-kvalitetsarbete\/#breadcrumb","itemListElement":[{"@type":"ListItem","position":1,"name":"Home","item":"https:\/\/www.abf.se\/orebro-lan\/"},{"@type":"ListItem","position":2,"name":"Om oss","item":"https:\/\/www.abf.se\/orebro-lan\/om-abf-orebro-lan\/"},{"@type":"ListItem","position":3,"name":"ABF \u00d6rebro l\u00e4ns kvalitetsarbete"}]},{"@type":"WebSite","@id":"https:\/\/www.abf.se\/orebro-lan\/#website","url":"https:\/\/www.abf.se\/orebro-lan\/","name":"\u00d6rebro l\u00e4n","description":"","potentialAction":[{"@type":"SearchAction","target":{"@type":"EntryPoint","urlTemplate":"https:\/\/www.abf.se\/orebro-lan\/?s={search_term_string}"},"query-input":{"@type":"PropertyValueSpecification","valueRequired":true,"valueName":"search_term_string"}}],"inLanguage":"sv-SE"}]}},"_links":{"self":[{"href":"https:\/\/www.abf.se\/orebro-lan\/wp-json\/wp\/v2\/pages\/2236","targetHints":{"allow":["GET"]}}],"collection":[{"href":"https:\/\/www.abf.se\/orebro-lan\/wp-json\/wp\/v2\/pages"}],"about":[{"href":"https:\/\/www.abf.se\/orebro-lan\/wp-json\/wp\/v2\/types\/page"}],"author":[{"embeddable":true,"href":"https:\/\/www.abf.se\/orebro-lan\/wp-json\/wp\/v2\/users\/79"}],"replies":[{"embeddable":true,"href":"https:\/\/www.abf.se\/orebro-lan\/wp-json\/wp\/v2\/comments?post=2236"}],"version-history":[{"count":22,"href":"https:\/\/www.abf.se\/orebro-lan\/wp-json\/wp\/v2\/pages\/2236\/revisions"}],"predecessor-version":[{"id":2284,"href":"https:\/\/www.abf.se\/orebro-lan\/wp-json\/wp\/v2\/pages\/2236\/revisions\/2284"}],"up":[{"embeddable":true,"href":"https:\/\/www.abf.se\/orebro-lan\/wp-json\/wp\/v2\/pages\/638"}],"wp:attachment":[{"href":"https:\/\/www.abf.se\/orebro-lan\/wp-json\/wp\/v2\/media?parent=2236"}],"curies":[{"name":"wp","href":"https:\/\/api.w.org\/{rel}","templated":true}]}}