{"id":271,"date":"2024-02-29T11:30:29","date_gmt":"2024-02-29T10:30:29","guid":{"rendered":"https:\/\/www.abf.se\/orebro-lan\/?page_id=271"},"modified":"2025-12-04T09:51:41","modified_gmt":"2025-12-04T08:51:41","slug":"kurser-for-fackligt-anslutna-och-foreningar","status":"publish","type":"page","link":"https:\/\/www.abf.se\/orebro-lan\/kurser-for-fackligt-anslutna-och-foreningar\/","title":{"rendered":"Kurser f\u00f6r fackligt anslutna, f\u00f6reningar och arbetsgivare"},"content":{"rendered":"<div\n    class=\"acf-hero-block container-lg no-padding mb-12 js-geolocation\"\n    data-block=\"hero-block\"\n    data-index=\"0\"\n>\n    <div class=\"h-[548px]  relative rounded-[32px] overflow-hidden flex bg-gray-light\">\n        <div class=\"relative z-10 mt-auto h-auto w-full md:h-full\">\n            <div class=\"flex w-full h-full flex-col flex-wrap justify-end w-full md:w-7\/12 lg:w-1\/2 md:justify-center\">\n                <div class=\"flex flex-col gap-3 md:gap-[18px] md:transparent pt-16 pb-36 md:py-8 px-4 w-full md:max-w-[620px] mx-auto px-8\">\n\n                    <h1 class=\"hero-heading hero-heading--red-text\"><span>Kurser f\u00f6r fackligt anslutna, f\u00f6reningar och arbetsgivare<\/span><\/h1>\n\n                    \n                                    <\/div>\n            <\/div>\n        <\/div>\n\n                    <picture class=\"as-background-image mix-blend-multiply bg-black\/40\"><img decoding=\"async\" src=\"https:\/\/www.abf.se\/orebro-lan\/resized\/?url=https%3A%2F%2Fwww.abf.se%2Fwp-content%2Fuploads%2F2023%2F11%2FUt-i-naturen-liggande_IMGP.jpg&#038;fit=crop&#038;w=1440&#038;s=a08c367a64fbef04c8e13a33b6a24461\" srcset=\"https:\/\/www.abf.se\/orebro-lan\/resized\/?url=https%3A%2F%2Fwww.abf.se%2Fwp-content%2Fuploads%2F2023%2F11%2FUt-i-naturen-liggande_IMGP.jpg&#038;fit=crop&#038;w=375&#038;h=540&#038;s=fb047e68e983e139ad86186d61e6134d 375w, https:\/\/www.abf.se\/orebro-lan\/resized\/?url=https%3A%2F%2Fwww.abf.se%2Fwp-content%2Fuploads%2F2023%2F11%2FUt-i-naturen-liggande_IMGP.jpg&#038;fit=crop&#038;w=447&#038;h=540&#038;s=c0bc59b406f168dc20115965874b35cd 447w, https:\/\/www.abf.se\/orebro-lan\/resized\/?url=https%3A%2F%2Fwww.abf.se%2Fwp-content%2Fuploads%2F2023%2F11%2FUt-i-naturen-liggande_IMGP.jpg&#038;fit=crop&#038;w=519&#038;h=540&#038;s=fbd629550256106713a0f85a9ddc839c 519w, https:\/\/www.abf.se\/orebro-lan\/resized\/?url=https%3A%2F%2Fwww.abf.se%2Fwp-content%2Fuploads%2F2023%2F11%2FUt-i-naturen-liggande_IMGP.jpg&#038;fit=crop&#038;w=591&#038;h=540&#038;s=795d5bd9d8e03bfc375e50af522fa498 591w, https:\/\/www.abf.se\/orebro-lan\/resized\/?url=https%3A%2F%2Fwww.abf.se%2Fwp-content%2Fuploads%2F2023%2F11%2FUt-i-naturen-liggande_IMGP.jpg&#038;fit=crop&#038;w=663&#038;h=540&#038;s=45d93a85687769cc64f1a5bcc549030c 663w, https:\/\/www.abf.se\/orebro-lan\/resized\/?url=https%3A%2F%2Fwww.abf.se%2Fwp-content%2Fuploads%2F2023%2F11%2FUt-i-naturen-liggande_IMGP.jpg&#038;fit=crop&#038;w=750&#038;h=540&#038;s=1ecdd368d07791ec33e3e5043c48b79d 750w, https:\/\/www.abf.se\/orebro-lan\/resized\/?url=https%3A%2F%2Fwww.abf.se%2Fwp-content%2Fuploads%2F2023%2F11%2FUt-i-naturen-liggande_IMGP.jpg&#038;fit=crop&#038;w=894&#038;h=540&#038;s=db1d809cb4201837282da4ea59e675ee 894w, https:\/\/www.abf.se\/orebro-lan\/resized\/?url=https%3A%2F%2Fwww.abf.se%2Fwp-content%2Fuploads%2F2023%2F11%2FUt-i-naturen-liggande_IMGP.jpg&#038;fit=crop&#038;w=1038&#038;h=540&#038;s=156f3926a250767fb12ea733f1a7c758 1038w, https:\/\/www.abf.se\/orebro-lan\/resized\/?url=https%3A%2F%2Fwww.abf.se%2Fwp-content%2Fuploads%2F2023%2F11%2FUt-i-naturen-liggande_IMGP.jpg&#038;fit=crop&#038;w=1182&#038;h=540&#038;s=543b315218ddf344ecea20c3142ab3e1 1182w, https:\/\/www.abf.se\/orebro-lan\/resized\/?url=https%3A%2F%2Fwww.abf.se%2Fwp-content%2Fuploads%2F2023%2F11%2FUt-i-naturen-liggande_IMGP.jpg&#038;fit=crop&#038;w=1326&#038;h=540&#038;s=dd0631b9ba8482e619357e8554f50c30 1326w, https:\/\/www.abf.se\/orebro-lan\/resized\/?url=https%3A%2F%2Fwww.abf.se%2Fwp-content%2Fuploads%2F2023%2F11%2FUt-i-naturen-liggande_IMGP.jpg&#038;fit=crop&#038;w=1440&#038;h=540&#038;s=89968077cd947019f168aa6bf2ef7230 1440w\" alt=\"\" height=\"540\" width=\"1440\" sizes=\"(max-width: 1440px) calc(100vw - 32px), 1440px\" loading=\"eager\" fetchpriority=\"high\" aria-hidden=\"true\" role=\"presentation\" \/><\/picture>\n        \n\n                    <figure class=\"absolute bottom-0  md:w-1\/2 transform right-0 translate-x-10 md:translate-x-32\">\n                <img decoding=\"async\"\n                    alt=\"\"\n                    aria-hidden=\"true\"\n                    class=\"h-auto w-full\"\n                    role=\"presentation\"\n                    src=\"\/assets\/images\/two_circles_bottom.svg\"\n                >\n            <\/figure>\n            <\/div>\n\n    <\/div>\n\n<div\n    class=\"acf-plain-heading-block container my-16\"\n    data-block=\"plain-heading-block\"\n>\n    <div class=\"max-w-[658px] mx-auto\">\n                <h1 class=\"hero-heading\"><span>F\u00f6r dig med ett f\u00f6reningsuppdrag<\/span><\/h1>\n                            <p class=\"mt-8 body-xl text-black\">\n                ABF arrangerar regelbundet funktionsutbildningar, till exempel ordf\u00f6randeutbildning, sekreterarutbildning mm. Kurserna passar alla f\u00f6reningsaktiva som har eller planerar att ta ett styrelse\/revisorsuppdrag f\u00f6r sin f\u00f6rening. Om inget annat anges, s\u00e5 genomf\u00f6rs kurserna i fysisk form p\u00e5 ABF i \u00d6rebro.<br \/>\r\n<br \/>\r\nUt\u00f6ver funktionsutbildningarna erbjuder vi \u00e4ven kurser och tr\u00e4ffar f\u00f6r hela styrelsen som erbjuds i samr\u00e5d med er f\u00f6rening.\n            <\/p>\n            <\/div>\n<\/div>\n<div\n    class=\"acf-article-cta-link-block article-container my-8\"\n    data-block=\"article-cta-link-block\"\n>\n<div>\n    <a class=\"inline-flex flex-row items-center gap-4 text-link underline text-red-dark\"\n        href=\"https:\/\/www.abf.se\/orebro-lan\/for-fackligt-anslutna-och-foreningar\/utvecklas-som-styrelsemedlem\/\"\n            >\n        <span class=\"\">\n        Utvecklas som styrelsemedlem\n        <\/span>\n        <figure aria-hidden=\"true\" class=\"rounded-full bg-red-dark w-8 h-8 p-1 text-white\">\n            <svg width=\"20\" height=\"20\" viewBox=\"0 0 20 20\" fill=\"none\" class=\"SvgIconElement\">\n<path d=\"M4.16659 10L15.8333 10\" stroke=\"currentColor\"\/>\n<path d=\"M9.99992 4.1665L15.8333 9.99984L9.99992 15.8332\" stroke=\"currentColor\"\/>\n<\/svg>\n        <\/figure>\n    <\/a>\n<\/div>\n<\/div>\n<div\n    class=\"acf-plain-heading-block container my-16\"\n    data-block=\"plain-heading-block\"\n>\n    <div class=\"max-w-[658px] mx-auto\">\n                <h1 class=\"hero-heading\"><span>F\u00f6r dig som \u00e4r arbetsgivare<\/span><\/h1>\n                            <p class=\"mt-8 body-xl text-black\">\n                Vi vill sprida v\u00e5r kunskap och expertis inom arbetsmilj\u00f6 och arbetsmarknad till v\u00e5ra medlemsorganisationer och LO-f\u00f6rbundens arbetsgivare. Med denna satsning kan vi bidra till en s\u00e4krare arbetsmilj\u00f6 och en starkare arbetsmarknad!<br \/>\r\n<br \/>\r\nVi erbjuder i dagsl\u00e4get tv\u00e5 olika utbildningar. Utbildningen &#8221;B\u00e4ttre arbetsmilj\u00f6 (BAM)&#8221; som riktar sig till chefer, ledare och skyddsombud och &#8221;Grundutbildning f\u00f6r framg\u00e5ng p\u00e5 dagens arbetsmarknad&#8221; som syftar till att rusta medarbetare med de kunskaper och f\u00e4rdigheter som beh\u00f6vs f\u00f6r att framg\u00e5ngsrikt navigera p\u00e5 dagens arbetsmarknad. \n            <\/p>\n            <\/div>\n<\/div>\n<div\n    class=\"acf-article-cta-link-block article-container my-8\"\n    data-block=\"article-cta-link-block\"\n>\n<div>\n    <a class=\"inline-flex flex-row items-center gap-4 text-link underline text-red-dark\"\n        href=\"https:\/\/www.abf.se\/orebro-lan\/godkand-utbildare-inom-arbetsmiljo\/\"\n            >\n        <span class=\"\">\n        St\u00f6d f\u00f6r arbetsmilj\u00f6utbildning f\u00f6rl\u00e4ngs!\n        <\/span>\n        <figure aria-hidden=\"true\" class=\"rounded-full bg-red-dark w-8 h-8 p-1 text-white\">\n            <svg width=\"20\" height=\"20\" viewBox=\"0 0 20 20\" fill=\"none\" class=\"SvgIconElement\">\n<path d=\"M4.16659 10L15.8333 10\" stroke=\"currentColor\"\/>\n<path d=\"M9.99992 4.1665L15.8333 9.99984L9.99992 15.8332\" stroke=\"currentColor\"\/>\n<\/svg>\n        <\/figure>\n    <\/a>\n<\/div>\n<\/div>\n<div\n    class=\"acf-article-cta-link-block article-container my-8\"\n    data-block=\"article-cta-link-block\"\n>\n<div>\n    <a class=\"inline-flex flex-row items-center gap-4 text-link underline text-red-dark\"\n        href=\"https:\/\/www.abf.se\/orebro-lan\/kurser-for-fackligt-anslutna-och-foreningar\/bam-battre-arbetsmiljo\/\"\n            >\n        <span class=\"\">\n        L\u00e4s mer om utbildningen BAM &#8211; B\u00e4ttre arbetsmilj\u00f6\n        <\/span>\n        <figure aria-hidden=\"true\" class=\"rounded-full bg-red-dark w-8 h-8 p-1 text-white\">\n            <svg width=\"20\" height=\"20\" viewBox=\"0 0 20 20\" fill=\"none\" class=\"SvgIconElement\">\n<path d=\"M4.16659 10L15.8333 10\" stroke=\"currentColor\"\/>\n<path d=\"M9.99992 4.1665L15.8333 9.99984L9.99992 15.8332\" stroke=\"currentColor\"\/>\n<\/svg>\n        <\/figure>\n    <\/a>\n<\/div>\n<\/div>\n<div\n    class=\"acf-article-cta-link-block article-container my-8\"\n    data-block=\"article-cta-link-block\"\n>\n<div>\n    <a class=\"inline-flex flex-row items-center gap-4 text-link underline text-red-dark\"\n        href=\"https:\/\/www.abf.se\/orebro-lan\/for-fackligt-anslutna-och-foreningar\/grundutbildning-for-framgang-pa-dagens-arbetsmarknad\/\"\n                target=\"_blank\"\n            >\n        <span class=\"\">\n        L\u00e4s mer om Grundutbildning f\u00f6r framg\u00e5ng p\u00e5 dagens arbetsmarknad\n        <\/span>\n        <figure aria-hidden=\"true\" class=\"rounded-full bg-red-dark w-8 h-8 p-1 text-white\">\n            <svg width=\"20\" height=\"20\" viewBox=\"0 0 20 20\" fill=\"none\" class=\"SvgIconElement\">\n<path d=\"M4.16659 10L15.8333 10\" stroke=\"currentColor\"\/>\n<path d=\"M9.99992 4.1665L15.8333 9.99984L9.99992 15.8332\" stroke=\"currentColor\"\/>\n<\/svg>\n        <\/figure>\n    <\/a>\n<\/div>\n<\/div>\n<div\n    class=\"acf-plain-heading-block container my-16\"\n    data-block=\"plain-heading-block\"\n>\n    <div class=\"max-w-[658px] mx-auto\">\n                <h1 class=\"hero-heading\"><span>F\u00f6r dig som vill g\u00e5 en facklig utbildning<\/span><\/h1>\n                            <p class=\"mt-8 body-xl text-black\">\n                Tillsammans med LO och fackf\u00f6rbunden i V\u00e4rmlands och \u00d6rebro l\u00e4n presenterar vi en tv\u00e4rfacklig studiekatalog. I katalogen hittar du utbildningar som Vald p\u00e5 jobbet, Medlemsutbildning 55+, Facket mot h\u00e4rskartekniker, j\u00e4mst\u00e4llhetsutbildning och mycket mer!\n            <\/p>\n            <\/div>\n<\/div>\n<div class=\"my-8 container-lg acf-link-block\" data-block=\"link-block\" class=\"acf-link-block\" data-block=\"link-block\">\n    <div class=\"w-full bg-red  round-corners-lg px-4 md:px-8 py-11 md:py-16\">\n        <h2 class=\"heading-lg mb-7 text-center text-white\">\n            H\u00e4r hittar du information om v\u00e5ra tv\u00e4rfackliga utbildningar och kurser f\u00f6r f\u00f6reningar.\n        <\/h2>\n            <ul class=\"grid grid-cols-1 gap-x-4 gap-y-3 md:grid-cols-2\">\n                                                        <li>\n                        <a\n    class=\"large-button-link\"\n    href=\"https:\/\/www.abf.se\/wp-content\/uploads\/sites\/63\/2025\/12\/Tvarfackliga-studier-Orebro-och-Varmland-2026.pdf\"\n    target=\"_blank\"\n>\n    <span class=\"flex-1\">Tv\u00e4rfacklig studiekatalog 2026<\/span>\n\n    <figure\n        aria-hidden=\"true\"\n        class=\"w-5\"\n    >\n                    <svg width=\"20\" height=\"20\" viewBox=\"0 0 20 20\" fill=\"none\" class=\"SvgIconElement\">\n<path d=\"M4.16659 10L15.8333 10\" stroke=\"currentColor\"\/>\n<path d=\"M9.99992 4.1665L15.8333 9.99984L9.99992 15.8332\" stroke=\"currentColor\"\/>\n<\/svg>\n            <\/figure>\n<\/a>\n                    <\/li>\n                            <\/ul>\n        <\/ul>\n    <\/div>\n<\/div><ul\n    class=\"acf-article-accordion-block accordion-group grid gap-4 my-12 article-container\"\n    data-block=\"article-accordion-block \"\n    data-ui-accordion-group\n>\n\n            <li class=\"accordion\" data-ui-accordion data-ui-accordion-open=\"false\">\n        <h3>\n        <button data-ui-accordion-button class=\"accordion-toggle font-bold\" aria-expanded=\"false\" aria-controls=\"row-kontakt-0\" id=\"kontakt-0\">\n            Kontakt\n            \n            <figure class=\"w-4.5 h-4.5\" aria-hidden=\"true\">\n            <svg width=\"20\" height=\"20\" viewBox=\"0 0 20 20\" fill=\"none\"\nclass=\"SvgIconElement\">\n<path d=\"M15.8333 7.16667L9.99992 13L4.16659 7.16667\" stroke=\"currentColor\"\/>\n<\/svg>\n            <\/figure>\n        <\/button>\n        \n                <\/h3>\n        <div class=\"accordion-content\">\n            <div id=\"row-kontakt-0\" role=\"region\" class=\"accordion-content-wrap\" aria-labelledby=\"kontakt-0\">\n                                                <div class=\"grid md:grid-cols-3 gap-y-10 mt-10\">\n                        \n                                                        <div class=\"contact flex flex-col gap-3\">\n                                <div class=\"md:max-w-[160px]\">\n                                    <picture><source media=\"(max-width:767px)\" srcset=\"https:\/\/www.abf.se\/orebro-lan\/resized\/?url=https%3A%2F%2Fwww.abf.se%2Fwp-content%2Fuploads%2Fsites%2F63%2F2024%2F03%2F20230130_104348-scaled.jpg&#038;fit=crop&#038;w=800&#038;h=800&#038;s=a89b82e2e59c65b3ee1d7268e21f3b74 1x, https:\/\/www.abf.se\/orebro-lan\/resized\/?url=https%3A%2F%2Fwww.abf.se%2Fwp-content%2Fuploads%2Fsites%2F63%2F2024%2F03%2F20230130_104348-scaled.jpg&#038;fit=crop&#038;w=1600&#038;h=1600&#038;s=51446c5dff6bca987b7cef2e2a11936d 2x\"><img decoding=\"async\" src=\"https:\/\/www.abf.se\/orebro-lan\/resized\/?url=https%3A%2F%2Fwww.abf.se%2Fwp-content%2Fuploads%2Fsites%2F63%2F2024%2F03%2F20230130_104348-scaled.jpg&#038;fit=crop&#038;w=160&#038;s=c869f480a89f0a892d66534ef16dfd85\" srcset=\"https:\/\/www.abf.se\/orebro-lan\/resized\/?url=https%3A%2F%2Fwww.abf.se%2Fwp-content%2Fuploads%2Fsites%2F63%2F2024%2F03%2F20230130_104348-scaled.jpg&#038;fit=crop&#038;w=320&#038;h=440&#038;s=557af80411dde9ea46ade128e587d269 1x, https:\/\/www.abf.se\/orebro-lan\/resized\/?url=https%3A%2F%2Fwww.abf.se%2Fwp-content%2Fuploads%2Fsites%2F63%2F2024%2F03%2F20230130_104348-scaled.jpg&#038;fit=crop&#038;w=320&#038;h=440&#038;s=557af80411dde9ea46ade128e587d269 2x\" alt=\"\" \/><\/picture>\n                                <\/div>\n                                <div class=\"\">\n                                    <h4 class=\"heading-lg\">Andreas (Ante) M\u00e4kel\u00e4<\/h4>\n                                    <p class=\"body-md\">Verksamhetsutvecklare inom fackliga studier<\/p>\n                                                                    <\/div>\n                                                                <div class=\"flex gap flex-col label-md gap-1\">\n                                                                        <div class=\"flex gap-3\">\n                                        <svg width=\"20\" height=\"20\" viewBox=\"0 0 20 20\" fill=\"none\" xmlns=\"http:\/\/www.w3.org\/2000\/svg\">\n<path d=\"M16.625 17.5C14.8333 17.5 13.0868 17.1007 11.3854 16.3021C9.68403 15.5035 8.17708 14.4479 6.86458 13.1354C5.55208 11.8229 4.49653 10.316 3.69792 8.61458C2.89931 6.91319 2.5 5.16667 2.5 3.375C2.5 3.125 2.58333 2.91667 2.75 2.75C2.91667 2.58333 3.125 2.5 3.375 2.5H6.75C6.94444 2.5 7.11806 2.5625 7.27083 2.6875C7.42361 2.8125 7.51389 2.97222 7.54167 3.16667L8.08333 6.08333C8.11111 6.27778 8.10764 6.45486 8.07292 6.61458C8.03819 6.77431 7.95833 6.91667 7.83333 7.04167L5.8125 9.08333C6.39583 10.0833 7.12847 11.0208 8.01042 11.8958C8.89236 12.7708 9.86111 13.5278 10.9167 14.1667L12.875 12.2083C13 12.0833 13.1632 11.9896 13.3646 11.9271C13.566 11.8646 13.7639 11.8472 13.9583 11.875L16.8333 12.4583C17.0278 12.5 17.1875 12.5938 17.3125 12.7396C17.4375 12.8854 17.5 13.0556 17.5 13.25V16.625C17.5 16.875 17.4167 17.0833 17.25 17.25C17.0833 17.4167 16.875 17.5 16.625 17.5ZM5.02083 7.5L6.39583 6.125L6.04167 4.16667H4.1875C4.25694 4.73611 4.35417 5.29861 4.47917 5.85417C4.60417 6.40972 4.78472 6.95833 5.02083 7.5ZM15.8333 15.7917V13.9583L13.875 13.5625L12.4792 14.9583C13.0208 15.1944 13.5729 15.3819 14.1354 15.5208C14.6979 15.6597 15.2639 15.75 15.8333 15.7917Z\" fill=\"black\"\/>\n<\/svg>\n                                        <p>\n                                                                                                                               <a href=\"callto:010-203 17 03\">010-203 17 03<\/a>\n                                                                                                                                     <\/p>\n                                    <\/div>\n                                                                                                            <div class=\"flex gap-3\">\n                                        <svg width=\"20\" height=\"20\" viewBox=\"0 0 20 20\" fill=\"none\" xmlns=\"http:\/\/www.w3.org\/2000\/svg\">\n<path d=\"M3.33366 16.6666C2.87533 16.6666 2.48296 16.5035 2.15658 16.1771C1.83019 15.8507 1.66699 15.4583 1.66699 15V4.99998C1.66699 4.54165 1.83019 4.14929 2.15658 3.8229C2.48296 3.49651 2.87533 3.33331 3.33366 3.33331H16.667C17.1253 3.33331 17.5177 3.49651 17.8441 3.8229C18.1705 4.14929 18.3337 4.54165 18.3337 4.99998V15C18.3337 15.4583 18.1705 15.8507 17.8441 16.1771C17.5177 16.5035 17.1253 16.6666 16.667 16.6666H3.33366ZM16.667 6.66665L10.4378 10.5625C10.3684 10.6041 10.2955 10.6354 10.2191 10.6562C10.1427 10.6771 10.0698 10.6875 10.0003 10.6875C9.93088 10.6875 9.85797 10.6771 9.78158 10.6562C9.70519 10.6354 9.63227 10.6041 9.56283 10.5625L3.33366 6.66665V15H16.667V6.66665ZM10.0003 9.16665L16.667 4.99998H3.33366L10.0003 9.16665ZM3.33366 6.87498V5.64581V5.66665V5.65623V6.87498Z\" fill=\"black\"\/>\n<\/svg>\n                                        <p><a href=\"mailto:andreas.makela@abf.se\">andreas.makela@abf.se<\/a><\/p>\n                                    <\/div>\n                                                                    <\/div>\n                                                            <\/div>\n                                            <\/div>\n                                        <\/div>\n        <\/div>\n    <\/li>\n    <\/ul>\n<div\n    class=\"acf-quick-link-block bg-red py-12 md:py-20\"\n    data-block=\"quick-link-block\"\n>\n    <div class=\"container\">\n        \n        <div\n            class=\"px-5 content:px-0 grid grid-cols-1 gap-8\">\n            \n            <article\nclass=\"round-corners-sm p-6 relative group grid grid-rows-[subgrid] row-[span_3] gap-4 bg-white text-red\"\n>\n            <h3\n        class=\"heading-sm group-hover:underline text-red\">\n            <a href=\"https:\/\/www.abf.se\/orebro-lan\/godkand-utbildare-inom-arbetsmiljo\/\" class=\"expanded-hit-area\" target=\"\">\n                ABF \u00d6rebro l\u00e4n \u00e4r ansluten och godk\u00e4nd utbildningsanordnare f\u00f6r arbetsmilj\u00f6utbildningar!\n            <\/a>\n        <\/h3>\n                <p class=\"body-md text-gray-text\">\n            L\u00e4s mer om det h\u00e4r.\n        <\/p>\n        <figure\n    class=\"w-[38px] h-[38px] rounded-full p-2 group-hover:scale-110 transition-transform duration-300 self-end pointer-events-none bg-red text-white\">\n        <svg width=\"20\" height=\"20\" viewBox=\"0 0 20 20\" fill=\"none\" class=\"SvgIconElement\">\n<path d=\"M4.16659 10L15.8333 10\" stroke=\"currentColor\"\/>\n<path d=\"M9.99992 4.1665L15.8333 9.99984L9.99992 15.8332\" stroke=\"currentColor\"\/>\n<\/svg>\n    <\/figure>\n<\/article>                    <\/div>\n    <\/div>\n<\/div>\n<div\n    class=\"acf-article-text-block article-container my-12\"\n    data-block=\"article-text-block\"\n>\n    <div class=\"wysiwyg\">\n        \n    <\/div>\n<\/div>\n","protected":false},"excerpt":{"rendered":"","protected":false},"author":72,"featured_media":0,"parent":0,"menu_order":0,"comment_status":"closed","ping_status":"closed","template":"","meta":{"_acf_changed":false,"footnotes":""},"class_list":["post-271","page","type-page","status-publish","hentry"],"acf":[],"yoast_head":"<!-- This site is optimized with the Yoast SEO plugin v27.0 - https:\/\/yoast.com\/product\/yoast-seo-wordpress\/ -->\n<title>Kurser f\u00f6r fackligt anslutna, f\u00f6reningar och arbetsgivare - \u00d6rebro l\u00e4n<\/title>\n<meta name=\"description\" content=\"ABF \u00d6rebro l\u00e4n arrangerar regelbundet kurser f\u00f6r fackligt anslutna, f\u00f6reningar och arbetsgivare. H\u00f6r av dig till oss om du vill g\u00e5 en kurs!\" \/>\n<meta name=\"robots\" content=\"index, follow, max-snippet:-1, max-image-preview:large, max-video-preview:-1\" \/>\n<link rel=\"canonical\" href=\"https:\/\/www.abf.se\/orebro-lan\/kurser-for-fackligt-anslutna-och-foreningar\/\" \/>\n<meta property=\"og:locale\" content=\"sv_SE\" \/>\n<meta property=\"og:type\" content=\"article\" \/>\n<meta property=\"og:title\" content=\"Kurser f\u00f6r fackligt anslutna, f\u00f6reningar och arbetsgivare - \u00d6rebro l\u00e4n\" \/>\n<meta property=\"og:description\" content=\"ABF \u00d6rebro l\u00e4n arrangerar regelbundet kurser f\u00f6r fackligt anslutna, f\u00f6reningar och arbetsgivare. H\u00f6r av dig till oss om du vill g\u00e5 en kurs!\" \/>\n<meta property=\"og:url\" content=\"https:\/\/www.abf.se\/orebro-lan\/kurser-for-fackligt-anslutna-och-foreningar\/\" \/>\n<meta property=\"og:site_name\" content=\"\u00d6rebro l\u00e4n\" \/>\n<meta property=\"article:modified_time\" content=\"2025-12-04T08:51:41+00:00\" \/>\n<meta property=\"og:image\" content=\"https:\/\/www.abf.se\/wp-content\/uploads\/sites\/63\/2024\/04\/Nyckeln-liggande-scaled.jpg\" \/>\n\t<meta property=\"og:image:width\" content=\"2560\" \/>\n\t<meta property=\"og:image:height\" content=\"1440\" \/>\n\t<meta property=\"og:image:type\" content=\"image\/jpeg\" \/>\n<meta name=\"twitter:card\" content=\"summary_large_image\" \/>\n<script type=\"application\/ld+json\" class=\"yoast-schema-graph\">{\"@context\":\"https:\/\/schema.org\",\"@graph\":[{\"@type\":\"WebPage\",\"@id\":\"https:\/\/www.abf.se\/orebro-lan\/kurser-for-fackligt-anslutna-och-foreningar\/\",\"url\":\"https:\/\/www.abf.se\/orebro-lan\/kurser-for-fackligt-anslutna-och-foreningar\/\",\"name\":\"Kurser f\u00f6r fackligt anslutna, f\u00f6reningar och arbetsgivare - \u00d6rebro l\u00e4n\",\"isPartOf\":{\"@id\":\"https:\/\/www.abf.se\/orebro-lan\/#website\"},\"datePublished\":\"2024-02-29T10:30:29+00:00\",\"dateModified\":\"2025-12-04T08:51:41+00:00\",\"description\":\"ABF \u00d6rebro l\u00e4n arrangerar regelbundet kurser f\u00f6r fackligt anslutna, f\u00f6reningar och arbetsgivare. H\u00f6r av dig till oss om du vill g\u00e5 en kurs!\",\"breadcrumb\":{\"@id\":\"https:\/\/www.abf.se\/orebro-lan\/kurser-for-fackligt-anslutna-och-foreningar\/#breadcrumb\"},\"inLanguage\":\"sv-SE\",\"potentialAction\":[{\"@type\":\"ReadAction\",\"target\":[\"https:\/\/www.abf.se\/orebro-lan\/kurser-for-fackligt-anslutna-och-foreningar\/\"]}]},{\"@type\":\"BreadcrumbList\",\"@id\":\"https:\/\/www.abf.se\/orebro-lan\/kurser-for-fackligt-anslutna-och-foreningar\/#breadcrumb\",\"itemListElement\":[{\"@type\":\"ListItem\",\"position\":1,\"name\":\"Home\",\"item\":\"https:\/\/www.abf.se\/orebro-lan\/\"},{\"@type\":\"ListItem\",\"position\":2,\"name\":\"Kurser f\u00f6r fackligt anslutna, f\u00f6reningar och arbetsgivare\"}]},{\"@type\":\"WebSite\",\"@id\":\"https:\/\/www.abf.se\/orebro-lan\/#website\",\"url\":\"https:\/\/www.abf.se\/orebro-lan\/\",\"name\":\"\u00d6rebro l\u00e4n\",\"description\":\"\",\"potentialAction\":[{\"@type\":\"SearchAction\",\"target\":{\"@type\":\"EntryPoint\",\"urlTemplate\":\"https:\/\/www.abf.se\/orebro-lan\/?s={search_term_string}\"},\"query-input\":{\"@type\":\"PropertyValueSpecification\",\"valueRequired\":true,\"valueName\":\"search_term_string\"}}],\"inLanguage\":\"sv-SE\"}]}<\/script>\n<!-- \/ Yoast SEO plugin. -->","yoast_head_json":{"title":"Kurser f\u00f6r fackligt anslutna, f\u00f6reningar och arbetsgivare - \u00d6rebro l\u00e4n","description":"ABF \u00d6rebro l\u00e4n arrangerar regelbundet kurser f\u00f6r fackligt anslutna, f\u00f6reningar och arbetsgivare. H\u00f6r av dig till oss om du vill g\u00e5 en kurs!","robots":{"index":"index","follow":"follow","max-snippet":"max-snippet:-1","max-image-preview":"max-image-preview:large","max-video-preview":"max-video-preview:-1"},"canonical":"https:\/\/www.abf.se\/orebro-lan\/kurser-for-fackligt-anslutna-och-foreningar\/","og_locale":"sv_SE","og_type":"article","og_title":"Kurser f\u00f6r fackligt anslutna, f\u00f6reningar och arbetsgivare - \u00d6rebro l\u00e4n","og_description":"ABF \u00d6rebro l\u00e4n arrangerar regelbundet kurser f\u00f6r fackligt anslutna, f\u00f6reningar och arbetsgivare. H\u00f6r av dig till oss om du vill g\u00e5 en kurs!","og_url":"https:\/\/www.abf.se\/orebro-lan\/kurser-for-fackligt-anslutna-och-foreningar\/","og_site_name":"\u00d6rebro l\u00e4n","article_modified_time":"2025-12-04T08:51:41+00:00","og_image":[{"width":2560,"height":1440,"url":"https:\/\/www.abf.se\/wp-content\/uploads\/sites\/63\/2024\/04\/Nyckeln-liggande-scaled.jpg","type":"image\/jpeg"}],"twitter_card":"summary_large_image","schema":{"@context":"https:\/\/schema.org","@graph":[{"@type":"WebPage","@id":"https:\/\/www.abf.se\/orebro-lan\/kurser-for-fackligt-anslutna-och-foreningar\/","url":"https:\/\/www.abf.se\/orebro-lan\/kurser-for-fackligt-anslutna-och-foreningar\/","name":"Kurser f\u00f6r fackligt anslutna, f\u00f6reningar och arbetsgivare - \u00d6rebro l\u00e4n","isPartOf":{"@id":"https:\/\/www.abf.se\/orebro-lan\/#website"},"datePublished":"2024-02-29T10:30:29+00:00","dateModified":"2025-12-04T08:51:41+00:00","description":"ABF \u00d6rebro l\u00e4n arrangerar regelbundet kurser f\u00f6r fackligt anslutna, f\u00f6reningar och arbetsgivare. H\u00f6r av dig till oss om du vill g\u00e5 en kurs!","breadcrumb":{"@id":"https:\/\/www.abf.se\/orebro-lan\/kurser-for-fackligt-anslutna-och-foreningar\/#breadcrumb"},"inLanguage":"sv-SE","potentialAction":[{"@type":"ReadAction","target":["https:\/\/www.abf.se\/orebro-lan\/kurser-for-fackligt-anslutna-och-foreningar\/"]}]},{"@type":"BreadcrumbList","@id":"https:\/\/www.abf.se\/orebro-lan\/kurser-for-fackligt-anslutna-och-foreningar\/#breadcrumb","itemListElement":[{"@type":"ListItem","position":1,"name":"Home","item":"https:\/\/www.abf.se\/orebro-lan\/"},{"@type":"ListItem","position":2,"name":"Kurser f\u00f6r fackligt anslutna, f\u00f6reningar och arbetsgivare"}]},{"@type":"WebSite","@id":"https:\/\/www.abf.se\/orebro-lan\/#website","url":"https:\/\/www.abf.se\/orebro-lan\/","name":"\u00d6rebro l\u00e4n","description":"","potentialAction":[{"@type":"SearchAction","target":{"@type":"EntryPoint","urlTemplate":"https:\/\/www.abf.se\/orebro-lan\/?s={search_term_string}"},"query-input":{"@type":"PropertyValueSpecification","valueRequired":true,"valueName":"search_term_string"}}],"inLanguage":"sv-SE"}]}},"_links":{"self":[{"href":"https:\/\/www.abf.se\/orebro-lan\/wp-json\/wp\/v2\/pages\/271","targetHints":{"allow":["GET"]}}],"collection":[{"href":"https:\/\/www.abf.se\/orebro-lan\/wp-json\/wp\/v2\/pages"}],"about":[{"href":"https:\/\/www.abf.se\/orebro-lan\/wp-json\/wp\/v2\/types\/page"}],"author":[{"embeddable":true,"href":"https:\/\/www.abf.se\/orebro-lan\/wp-json\/wp\/v2\/users\/72"}],"replies":[{"embeddable":true,"href":"https:\/\/www.abf.se\/orebro-lan\/wp-json\/wp\/v2\/comments?post=271"}],"version-history":[{"count":56,"href":"https:\/\/www.abf.se\/orebro-lan\/wp-json\/wp\/v2\/pages\/271\/revisions"}],"predecessor-version":[{"id":2186,"href":"https:\/\/www.abf.se\/orebro-lan\/wp-json\/wp\/v2\/pages\/271\/revisions\/2186"}],"wp:attachment":[{"href":"https:\/\/www.abf.se\/orebro-lan\/wp-json\/wp\/v2\/media?parent=271"}],"curies":[{"name":"wp","href":"https:\/\/api.w.org\/{rel}","templated":true}]}}