{"id":282,"date":"2024-03-14T13:09:34","date_gmt":"2024-03-14T12:09:34","guid":{"rendered":"https:\/\/www.abf.se\/orebro-lan\/?page_id=282"},"modified":"2026-01-08T11:24:55","modified_gmt":"2026-01-08T10:24:55","slug":"foreningar-och-organisationer","status":"publish","type":"page","link":"https:\/\/www.abf.se\/orebro-lan\/samarbeta-med-oss\/foreningar-och-organisationer\/","title":{"rendered":"Information till f\u00f6reningar och organisationer"},"content":{"rendered":"<div\n    class=\"acf-hero-block container-lg no-padding mb-12 js-geolocation\"\n    data-block=\"hero-block\"\n    data-index=\"0\"\n>\n    <div class=\"h-[548px]  relative rounded-[32px] overflow-hidden flex bg-gray-light\">\n        <div class=\"relative z-10 mt-auto h-auto w-full md:h-full\">\n            <div class=\"flex w-full h-full flex-col flex-wrap justify-end w-full md:w-7\/12 lg:w-1\/2 md:justify-center\">\n                <div class=\"flex flex-col gap-3 md:gap-[18px] md:transparent pt-16 pb-36 md:py-8 px-4 w-full md:max-w-[620px] mx-auto px-8\">\n\n                    <h1 class=\"hero-heading hero-heading--red-text\"><span>F\u00f6reningar och organisationer<\/span><\/h1>\n\n                    \n                                    <\/div>\n            <\/div>\n        <\/div>\n\n                    <picture class=\"as-background-image mix-blend-multiply bg-black\/40\"><img decoding=\"async\" src=\"https:\/\/www.abf.se\/orebro-lan\/resized\/?url=https%3A%2F%2Fwww.abf.se%2Fwp-content%2Fuploads%2F2024%2F04%2FABF_header_1805-6214.jpg&#038;fit=crop&#038;w=1440&#038;s=1288da2b18560db0ffd7ad994c1ef4ac\" srcset=\"https:\/\/www.abf.se\/orebro-lan\/resized\/?url=https%3A%2F%2Fwww.abf.se%2Fwp-content%2Fuploads%2F2024%2F04%2FABF_header_1805-6214.jpg&#038;fit=crop&#038;w=375&#038;h=540&#038;s=d49bfafef1b0b0c99d114facbc0ea756 375w, https:\/\/www.abf.se\/orebro-lan\/resized\/?url=https%3A%2F%2Fwww.abf.se%2Fwp-content%2Fuploads%2F2024%2F04%2FABF_header_1805-6214.jpg&#038;fit=crop&#038;w=447&#038;h=540&#038;s=c77fc1731163c22da6b70da3980b2e39 447w, https:\/\/www.abf.se\/orebro-lan\/resized\/?url=https%3A%2F%2Fwww.abf.se%2Fwp-content%2Fuploads%2F2024%2F04%2FABF_header_1805-6214.jpg&#038;fit=crop&#038;w=519&#038;h=540&#038;s=a4a99ebcd29c9c46c31e4f263f17c57b 519w, https:\/\/www.abf.se\/orebro-lan\/resized\/?url=https%3A%2F%2Fwww.abf.se%2Fwp-content%2Fuploads%2F2024%2F04%2FABF_header_1805-6214.jpg&#038;fit=crop&#038;w=591&#038;h=540&#038;s=22bbdb05dd09cfe16268397f677408bf 591w, https:\/\/www.abf.se\/orebro-lan\/resized\/?url=https%3A%2F%2Fwww.abf.se%2Fwp-content%2Fuploads%2F2024%2F04%2FABF_header_1805-6214.jpg&#038;fit=crop&#038;w=663&#038;h=540&#038;s=aa9a2aa184a5d3d06212a852c8abd69f 663w, https:\/\/www.abf.se\/orebro-lan\/resized\/?url=https%3A%2F%2Fwww.abf.se%2Fwp-content%2Fuploads%2F2024%2F04%2FABF_header_1805-6214.jpg&#038;fit=crop&#038;w=750&#038;h=540&#038;s=1cfb744b7ff40332333ec4697c3f27fb 750w, https:\/\/www.abf.se\/orebro-lan\/resized\/?url=https%3A%2F%2Fwww.abf.se%2Fwp-content%2Fuploads%2F2024%2F04%2FABF_header_1805-6214.jpg&#038;fit=crop&#038;w=894&#038;h=540&#038;s=ebaf7e375ce5f2e272d9cc4f28ebb9cc 894w, https:\/\/www.abf.se\/orebro-lan\/resized\/?url=https%3A%2F%2Fwww.abf.se%2Fwp-content%2Fuploads%2F2024%2F04%2FABF_header_1805-6214.jpg&#038;fit=crop&#038;w=1038&#038;h=540&#038;s=fb1fa8f79ef1ceda752a4e2923ca88e5 1038w, https:\/\/www.abf.se\/orebro-lan\/resized\/?url=https%3A%2F%2Fwww.abf.se%2Fwp-content%2Fuploads%2F2024%2F04%2FABF_header_1805-6214.jpg&#038;fit=crop&#038;w=1182&#038;h=540&#038;s=730beb203772e2171cba0354d2f62238 1182w, https:\/\/www.abf.se\/orebro-lan\/resized\/?url=https%3A%2F%2Fwww.abf.se%2Fwp-content%2Fuploads%2F2024%2F04%2FABF_header_1805-6214.jpg&#038;fit=crop&#038;w=1326&#038;h=540&#038;s=beb93270fc57f351c70c69209fb35472 1326w, https:\/\/www.abf.se\/orebro-lan\/resized\/?url=https%3A%2F%2Fwww.abf.se%2Fwp-content%2Fuploads%2F2024%2F04%2FABF_header_1805-6214.jpg&#038;fit=crop&#038;w=1440&#038;h=540&#038;s=246a9108523dfd0c592be32de5e3ebef 1440w\" alt=\"\" height=\"540\" width=\"1440\" sizes=\"(max-width: 1440px) calc(100vw - 32px), 1440px\" loading=\"eager\" fetchpriority=\"high\" aria-hidden=\"true\" role=\"presentation\" \/><\/picture>\n        \n\n            <\/div>\n\n    <\/div>\n\n<div\n    class=\"acf-plain-heading-block container my-16\"\n    data-block=\"plain-heading-block\"\n>\n    <div class=\"max-w-[658px] mx-auto\">\n                            <p class=\"mt-8 body-xl text-black\">\n                ABF \u00d6rebro l\u00e4n har runt 100 medlemsf\u00f6reningar, fr\u00e5n de minsta byalagen till de stora partierna och fackf\u00f6rbunden. Alla \u00e4r lika viktiga f\u00f6r oss.\n            <\/p>\n            <\/div>\n<\/div>\n<div\n    class=\"acf-article-text-block article-container my-12\"\n    data-block=\"article-text-block\"\n>\n    <div class=\"wysiwyg\">\n        <p>Behoven kan skilja sig men som en av \u00d6rebros mest v\u00e4lk\u00e4nda organisationer f\u00f6r bildning och kultur kan vi hj\u00e4lpa er att l\u00e4ra, m\u00f6tas och skapa \u2013 tillsammans!<\/p>\n<h3><strong>Styrelseutbildningar<\/strong><\/h3>\n<p>Alla f\u00f6reningar \u00e4r n\u00e5gon g\u00e5ng i behov av utveckla sin verksamhet. Det arbetet b\u00f6rjar i styrelsen. ABF kan st\u00f6dja er styrelse med alltifr\u00e5n kortare samtal till skr\u00e4ddarsydda utbildningar inom styrelseutveckling. Vi kan \u00e4ven erbjuda rena funktionsutbildningar d\u00e4r just olika funktioner som exempelvis ordf\u00f6rande, kass\u00f6r, sekreterare eller studieorganisat\u00f6r st\u00e5r i fokus. ABFs egna styrelseutbildningar v\u00e4nder sig till de f\u00f6reningar som \u00e4r medlemmar hos oss.<\/p>\n<h3><strong>Studieverksamhet<\/strong><\/h3>\n<p>ABF kan hj\u00e4lpa till med alla fr\u00e5gor som handlar om studier och kultur. Vi kan vara bollplank och inspirera med id\u00e9er om hur ni kan planera er studieverksamhet. Studiecirklar, tematr\u00e4ffar, f\u00f6rel\u00e4sningar och kanske specialskrivna studiematerial g\u00f6r era medlemmar bildade inom det omr\u00e5de ni \u00f6nskar.<\/p>\n<h3><a href=\"https:\/\/www.abf.se\/orebro-lan\/samarbeta-med-abf\/starta-en-ideell-forening\/\"><strong>Starta ny f\u00f6rening<\/strong><\/a><\/h3>\n<p>Vi kan ocks\u00e5 hj\u00e4lpa er att starta en ny f\u00f6rening. ABF erbjuder v\u00e5r kompetens med respekt f\u00f6r varje organisations s\u00e4rart och v\u00e4lkomnar nya n\u00e4tverk och r\u00f6relser att samverka med oss.<\/p>\n<h3><strong>Bli medlem i ABF<\/strong><\/h3>\n<p>ABF \u00e4r en &#8221;f\u00f6rening f\u00f6r f\u00f6reningar&#8221; &#8211; genom att bli medlemsf\u00f6rening till ABF, s\u00e5 erbjuder vi olika styrelseutbildningar till er, ni kan f\u00e5 st\u00f6d och hj\u00e4lp med era egna f\u00f6reningsutbildningar och kurser, och ni har m\u00f6jlighet att vara med och p\u00e5verka ABFs arbete och inriktning.<\/p>\n\n    <\/div>\n<\/div>\n<div\n    class=\"acf-article-cta-link-block article-container my-8\"\n    data-block=\"article-cta-link-block\"\n>\n<div>\n    <a class=\"inline-flex flex-row items-center gap-4 text-link underline text-red-dark\"\n        href=\"https:\/\/www.abf.se\/orebro-lan\/samarbeta-med-abf\/medlemskap-i-abf\/bli-medlem-i-abf\/\"\n            >\n        <span class=\"\">\n        Bli medlem i ABF\n        <\/span>\n        <figure aria-hidden=\"true\" class=\"rounded-full bg-red-dark w-8 h-8 p-1 text-white\">\n            <svg width=\"20\" height=\"20\" viewBox=\"0 0 20 20\" fill=\"none\" class=\"SvgIconElement\">\n<path d=\"M4.16659 10L15.8333 10\" stroke=\"currentColor\"\/>\n<path d=\"M9.99992 4.1665L15.8333 9.99984L9.99992 15.8332\" stroke=\"currentColor\"\/>\n<\/svg>\n        <\/figure>\n    <\/a>\n<\/div>\n<\/div>\n<div\n    class=\"acf-article-cta-link-block article-container my-8\"\n    data-block=\"article-cta-link-block\"\n>\n<div>\n    <a class=\"inline-flex flex-row items-center gap-4 text-link underline text-red-dark\"\n        href=\"https:\/\/www.abf.se\/orebro-lan\/kurser-for-fackligt-anslutna-och-foreningar\/\"\n            >\n        <span class=\"\">\n        F\u00f6reningsutbildningar\n        <\/span>\n        <figure aria-hidden=\"true\" class=\"rounded-full bg-red-dark w-8 h-8 p-1 text-white\">\n            <svg width=\"20\" height=\"20\" viewBox=\"0 0 20 20\" fill=\"none\" class=\"SvgIconElement\">\n<path d=\"M4.16659 10L15.8333 10\" stroke=\"currentColor\"\/>\n<path d=\"M9.99992 4.1665L15.8333 9.99984L9.99992 15.8332\" stroke=\"currentColor\"\/>\n<\/svg>\n        <\/figure>\n    <\/a>\n<\/div>\n<\/div>\n<div\n    class=\"acf-article-cta-link-block article-container my-8\"\n    data-block=\"article-cta-link-block\"\n>\n<div>\n    <a class=\"inline-flex flex-row items-center gap-4 text-link underline text-red-dark\"\n        href=\"https:\/\/www.abf.se\/orebro-lan\/samarbeta-med-abf\/medlemskap-i-abf\/vara-medlemsorganisationer\/\"\n            >\n        <span class=\"\">\n        V\u00e5ra medlemsorganisationer\n        <\/span>\n        <figure aria-hidden=\"true\" class=\"rounded-full bg-red-dark w-8 h-8 p-1 text-white\">\n            <svg width=\"20\" height=\"20\" viewBox=\"0 0 20 20\" fill=\"none\" class=\"SvgIconElement\">\n<path d=\"M4.16659 10L15.8333 10\" stroke=\"currentColor\"\/>\n<path d=\"M9.99992 4.1665L15.8333 9.99984L9.99992 15.8332\" stroke=\"currentColor\"\/>\n<\/svg>\n        <\/figure>\n    <\/a>\n<\/div>\n<\/div>\n<div\n    class=\"acf-quick-link-block bg-red py-12 md:py-20\"\n    data-block=\"quick-link-block\"\n>\n    <div class=\"container\">\n        \n        <div\n            class=\"px-5 content:px-0 grid grid-cols-1 gap-8 md:grid-cols-2\">\n            \n            <article\nclass=\"round-corners-sm p-6 relative group grid grid-rows-[subgrid] row-[span_3] gap-4 bg-white text-red\"\n>\n            <h3\n        class=\"heading-sm group-hover:underline text-red\">\n            <a href=\"https:\/\/www.abf.se\/orebro-lan\/samarbeta-med-oss\/foreningar-och-organisationer\/foreningsrapport\/\" class=\"expanded-hit-area\" target=\"\">\n                F\u00f6reningsrapport\n            <\/a>\n        <\/h3>\n                <p class=\"body-md text-gray-text\">\n            Har din f\u00f6rening f\u00e5tt en ny styrelse? Har ni kanske bytt lokal eller fakturaadress? \r\nFyll i formul\u00e4ret via l\u00e4knen s\u00e5 uppdaterar vi informationen om er i v\u00e5rt system!\n        <\/p>\n        <figure\n    class=\"w-[38px] h-[38px] rounded-full p-2 group-hover:scale-110 transition-transform duration-300 self-end pointer-events-none bg-red text-white\">\n        <svg width=\"20\" height=\"20\" viewBox=\"0 0 20 20\" fill=\"none\" class=\"SvgIconElement\">\n<path d=\"M4.16659 10L15.8333 10\" stroke=\"currentColor\"\/>\n<path d=\"M9.99992 4.1665L15.8333 9.99984L9.99992 15.8332\" stroke=\"currentColor\"\/>\n<\/svg>\n    <\/figure>\n<\/article>            \n            <article\nclass=\"round-corners-sm p-6 relative group grid grid-rows-[subgrid] row-[span_3] gap-4 bg-white text-red\"\n>\n            <h3\n        class=\"heading-sm group-hover:underline text-red\">\n            <a href=\"https:\/\/www.abf.se\/orebro-lan\/samarbeta-med-oss\/foreningar-och-organisationer\/regionbidrag\/\" class=\"expanded-hit-area\" target=\"\">\n                Ans\u00f6k om regionbidrag\n            <\/a>\n        <\/h3>\n                <p class=\"body-md text-gray-text\">\n            Vill din f\u00f6rening ans\u00f6ka om &quot;regionbidrag&quot; dvs ekonomiskt st\u00f6d f\u00f6r en heldagskurs i din f\u00f6rening?\r\nMer information och kriterier f\u00f6r bidraget hittar du i ans\u00f6kningsformul\u00e4ret h\u00e4r!\n        <\/p>\n        <figure\n    class=\"w-[38px] h-[38px] rounded-full p-2 group-hover:scale-110 transition-transform duration-300 self-end pointer-events-none bg-red text-white\">\n        <svg width=\"20\" height=\"20\" viewBox=\"0 0 20 20\" fill=\"none\" class=\"SvgIconElement\">\n<path d=\"M4.16659 10L15.8333 10\" stroke=\"currentColor\"\/>\n<path d=\"M9.99992 4.1665L15.8333 9.99984L9.99992 15.8332\" stroke=\"currentColor\"\/>\n<\/svg>\n    <\/figure>\n<\/article>                    <\/div>\n    <\/div>\n<\/div>\n","protected":false},"excerpt":{"rendered":"","protected":false},"author":72,"featured_media":0,"parent":260,"menu_order":0,"comment_status":"closed","ping_status":"closed","template":"","meta":{"_acf_changed":false,"footnotes":""},"class_list":["post-282","page","type-page","status-publish","hentry"],"acf":[],"yoast_head":"<!-- This site is optimized with the Yoast SEO plugin v27.0 - https:\/\/yoast.com\/product\/yoast-seo-wordpress\/ -->\n<title>F\u00f6reningar och organisationer - ABF \u00d6rebro l\u00e4n<\/title>\n<meta name=\"description\" content=\"ABF \u00d6rebro l\u00e4n har runt 100 f\u00f6reningar och organisationer som medlemmar, fr\u00e5n de minsta byalagen till de stora partierna och fackf\u00f6rbunden.\" \/>\n<meta name=\"robots\" content=\"index, follow, max-snippet:-1, max-image-preview:large, max-video-preview:-1\" \/>\n<link rel=\"canonical\" href=\"https:\/\/www.abf.se\/orebro-lan\/samarbeta-med-oss\/foreningar-och-organisationer\/\" \/>\n<meta property=\"og:locale\" content=\"sv_SE\" \/>\n<meta property=\"og:type\" content=\"article\" \/>\n<meta property=\"og:title\" content=\"F\u00f6reningar och organisationer - ABF \u00d6rebro l\u00e4n\" \/>\n<meta property=\"og:description\" content=\"ABF \u00d6rebro l\u00e4n har runt 100 f\u00f6reningar och organisationer som medlemmar, fr\u00e5n de minsta byalagen till de stora partierna och fackf\u00f6rbunden.\" \/>\n<meta property=\"og:url\" content=\"https:\/\/www.abf.se\/orebro-lan\/samarbeta-med-oss\/foreningar-och-organisationer\/\" \/>\n<meta property=\"og:site_name\" content=\"\u00d6rebro l\u00e4n\" \/>\n<meta property=\"article:modified_time\" content=\"2026-01-08T10:24:55+00:00\" \/>\n<meta property=\"og:image\" content=\"https:\/\/www.abf.se\/wp-content\/uploads\/sites\/63\/2024\/04\/Nyckeln-liggande-scaled.jpg\" \/>\n\t<meta property=\"og:image:width\" content=\"2560\" \/>\n\t<meta property=\"og:image:height\" content=\"1440\" \/>\n\t<meta property=\"og:image:type\" content=\"image\/jpeg\" \/>\n<meta name=\"twitter:card\" content=\"summary_large_image\" \/>\n<script type=\"application\/ld+json\" class=\"yoast-schema-graph\">{\"@context\":\"https:\/\/schema.org\",\"@graph\":[{\"@type\":\"WebPage\",\"@id\":\"https:\/\/www.abf.se\/orebro-lan\/samarbeta-med-oss\/foreningar-och-organisationer\/\",\"url\":\"https:\/\/www.abf.se\/orebro-lan\/samarbeta-med-oss\/foreningar-och-organisationer\/\",\"name\":\"F\u00f6reningar och organisationer - ABF \u00d6rebro l\u00e4n\",\"isPartOf\":{\"@id\":\"https:\/\/www.abf.se\/orebro-lan\/#website\"},\"datePublished\":\"2024-03-14T12:09:34+00:00\",\"dateModified\":\"2026-01-08T10:24:55+00:00\",\"description\":\"ABF \u00d6rebro l\u00e4n har runt 100 f\u00f6reningar och organisationer som medlemmar, fr\u00e5n de minsta byalagen till de stora partierna och fackf\u00f6rbunden.\",\"breadcrumb\":{\"@id\":\"https:\/\/www.abf.se\/orebro-lan\/samarbeta-med-oss\/foreningar-och-organisationer\/#breadcrumb\"},\"inLanguage\":\"sv-SE\",\"potentialAction\":[{\"@type\":\"ReadAction\",\"target\":[\"https:\/\/www.abf.se\/orebro-lan\/samarbeta-med-oss\/foreningar-och-organisationer\/\"]}]},{\"@type\":\"BreadcrumbList\",\"@id\":\"https:\/\/www.abf.se\/orebro-lan\/samarbeta-med-oss\/foreningar-och-organisationer\/#breadcrumb\",\"itemListElement\":[{\"@type\":\"ListItem\",\"position\":1,\"name\":\"Home\",\"item\":\"https:\/\/www.abf.se\/orebro-lan\/\"},{\"@type\":\"ListItem\",\"position\":2,\"name\":\"Samarbeta med ABF\",\"item\":\"https:\/\/www.abf.se\/orebro-lan\/samarbeta-med-oss\/\"},{\"@type\":\"ListItem\",\"position\":3,\"name\":\"Information till f\u00f6reningar och organisationer\"}]},{\"@type\":\"WebSite\",\"@id\":\"https:\/\/www.abf.se\/orebro-lan\/#website\",\"url\":\"https:\/\/www.abf.se\/orebro-lan\/\",\"name\":\"\u00d6rebro l\u00e4n\",\"description\":\"\",\"potentialAction\":[{\"@type\":\"SearchAction\",\"target\":{\"@type\":\"EntryPoint\",\"urlTemplate\":\"https:\/\/www.abf.se\/orebro-lan\/?s={search_term_string}\"},\"query-input\":{\"@type\":\"PropertyValueSpecification\",\"valueRequired\":true,\"valueName\":\"search_term_string\"}}],\"inLanguage\":\"sv-SE\"}]}<\/script>\n<!-- \/ Yoast SEO plugin. -->","yoast_head_json":{"title":"F\u00f6reningar och organisationer - ABF \u00d6rebro l\u00e4n","description":"ABF \u00d6rebro l\u00e4n har runt 100 f\u00f6reningar och organisationer som medlemmar, fr\u00e5n de minsta byalagen till de stora partierna och fackf\u00f6rbunden.","robots":{"index":"index","follow":"follow","max-snippet":"max-snippet:-1","max-image-preview":"max-image-preview:large","max-video-preview":"max-video-preview:-1"},"canonical":"https:\/\/www.abf.se\/orebro-lan\/samarbeta-med-oss\/foreningar-och-organisationer\/","og_locale":"sv_SE","og_type":"article","og_title":"F\u00f6reningar och organisationer - ABF \u00d6rebro l\u00e4n","og_description":"ABF \u00d6rebro l\u00e4n har runt 100 f\u00f6reningar och organisationer som medlemmar, fr\u00e5n de minsta byalagen till de stora partierna och fackf\u00f6rbunden.","og_url":"https:\/\/www.abf.se\/orebro-lan\/samarbeta-med-oss\/foreningar-och-organisationer\/","og_site_name":"\u00d6rebro l\u00e4n","article_modified_time":"2026-01-08T10:24:55+00:00","og_image":[{"width":2560,"height":1440,"url":"https:\/\/www.abf.se\/wp-content\/uploads\/sites\/63\/2024\/04\/Nyckeln-liggande-scaled.jpg","type":"image\/jpeg"}],"twitter_card":"summary_large_image","schema":{"@context":"https:\/\/schema.org","@graph":[{"@type":"WebPage","@id":"https:\/\/www.abf.se\/orebro-lan\/samarbeta-med-oss\/foreningar-och-organisationer\/","url":"https:\/\/www.abf.se\/orebro-lan\/samarbeta-med-oss\/foreningar-och-organisationer\/","name":"F\u00f6reningar och organisationer - ABF \u00d6rebro l\u00e4n","isPartOf":{"@id":"https:\/\/www.abf.se\/orebro-lan\/#website"},"datePublished":"2024-03-14T12:09:34+00:00","dateModified":"2026-01-08T10:24:55+00:00","description":"ABF \u00d6rebro l\u00e4n har runt 100 f\u00f6reningar och organisationer som medlemmar, fr\u00e5n de minsta byalagen till de stora partierna och fackf\u00f6rbunden.","breadcrumb":{"@id":"https:\/\/www.abf.se\/orebro-lan\/samarbeta-med-oss\/foreningar-och-organisationer\/#breadcrumb"},"inLanguage":"sv-SE","potentialAction":[{"@type":"ReadAction","target":["https:\/\/www.abf.se\/orebro-lan\/samarbeta-med-oss\/foreningar-och-organisationer\/"]}]},{"@type":"BreadcrumbList","@id":"https:\/\/www.abf.se\/orebro-lan\/samarbeta-med-oss\/foreningar-och-organisationer\/#breadcrumb","itemListElement":[{"@type":"ListItem","position":1,"name":"Home","item":"https:\/\/www.abf.se\/orebro-lan\/"},{"@type":"ListItem","position":2,"name":"Samarbeta med ABF","item":"https:\/\/www.abf.se\/orebro-lan\/samarbeta-med-oss\/"},{"@type":"ListItem","position":3,"name":"Information till f\u00f6reningar och organisationer"}]},{"@type":"WebSite","@id":"https:\/\/www.abf.se\/orebro-lan\/#website","url":"https:\/\/www.abf.se\/orebro-lan\/","name":"\u00d6rebro l\u00e4n","description":"","potentialAction":[{"@type":"SearchAction","target":{"@type":"EntryPoint","urlTemplate":"https:\/\/www.abf.se\/orebro-lan\/?s={search_term_string}"},"query-input":{"@type":"PropertyValueSpecification","valueRequired":true,"valueName":"search_term_string"}}],"inLanguage":"sv-SE"}]}},"_links":{"self":[{"href":"https:\/\/www.abf.se\/orebro-lan\/wp-json\/wp\/v2\/pages\/282","targetHints":{"allow":["GET"]}}],"collection":[{"href":"https:\/\/www.abf.se\/orebro-lan\/wp-json\/wp\/v2\/pages"}],"about":[{"href":"https:\/\/www.abf.se\/orebro-lan\/wp-json\/wp\/v2\/types\/page"}],"author":[{"embeddable":true,"href":"https:\/\/www.abf.se\/orebro-lan\/wp-json\/wp\/v2\/users\/72"}],"replies":[{"embeddable":true,"href":"https:\/\/www.abf.se\/orebro-lan\/wp-json\/wp\/v2\/comments?post=282"}],"version-history":[{"count":34,"href":"https:\/\/www.abf.se\/orebro-lan\/wp-json\/wp\/v2\/pages\/282\/revisions"}],"predecessor-version":[{"id":2217,"href":"https:\/\/www.abf.se\/orebro-lan\/wp-json\/wp\/v2\/pages\/282\/revisions\/2217"}],"up":[{"embeddable":true,"href":"https:\/\/www.abf.se\/orebro-lan\/wp-json\/wp\/v2\/pages\/260"}],"wp:attachment":[{"href":"https:\/\/www.abf.se\/orebro-lan\/wp-json\/wp\/v2\/media?parent=282"}],"curies":[{"name":"wp","href":"https:\/\/api.w.org\/{rel}","templated":true}]}}