{"id":295,"date":"2024-03-14T13:35:56","date_gmt":"2024-03-14T12:35:56","guid":{"rendered":"https:\/\/www.abf.se\/orebro-lan\/?page_id=295"},"modified":"2025-09-24T16:14:25","modified_gmt":"2025-09-24T14:14:25","slug":"bli-medlem-i-abf","status":"publish","type":"page","link":"https:\/\/www.abf.se\/orebro-lan\/samarbeta-med-oss\/bli-medlem-i-abf\/","title":{"rendered":"Medlemskap i ABF"},"content":{"rendered":"<div\n    class=\"acf-hero-block container-lg no-padding mb-12 js-geolocation\"\n    data-block=\"hero-block\"\n    data-index=\"0\"\n>\n    <div class=\"h-[548px]  relative rounded-[32px] overflow-hidden flex bg-gray-light\">\n        <div class=\"relative z-10 mt-auto h-auto w-full md:h-full\">\n            <div class=\"flex w-full h-full flex-col flex-wrap justify-end w-full md:w-7\/12 lg:w-1\/2 md:justify-center\">\n                <div class=\"flex flex-col gap-3 md:gap-[18px] md:transparent pt-16 pb-36 md:py-8 px-4 w-full md:max-w-[620px] mx-auto px-8\">\n\n                    <h1 class=\"hero-heading hero-heading--red-text\"><span>Medlemskap i ABF \u00d6rebro l\u00e4n<\/span><\/h1>\n\n                    \n                                    <\/div>\n            <\/div>\n        <\/div>\n\n                    <picture class=\"as-background-image mix-blend-multiply bg-black\/40\"><img decoding=\"async\" src=\"https:\/\/www.abf.se\/orebro-lan\/resized\/?url=https%3A%2F%2Fwww.abf.se%2Fwp-content%2Fuploads%2F2023%2F11%2FABF-cirkel-utomhus_foto-Richard-Hammarskiold_IMGP.jpg&#038;fit=crop&#038;w=1440&#038;s=a52514dbc24b6c7f6188dc9f678da899\" srcset=\"https:\/\/www.abf.se\/orebro-lan\/resized\/?url=https%3A%2F%2Fwww.abf.se%2Fwp-content%2Fuploads%2F2023%2F11%2FABF-cirkel-utomhus_foto-Richard-Hammarskiold_IMGP.jpg&#038;fit=crop&#038;w=375&#038;h=540&#038;s=b0d7a4db13e49530c259a6d8ef867d08 375w, https:\/\/www.abf.se\/orebro-lan\/resized\/?url=https%3A%2F%2Fwww.abf.se%2Fwp-content%2Fuploads%2F2023%2F11%2FABF-cirkel-utomhus_foto-Richard-Hammarskiold_IMGP.jpg&#038;fit=crop&#038;w=447&#038;h=540&#038;s=fc3ad1ff9a3d32ee02fcbbf3a8688054 447w, https:\/\/www.abf.se\/orebro-lan\/resized\/?url=https%3A%2F%2Fwww.abf.se%2Fwp-content%2Fuploads%2F2023%2F11%2FABF-cirkel-utomhus_foto-Richard-Hammarskiold_IMGP.jpg&#038;fit=crop&#038;w=519&#038;h=540&#038;s=de9f95b51fa33057b43ecff72dded707 519w, https:\/\/www.abf.se\/orebro-lan\/resized\/?url=https%3A%2F%2Fwww.abf.se%2Fwp-content%2Fuploads%2F2023%2F11%2FABF-cirkel-utomhus_foto-Richard-Hammarskiold_IMGP.jpg&#038;fit=crop&#038;w=591&#038;h=540&#038;s=91c39fd8ac967af9fb87d558b76fac5a 591w, https:\/\/www.abf.se\/orebro-lan\/resized\/?url=https%3A%2F%2Fwww.abf.se%2Fwp-content%2Fuploads%2F2023%2F11%2FABF-cirkel-utomhus_foto-Richard-Hammarskiold_IMGP.jpg&#038;fit=crop&#038;w=663&#038;h=540&#038;s=f28ff2a455f04b762ada299982cec808 663w, https:\/\/www.abf.se\/orebro-lan\/resized\/?url=https%3A%2F%2Fwww.abf.se%2Fwp-content%2Fuploads%2F2023%2F11%2FABF-cirkel-utomhus_foto-Richard-Hammarskiold_IMGP.jpg&#038;fit=crop&#038;w=750&#038;h=540&#038;s=3717b25efd34a648b02c1fc63538b0a2 750w, https:\/\/www.abf.se\/orebro-lan\/resized\/?url=https%3A%2F%2Fwww.abf.se%2Fwp-content%2Fuploads%2F2023%2F11%2FABF-cirkel-utomhus_foto-Richard-Hammarskiold_IMGP.jpg&#038;fit=crop&#038;w=894&#038;h=540&#038;s=01aee1e33aee666621f215b95c36a95d 894w, https:\/\/www.abf.se\/orebro-lan\/resized\/?url=https%3A%2F%2Fwww.abf.se%2Fwp-content%2Fuploads%2F2023%2F11%2FABF-cirkel-utomhus_foto-Richard-Hammarskiold_IMGP.jpg&#038;fit=crop&#038;w=1038&#038;h=540&#038;s=bf52325644ebe54a177596603f0e03c9 1038w, https:\/\/www.abf.se\/orebro-lan\/resized\/?url=https%3A%2F%2Fwww.abf.se%2Fwp-content%2Fuploads%2F2023%2F11%2FABF-cirkel-utomhus_foto-Richard-Hammarskiold_IMGP.jpg&#038;fit=crop&#038;w=1182&#038;h=540&#038;s=cd08e34d511d5d4471d14601d6e203e4 1182w, https:\/\/www.abf.se\/orebro-lan\/resized\/?url=https%3A%2F%2Fwww.abf.se%2Fwp-content%2Fuploads%2F2023%2F11%2FABF-cirkel-utomhus_foto-Richard-Hammarskiold_IMGP.jpg&#038;fit=crop&#038;w=1326&#038;h=540&#038;s=700d5deb7747ae326d703e6f9994d1b8 1326w, https:\/\/www.abf.se\/orebro-lan\/resized\/?url=https%3A%2F%2Fwww.abf.se%2Fwp-content%2Fuploads%2F2023%2F11%2FABF-cirkel-utomhus_foto-Richard-Hammarskiold_IMGP.jpg&#038;fit=crop&#038;w=1440&#038;h=540&#038;s=921ad0c882e980e23c251f7061134356 1440w\" alt=\"\" height=\"540\" width=\"1440\" sizes=\"(max-width: 1440px) calc(100vw - 32px), 1440px\" loading=\"eager\" fetchpriority=\"high\" aria-hidden=\"true\" role=\"presentation\" \/><\/picture>\n        \n\n            <\/div>\n\n    <\/div>\n\n<div\n    class=\"acf-plain-heading-block container my-16\"\n    data-block=\"plain-heading-block\"\n>\n    <div class=\"max-w-[658px] mx-auto\">\n                <h1 class=\"hero-heading\"><span>Bli medlem hos oss<\/span><\/h1>\n                            <p class=\"mt-8 body-xl text-black\">\n                ABF \u00d6rebro l\u00e4n har \u00f6ver 100 medlemsf\u00f6reningar. Vill din f\u00f6rening bli en av dessa? Tillsammans med ABF kan din organisation vidareutveckla era medlemmars kunskaper genom studiecirklar, kurser och kulturarrangemang.\n            <\/p>\n            <\/div>\n<\/div>\n<div\n    class=\"acf-article-text-block article-container my-12\"\n    data-block=\"article-text-block\"\n>\n    <div class=\"wysiwyg\">\n        <p>Alla f\u00f6reningar \u00e4r n\u00e5gon g\u00e5ng i behov av att utveckla sin verksamhet. Det arbetet b\u00f6rjar i styrelsen. ABF kan st\u00f6dja er styrelse med alltifr\u00e5n kortare samtal till skr\u00e4ddarsydda utbildningar inom styrelseutveckling. Vi kan \u00e4ven erbjuda rena funktionsutbildningar d\u00e4r just olika funktioner som exempelvis ordf\u00f6rande, kass\u00f6r, sekreterare eller studieorganisat\u00f6r st\u00e5r i fokus. Som medlem i ABF \u00d6rebro l\u00e4n har ni ocks\u00e5 m\u00f6jlighet att hyra lokaler f\u00f6r medlemsm\u00f6ten, styrelsem\u00f6ten eller \u00e5rsm\u00f6ten till en betydligt l\u00e4gre kostnad \u00e4n ordinarie pris.<\/p>\n<p>ABF kan hj\u00e4lpa till med alla fr\u00e5gor som handlar om studier och kultur. Vi kan vara bollplank och inspirera med id\u00e9er om hur ni kan planera er studieverksamhet. Studiecirklar, tematr\u00e4ffar, f\u00f6rel\u00e4sningar och kanske specialskrivna studiematerial g\u00f6r era medlemmar bildade inom det omr\u00e5de ni \u00f6nskar.<\/p>\n<p>Som medlem kan ni ocks\u00e5 vara med och p\u00e5verka verksamheten hos ABF \u00d6rebro l\u00e4n. Varje medlemsf\u00f6rening har r\u00e4tt att v\u00e4lja ombud till ABF \u00d6rebro l\u00e4n \u00e5rs- och halv\u00e5rsm\u00f6ten, och har \u00e4ven m\u00f6jlighet att nominera enskilda medlemmar till ABFs styrelse.<\/p>\n<p>Ett medlemskap i ABF \u00d6rebro l\u00e4n kostar 50 \u00f6re per medlem och \u00e5r, eller som l\u00e4gst 100 kronor per \u00e5r.<\/p>\n<h3><strong>F\u00f6r att bli medlem i ABF \u00d6rebro l\u00e4n m\u00e5ste ni:<\/strong><\/h3>\n<ul>\n<li>Skicka in ett brev\/skrivelse d\u00e4r det st\u00e5r att ni som f\u00f6rening vill ans\u00f6ka om medlemskap i ABF \u00d6rebro l\u00e4n<\/li>\n<li>Bifoga ett styrelsebeslut som bekr\u00e4ftar att ni som f\u00f6rening t\u00e4nker ans\u00f6ka om medlemskap<\/li>\n<li>Bifoga det senaste \u00e5rsm\u00f6tesprotokollet<\/li>\n<li>Bifoga f\u00f6reningens stadgar<\/li>\n<li>I samband med ans\u00f6kan vill vi att ni ocks\u00e5 anger antal medlemmar i f\u00f6reningen samt kontaktuppgifter till studieorganisat\u00f6r och kontaktperson, eller motsvarande.<\/li>\n<\/ul>\n<p><strong>Posta detta till:<\/strong><br \/>\nABF \u00d6rebro l\u00e4n<br \/>\nSlottsgatan 15<br \/>\n703 61 \u00d6rebro<\/p>\n<p>Har ni n\u00e5gra fr\u00e5gor?<br \/>\nKontakta oss!<\/p>\n<p><a class=\"menu-panel-icon-link\" href=\"mailto:info.orebro@abf.se\"><span class=\"sr-only\">E-post: <\/span>info.orebro@abf.se<\/a><br \/>\n<span class=\"sr-only\">Telefon: <\/span>010-203 17 00<\/p>\n\n    <\/div>\n<\/div>\n<div\n    class=\"acf-article-cta-link-block article-container my-8\"\n    data-block=\"article-cta-link-block\"\n>\n<div>\n    <a class=\"inline-flex flex-row items-center gap-4 text-link underline text-red-dark\"\n        href=\"https:\/\/www.abf.se\/orebro-lan\/samarbeta-med-abf\/medlemskap-i-abf\/vara-medlemsorganisationer\/\"\n            >\n        <span class=\"\">\n        V\u00e5ra medlemsorganisationer\n        <\/span>\n        <figure aria-hidden=\"true\" class=\"rounded-full bg-red-dark w-8 h-8 p-1 text-white\">\n            <svg width=\"20\" height=\"20\" viewBox=\"0 0 20 20\" fill=\"none\" class=\"SvgIconElement\">\n<path d=\"M4.16659 10L15.8333 10\" stroke=\"currentColor\"\/>\n<path d=\"M9.99992 4.1665L15.8333 9.99984L9.99992 15.8332\" stroke=\"currentColor\"\/>\n<\/svg>\n        <\/figure>\n    <\/a>\n<\/div>\n<\/div>\n","protected":false},"excerpt":{"rendered":"","protected":false},"author":72,"featured_media":0,"parent":260,"menu_order":0,"comment_status":"closed","ping_status":"closed","template":"","meta":{"_acf_changed":false,"footnotes":""},"class_list":["post-295","page","type-page","status-publish","hentry"],"acf":[],"yoast_head":"<!-- This site is optimized with the Yoast SEO plugin v27.0 - https:\/\/yoast.com\/product\/yoast-seo-wordpress\/ -->\n<title>Bli medlem i ABF \u00d6rebro l\u00e4n!<\/title>\n<meta name=\"description\" content=\"Bli medlem hos ABF \u00d6rebro l\u00e4n och bli en av v\u00e5ra cirka 100 medlemsf\u00f6reningar. Vi kan hj\u00e4lpa er att utveckla era medlemmars kunskaper.\" \/>\n<meta name=\"robots\" content=\"index, follow, max-snippet:-1, max-image-preview:large, max-video-preview:-1\" \/>\n<link rel=\"canonical\" href=\"https:\/\/www.abf.se\/orebro-lan\/samarbeta-med-oss\/bli-medlem-i-abf\/\" \/>\n<meta property=\"og:locale\" content=\"sv_SE\" \/>\n<meta property=\"og:type\" content=\"article\" \/>\n<meta property=\"og:title\" content=\"Bli medlem i ABF \u00d6rebro l\u00e4n!\" \/>\n<meta property=\"og:description\" content=\"Bli medlem hos ABF \u00d6rebro l\u00e4n och bli en av v\u00e5ra cirka 100 medlemsf\u00f6reningar. Vi kan hj\u00e4lpa er att utveckla era medlemmars kunskaper.\" \/>\n<meta property=\"og:url\" content=\"https:\/\/www.abf.se\/orebro-lan\/samarbeta-med-oss\/bli-medlem-i-abf\/\" \/>\n<meta property=\"og:site_name\" content=\"\u00d6rebro l\u00e4n\" \/>\n<meta property=\"article:modified_time\" content=\"2025-09-24T14:14:25+00:00\" \/>\n<meta property=\"og:image\" content=\"https:\/\/www.abf.se\/wp-content\/uploads\/sites\/63\/2024\/04\/Nyckeln-liggande-scaled.jpg\" \/>\n\t<meta property=\"og:image:width\" content=\"2560\" \/>\n\t<meta property=\"og:image:height\" content=\"1440\" \/>\n\t<meta property=\"og:image:type\" content=\"image\/jpeg\" \/>\n<meta name=\"twitter:card\" content=\"summary_large_image\" \/>\n<script type=\"application\/ld+json\" class=\"yoast-schema-graph\">{\"@context\":\"https:\/\/schema.org\",\"@graph\":[{\"@type\":\"WebPage\",\"@id\":\"https:\/\/www.abf.se\/orebro-lan\/samarbeta-med-oss\/bli-medlem-i-abf\/\",\"url\":\"https:\/\/www.abf.se\/orebro-lan\/samarbeta-med-oss\/bli-medlem-i-abf\/\",\"name\":\"Bli medlem i ABF \u00d6rebro l\u00e4n!\",\"isPartOf\":{\"@id\":\"https:\/\/www.abf.se\/orebro-lan\/#website\"},\"datePublished\":\"2024-03-14T12:35:56+00:00\",\"dateModified\":\"2025-09-24T14:14:25+00:00\",\"description\":\"Bli medlem hos ABF \u00d6rebro l\u00e4n och bli en av v\u00e5ra cirka 100 medlemsf\u00f6reningar. Vi kan hj\u00e4lpa er att utveckla era medlemmars kunskaper.\",\"breadcrumb\":{\"@id\":\"https:\/\/www.abf.se\/orebro-lan\/samarbeta-med-oss\/bli-medlem-i-abf\/#breadcrumb\"},\"inLanguage\":\"sv-SE\",\"potentialAction\":[{\"@type\":\"ReadAction\",\"target\":[\"https:\/\/www.abf.se\/orebro-lan\/samarbeta-med-oss\/bli-medlem-i-abf\/\"]}]},{\"@type\":\"BreadcrumbList\",\"@id\":\"https:\/\/www.abf.se\/orebro-lan\/samarbeta-med-oss\/bli-medlem-i-abf\/#breadcrumb\",\"itemListElement\":[{\"@type\":\"ListItem\",\"position\":1,\"name\":\"Home\",\"item\":\"https:\/\/www.abf.se\/orebro-lan\/\"},{\"@type\":\"ListItem\",\"position\":2,\"name\":\"Samarbeta med ABF\",\"item\":\"https:\/\/www.abf.se\/orebro-lan\/samarbeta-med-oss\/\"},{\"@type\":\"ListItem\",\"position\":3,\"name\":\"Medlemskap i ABF\"}]},{\"@type\":\"WebSite\",\"@id\":\"https:\/\/www.abf.se\/orebro-lan\/#website\",\"url\":\"https:\/\/www.abf.se\/orebro-lan\/\",\"name\":\"\u00d6rebro l\u00e4n\",\"description\":\"\",\"potentialAction\":[{\"@type\":\"SearchAction\",\"target\":{\"@type\":\"EntryPoint\",\"urlTemplate\":\"https:\/\/www.abf.se\/orebro-lan\/?s={search_term_string}\"},\"query-input\":{\"@type\":\"PropertyValueSpecification\",\"valueRequired\":true,\"valueName\":\"search_term_string\"}}],\"inLanguage\":\"sv-SE\"}]}<\/script>\n<!-- \/ Yoast SEO plugin. -->","yoast_head_json":{"title":"Bli medlem i ABF \u00d6rebro l\u00e4n!","description":"Bli medlem hos ABF \u00d6rebro l\u00e4n och bli en av v\u00e5ra cirka 100 medlemsf\u00f6reningar. Vi kan hj\u00e4lpa er att utveckla era medlemmars kunskaper.","robots":{"index":"index","follow":"follow","max-snippet":"max-snippet:-1","max-image-preview":"max-image-preview:large","max-video-preview":"max-video-preview:-1"},"canonical":"https:\/\/www.abf.se\/orebro-lan\/samarbeta-med-oss\/bli-medlem-i-abf\/","og_locale":"sv_SE","og_type":"article","og_title":"Bli medlem i ABF \u00d6rebro l\u00e4n!","og_description":"Bli medlem hos ABF \u00d6rebro l\u00e4n och bli en av v\u00e5ra cirka 100 medlemsf\u00f6reningar. Vi kan hj\u00e4lpa er att utveckla era medlemmars kunskaper.","og_url":"https:\/\/www.abf.se\/orebro-lan\/samarbeta-med-oss\/bli-medlem-i-abf\/","og_site_name":"\u00d6rebro l\u00e4n","article_modified_time":"2025-09-24T14:14:25+00:00","og_image":[{"width":2560,"height":1440,"url":"https:\/\/www.abf.se\/wp-content\/uploads\/sites\/63\/2024\/04\/Nyckeln-liggande-scaled.jpg","type":"image\/jpeg"}],"twitter_card":"summary_large_image","schema":{"@context":"https:\/\/schema.org","@graph":[{"@type":"WebPage","@id":"https:\/\/www.abf.se\/orebro-lan\/samarbeta-med-oss\/bli-medlem-i-abf\/","url":"https:\/\/www.abf.se\/orebro-lan\/samarbeta-med-oss\/bli-medlem-i-abf\/","name":"Bli medlem i ABF \u00d6rebro l\u00e4n!","isPartOf":{"@id":"https:\/\/www.abf.se\/orebro-lan\/#website"},"datePublished":"2024-03-14T12:35:56+00:00","dateModified":"2025-09-24T14:14:25+00:00","description":"Bli medlem hos ABF \u00d6rebro l\u00e4n och bli en av v\u00e5ra cirka 100 medlemsf\u00f6reningar. Vi kan hj\u00e4lpa er att utveckla era medlemmars kunskaper.","breadcrumb":{"@id":"https:\/\/www.abf.se\/orebro-lan\/samarbeta-med-oss\/bli-medlem-i-abf\/#breadcrumb"},"inLanguage":"sv-SE","potentialAction":[{"@type":"ReadAction","target":["https:\/\/www.abf.se\/orebro-lan\/samarbeta-med-oss\/bli-medlem-i-abf\/"]}]},{"@type":"BreadcrumbList","@id":"https:\/\/www.abf.se\/orebro-lan\/samarbeta-med-oss\/bli-medlem-i-abf\/#breadcrumb","itemListElement":[{"@type":"ListItem","position":1,"name":"Home","item":"https:\/\/www.abf.se\/orebro-lan\/"},{"@type":"ListItem","position":2,"name":"Samarbeta med ABF","item":"https:\/\/www.abf.se\/orebro-lan\/samarbeta-med-oss\/"},{"@type":"ListItem","position":3,"name":"Medlemskap i ABF"}]},{"@type":"WebSite","@id":"https:\/\/www.abf.se\/orebro-lan\/#website","url":"https:\/\/www.abf.se\/orebro-lan\/","name":"\u00d6rebro l\u00e4n","description":"","potentialAction":[{"@type":"SearchAction","target":{"@type":"EntryPoint","urlTemplate":"https:\/\/www.abf.se\/orebro-lan\/?s={search_term_string}"},"query-input":{"@type":"PropertyValueSpecification","valueRequired":true,"valueName":"search_term_string"}}],"inLanguage":"sv-SE"}]}},"_links":{"self":[{"href":"https:\/\/www.abf.se\/orebro-lan\/wp-json\/wp\/v2\/pages\/295","targetHints":{"allow":["GET"]}}],"collection":[{"href":"https:\/\/www.abf.se\/orebro-lan\/wp-json\/wp\/v2\/pages"}],"about":[{"href":"https:\/\/www.abf.se\/orebro-lan\/wp-json\/wp\/v2\/types\/page"}],"author":[{"embeddable":true,"href":"https:\/\/www.abf.se\/orebro-lan\/wp-json\/wp\/v2\/users\/72"}],"replies":[{"embeddable":true,"href":"https:\/\/www.abf.se\/orebro-lan\/wp-json\/wp\/v2\/comments?post=295"}],"version-history":[{"count":17,"href":"https:\/\/www.abf.se\/orebro-lan\/wp-json\/wp\/v2\/pages\/295\/revisions"}],"predecessor-version":[{"id":1657,"href":"https:\/\/www.abf.se\/orebro-lan\/wp-json\/wp\/v2\/pages\/295\/revisions\/1657"}],"up":[{"embeddable":true,"href":"https:\/\/www.abf.se\/orebro-lan\/wp-json\/wp\/v2\/pages\/260"}],"wp:attachment":[{"href":"https:\/\/www.abf.se\/orebro-lan\/wp-json\/wp\/v2\/media?parent=295"}],"curies":[{"name":"wp","href":"https:\/\/api.w.org\/{rel}","templated":true}]}}