{"id":297,"date":"2024-03-14T13:36:22","date_gmt":"2024-03-14T12:36:22","guid":{"rendered":"https:\/\/www.abf.se\/orebro-lan\/?page_id=297"},"modified":"2025-09-24T16:15:18","modified_gmt":"2025-09-24T14:15:18","slug":"vara-medlemsorganisationer","status":"publish","type":"page","link":"https:\/\/www.abf.se\/orebro-lan\/samarbeta-med-oss\/bli-medlem-i-abf\/vara-medlemsorganisationer\/","title":{"rendered":"V\u00e5ra medlemsorganisationer"},"content":{"rendered":"<div\n    class=\"acf-hero-block container-lg no-padding mb-12 js-geolocation\"\n    data-block=\"hero-block\"\n    data-index=\"0\"\n>\n    <div class=\"h-[548px]  relative rounded-[32px] overflow-hidden flex bg-gray-light\">\n        <div class=\"relative z-10 mt-auto h-auto w-full md:h-full\">\n            <div class=\"flex w-full h-full flex-col flex-wrap justify-end w-full md:w-7\/12 lg:w-1\/2 md:justify-center\">\n                <div class=\"flex flex-col gap-3 md:gap-[18px] md:transparent pt-16 pb-36 md:py-8 px-4 w-full md:max-w-[620px] mx-auto px-8\">\n\n                    <h1 class=\"hero-heading hero-heading--red-text\"><span>V\u00e5ra medlemsorganisationer<\/span><\/h1>\n\n                    \n                                    <\/div>\n            <\/div>\n        <\/div>\n\n                    <picture class=\"as-background-image mix-blend-multiply bg-black\/40\"><img decoding=\"async\" src=\"https:\/\/www.abf.se\/orebro-lan\/resized\/?url=https%3A%2F%2Fwww.abf.se%2Fwp-content%2Fuploads%2F2023%2F11%2Fcare-for-u-1_foto-istock_IMGP.jpg&#038;fit=crop&#038;w=1440&#038;s=07d09afde1276563498b53e3d3f067ce\" srcset=\"https:\/\/www.abf.se\/orebro-lan\/resized\/?url=https%3A%2F%2Fwww.abf.se%2Fwp-content%2Fuploads%2F2023%2F11%2Fcare-for-u-1_foto-istock_IMGP.jpg&#038;fit=crop&#038;w=375&#038;h=540&#038;s=4adee5624d76f0fdd851edbaec997350 375w, https:\/\/www.abf.se\/orebro-lan\/resized\/?url=https%3A%2F%2Fwww.abf.se%2Fwp-content%2Fuploads%2F2023%2F11%2Fcare-for-u-1_foto-istock_IMGP.jpg&#038;fit=crop&#038;w=447&#038;h=540&#038;s=2d2ea28aaa2bd3642b85f0941a034cb6 447w, https:\/\/www.abf.se\/orebro-lan\/resized\/?url=https%3A%2F%2Fwww.abf.se%2Fwp-content%2Fuploads%2F2023%2F11%2Fcare-for-u-1_foto-istock_IMGP.jpg&#038;fit=crop&#038;w=519&#038;h=540&#038;s=9a011af8462ffce6a590216badfc1272 519w, https:\/\/www.abf.se\/orebro-lan\/resized\/?url=https%3A%2F%2Fwww.abf.se%2Fwp-content%2Fuploads%2F2023%2F11%2Fcare-for-u-1_foto-istock_IMGP.jpg&#038;fit=crop&#038;w=591&#038;h=540&#038;s=b4aa3caef9902211b6910be4bd1bea93 591w, https:\/\/www.abf.se\/orebro-lan\/resized\/?url=https%3A%2F%2Fwww.abf.se%2Fwp-content%2Fuploads%2F2023%2F11%2Fcare-for-u-1_foto-istock_IMGP.jpg&#038;fit=crop&#038;w=663&#038;h=540&#038;s=9ba76a62300ed56a44b22eff046caf0d 663w, https:\/\/www.abf.se\/orebro-lan\/resized\/?url=https%3A%2F%2Fwww.abf.se%2Fwp-content%2Fuploads%2F2023%2F11%2Fcare-for-u-1_foto-istock_IMGP.jpg&#038;fit=crop&#038;w=750&#038;h=540&#038;s=1a2f7ee2a25a6ea17137010da3d8a505 750w, https:\/\/www.abf.se\/orebro-lan\/resized\/?url=https%3A%2F%2Fwww.abf.se%2Fwp-content%2Fuploads%2F2023%2F11%2Fcare-for-u-1_foto-istock_IMGP.jpg&#038;fit=crop&#038;w=894&#038;h=540&#038;s=4db284979fcc0209c9759a3203506d86 894w, https:\/\/www.abf.se\/orebro-lan\/resized\/?url=https%3A%2F%2Fwww.abf.se%2Fwp-content%2Fuploads%2F2023%2F11%2Fcare-for-u-1_foto-istock_IMGP.jpg&#038;fit=crop&#038;w=1038&#038;h=540&#038;s=a6b9aa179bd589f4aef279271d992863 1038w, https:\/\/www.abf.se\/orebro-lan\/resized\/?url=https%3A%2F%2Fwww.abf.se%2Fwp-content%2Fuploads%2F2023%2F11%2Fcare-for-u-1_foto-istock_IMGP.jpg&#038;fit=crop&#038;w=1182&#038;h=540&#038;s=af0dd4b974886527fe8fc83e487b6e9b 1182w, https:\/\/www.abf.se\/orebro-lan\/resized\/?url=https%3A%2F%2Fwww.abf.se%2Fwp-content%2Fuploads%2F2023%2F11%2Fcare-for-u-1_foto-istock_IMGP.jpg&#038;fit=crop&#038;w=1326&#038;h=540&#038;s=3178536ab9fd51e9e5f08cd80faf9981 1326w, https:\/\/www.abf.se\/orebro-lan\/resized\/?url=https%3A%2F%2Fwww.abf.se%2Fwp-content%2Fuploads%2F2023%2F11%2Fcare-for-u-1_foto-istock_IMGP.jpg&#038;fit=crop&#038;w=1440&#038;h=540&#038;s=3660e52cff4e03393fc4505d7936c3a6 1440w\" alt=\"\" height=\"540\" width=\"1440\" sizes=\"(max-width: 1440px) calc(100vw - 32px), 1440px\" loading=\"eager\" fetchpriority=\"high\" aria-hidden=\"true\" role=\"presentation\" \/><\/picture>\n        \n\n            <\/div>\n\n    <\/div>\n\n<div\n    class=\"acf-article-text-block article-container my-12\"\n    data-block=\"article-text-block\"\n>\n    <div class=\"wysiwyg\">\n        <h3>Totalt har ABF \u00d6rebro l\u00e4n drygt 100 medlemsorganisationer i \u00d6rebro l\u00e4n. Vi samarbetar dessutom med m\u00e5nga fler f\u00f6reningar p\u00e5 lokal niv\u00e5.<\/h3>\n<p><strong>ABF \u00d6rebro l\u00e4ns medlemsf\u00f6reningar<\/strong><br \/>\nAfrikas horn<br \/>\nAskersunds Arbetarekommun<br \/>\nAssyriska ungdomsf\u00f6reningen<br \/>\nAstma och Allergif\u00f6reningen i \u00d6rebro<br \/>\nBack to the USSR Kulturcenter<br \/>\nBergslagens LS av SAC<br \/>\nBergslagens Sl\u00f6jdare<br \/>\nByggnads \u00d6rebro V\u00e4rmland<br \/>\nCeliakif\u00f6reningen i \u00d6rebro l\u00e4n<br \/>\nDHB Mellersta<br \/>\nDegerfors Arbetarekommun<br \/>\nDyslexif\u00f6rbundet \u00d6rebro l\u00e4n<br \/>\nD\u00f6vas f\u00f6rening i \u00d6rebro l\u00e4n<br \/>\nFastighetsanst\u00e4lldas f\u00f6rbund<br \/>\nFinlandssvenskar i \u00d6rebro l\u00e4n<br \/>\nFN-f\u00f6reningen Karlskoga-Degerfors<br \/>\nFolkets Hus och Park region Mellansverige<br \/>\nFrallak\u00f6ren<br \/>\nF\u00f6reningen Attitydskolan i \u00d6rebro l\u00e4n<br \/>\nF\u00f6reningen Sveriges D\u00f6vblinda i \u00d6rebro-V\u00e4rmland<br \/>\nGS avdelning 10 M\u00e4lardalen<br \/>\nHallsbergs Arbetarekommun<br \/>\nHandelsanst\u00e4lldas f\u00f6rbund<br \/>\nHiiraans bist\u00e5ndsf\u00f6rening<br \/>\nHj\u00e4rnskadef\u00f6rbundet Hj\u00e4rnkraft \u00d6rebro l\u00e4n<br \/>\nHj\u00e4rt- och Lungsjukas l\u00e4nsf\u00f6rening \u00d6rebro l\u00e4n<br \/>\nHotell- och Restaurangfacket<br \/>\nHSB M\u00e4lardalen<br \/>\nHumanisterna \u00d6rebro l\u00e4n<br \/>\nHyresg\u00e4stf\u00f6reningen Region Mitt<br \/>\nH\u00e4llefors Arbetarekommun<br \/>\nH\u00f6rselskadades f\u00f6rening i \u00d6rebro<br \/>\nIF Metall \u00d6rebro l\u00e4n<br \/>\nIF Metall \u00d6stra V\u00e4rmland<br \/>\nIntegrationskommitt\u00e9n i \u00d6rebro l\u00e4n<br \/>\nKommunal v\u00e4stra Svealand<br \/>\nKumla Arbetarekommun<br \/>\nLax\u00e5 Arbetarekommun<br \/>\nLekebergs Arbetarekommun<br \/>\nLindesbergs Arbetarekommun<br \/>\nLivsmedelsarbetaref\u00f6rbundet<br \/>\nLjusnarsbergs Arbetarekommun<br \/>\nLO-distriktet \u00d6rebro och V\u00e4rmland<br \/>\nL\u00f6a Hembygdsf\u00f6rening\/teatersektionen<br \/>\nMissing People Region \u00d6rebro<br \/>\nM\u00e5laref\u00f6rbundet avd 6<br \/>\nNeurof\u00f6rbundet \u00d6rebro l\u00e4n<br \/>\nNjurf\u00f6reningen i \u00d6rebro l\u00e4n<br \/>\nNora Arbetarekommun<br \/>\nOrkestern De\u2019 Va\u2019 D\u00e5<br \/>\nPappers avd 117<br \/>\nPappers avd 149<br \/>\nPappers avd 159<br \/>\nPappers avd 43<br \/>\nPappers avd 52\/Mondi \u00d6rebro AB<br \/>\nPappers avd 72<br \/>\nPension\u00e4rsf\u00f6reningen Stj\u00e4rnan<br \/>\nPersonskadef\u00f6rbundet RTP \u00d6rebro l\u00e4n<br \/>\nPIO (Prim\u00e4r Immunbrist Organisationen) \u00d6rebro-V\u00e4stmanland<br \/>\nPRO \u00d6rebro l\u00e4n<br \/>\nPsoriasisf\u00f6rbundet \u00d6rebro l\u00e4n<br \/>\nPsykoterapicentrum<br \/>\nRBU i \u00d6rebro l\u00e4n<br \/>\nReumatikerdistriktet i \u00d6rebro l\u00e4n<br \/>\nRFSL \u00d6rebro<br \/>\nRFSU \u00d6rebro<br \/>\nDHB Mellersta<br \/>\nRSMH \u00d6rebro lokalf\u00f6rening<br \/>\nSEKO V\u00e4stra Svealand<br \/>\nSKPF Pension\u00e4rerna Distrikt \u00d6rebro l\u00e4n<br \/>\nS-kvinnor i \u00d6rebro l\u00e4n<br \/>\nSocialdemokrater f\u00f6r Tro och Solidaritet<br \/>\nSocialdemokraterna i \u00d6rebro l\u00e4n<br \/>\nSocialdemokraterna Karlskoga<br \/>\nSRF \u00d6rebro l\u00e4n<br \/>\nSvenska Musikerf\u00f6rbundet<br \/>\nSvenska Transportarbetaref\u00f6rbundet avd. 6<br \/>\nSvenska Transportarbetaref\u00f6rbundet avd. 9 \u00d6rebro<br \/>\nSvenska Elektrikerna Region Mitt<br \/>\nSvenska Freds- och Skiljedomsf\u00f6reningen i \u00d6rebro<br \/>\nSverigefinska Pension\u00e4rerna\u00d6rebro-V\u00e4rmland<br \/>\nS\u00f6dra N\u00e4rkes Finska F\u00f6rening<br \/>\nTeckenpedagogerna<br \/>\nUnga \u00d6rnar \u00d6rebro l\u00e4n<br \/>\nWedev\u00e5g Hembygdsf\u00f6rening<br \/>\nVerdandi Hallsberg<br \/>\nVerdandi Kumla<br \/>\nVerdandi \u00d6rebro l\u00e4n<br \/>\nVerdandi \u00d6rebrokretsen<br \/>\nV\u00e4nsterpartiet\/Ung V\u00e4nster i \u00d6rebro l\u00e4n<br \/>\n\u00c5s Byalag<br \/>\n\u00d6rebro Arbetarekommun<br \/>\n\u00d6rebro Dragspelsklubb<br \/>\n\u00d6rebro D\u00f6vas Pension\u00e4rsf\u00f6rening<br \/>\n\u00d6rebro D\u00f6vas Ungdomsklubb<br \/>\n\u00d6rebro Frivilliga Samh\u00e4llsarbetare<br \/>\n\u00d6rebro l\u00e4ns Diabetesf\u00f6rening<br \/>\n\u00d6rebro l\u00e4ns distrikt av DHR<br \/>\n\u00d6rebro l\u00e4ns SSU- distrikt<br \/>\n\u00d6rebro l\u00e4ns stamningsf\u00f6rening<br \/>\n\u00d6rebro l\u00e4ns Strokef\u00f6rening<br \/>\n\u00d6rebro l\u00e4nsf\u00f6rening av ILCO<br \/>\nMag- och tarmf\u00f6reningen i \u00d6rebro l\u00e4n<br \/>\n\u00d6rebro R\u00e4ttighetscenter<br \/>\n\u00d6rebro-V\u00e4rmlands distrikt av SFRF<br \/>\n\u00d6rebrospexet<\/p>\n\n    <\/div>\n<\/div>\n","protected":false},"excerpt":{"rendered":"","protected":false},"author":72,"featured_media":0,"parent":295,"menu_order":0,"comment_status":"closed","ping_status":"closed","template":"","meta":{"_acf_changed":false,"footnotes":""},"class_list":["post-297","page","type-page","status-publish","hentry"],"acf":[],"yoast_head":"<!-- This site is optimized with the Yoast SEO plugin v27.0 - https:\/\/yoast.com\/product\/yoast-seo-wordpress\/ -->\n<title>V\u00e5ra medlemsorganisationer - ABF \u00d6rebro l\u00e4n<\/title>\n<meta name=\"description\" content=\"Totalt har ABF \u00d6rebro l\u00e4n drygt 100 medlemsorganisationer i \u00d6rebro l\u00e4n. Vi samarbetar dessutom med m\u00e5nga fler f\u00f6reningar p\u00e5 lokal niv\u00e5.\" \/>\n<meta name=\"robots\" content=\"index, follow, max-snippet:-1, max-image-preview:large, max-video-preview:-1\" \/>\n<link rel=\"canonical\" href=\"https:\/\/www.abf.se\/orebro-lan\/samarbeta-med-oss\/bli-medlem-i-abf\/vara-medlemsorganisationer\/\" \/>\n<meta property=\"og:locale\" content=\"sv_SE\" \/>\n<meta property=\"og:type\" content=\"article\" \/>\n<meta property=\"og:title\" content=\"V\u00e5ra medlemsorganisationer - ABF \u00d6rebro l\u00e4n\" \/>\n<meta property=\"og:description\" content=\"Totalt har ABF \u00d6rebro l\u00e4n drygt 100 medlemsorganisationer i \u00d6rebro l\u00e4n. Vi samarbetar dessutom med m\u00e5nga fler f\u00f6reningar p\u00e5 lokal niv\u00e5.\" \/>\n<meta property=\"og:url\" content=\"https:\/\/www.abf.se\/orebro-lan\/samarbeta-med-oss\/bli-medlem-i-abf\/vara-medlemsorganisationer\/\" \/>\n<meta property=\"og:site_name\" content=\"\u00d6rebro l\u00e4n\" \/>\n<meta property=\"article:modified_time\" content=\"2025-09-24T14:15:18+00:00\" \/>\n<meta property=\"og:image\" content=\"https:\/\/www.abf.se\/wp-content\/uploads\/sites\/63\/2024\/04\/Nyckeln-liggande-scaled.jpg\" \/>\n\t<meta property=\"og:image:width\" content=\"2560\" \/>\n\t<meta property=\"og:image:height\" content=\"1440\" \/>\n\t<meta property=\"og:image:type\" content=\"image\/jpeg\" \/>\n<meta name=\"twitter:card\" content=\"summary_large_image\" \/>\n<script type=\"application\/ld+json\" class=\"yoast-schema-graph\">{\"@context\":\"https:\/\/schema.org\",\"@graph\":[{\"@type\":\"WebPage\",\"@id\":\"https:\/\/www.abf.se\/orebro-lan\/samarbeta-med-oss\/bli-medlem-i-abf\/vara-medlemsorganisationer\/\",\"url\":\"https:\/\/www.abf.se\/orebro-lan\/samarbeta-med-oss\/bli-medlem-i-abf\/vara-medlemsorganisationer\/\",\"name\":\"V\u00e5ra medlemsorganisationer - ABF \u00d6rebro l\u00e4n\",\"isPartOf\":{\"@id\":\"https:\/\/www.abf.se\/orebro-lan\/#website\"},\"datePublished\":\"2024-03-14T12:36:22+00:00\",\"dateModified\":\"2025-09-24T14:15:18+00:00\",\"description\":\"Totalt har ABF \u00d6rebro l\u00e4n drygt 100 medlemsorganisationer i \u00d6rebro l\u00e4n. Vi samarbetar dessutom med m\u00e5nga fler f\u00f6reningar p\u00e5 lokal niv\u00e5.\",\"breadcrumb\":{\"@id\":\"https:\/\/www.abf.se\/orebro-lan\/samarbeta-med-oss\/bli-medlem-i-abf\/vara-medlemsorganisationer\/#breadcrumb\"},\"inLanguage\":\"sv-SE\",\"potentialAction\":[{\"@type\":\"ReadAction\",\"target\":[\"https:\/\/www.abf.se\/orebro-lan\/samarbeta-med-oss\/bli-medlem-i-abf\/vara-medlemsorganisationer\/\"]}]},{\"@type\":\"BreadcrumbList\",\"@id\":\"https:\/\/www.abf.se\/orebro-lan\/samarbeta-med-oss\/bli-medlem-i-abf\/vara-medlemsorganisationer\/#breadcrumb\",\"itemListElement\":[{\"@type\":\"ListItem\",\"position\":1,\"name\":\"Home\",\"item\":\"https:\/\/www.abf.se\/orebro-lan\/\"},{\"@type\":\"ListItem\",\"position\":2,\"name\":\"Samarbeta med ABF\",\"item\":\"https:\/\/www.abf.se\/orebro-lan\/samarbeta-med-oss\/\"},{\"@type\":\"ListItem\",\"position\":3,\"name\":\"Medlemskap i ABF\",\"item\":\"https:\/\/www.abf.se\/orebro-lan\/samarbeta-med-oss\/bli-medlem-i-abf\/\"},{\"@type\":\"ListItem\",\"position\":4,\"name\":\"V\u00e5ra medlemsorganisationer\"}]},{\"@type\":\"WebSite\",\"@id\":\"https:\/\/www.abf.se\/orebro-lan\/#website\",\"url\":\"https:\/\/www.abf.se\/orebro-lan\/\",\"name\":\"\u00d6rebro l\u00e4n\",\"description\":\"\",\"potentialAction\":[{\"@type\":\"SearchAction\",\"target\":{\"@type\":\"EntryPoint\",\"urlTemplate\":\"https:\/\/www.abf.se\/orebro-lan\/?s={search_term_string}\"},\"query-input\":{\"@type\":\"PropertyValueSpecification\",\"valueRequired\":true,\"valueName\":\"search_term_string\"}}],\"inLanguage\":\"sv-SE\"}]}<\/script>\n<!-- \/ Yoast SEO plugin. -->","yoast_head_json":{"title":"V\u00e5ra medlemsorganisationer - ABF \u00d6rebro l\u00e4n","description":"Totalt har ABF \u00d6rebro l\u00e4n drygt 100 medlemsorganisationer i \u00d6rebro l\u00e4n. Vi samarbetar dessutom med m\u00e5nga fler f\u00f6reningar p\u00e5 lokal niv\u00e5.","robots":{"index":"index","follow":"follow","max-snippet":"max-snippet:-1","max-image-preview":"max-image-preview:large","max-video-preview":"max-video-preview:-1"},"canonical":"https:\/\/www.abf.se\/orebro-lan\/samarbeta-med-oss\/bli-medlem-i-abf\/vara-medlemsorganisationer\/","og_locale":"sv_SE","og_type":"article","og_title":"V\u00e5ra medlemsorganisationer - ABF \u00d6rebro l\u00e4n","og_description":"Totalt har ABF \u00d6rebro l\u00e4n drygt 100 medlemsorganisationer i \u00d6rebro l\u00e4n. Vi samarbetar dessutom med m\u00e5nga fler f\u00f6reningar p\u00e5 lokal niv\u00e5.","og_url":"https:\/\/www.abf.se\/orebro-lan\/samarbeta-med-oss\/bli-medlem-i-abf\/vara-medlemsorganisationer\/","og_site_name":"\u00d6rebro l\u00e4n","article_modified_time":"2025-09-24T14:15:18+00:00","og_image":[{"width":2560,"height":1440,"url":"https:\/\/www.abf.se\/wp-content\/uploads\/sites\/63\/2024\/04\/Nyckeln-liggande-scaled.jpg","type":"image\/jpeg"}],"twitter_card":"summary_large_image","schema":{"@context":"https:\/\/schema.org","@graph":[{"@type":"WebPage","@id":"https:\/\/www.abf.se\/orebro-lan\/samarbeta-med-oss\/bli-medlem-i-abf\/vara-medlemsorganisationer\/","url":"https:\/\/www.abf.se\/orebro-lan\/samarbeta-med-oss\/bli-medlem-i-abf\/vara-medlemsorganisationer\/","name":"V\u00e5ra medlemsorganisationer - ABF \u00d6rebro l\u00e4n","isPartOf":{"@id":"https:\/\/www.abf.se\/orebro-lan\/#website"},"datePublished":"2024-03-14T12:36:22+00:00","dateModified":"2025-09-24T14:15:18+00:00","description":"Totalt har ABF \u00d6rebro l\u00e4n drygt 100 medlemsorganisationer i \u00d6rebro l\u00e4n. Vi samarbetar dessutom med m\u00e5nga fler f\u00f6reningar p\u00e5 lokal niv\u00e5.","breadcrumb":{"@id":"https:\/\/www.abf.se\/orebro-lan\/samarbeta-med-oss\/bli-medlem-i-abf\/vara-medlemsorganisationer\/#breadcrumb"},"inLanguage":"sv-SE","potentialAction":[{"@type":"ReadAction","target":["https:\/\/www.abf.se\/orebro-lan\/samarbeta-med-oss\/bli-medlem-i-abf\/vara-medlemsorganisationer\/"]}]},{"@type":"BreadcrumbList","@id":"https:\/\/www.abf.se\/orebro-lan\/samarbeta-med-oss\/bli-medlem-i-abf\/vara-medlemsorganisationer\/#breadcrumb","itemListElement":[{"@type":"ListItem","position":1,"name":"Home","item":"https:\/\/www.abf.se\/orebro-lan\/"},{"@type":"ListItem","position":2,"name":"Samarbeta med ABF","item":"https:\/\/www.abf.se\/orebro-lan\/samarbeta-med-oss\/"},{"@type":"ListItem","position":3,"name":"Medlemskap i ABF","item":"https:\/\/www.abf.se\/orebro-lan\/samarbeta-med-oss\/bli-medlem-i-abf\/"},{"@type":"ListItem","position":4,"name":"V\u00e5ra medlemsorganisationer"}]},{"@type":"WebSite","@id":"https:\/\/www.abf.se\/orebro-lan\/#website","url":"https:\/\/www.abf.se\/orebro-lan\/","name":"\u00d6rebro l\u00e4n","description":"","potentialAction":[{"@type":"SearchAction","target":{"@type":"EntryPoint","urlTemplate":"https:\/\/www.abf.se\/orebro-lan\/?s={search_term_string}"},"query-input":{"@type":"PropertyValueSpecification","valueRequired":true,"valueName":"search_term_string"}}],"inLanguage":"sv-SE"}]}},"_links":{"self":[{"href":"https:\/\/www.abf.se\/orebro-lan\/wp-json\/wp\/v2\/pages\/297","targetHints":{"allow":["GET"]}}],"collection":[{"href":"https:\/\/www.abf.se\/orebro-lan\/wp-json\/wp\/v2\/pages"}],"about":[{"href":"https:\/\/www.abf.se\/orebro-lan\/wp-json\/wp\/v2\/types\/page"}],"author":[{"embeddable":true,"href":"https:\/\/www.abf.se\/orebro-lan\/wp-json\/wp\/v2\/users\/72"}],"replies":[{"embeddable":true,"href":"https:\/\/www.abf.se\/orebro-lan\/wp-json\/wp\/v2\/comments?post=297"}],"version-history":[{"count":4,"href":"https:\/\/www.abf.se\/orebro-lan\/wp-json\/wp\/v2\/pages\/297\/revisions"}],"predecessor-version":[{"id":704,"href":"https:\/\/www.abf.se\/orebro-lan\/wp-json\/wp\/v2\/pages\/297\/revisions\/704"}],"up":[{"embeddable":true,"href":"https:\/\/www.abf.se\/orebro-lan\/wp-json\/wp\/v2\/pages\/295"}],"wp:attachment":[{"href":"https:\/\/www.abf.se\/orebro-lan\/wp-json\/wp\/v2\/media?parent=297"}],"curies":[{"name":"wp","href":"https:\/\/api.w.org\/{rel}","templated":true}]}}