{"id":361,"date":"2024-03-14T14:09:30","date_gmt":"2024-03-14T13:09:30","guid":{"rendered":"https:\/\/www.abf.se\/orebro-lan\/?page_id=361"},"modified":"2024-03-21T15:34:22","modified_gmt":"2024-03-21T14:34:22","slug":"we-sign-folkbildning-pa-teckensprak","status":"publish","type":"page","link":"https:\/\/www.abf.se\/orebro-lan\/var-verksamhet\/vara-projekt\/we-sign-folkbildning-pa-teckensprak\/","title":{"rendered":"We Sign, Folkbildning p\u00e5 teckenspr\u00e5k"},"content":{"rendered":"<div\n    class=\"acf-hero-block container-lg no-padding mb-12 js-geolocation\"\n    data-block=\"hero-block\"\n    data-index=\"0\"\n>\n    <div class=\"h-[548px]  relative rounded-[32px] overflow-hidden flex bg-gray-light\">\n        <div class=\"relative z-10 mt-auto h-auto w-full md:h-full\">\n            <div class=\"flex w-full h-full flex-col flex-wrap justify-end w-full md:w-7\/12 lg:w-1\/2 md:justify-center\">\n                <div class=\"flex flex-col gap-3 md:gap-[18px] md:transparent pt-16 pb-36 md:py-8 px-4 w-full md:max-w-[620px] mx-auto px-8\">\n\n                    <h1 class=\"hero-heading hero-heading--red-text\"><span>Projektet We Sign &#8211; Folkbildning p\u00e5 teckenspr\u00e5k<\/span><\/h1>\n\n                    \n                                    <\/div>\n            <\/div>\n        <\/div>\n\n                    <picture class=\"as-background-image mix-blend-multiply bg-black\/40\"><img decoding=\"async\" src=\"https:\/\/www.abf.se\/orebro-lan\/resized\/?url=https%3A%2F%2Fwww.abf.se%2Fwp-content%2Fuploads%2F2023%2F11%2Fcare-for-u-2_foto-istock_IMGP.jpg&#038;fit=crop&#038;w=1440&#038;s=cf8b1238689feeb81061ba34ddfae111\" srcset=\"https:\/\/www.abf.se\/orebro-lan\/resized\/?url=https%3A%2F%2Fwww.abf.se%2Fwp-content%2Fuploads%2F2023%2F11%2Fcare-for-u-2_foto-istock_IMGP.jpg&#038;fit=crop&#038;w=375&#038;h=540&#038;s=5466f9cb5f77b303e130177b1b2deef0 375w, https:\/\/www.abf.se\/orebro-lan\/resized\/?url=https%3A%2F%2Fwww.abf.se%2Fwp-content%2Fuploads%2F2023%2F11%2Fcare-for-u-2_foto-istock_IMGP.jpg&#038;fit=crop&#038;w=447&#038;h=540&#038;s=99661b6ff22ac871a9729ec60b76c5d1 447w, https:\/\/www.abf.se\/orebro-lan\/resized\/?url=https%3A%2F%2Fwww.abf.se%2Fwp-content%2Fuploads%2F2023%2F11%2Fcare-for-u-2_foto-istock_IMGP.jpg&#038;fit=crop&#038;w=519&#038;h=540&#038;s=63512d64138bb90ac4ba51bedde1c384 519w, https:\/\/www.abf.se\/orebro-lan\/resized\/?url=https%3A%2F%2Fwww.abf.se%2Fwp-content%2Fuploads%2F2023%2F11%2Fcare-for-u-2_foto-istock_IMGP.jpg&#038;fit=crop&#038;w=591&#038;h=540&#038;s=9f47c4f5ff63a3f9c06ac2c171bd4dff 591w, https:\/\/www.abf.se\/orebro-lan\/resized\/?url=https%3A%2F%2Fwww.abf.se%2Fwp-content%2Fuploads%2F2023%2F11%2Fcare-for-u-2_foto-istock_IMGP.jpg&#038;fit=crop&#038;w=663&#038;h=540&#038;s=3b2d1f8f4cd35fd2ea3c651d4748c2f5 663w, https:\/\/www.abf.se\/orebro-lan\/resized\/?url=https%3A%2F%2Fwww.abf.se%2Fwp-content%2Fuploads%2F2023%2F11%2Fcare-for-u-2_foto-istock_IMGP.jpg&#038;fit=crop&#038;w=750&#038;h=540&#038;s=c7870209726a7817c2974aa3309801a2 750w, https:\/\/www.abf.se\/orebro-lan\/resized\/?url=https%3A%2F%2Fwww.abf.se%2Fwp-content%2Fuploads%2F2023%2F11%2Fcare-for-u-2_foto-istock_IMGP.jpg&#038;fit=crop&#038;w=894&#038;h=540&#038;s=3a2650032bc23977f65550da127424fe 894w, https:\/\/www.abf.se\/orebro-lan\/resized\/?url=https%3A%2F%2Fwww.abf.se%2Fwp-content%2Fuploads%2F2023%2F11%2Fcare-for-u-2_foto-istock_IMGP.jpg&#038;fit=crop&#038;w=1038&#038;h=540&#038;s=ce9ee93c717d8f3da1192d4c88dac392 1038w, https:\/\/www.abf.se\/orebro-lan\/resized\/?url=https%3A%2F%2Fwww.abf.se%2Fwp-content%2Fuploads%2F2023%2F11%2Fcare-for-u-2_foto-istock_IMGP.jpg&#038;fit=crop&#038;w=1182&#038;h=540&#038;s=c96d52dfc48b8af9ea4d3cda4fac04fd 1182w, https:\/\/www.abf.se\/orebro-lan\/resized\/?url=https%3A%2F%2Fwww.abf.se%2Fwp-content%2Fuploads%2F2023%2F11%2Fcare-for-u-2_foto-istock_IMGP.jpg&#038;fit=crop&#038;w=1326&#038;h=540&#038;s=1a20a3455c70455e94da69c3fa4d4b54 1326w, https:\/\/www.abf.se\/orebro-lan\/resized\/?url=https%3A%2F%2Fwww.abf.se%2Fwp-content%2Fuploads%2F2023%2F11%2Fcare-for-u-2_foto-istock_IMGP.jpg&#038;fit=crop&#038;w=1440&#038;h=540&#038;s=43404830cf0ea2f1f4ad052260555ca0 1440w\" alt=\"\" height=\"540\" width=\"1440\" sizes=\"(max-width: 1440px) calc(100vw - 32px), 1440px\" loading=\"eager\" fetchpriority=\"high\" aria-hidden=\"true\" role=\"presentation\" \/><\/picture>\n        \n\n            <\/div>\n\n    <\/div>\n\n<div\n    class=\"acf-article-text-block article-container my-12\"\n    data-block=\"article-text-block\"\n>\n    <div class=\"wysiwyg\">\n        <h3>Arvsfondsprojektet WeSign var ett tre\u00e5rigt nationellt projekt mellan \u00e5ren 2011-2014. Projektet uppstod ur ABFs tidigare tre\u00e5riga projekt Teckenspr\u00e5kig Kulturskola (2019-2011) som idag \u00e4r en permanent verksamhet inom \u00d6rebro kommun.<\/h3>\n<p>WeSigns uppdrag bestod bland annat av att st\u00e4rka Sveriges teckenspr\u00e5kiga medborgares demokratiska p\u00e5verkansm\u00f6jligheter och r\u00e4ttigheter med kultur som verktyg. Idag f\u00f6r ABF \u00d6rebro WeSigns arbete vidare genom lobbying och konsultuppdrag parallellt med utveckling av folkbildning p\u00e5 svenskt teckenspr\u00e5k. WeSign har de sista tre \u00e5ren drivit det omfattande arvsfondsprojektet K\u00e4nnbart (abf.se\/kannbart) med fokus p\u00e5 konst och d\u00f6vblindhet.<\/p>\n<p>Nyckeln till v\u00e5rt framg\u00e5ngsrika arbete \u00e4r id\u00e9n om att teckenspr\u00e5kiga h\u00f6rande och teckenspr\u00e5kiga d\u00f6va arbetar tillsammans \u2013 mot samma m\u00e5l. Med olika n\u00e4tverk, kompetenser och f\u00f6rtroendekapital samarbetar ABF WeSign f\u00f6r att g\u00f6ra en teckenspr\u00e5kig v\u00e4rld m\u00f6jlig.<\/p>\n\n    <\/div>\n<\/div>\n<ul\n    class=\"acf-article-accordion-block accordion-group grid gap-4 my-12 article-container--wide\"\n    data-block=\"article-accordion-block \"\n    data-ui-accordion-group\n>\n\n            <li class=\"accordion\" data-ui-accordion data-ui-accordion-open=\"false\">\n        <h3>\n        <button data-ui-accordion-button class=\"accordion-toggle font-bold\" aria-expanded=\"false\" aria-controls=\"row-villduvetameromvarteckensprakigaverksamhet?kontaktaoss!-0\" id=\"villduvetameromvarteckensprakigaverksamhet?kontaktaoss!-0\">\n            Vill du veta mer om v\u00e5r teckenspr\u00e5kiga verksamhet? Kontakta oss!\n            \n            <figure class=\"w-4.5 h-4.5\" aria-hidden=\"true\">\n            <svg width=\"20\" height=\"20\" viewBox=\"0 0 20 20\" fill=\"none\"\nclass=\"SvgIconElement\">\n<path d=\"M15.8333 7.16667L9.99992 13L4.16659 7.16667\" stroke=\"currentColor\"\/>\n<\/svg>\n            <\/figure>\n        <\/button>\n        \n                <\/h3>\n        <div class=\"accordion-content\">\n            <div id=\"row-villduvetameromvarteckensprakigaverksamhet?kontaktaoss!-0\" role=\"region\" class=\"accordion-content-wrap\" aria-labelledby=\"villduvetameromvarteckensprakigaverksamhet?kontaktaoss!-0\">\n                                                <div class=\"grid md:grid-cols-3 gap-y-10 mt-10\">\n                        \n                                                        <div class=\"contact flex flex-col gap-3\">\n                                <div class=\"md:max-w-[160px]\">\n                                    <picture><source media=\"(max-width:767px)\" srcset=\"https:\/\/www.abf.se\/orebro-lan\/resized\/?url=https%3A%2F%2Fwww.abf.se%2Fwp-content%2Fuploads%2Fsites%2F63%2F2024%2F03%2F20230130_093808-scaled.jpg&#038;fit=crop&#038;w=800&#038;h=800&#038;s=13bbce4ba3423de0e92247f78183540e 1x, https:\/\/www.abf.se\/orebro-lan\/resized\/?url=https%3A%2F%2Fwww.abf.se%2Fwp-content%2Fuploads%2Fsites%2F63%2F2024%2F03%2F20230130_093808-scaled.jpg&#038;fit=crop&#038;w=1600&#038;h=1600&#038;s=793e07a1df1a3155cbda120819dc699c 2x\"><img decoding=\"async\" src=\"https:\/\/www.abf.se\/orebro-lan\/resized\/?url=https%3A%2F%2Fwww.abf.se%2Fwp-content%2Fuploads%2Fsites%2F63%2F2024%2F03%2F20230130_093808-scaled.jpg&#038;fit=crop&#038;w=160&#038;s=95cad22626a86780ce8f914b56f50baa\" srcset=\"https:\/\/www.abf.se\/orebro-lan\/resized\/?url=https%3A%2F%2Fwww.abf.se%2Fwp-content%2Fuploads%2Fsites%2F63%2F2024%2F03%2F20230130_093808-scaled.jpg&#038;fit=crop&#038;w=320&#038;h=440&#038;s=c7bf2a87973286945e62c8764c22b6d2 1x, https:\/\/www.abf.se\/orebro-lan\/resized\/?url=https%3A%2F%2Fwww.abf.se%2Fwp-content%2Fuploads%2Fsites%2F63%2F2024%2F03%2F20230130_093808-scaled.jpg&#038;fit=crop&#038;w=320&#038;h=440&#038;s=c7bf2a87973286945e62c8764c22b6d2 2x\" alt=\"\" \/><\/picture>\n                                <\/div>\n                                <div class=\"\">\n                                    <h4 class=\"heading-lg\">Thomas Ljungberg<\/h4>\n                                    <p class=\"body-md\">Verksamhetsutvecklare teckenspr\u00e5kig folkbildning<\/p>\n                                                                    <\/div>\n                                                                <div class=\"flex gap flex-col label-md gap-1\">\n                                                                        <div class=\"flex gap-3\">\n                                        <svg width=\"20\" height=\"20\" viewBox=\"0 0 20 20\" fill=\"none\" xmlns=\"http:\/\/www.w3.org\/2000\/svg\">\n<path d=\"M16.625 17.5C14.8333 17.5 13.0868 17.1007 11.3854 16.3021C9.68403 15.5035 8.17708 14.4479 6.86458 13.1354C5.55208 11.8229 4.49653 10.316 3.69792 8.61458C2.89931 6.91319 2.5 5.16667 2.5 3.375C2.5 3.125 2.58333 2.91667 2.75 2.75C2.91667 2.58333 3.125 2.5 3.375 2.5H6.75C6.94444 2.5 7.11806 2.5625 7.27083 2.6875C7.42361 2.8125 7.51389 2.97222 7.54167 3.16667L8.08333 6.08333C8.11111 6.27778 8.10764 6.45486 8.07292 6.61458C8.03819 6.77431 7.95833 6.91667 7.83333 7.04167L5.8125 9.08333C6.39583 10.0833 7.12847 11.0208 8.01042 11.8958C8.89236 12.7708 9.86111 13.5278 10.9167 14.1667L12.875 12.2083C13 12.0833 13.1632 11.9896 13.3646 11.9271C13.566 11.8646 13.7639 11.8472 13.9583 11.875L16.8333 12.4583C17.0278 12.5 17.1875 12.5938 17.3125 12.7396C17.4375 12.8854 17.5 13.0556 17.5 13.25V16.625C17.5 16.875 17.4167 17.0833 17.25 17.25C17.0833 17.4167 16.875 17.5 16.625 17.5ZM5.02083 7.5L6.39583 6.125L6.04167 4.16667H4.1875C4.25694 4.73611 4.35417 5.29861 4.47917 5.85417C4.60417 6.40972 4.78472 6.95833 5.02083 7.5ZM15.8333 15.7917V13.9583L13.875 13.5625L12.4792 14.9583C13.0208 15.1944 13.5729 15.3819 14.1354 15.5208C14.6979 15.6597 15.2639 15.75 15.8333 15.7917Z\" fill=\"black\"\/>\n<\/svg>\n                                        <p>\n                                                                                                                               <a href=\"callto:070-601 13 12 (SMS)\">070-601 13 12 (SMS)<\/a>\n                                                                                                                                     <\/p>\n                                    <\/div>\n                                                                                                            <div class=\"flex gap-3\">\n                                        <svg width=\"20\" height=\"20\" viewBox=\"0 0 20 20\" fill=\"none\" xmlns=\"http:\/\/www.w3.org\/2000\/svg\">\n<path d=\"M3.33366 16.6666C2.87533 16.6666 2.48296 16.5035 2.15658 16.1771C1.83019 15.8507 1.66699 15.4583 1.66699 15V4.99998C1.66699 4.54165 1.83019 4.14929 2.15658 3.8229C2.48296 3.49651 2.87533 3.33331 3.33366 3.33331H16.667C17.1253 3.33331 17.5177 3.49651 17.8441 3.8229C18.1705 4.14929 18.3337 4.54165 18.3337 4.99998V15C18.3337 15.4583 18.1705 15.8507 17.8441 16.1771C17.5177 16.5035 17.1253 16.6666 16.667 16.6666H3.33366ZM16.667 6.66665L10.4378 10.5625C10.3684 10.6041 10.2955 10.6354 10.2191 10.6562C10.1427 10.6771 10.0698 10.6875 10.0003 10.6875C9.93088 10.6875 9.85797 10.6771 9.78158 10.6562C9.70519 10.6354 9.63227 10.6041 9.56283 10.5625L3.33366 6.66665V15H16.667V6.66665ZM10.0003 9.16665L16.667 4.99998H3.33366L10.0003 9.16665ZM3.33366 6.87498V5.64581V5.66665V5.65623V6.87498Z\" fill=\"black\"\/>\n<\/svg>\n                                        <p><a href=\"mailto:thomas.ljungberg@abf.se\">thomas.ljungberg@abf.se<\/a><\/p>\n                                    <\/div>\n                                                                    <\/div>\n                                                            <\/div>\n                                            <\/div>\n                                        <\/div>\n        <\/div>\n    <\/li>\n    <\/ul>\n","protected":false},"excerpt":{"rendered":"","protected":false},"author":72,"featured_media":0,"parent":263,"menu_order":0,"comment_status":"closed","ping_status":"closed","template":"","meta":{"_acf_changed":false,"footnotes":""},"class_list":["post-361","page","type-page","status-publish","hentry"],"acf":[],"yoast_head":"<!-- This site is optimized with the Yoast SEO plugin v27.0 - https:\/\/yoast.com\/product\/yoast-seo-wordpress\/ -->\n<title>We Sign, Folkbildning p\u00e5 teckenspr\u00e5k - \u00d6rebro l\u00e4n<\/title>\n<meta name=\"robots\" content=\"index, follow, max-snippet:-1, max-image-preview:large, max-video-preview:-1\" \/>\n<link rel=\"canonical\" href=\"https:\/\/www.abf.se\/orebro-lan\/var-verksamhet\/vara-projekt\/we-sign-folkbildning-pa-teckensprak\/\" \/>\n<meta property=\"og:locale\" content=\"sv_SE\" \/>\n<meta property=\"og:type\" content=\"article\" \/>\n<meta property=\"og:title\" content=\"We Sign, Folkbildning p\u00e5 teckenspr\u00e5k - \u00d6rebro l\u00e4n\" \/>\n<meta property=\"og:url\" content=\"https:\/\/www.abf.se\/orebro-lan\/var-verksamhet\/vara-projekt\/we-sign-folkbildning-pa-teckensprak\/\" \/>\n<meta property=\"og:site_name\" content=\"\u00d6rebro l\u00e4n\" \/>\n<meta property=\"article:modified_time\" content=\"2024-03-21T14:34:22+00:00\" \/>\n<meta property=\"og:image\" content=\"https:\/\/www.abf.se\/wp-content\/uploads\/sites\/63\/2024\/04\/Nyckeln-liggande-scaled.jpg\" \/>\n\t<meta property=\"og:image:width\" content=\"2560\" \/>\n\t<meta property=\"og:image:height\" content=\"1440\" \/>\n\t<meta property=\"og:image:type\" content=\"image\/jpeg\" \/>\n<meta name=\"twitter:card\" content=\"summary_large_image\" \/>\n<script type=\"application\/ld+json\" class=\"yoast-schema-graph\">{\"@context\":\"https:\/\/schema.org\",\"@graph\":[{\"@type\":\"WebPage\",\"@id\":\"https:\/\/www.abf.se\/orebro-lan\/var-verksamhet\/vara-projekt\/we-sign-folkbildning-pa-teckensprak\/\",\"url\":\"https:\/\/www.abf.se\/orebro-lan\/var-verksamhet\/vara-projekt\/we-sign-folkbildning-pa-teckensprak\/\",\"name\":\"We Sign, Folkbildning p\u00e5 teckenspr\u00e5k - \u00d6rebro l\u00e4n\",\"isPartOf\":{\"@id\":\"https:\/\/www.abf.se\/orebro-lan\/#website\"},\"datePublished\":\"2024-03-14T13:09:30+00:00\",\"dateModified\":\"2024-03-21T14:34:22+00:00\",\"breadcrumb\":{\"@id\":\"https:\/\/www.abf.se\/orebro-lan\/var-verksamhet\/vara-projekt\/we-sign-folkbildning-pa-teckensprak\/#breadcrumb\"},\"inLanguage\":\"sv-SE\",\"potentialAction\":[{\"@type\":\"ReadAction\",\"target\":[\"https:\/\/www.abf.se\/orebro-lan\/var-verksamhet\/vara-projekt\/we-sign-folkbildning-pa-teckensprak\/\"]}]},{\"@type\":\"BreadcrumbList\",\"@id\":\"https:\/\/www.abf.se\/orebro-lan\/var-verksamhet\/vara-projekt\/we-sign-folkbildning-pa-teckensprak\/#breadcrumb\",\"itemListElement\":[{\"@type\":\"ListItem\",\"position\":1,\"name\":\"Home\",\"item\":\"https:\/\/www.abf.se\/orebro-lan\/\"},{\"@type\":\"ListItem\",\"position\":2,\"name\":\"V\u00e5r verksamhet\",\"item\":\"https:\/\/www.abf.se\/orebro-lan\/var-verksamhet\/\"},{\"@type\":\"ListItem\",\"position\":3,\"name\":\"V\u00e5ra projekt\",\"item\":\"https:\/\/www.abf.se\/orebro-lan\/var-verksamhet\/vara-projekt\/\"},{\"@type\":\"ListItem\",\"position\":4,\"name\":\"We Sign, Folkbildning p\u00e5 teckenspr\u00e5k\"}]},{\"@type\":\"WebSite\",\"@id\":\"https:\/\/www.abf.se\/orebro-lan\/#website\",\"url\":\"https:\/\/www.abf.se\/orebro-lan\/\",\"name\":\"\u00d6rebro l\u00e4n\",\"description\":\"\",\"potentialAction\":[{\"@type\":\"SearchAction\",\"target\":{\"@type\":\"EntryPoint\",\"urlTemplate\":\"https:\/\/www.abf.se\/orebro-lan\/?s={search_term_string}\"},\"query-input\":{\"@type\":\"PropertyValueSpecification\",\"valueRequired\":true,\"valueName\":\"search_term_string\"}}],\"inLanguage\":\"sv-SE\"}]}<\/script>\n<!-- \/ Yoast SEO plugin. -->","yoast_head_json":{"title":"We Sign, Folkbildning p\u00e5 teckenspr\u00e5k - \u00d6rebro l\u00e4n","robots":{"index":"index","follow":"follow","max-snippet":"max-snippet:-1","max-image-preview":"max-image-preview:large","max-video-preview":"max-video-preview:-1"},"canonical":"https:\/\/www.abf.se\/orebro-lan\/var-verksamhet\/vara-projekt\/we-sign-folkbildning-pa-teckensprak\/","og_locale":"sv_SE","og_type":"article","og_title":"We Sign, Folkbildning p\u00e5 teckenspr\u00e5k - \u00d6rebro l\u00e4n","og_url":"https:\/\/www.abf.se\/orebro-lan\/var-verksamhet\/vara-projekt\/we-sign-folkbildning-pa-teckensprak\/","og_site_name":"\u00d6rebro l\u00e4n","article_modified_time":"2024-03-21T14:34:22+00:00","og_image":[{"width":2560,"height":1440,"url":"https:\/\/www.abf.se\/wp-content\/uploads\/sites\/63\/2024\/04\/Nyckeln-liggande-scaled.jpg","type":"image\/jpeg"}],"twitter_card":"summary_large_image","schema":{"@context":"https:\/\/schema.org","@graph":[{"@type":"WebPage","@id":"https:\/\/www.abf.se\/orebro-lan\/var-verksamhet\/vara-projekt\/we-sign-folkbildning-pa-teckensprak\/","url":"https:\/\/www.abf.se\/orebro-lan\/var-verksamhet\/vara-projekt\/we-sign-folkbildning-pa-teckensprak\/","name":"We Sign, Folkbildning p\u00e5 teckenspr\u00e5k - \u00d6rebro l\u00e4n","isPartOf":{"@id":"https:\/\/www.abf.se\/orebro-lan\/#website"},"datePublished":"2024-03-14T13:09:30+00:00","dateModified":"2024-03-21T14:34:22+00:00","breadcrumb":{"@id":"https:\/\/www.abf.se\/orebro-lan\/var-verksamhet\/vara-projekt\/we-sign-folkbildning-pa-teckensprak\/#breadcrumb"},"inLanguage":"sv-SE","potentialAction":[{"@type":"ReadAction","target":["https:\/\/www.abf.se\/orebro-lan\/var-verksamhet\/vara-projekt\/we-sign-folkbildning-pa-teckensprak\/"]}]},{"@type":"BreadcrumbList","@id":"https:\/\/www.abf.se\/orebro-lan\/var-verksamhet\/vara-projekt\/we-sign-folkbildning-pa-teckensprak\/#breadcrumb","itemListElement":[{"@type":"ListItem","position":1,"name":"Home","item":"https:\/\/www.abf.se\/orebro-lan\/"},{"@type":"ListItem","position":2,"name":"V\u00e5r verksamhet","item":"https:\/\/www.abf.se\/orebro-lan\/var-verksamhet\/"},{"@type":"ListItem","position":3,"name":"V\u00e5ra projekt","item":"https:\/\/www.abf.se\/orebro-lan\/var-verksamhet\/vara-projekt\/"},{"@type":"ListItem","position":4,"name":"We Sign, Folkbildning p\u00e5 teckenspr\u00e5k"}]},{"@type":"WebSite","@id":"https:\/\/www.abf.se\/orebro-lan\/#website","url":"https:\/\/www.abf.se\/orebro-lan\/","name":"\u00d6rebro l\u00e4n","description":"","potentialAction":[{"@type":"SearchAction","target":{"@type":"EntryPoint","urlTemplate":"https:\/\/www.abf.se\/orebro-lan\/?s={search_term_string}"},"query-input":{"@type":"PropertyValueSpecification","valueRequired":true,"valueName":"search_term_string"}}],"inLanguage":"sv-SE"}]}},"_links":{"self":[{"href":"https:\/\/www.abf.se\/orebro-lan\/wp-json\/wp\/v2\/pages\/361","targetHints":{"allow":["GET"]}}],"collection":[{"href":"https:\/\/www.abf.se\/orebro-lan\/wp-json\/wp\/v2\/pages"}],"about":[{"href":"https:\/\/www.abf.se\/orebro-lan\/wp-json\/wp\/v2\/types\/page"}],"author":[{"embeddable":true,"href":"https:\/\/www.abf.se\/orebro-lan\/wp-json\/wp\/v2\/users\/72"}],"replies":[{"embeddable":true,"href":"https:\/\/www.abf.se\/orebro-lan\/wp-json\/wp\/v2\/comments?post=361"}],"version-history":[{"count":5,"href":"https:\/\/www.abf.se\/orebro-lan\/wp-json\/wp\/v2\/pages\/361\/revisions"}],"predecessor-version":[{"id":761,"href":"https:\/\/www.abf.se\/orebro-lan\/wp-json\/wp\/v2\/pages\/361\/revisions\/761"}],"up":[{"embeddable":true,"href":"https:\/\/www.abf.se\/orebro-lan\/wp-json\/wp\/v2\/pages\/263"}],"wp:attachment":[{"href":"https:\/\/www.abf.se\/orebro-lan\/wp-json\/wp\/v2\/media?parent=361"}],"curies":[{"name":"wp","href":"https:\/\/api.w.org\/{rel}","templated":true}]}}