{"id":1536,"date":"2025-10-06T11:38:30","date_gmt":"2025-10-06T09:38:30","guid":{"rendered":"https:\/\/www.abf.se\/helsingborg\/?page_id=1536"},"modified":"2026-04-07T10:50:38","modified_gmt":"2026-04-07T08:50:38","slug":"antirasistiska-filmdagarna","status":"publish","type":"page","link":"https:\/\/www.abf.se\/oresund\/antirasistiska-filmdagarna\/","title":{"rendered":"Antirasistisk filmdag"},"content":{"rendered":"<div\n    class=\"acf-hero-block container-lg no-padding mb-12 js-geolocation\"\n    data-block=\"hero-block\"\n    data-index=\"0\"\n>\n    <div class=\"h-[548px]  relative rounded-[32px] overflow-hidden flex bg-gray-light\">\n        <div class=\"relative z-10 mt-auto h-auto w-full md:h-full\">\n            <div class=\"flex w-full h-full flex-col flex-wrap justify-end w-full md:w-7\/12 lg:w-1\/2 md:justify-center\">\n                <div class=\"flex flex-col gap-3 md:gap-[18px] md:transparent pt-16 pb-36 md:py-8 px-4 w-full md:max-w-[620px] mx-auto px-8\">\n\n                    <h1 class=\"hero-heading hero-heading--red-text\"><span>Antirasistiska<br \/>\r\nfilmdagen<br \/>\r\n\u00d6rkelljunga<\/span><\/h1>\n\n                    \n                                    <\/div>\n            <\/div>\n        <\/div>\n\n                    <picture class=\"as-background-image mix-blend-multiply bg-black\/40\"><img decoding=\"async\" src=\"https:\/\/www.abf.se\/oresund\/resized\/?url=https%3A%2F%2Fwww.abf.se%2Fwp-content%2Fuploads%2F2023%2F11%2FAsikter-och-opinion-liggande_IMGP.jpg&#038;fit=crop&#038;w=1440&#038;s=66f4a15e333479889659c281fd395dfc\" srcset=\"https:\/\/www.abf.se\/oresund\/resized\/?url=https%3A%2F%2Fwww.abf.se%2Fwp-content%2Fuploads%2F2023%2F11%2FAsikter-och-opinion-liggande_IMGP.jpg&#038;fit=crop&#038;w=375&#038;h=540&#038;s=863f1ce7fb00720fee1ffbc14790c7a6 375w, https:\/\/www.abf.se\/oresund\/resized\/?url=https%3A%2F%2Fwww.abf.se%2Fwp-content%2Fuploads%2F2023%2F11%2FAsikter-och-opinion-liggande_IMGP.jpg&#038;fit=crop&#038;w=447&#038;h=540&#038;s=adac5b6eb28036637353ae52862ca2b3 447w, https:\/\/www.abf.se\/oresund\/resized\/?url=https%3A%2F%2Fwww.abf.se%2Fwp-content%2Fuploads%2F2023%2F11%2FAsikter-och-opinion-liggande_IMGP.jpg&#038;fit=crop&#038;w=519&#038;h=540&#038;s=49f1099d40361df0b5b1b215d49e275c 519w, https:\/\/www.abf.se\/oresund\/resized\/?url=https%3A%2F%2Fwww.abf.se%2Fwp-content%2Fuploads%2F2023%2F11%2FAsikter-och-opinion-liggande_IMGP.jpg&#038;fit=crop&#038;w=591&#038;h=540&#038;s=f3e68a322809919c365b9bd8bedf3a5f 591w, https:\/\/www.abf.se\/oresund\/resized\/?url=https%3A%2F%2Fwww.abf.se%2Fwp-content%2Fuploads%2F2023%2F11%2FAsikter-och-opinion-liggande_IMGP.jpg&#038;fit=crop&#038;w=663&#038;h=540&#038;s=7195f35ad783a665984074874dfae8b6 663w, https:\/\/www.abf.se\/oresund\/resized\/?url=https%3A%2F%2Fwww.abf.se%2Fwp-content%2Fuploads%2F2023%2F11%2FAsikter-och-opinion-liggande_IMGP.jpg&#038;fit=crop&#038;w=750&#038;h=540&#038;s=af7ddcdafcaae5a5bbf43c4c426a7bfe 750w, https:\/\/www.abf.se\/oresund\/resized\/?url=https%3A%2F%2Fwww.abf.se%2Fwp-content%2Fuploads%2F2023%2F11%2FAsikter-och-opinion-liggande_IMGP.jpg&#038;fit=crop&#038;w=894&#038;h=540&#038;s=2d96f76fddd872d0341560aac7fa9c8c 894w, https:\/\/www.abf.se\/oresund\/resized\/?url=https%3A%2F%2Fwww.abf.se%2Fwp-content%2Fuploads%2F2023%2F11%2FAsikter-och-opinion-liggande_IMGP.jpg&#038;fit=crop&#038;w=1038&#038;h=540&#038;s=b10d89a6172ef50a73a6813177230768 1038w, https:\/\/www.abf.se\/oresund\/resized\/?url=https%3A%2F%2Fwww.abf.se%2Fwp-content%2Fuploads%2F2023%2F11%2FAsikter-och-opinion-liggande_IMGP.jpg&#038;fit=crop&#038;w=1182&#038;h=540&#038;s=c22b505a3db45d126194d51cef0da2e3 1182w, https:\/\/www.abf.se\/oresund\/resized\/?url=https%3A%2F%2Fwww.abf.se%2Fwp-content%2Fuploads%2F2023%2F11%2FAsikter-och-opinion-liggande_IMGP.jpg&#038;fit=crop&#038;w=1326&#038;h=540&#038;s=27a68a82f5abf0780b44b2884d5ee9bf 1326w, https:\/\/www.abf.se\/oresund\/resized\/?url=https%3A%2F%2Fwww.abf.se%2Fwp-content%2Fuploads%2F2023%2F11%2FAsikter-och-opinion-liggande_IMGP.jpg&#038;fit=crop&#038;w=1440&#038;h=540&#038;s=130cf5f39272e7091881003f6085eea3 1440w\" alt=\"\" height=\"540\" width=\"1440\" sizes=\"(max-width: 1440px) calc(100vw - 32px), 1440px\" loading=\"eager\" fetchpriority=\"high\" aria-hidden=\"true\" role=\"presentation\" \/><\/picture>\n        \n\n            <\/div>\n\n    <\/div>\n\n<div\n    class=\"acf-article-text-block article-container my-12\"\n    data-block=\"article-text-block\"\n>\n    <div class=\"wysiwyg\">\n        <p>Tisdag 28 april arrangerar Antidiskrimineringsbyr\u00e5n, ABF och \u00d6rkelljunga kommun en Antirastisisk filmdag.<\/p>\n<p>Efter filmvisning arrangeras ett efterf\u00f6ljande samtal.<\/p>\n\n    <\/div>\n<\/div>\n<div\n    class=\"acf-text-image-block container bg-gray-light py-12 md:py-15\"\n    data-block=\"text-image-block\"\n>\n    <div\n    class=\"flex flex-col items-center md:flex-row gap-8 md:gap-0 justify-between\">\n                        <div class=\"w-full md:w-1\/2 md:order-2\">\n            <picture><img decoding=\"async\" src=\"https:\/\/www.abf.se\/oresund\/resized\/?url=https%3A%2F%2Fwww.abf.se%2Fwp-content%2Fuploads%2Fsites%2F24%2F2025%2F10%2Fspiderthieves.jpg&#038;fit=crop&#038;w=578&#038;s=60176c1afadb0237e224e900e72400f7\" srcset=\"https:\/\/www.abf.se\/oresund\/resized\/?url=https%3A%2F%2Fwww.abf.se%2Fwp-content%2Fuploads%2Fsites%2F24%2F2025%2F10%2Fspiderthieves.jpg&#038;fit=crop&#038;w=144&#038;h=126&#038;s=9b046f3fc7044956d4316ee5d8d4d87d 144w, https:\/\/www.abf.se\/oresund\/resized\/?url=https%3A%2F%2Fwww.abf.se%2Fwp-content%2Fuploads%2Fsites%2F24%2F2025%2F10%2Fspiderthieves.jpg&#038;fit=crop&#038;w=240&#038;h=211&#038;s=bcdd4b4ba0249718a436150ff939a42a 240w, https:\/\/www.abf.se\/oresund\/resized\/?url=https%3A%2F%2Fwww.abf.se%2Fwp-content%2Fuploads%2Fsites%2F24%2F2025%2F10%2Fspiderthieves.jpg&#038;fit=crop&#038;w=288&#038;h=253&#038;s=8ea6554c499c1b3a260ac23982c4412a 288w, https:\/\/www.abf.se\/oresund\/resized\/?url=https%3A%2F%2Fwww.abf.se%2Fwp-content%2Fuploads%2Fsites%2F24%2F2025%2F10%2Fspiderthieves.jpg&#038;fit=crop&#038;w=336&#038;h=295&#038;s=b64bf1582927b4708d3016bcce4ae201 336w, https:\/\/www.abf.se\/oresund\/resized\/?url=https%3A%2F%2Fwww.abf.se%2Fwp-content%2Fuploads%2Fsites%2F24%2F2025%2F10%2Fspiderthieves.jpg&#038;fit=crop&#038;w=432&#038;h=380&#038;s=1ce125e16e3b4cb2f67a6997372c32b6 432w, https:\/\/www.abf.se\/oresund\/resized\/?url=https%3A%2F%2Fwww.abf.se%2Fwp-content%2Fuploads%2Fsites%2F24%2F2025%2F10%2Fspiderthieves.jpg&#038;fit=crop&#038;w=480&#038;h=422&#038;s=a1dc3c196896710ff1ea808fae4b6143 480w, https:\/\/www.abf.se\/oresund\/resized\/?url=https%3A%2F%2Fwww.abf.se%2Fwp-content%2Fuploads%2Fsites%2F24%2F2025%2F10%2Fspiderthieves.jpg&#038;fit=crop&#038;w=528&#038;h=464&#038;s=ed617aec2e9f788853a601ebdf08c74d 528w, https:\/\/www.abf.se\/oresund\/resized\/?url=https%3A%2F%2Fwww.abf.se%2Fwp-content%2Fuploads%2Fsites%2F24%2F2025%2F10%2Fspiderthieves.jpg&#038;fit=crop&#038;w=578&#038;h=509&#038;s=8f03b4429e147200daf8b19713d83638 578w, https:\/\/www.abf.se\/oresund\/resized\/?url=https%3A%2F%2Fwww.abf.se%2Fwp-content%2Fuploads%2Fsites%2F24%2F2025%2F10%2Fspiderthieves.jpg&#038;fit=crop&#038;w=672&#038;h=591&#038;s=019ee2c3514f5fce09369a77b89d699c 672w, https:\/\/www.abf.se\/oresund\/resized\/?url=https%3A%2F%2Fwww.abf.se%2Fwp-content%2Fuploads%2Fsites%2F24%2F2025%2F10%2Fspiderthieves.jpg&#038;fit=crop&#038;w=864&#038;h=760&#038;s=4fb5d99dd0a31b59563abb727a475db9 864w, https:\/\/www.abf.se\/oresund\/resized\/?url=https%3A%2F%2Fwww.abf.se%2Fwp-content%2Fuploads%2Fsites%2F24%2F2025%2F10%2Fspiderthieves.jpg&#038;fit=crop&#038;w=1056&#038;h=929&#038;s=078fae37a16627b68b44df452b9012a0 1056w\" alt=\"\" height=\"509\" width=\"578\" sizes=\"auto, (max-width: 768px) 100vw,\n                (max-width: 1280px) 50vw, 578px\" loading=\"lazy\" fetchpriority=\"low\" \/><\/picture>\n\n        <\/div>\n        \n        <div class=\"w-full md:w-1\/2 md:order-1\">\n        <div class=\"mx-auto md:max-w-[368px]\">\n            <h2 class=\"heading-lg\">Skolvisning | Spider Thieves<\/h2>\n            <div class=\"mb-6 mt-4 wysiwyg\">\n                <p>\ud83d\uddd3\ufe0f Tisdag 28 april \ud83d\udd58 Klockan 13:00 p\u00e5 \ud83d\udccd Blackbox, Forum \u00d6rkelljunga, Kungsv\u00e4gen 22<\/p>\n<p>I en k\u00e5kstad i Santiago lever tre tjejer i fattigdom och dr\u00f6mmer om trendiga saker de ser p\u00e5 TV och i k\u00f6pcentrum. Genom att bryta sig in i l\u00e4genheter via husfasader blir de k\u00e4nda som &#8221;spindeltjuvarna&#8221;. Ungdomsthrillern, inspirerad av verkliga h\u00e4ndelser, skildrar tr\u00e4ffs\u00e4kert social utsatthet, dr\u00f6mmar och klass.<\/p>\n<p>Se trailer: <a href=\"https:\/\/www.youtube.com\/watch?v=MUK9jNn6k2Q\">L\u00e4nk<\/a><\/p>\n\n            <\/div>\n                                            <a href='https:\/\/www.abf.se\/oresund\/antirasistiska-filmdagarna\/skolvisning-spider-thieves\/' class=\"default-button\" target=\"\">Anm\u00e4lan<\/a>\n                    <\/div>\n        <\/div>\n    <\/div>\n<\/div><div\n    class=\"acf-text-image-block container bg-gray-light py-12 md:py-15\"\n    data-block=\"text-image-block\"\n>\n    <div\n    class=\"flex flex-col items-center md:flex-row gap-8 md:gap-0 justify-between\">\n                        <div class=\"w-full md:w-1\/2 md:order-2\">\n            <picture><img decoding=\"async\" src=\"https:\/\/www.abf.se\/oresund\/resized\/?url=https%3A%2F%2Fwww.abf.se%2Fwp-content%2Fuploads%2Fsites%2F24%2F2026%2F04%2FEditorial-office.jpg&#038;fit=crop&#038;w=578&#038;s=cd355e15a0795c100035591984ae9556\" srcset=\"https:\/\/www.abf.se\/oresund\/resized\/?url=https%3A%2F%2Fwww.abf.se%2Fwp-content%2Fuploads%2Fsites%2F24%2F2026%2F04%2FEditorial-office.jpg&#038;fit=crop&#038;w=144&#038;h=126&#038;s=023ccb097593509f731eb5084d1b995a 144w, https:\/\/www.abf.se\/oresund\/resized\/?url=https%3A%2F%2Fwww.abf.se%2Fwp-content%2Fuploads%2Fsites%2F24%2F2026%2F04%2FEditorial-office.jpg&#038;fit=crop&#038;w=240&#038;h=211&#038;s=7f413f5f99ca3a49b9cb740941858fe6 240w, https:\/\/www.abf.se\/oresund\/resized\/?url=https%3A%2F%2Fwww.abf.se%2Fwp-content%2Fuploads%2Fsites%2F24%2F2026%2F04%2FEditorial-office.jpg&#038;fit=crop&#038;w=288&#038;h=253&#038;s=ae3844b1a5389b3c160c25bb0a05c75c 288w, https:\/\/www.abf.se\/oresund\/resized\/?url=https%3A%2F%2Fwww.abf.se%2Fwp-content%2Fuploads%2Fsites%2F24%2F2026%2F04%2FEditorial-office.jpg&#038;fit=crop&#038;w=336&#038;h=295&#038;s=f990505404b05a08409c1f9cf7da743c 336w, https:\/\/www.abf.se\/oresund\/resized\/?url=https%3A%2F%2Fwww.abf.se%2Fwp-content%2Fuploads%2Fsites%2F24%2F2026%2F04%2FEditorial-office.jpg&#038;fit=crop&#038;w=432&#038;h=380&#038;s=92d5901f0dd8cb5a83372d3ead804be6 432w, https:\/\/www.abf.se\/oresund\/resized\/?url=https%3A%2F%2Fwww.abf.se%2Fwp-content%2Fuploads%2Fsites%2F24%2F2026%2F04%2FEditorial-office.jpg&#038;fit=crop&#038;w=480&#038;h=422&#038;s=6ed06ddbe0318e68d888e0a9ed018ecd 480w, https:\/\/www.abf.se\/oresund\/resized\/?url=https%3A%2F%2Fwww.abf.se%2Fwp-content%2Fuploads%2Fsites%2F24%2F2026%2F04%2FEditorial-office.jpg&#038;fit=crop&#038;w=528&#038;h=464&#038;s=8705686cc935700267f1cd36322975b4 528w, https:\/\/www.abf.se\/oresund\/resized\/?url=https%3A%2F%2Fwww.abf.se%2Fwp-content%2Fuploads%2Fsites%2F24%2F2026%2F04%2FEditorial-office.jpg&#038;fit=crop&#038;w=578&#038;h=509&#038;s=b47be9d3dfc91a1e52f9a76aaf0d6759 578w, https:\/\/www.abf.se\/oresund\/resized\/?url=https%3A%2F%2Fwww.abf.se%2Fwp-content%2Fuploads%2Fsites%2F24%2F2026%2F04%2FEditorial-office.jpg&#038;fit=crop&#038;w=672&#038;h=591&#038;s=2151f72207eda8d11a576ec7fe65b074 672w, https:\/\/www.abf.se\/oresund\/resized\/?url=https%3A%2F%2Fwww.abf.se%2Fwp-content%2Fuploads%2Fsites%2F24%2F2026%2F04%2FEditorial-office.jpg&#038;fit=crop&#038;w=864&#038;h=760&#038;s=696a3f2acb2d4bbe9858499196e7b16a 864w, https:\/\/www.abf.se\/oresund\/resized\/?url=https%3A%2F%2Fwww.abf.se%2Fwp-content%2Fuploads%2Fsites%2F24%2F2026%2F04%2FEditorial-office.jpg&#038;fit=crop&#038;w=1056&#038;h=929&#038;s=f406848f25150dab1712b2ea08052e29 1056w\" alt=\"\" height=\"509\" width=\"578\" sizes=\"auto, (max-width: 768px) 100vw,\n                (max-width: 1280px) 50vw, 578px\" loading=\"lazy\" fetchpriority=\"low\" \/><\/picture>\n\n        <\/div>\n        \n        <div class=\"w-full md:w-1\/2 md:order-1\">\n        <div class=\"mx-auto md:max-w-[368px]\">\n            <h2 class=\"heading-lg\">\u00d6ppen visning | The Editorial Office<\/h2>\n            <div class=\"mb-6 mt-4 wysiwyg\">\n                <p>\ud83d\uddd3\ufe0f Tisdag 28 april \ud83d\udd58 Klockan 18:00 p\u00e5 \ud83d\udccd Blackbox, Forum \u00d6rkelljunga, Kungsv\u00e4gen 22<\/p>\n<p>Ukrainsk satir som f\u00f6ljer en ung idealist som kliver in i mediev\u00e4rlden med ambitionen att g\u00f6ra skillnad \u2013 men som snabbt m\u00f6ter en verklighet pr\u00e4glad av kompromisser, maktspel och m\u00e4rkliga arbetsmetoder. Med en egenartad stil och skarp samh\u00e4llskommentar v\u00e4cker filmen fr\u00e5gor om demokrati, ansvar och vad som egentligen formar den bild av verkligheten vi tar del av.<\/p>\n<p>Se trailer: <a href=\"https:\/\/youtu.be\/TtPrLcSKnuA?si=8FmAtm3czvKA3iWQ\">L\u00e4nk<\/a><\/p>\n\n            <\/div>\n                                            <a href='https:\/\/www.abf.se\/oresund\/antirasistiska-filmdagarna\/the-editorial-office\/' class=\"default-button\" target=\"\">Anm\u00e4lan<\/a>\n                    <\/div>\n        <\/div>\n    <\/div>\n<\/div>","protected":false},"excerpt":{"rendered":"","protected":false},"author":24,"featured_media":0,"parent":0,"menu_order":0,"comment_status":"closed","ping_status":"closed","template":"","meta":{"_acf_changed":false,"footnotes":""},"class_list":["post-1536","page","type-page","status-publish","hentry"],"acf":[],"yoast_head":"<!-- This site is optimized with the Yoast SEO plugin v27.0 - https:\/\/yoast.com\/product\/yoast-seo-wordpress\/ -->\n<title>Antirasistisk filmdag - \u00d6resund<\/title>\n<meta name=\"robots\" content=\"index, follow, max-snippet:-1, max-image-preview:large, max-video-preview:-1\" \/>\n<link rel=\"canonical\" href=\"https:\/\/www.abf.se\/oresund\/antirasistiska-filmdagarna\/\" \/>\n<meta property=\"og:locale\" content=\"sv_SE\" \/>\n<meta property=\"og:type\" content=\"article\" \/>\n<meta property=\"og:title\" content=\"Antirasistisk filmdag - \u00d6resund\" \/>\n<meta property=\"og:url\" content=\"https:\/\/www.abf.se\/oresund\/antirasistiska-filmdagarna\/\" \/>\n<meta property=\"og:site_name\" content=\"\u00d6resund\" \/>\n<meta property=\"article:modified_time\" content=\"2026-04-07T08:50:38+00:00\" \/>\n<meta property=\"og:image\" content=\"https:\/\/www.abf.se\/wp-content\/uploads\/sites\/24\/2024\/04\/Nyckeln-liggande-scaled.jpg\" \/>\n\t<meta property=\"og:image:width\" content=\"2560\" \/>\n\t<meta property=\"og:image:height\" content=\"1440\" \/>\n\t<meta property=\"og:image:type\" content=\"image\/jpeg\" \/>\n<meta name=\"twitter:card\" content=\"summary_large_image\" \/>\n<script type=\"application\/ld+json\" class=\"yoast-schema-graph\">{\"@context\":\"https:\/\/schema.org\",\"@graph\":[{\"@type\":\"WebPage\",\"@id\":\"https:\/\/www.abf.se\/oresund\/antirasistiska-filmdagarna\/\",\"url\":\"https:\/\/www.abf.se\/oresund\/antirasistiska-filmdagarna\/\",\"name\":\"Antirasistisk filmdag - \u00d6resund\",\"isPartOf\":{\"@id\":\"https:\/\/www.abf.se\/oresund\/#website\"},\"datePublished\":\"2025-10-06T09:38:30+00:00\",\"dateModified\":\"2026-04-07T08:50:38+00:00\",\"breadcrumb\":{\"@id\":\"https:\/\/www.abf.se\/oresund\/antirasistiska-filmdagarna\/#breadcrumb\"},\"inLanguage\":\"sv-SE\",\"potentialAction\":[{\"@type\":\"ReadAction\",\"target\":[\"https:\/\/www.abf.se\/oresund\/antirasistiska-filmdagarna\/\"]}]},{\"@type\":\"BreadcrumbList\",\"@id\":\"https:\/\/www.abf.se\/oresund\/antirasistiska-filmdagarna\/#breadcrumb\",\"itemListElement\":[{\"@type\":\"ListItem\",\"position\":1,\"name\":\"Home\",\"item\":\"https:\/\/www.abf.se\/oresund\/\"},{\"@type\":\"ListItem\",\"position\":2,\"name\":\"Antirasistisk filmdag\"}]},{\"@type\":\"WebSite\",\"@id\":\"https:\/\/www.abf.se\/oresund\/#website\",\"url\":\"https:\/\/www.abf.se\/oresund\/\",\"name\":\"\u00d6resund\",\"description\":\"\",\"potentialAction\":[{\"@type\":\"SearchAction\",\"target\":{\"@type\":\"EntryPoint\",\"urlTemplate\":\"https:\/\/www.abf.se\/oresund\/?s={search_term_string}\"},\"query-input\":{\"@type\":\"PropertyValueSpecification\",\"valueRequired\":true,\"valueName\":\"search_term_string\"}}],\"inLanguage\":\"sv-SE\"}]}<\/script>\n<!-- \/ Yoast SEO plugin. -->","yoast_head_json":{"title":"Antirasistisk filmdag - \u00d6resund","robots":{"index":"index","follow":"follow","max-snippet":"max-snippet:-1","max-image-preview":"max-image-preview:large","max-video-preview":"max-video-preview:-1"},"canonical":"https:\/\/www.abf.se\/oresund\/antirasistiska-filmdagarna\/","og_locale":"sv_SE","og_type":"article","og_title":"Antirasistisk filmdag - \u00d6resund","og_url":"https:\/\/www.abf.se\/oresund\/antirasistiska-filmdagarna\/","og_site_name":"\u00d6resund","article_modified_time":"2026-04-07T08:50:38+00:00","og_image":[{"width":2560,"height":1440,"url":"https:\/\/www.abf.se\/wp-content\/uploads\/sites\/24\/2024\/04\/Nyckeln-liggande-scaled.jpg","type":"image\/jpeg"}],"twitter_card":"summary_large_image","schema":{"@context":"https:\/\/schema.org","@graph":[{"@type":"WebPage","@id":"https:\/\/www.abf.se\/oresund\/antirasistiska-filmdagarna\/","url":"https:\/\/www.abf.se\/oresund\/antirasistiska-filmdagarna\/","name":"Antirasistisk filmdag - \u00d6resund","isPartOf":{"@id":"https:\/\/www.abf.se\/oresund\/#website"},"datePublished":"2025-10-06T09:38:30+00:00","dateModified":"2026-04-07T08:50:38+00:00","breadcrumb":{"@id":"https:\/\/www.abf.se\/oresund\/antirasistiska-filmdagarna\/#breadcrumb"},"inLanguage":"sv-SE","potentialAction":[{"@type":"ReadAction","target":["https:\/\/www.abf.se\/oresund\/antirasistiska-filmdagarna\/"]}]},{"@type":"BreadcrumbList","@id":"https:\/\/www.abf.se\/oresund\/antirasistiska-filmdagarna\/#breadcrumb","itemListElement":[{"@type":"ListItem","position":1,"name":"Home","item":"https:\/\/www.abf.se\/oresund\/"},{"@type":"ListItem","position":2,"name":"Antirasistisk filmdag"}]},{"@type":"WebSite","@id":"https:\/\/www.abf.se\/oresund\/#website","url":"https:\/\/www.abf.se\/oresund\/","name":"\u00d6resund","description":"","potentialAction":[{"@type":"SearchAction","target":{"@type":"EntryPoint","urlTemplate":"https:\/\/www.abf.se\/oresund\/?s={search_term_string}"},"query-input":{"@type":"PropertyValueSpecification","valueRequired":true,"valueName":"search_term_string"}}],"inLanguage":"sv-SE"}]}},"_links":{"self":[{"href":"https:\/\/www.abf.se\/oresund\/wp-json\/wp\/v2\/pages\/1536","targetHints":{"allow":["GET"]}}],"collection":[{"href":"https:\/\/www.abf.se\/oresund\/wp-json\/wp\/v2\/pages"}],"about":[{"href":"https:\/\/www.abf.se\/oresund\/wp-json\/wp\/v2\/types\/page"}],"author":[{"embeddable":true,"href":"https:\/\/www.abf.se\/oresund\/wp-json\/wp\/v2\/users\/24"}],"replies":[{"embeddable":true,"href":"https:\/\/www.abf.se\/oresund\/wp-json\/wp\/v2\/comments?post=1536"}],"version-history":[{"count":14,"href":"https:\/\/www.abf.se\/oresund\/wp-json\/wp\/v2\/pages\/1536\/revisions"}],"predecessor-version":[{"id":3076,"href":"https:\/\/www.abf.se\/oresund\/wp-json\/wp\/v2\/pages\/1536\/revisions\/3076"}],"wp:attachment":[{"href":"https:\/\/www.abf.se\/oresund\/wp-json\/wp\/v2\/media?parent=1536"}],"curies":[{"name":"wp","href":"https:\/\/api.w.org\/{rel}","templated":true}]}}