{"id":2020,"date":"2026-04-17T10:13:02","date_gmt":"2026-04-17T08:13:02","guid":{"rendered":"https:\/\/www.abf.se\/ostergotland\/?page_id=2020"},"modified":"2026-04-29T10:12:26","modified_gmt":"2026-04-29T08:12:26","slug":"utan-folkbildning-tystnar-sverige-ostergotland","status":"publish","type":"page","link":"https:\/\/www.abf.se\/ostergotland\/utan-folkbildning-tystnar-sverige-ostergotland\/","title":{"rendered":"Utan folkbildning tystnar Sverige &#8211; \u00d6sterg\u00f6tland"},"content":{"rendered":"<div\n    class=\"acf-hero-block container-lg no-padding mb-12 js-geolocation\"\n    data-block=\"hero-block\"\n    data-index=\"0\"\n>\n    <div class=\"h-[548px]  relative rounded-[32px] overflow-hidden flex bg-gray-light\">\n        <div class=\"relative z-10 mt-auto h-auto w-full md:h-full\">\n            <div class=\"flex w-full h-full flex-col flex-wrap justify-end w-full md:w-7\/12 lg:w-1\/2 md:justify-center\">\n                <div class=\"flex flex-col gap-3 md:gap-[18px] md:transparent pt-16 pb-36 md:py-8 px-4 w-full md:max-w-[620px] mx-auto px-8\">\n\n                    <h1 class=\"hero-heading hero-heading--red-text\"><span>Utan folkbildning tystnar Sverige<\/span><\/h1>\n\n                                            <p class=\"mt-4 max-w-[48ch] text-white\">\n                            ABF \u00d6sterg\u00f6tland ska vara en aktiv akt\u00f6r under val\u00e5ret, f\u00f6r att lyfta\u00a0 folkbildningens fr\u00e5gor i valdebatten och bidra till en valr\u00f6relse d\u00e4r m\u00e5ngas\u00a0 r\u00f6ster blir h\u00f6rda. H\u00e4r samlar vi alla aktiviteter som g\u00f6rs i \u00d6sterg\u00f6tland kopplat till v\u00e5rat viktiga demokratiarbete.\n                        <\/p>\n                    \n                                    <\/div>\n            <\/div>\n        <\/div>\n\n                    <picture class=\"as-background-image mix-blend-multiply bg-black\/40\"><img decoding=\"async\" src=\"https:\/\/www.abf.se\/ostergotland\/resized\/?url=https%3A%2F%2Fwww.abf.se%2Fwp-content%2Fuploads%2Fsites%2F64%2F2026%2F04%2Fheader-hemsida-utan-folkbildning-tystnar-sverige-1.jpg&#038;fit=crop&#038;w=1440&#038;s=3aa25382d02c7eaaac20d5a6df8ce44d\" srcset=\"https:\/\/www.abf.se\/ostergotland\/resized\/?url=https%3A%2F%2Fwww.abf.se%2Fwp-content%2Fuploads%2Fsites%2F64%2F2026%2F04%2Fheader-hemsida-utan-folkbildning-tystnar-sverige-1.jpg&#038;fit=crop&#038;w=375&#038;h=540&#038;s=f7f5725722b2111716444414f08d0fdd 375w, https:\/\/www.abf.se\/ostergotland\/resized\/?url=https%3A%2F%2Fwww.abf.se%2Fwp-content%2Fuploads%2Fsites%2F64%2F2026%2F04%2Fheader-hemsida-utan-folkbildning-tystnar-sverige-1.jpg&#038;fit=crop&#038;w=447&#038;h=540&#038;s=4fb89116e673207482d26546519b964a 447w, https:\/\/www.abf.se\/ostergotland\/resized\/?url=https%3A%2F%2Fwww.abf.se%2Fwp-content%2Fuploads%2Fsites%2F64%2F2026%2F04%2Fheader-hemsida-utan-folkbildning-tystnar-sverige-1.jpg&#038;fit=crop&#038;w=519&#038;h=540&#038;s=8312f44f1be311c5090f622e375a29ea 519w, https:\/\/www.abf.se\/ostergotland\/resized\/?url=https%3A%2F%2Fwww.abf.se%2Fwp-content%2Fuploads%2Fsites%2F64%2F2026%2F04%2Fheader-hemsida-utan-folkbildning-tystnar-sverige-1.jpg&#038;fit=crop&#038;w=591&#038;h=540&#038;s=507fbf24613aecafa7dc25a7b7fd0add 591w, https:\/\/www.abf.se\/ostergotland\/resized\/?url=https%3A%2F%2Fwww.abf.se%2Fwp-content%2Fuploads%2Fsites%2F64%2F2026%2F04%2Fheader-hemsida-utan-folkbildning-tystnar-sverige-1.jpg&#038;fit=crop&#038;w=663&#038;h=540&#038;s=1f5cf315657671b25e97f5be320e7bc3 663w, https:\/\/www.abf.se\/ostergotland\/resized\/?url=https%3A%2F%2Fwww.abf.se%2Fwp-content%2Fuploads%2Fsites%2F64%2F2026%2F04%2Fheader-hemsida-utan-folkbildning-tystnar-sverige-1.jpg&#038;fit=crop&#038;w=750&#038;h=540&#038;s=303a51349d36b1c48ae13d3f77ffead3 750w, https:\/\/www.abf.se\/ostergotland\/resized\/?url=https%3A%2F%2Fwww.abf.se%2Fwp-content%2Fuploads%2Fsites%2F64%2F2026%2F04%2Fheader-hemsida-utan-folkbildning-tystnar-sverige-1.jpg&#038;fit=crop&#038;w=894&#038;h=540&#038;s=7d77920516a115ab99ea0f086c40e137 894w, https:\/\/www.abf.se\/ostergotland\/resized\/?url=https%3A%2F%2Fwww.abf.se%2Fwp-content%2Fuploads%2Fsites%2F64%2F2026%2F04%2Fheader-hemsida-utan-folkbildning-tystnar-sverige-1.jpg&#038;fit=crop&#038;w=1038&#038;h=540&#038;s=3b39ba01b4f2cb12f69d801e7cad8cb8 1038w, https:\/\/www.abf.se\/ostergotland\/resized\/?url=https%3A%2F%2Fwww.abf.se%2Fwp-content%2Fuploads%2Fsites%2F64%2F2026%2F04%2Fheader-hemsida-utan-folkbildning-tystnar-sverige-1.jpg&#038;fit=crop&#038;w=1182&#038;h=540&#038;s=938bad5fe4aed670145217a6498c22de 1182w, https:\/\/www.abf.se\/ostergotland\/resized\/?url=https%3A%2F%2Fwww.abf.se%2Fwp-content%2Fuploads%2Fsites%2F64%2F2026%2F04%2Fheader-hemsida-utan-folkbildning-tystnar-sverige-1.jpg&#038;fit=crop&#038;w=1326&#038;h=540&#038;s=a1dd8ea8c2f1a7e4931247296427bc68 1326w, https:\/\/www.abf.se\/ostergotland\/resized\/?url=https%3A%2F%2Fwww.abf.se%2Fwp-content%2Fuploads%2Fsites%2F64%2F2026%2F04%2Fheader-hemsida-utan-folkbildning-tystnar-sverige-1.jpg&#038;fit=crop&#038;w=1440&#038;h=540&#038;s=b333d1c94cec3e09bb553f9f850c1c39 1440w\" alt=\"\" height=\"540\" width=\"1440\" sizes=\"(max-width: 1440px) calc(100vw - 32px), 1440px\" loading=\"eager\" fetchpriority=\"high\" aria-hidden=\"true\" role=\"presentation\" \/><\/picture>\n        \n\n            <\/div>\n\n    <\/div>\n\n<div\n    class=\"acf-plain-heading-block container my-16\"\n    data-block=\"plain-heading-block\"\n>\n    <div class=\"max-w-[658px] mx-auto\">\n                <h2 class=\"hero-heading\"><span>Folkbildningsvalet 2026<\/span><\/h2>\n                            <p class=\"mt-8 body-xl text-black\">\n                Valr\u00f6relsen 2026 blir en tid d\u00e5 folkr\u00f6relsedemokratin \u00e5terigen s\u00e4tts p\u00e5 prov.  <br \/>\r\n <br \/>\r\nDet kommer att vara avg\u00f6rande f\u00f6r folkbildningens villkor, s\u00e5v\u00e4l p\u00e5 nationell som p\u00e5 lokal och regional niv\u00e5. Som en bred folkbildningsorganisation med en v\u00e4rdegrund baserad p\u00e5 arbetarr\u00f6relsens v\u00e4rderingar, kan ABF bidra till valdebatten genom s\u00e5v\u00e4l verksamhet som kommunikation och en aktiv opinionsbildning. \n            <\/p>\n            <\/div>\n<\/div>\n<ul\n    class=\"acf-article-accordion-block accordion-group grid gap-4 my-12 article-container\"\n    data-block=\"article-accordion-block \"\n    data-ui-accordion-group\n>\n\n            <li class=\"accordion\" data-ui-accordion data-ui-accordion-open=\"false\">\n        <h3>\n        <button data-ui-accordion-button class=\"accordion-toggle font-bold\" aria-expanded=\"false\" aria-controls=\"row-linkopingvaren2026fikamedpolitikeriskaggetorp-0\" id=\"linkopingvaren2026fikamedpolitikeriskaggetorp-0\">\n            Link\u00f6ping &#8211; V\u00e5ren 2026 -Fika med politiker i Sk\u00e4ggetorp\n            \n            <figure class=\"w-4.5 h-4.5\" aria-hidden=\"true\">\n            <svg width=\"20\" height=\"20\" viewBox=\"0 0 20 20\" fill=\"none\"\nclass=\"SvgIconElement\">\n<path d=\"M15.8333 7.16667L9.99992 13L4.16659 7.16667\" stroke=\"currentColor\"\/>\n<\/svg>\n            <\/figure>\n        <\/button>\n        \n                <\/h3>\n        <div class=\"accordion-content\">\n            <div id=\"row-linkopingvaren2026fikamedpolitikeriskaggetorp-0\" role=\"region\" class=\"accordion-content-wrap\" aria-labelledby=\"linkopingvaren2026fikamedpolitikeriskaggetorp-0\">\n                                            <div class=\"wysiwyg\">\n                    <p>V\u00e4lkommen till Fika med politiker!<br \/>\nVill du g\u00f6ra din r\u00f6st h\u00f6rd och tr\u00e4ffa politiker i Link\u00f6pings kommun i en avslappnad milj\u00f6? D\u00e5 \u00e4r Fika med politiker n\u00e5got f\u00f6r dig!<br \/>\nVi bjuder in till \u00f6ppna tr\u00e4ffar p\u00e5 Kulturhuset Agora, d\u00e4r samtalet st\u00e5r i centrum. H\u00e4r f\u00e5r du m\u00f6jlighet att m\u00f6ta politiker, st\u00e4lla fr\u00e5gor, lyfta id\u00e9er och diskutera \u00e4mnen som \u00e4r viktiga f\u00f6r dig.<br \/>\nN\u00e4r?<br \/>\nTisdagar kl. 16:00\u201317:30<br \/>\nDatum: 14 april, 21 april, 28 april och 5 maj<br \/>\nVar?<br \/>\nKulturhuset Agora, Sk\u00e4ggetorp centrum 18. Link\u00f6ping<br \/>\nV\u00e4lkomna!<br \/>\nAktiviteten arrangeras av ABF i samarbete med Agora, Link\u00f6pings kommun.<\/p>\n\n                <\/div>\n                                        <\/div>\n        <\/div>\n    <\/li>\n            <li class=\"accordion\" data-ui-accordion data-ui-accordion-open=\"false\">\n        <h3>\n        <button data-ui-accordion-button class=\"accordion-toggle font-bold\" aria-expanded=\"false\" aria-controls=\"row-norrkopingpaneldebatt6majommansvaldmotkvinnor-1\" id=\"norrkopingpaneldebatt6majommansvaldmotkvinnor-1\">\n            Norrk\u00f6ping &#8211; Paneldebatt 6 maj &#8211; om m\u00e4ns v\u00e5ld mot kvinnor \n            \n            <figure class=\"w-4.5 h-4.5\" aria-hidden=\"true\">\n            <svg width=\"20\" height=\"20\" viewBox=\"0 0 20 20\" fill=\"none\"\nclass=\"SvgIconElement\">\n<path d=\"M15.8333 7.16667L9.99992 13L4.16659 7.16667\" stroke=\"currentColor\"\/>\n<\/svg>\n            <\/figure>\n        <\/button>\n        \n                <\/h3>\n        <div class=\"accordion-content\">\n            <div id=\"row-norrkopingpaneldebatt6majommansvaldmotkvinnor-1\" role=\"region\" class=\"accordion-content-wrap\" aria-labelledby=\"norrkopingpaneldebatt6majommansvaldmotkvinnor-1\">\n                                            <div class=\"wysiwyg\">\n                    <p>Den 6 maj 2026 kl. 18.00 bjuder vi p\u00e5 Kvinnojouren i Norrk\u00f6ping in till en viktig paneldebatt i ABF Bergslagsg\u00e5rden i Norrk\u00f6ping.<br \/>\nTema: M\u00e4ns v\u00e5ld mot kvinnor \u2013 med fokus p\u00e5 efterv\u00e5ldet<br \/>\nPlats: ABF Bergslagsg\u00e5rden, V\u00e4stg\u00f6tegatan 25, Norrk\u00f6ping<br \/>\nTid: 18.00<br \/>\nVad h\u00e4nder efter att en kvinna l\u00e4mnar en v\u00e5ldsam relation?<br \/>\nF\u00f6r m\u00e5nga tar v\u00e5ldet inte slut \u2013 det f\u00f6r\u00e4ndras.<br \/>\nEfterv\u00e5ldet kan handla om trakasserier, hot, r\u00e4ttsprocesser och ekonomisk kontroll. Det \u00e4r en del av det strukturella v\u00e5ldet \u2013 ett v\u00e5ld som uppr\u00e4tth\u00e5lls av system, normer och brister i samh\u00e4llets skydd.<br \/>\nPolitiken har ett avg\u00f6rande ansvar.<br \/>\nDet \u00e4r v\u00e5ra folkvalda som har makten att f\u00f6r\u00e4ndra lagstiftning, resurser och skyddssystem.<br \/>\nD\u00e4rf\u00f6r samlar vi lokala politiker f\u00f6r att svara p\u00e5 fr\u00e5gan: Hur t\u00e4nker ni ta ansvar f\u00f6r samh\u00e4llets efterv\u00e5ld?<br \/>\nDin n\u00e4rvaro spelar roll.<br \/>\nTillsammans kan vi synligg\u00f6ra det som alltf\u00f6r ofta osynligg\u00f6rs.<br \/>\n\ud83d\udc9c Fri entr\u00e9 \u2013 alla \u00e4r v\u00e4lkomna<br \/>\n\ud83d\udc9c Dela g\u00e4rna vidare<\/p>\n\n                <\/div>\n                                        <\/div>\n        <\/div>\n    <\/li>\n            <li class=\"accordion\" data-ui-accordion data-ui-accordion-open=\"false\">\n        <h3>\n        <button data-ui-accordion-button class=\"accordion-toggle font-bold\" aria-expanded=\"false\" aria-controls=\"row-linkopingforattvikan!enstudiecirkelomdemokratinisverige,omhurmanrostarochvarfor-2\" id=\"linkopingforattvikan!enstudiecirkelomdemokratinisverige,omhurmanrostarochvarfor-2\">\n            Link\u00f6ping &#8211; F\u00f6r att vi kan! En studiecirkel om demokratin i Sverige, om hur man r\u00f6star och varf\u00f6r\n            \n            <figure class=\"w-4.5 h-4.5\" aria-hidden=\"true\">\n            <svg width=\"20\" height=\"20\" viewBox=\"0 0 20 20\" fill=\"none\"\nclass=\"SvgIconElement\">\n<path d=\"M15.8333 7.16667L9.99992 13L4.16659 7.16667\" stroke=\"currentColor\"\/>\n<\/svg>\n            <\/figure>\n        <\/button>\n        \n                <\/h3>\n        <div class=\"accordion-content\">\n            <div id=\"row-linkopingforattvikan!enstudiecirkelomdemokratinisverige,omhurmanrostarochvarfor-2\" role=\"region\" class=\"accordion-content-wrap\" aria-labelledby=\"linkopingforattvikan!enstudiecirkelomdemokratinisverige,omhurmanrostarochvarfor-2\">\n                                            <div class=\"wysiwyg\">\n                    <p>I den h\u00e4r studiecirkeln tr\u00e4ffas vi sex g\u00e5nger om pratar om:<br \/>\nVad \u00e4r demokrati?<br \/>\nDemokrati i Sverige och i Europa<br \/>\nVad pratar politikerna om?<br \/>\nVilka kan man r\u00f6sta p\u00e5?<br \/>\nHur r\u00f6star man?<\/p>\n<p>Sex tr\u00e4ffar p\u00e5 ABF i Sk\u00e4ggetorp.<a href=\"https:\/\/www.abf.se\/ostergotland\/kurs\/for-att-vi-kan-en-studiecirkel-om-demokratin-i-sverige-om-hur-man-rostar-och-varfor-3923810\/\"> Anm\u00e4ld dig h\u00e4r<\/a>.<\/p>\n\n                <\/div>\n                                        <\/div>\n        <\/div>\n    <\/li>\n            <li class=\"accordion\" data-ui-accordion data-ui-accordion-open=\"false\">\n        <h3>\n        <button data-ui-accordion-button class=\"accordion-toggle font-bold\" aria-expanded=\"false\" aria-controls=\"row-norrkopingdemokratiturne2majmarielund-3\" id=\"norrkopingdemokratiturne2majmarielund-3\">\n            Norrk\u00f6ping &#8211; Demokratiturn\u00e9 2 maj &#8211; Marielund\n            \n            <figure class=\"w-4.5 h-4.5\" aria-hidden=\"true\">\n            <svg width=\"20\" height=\"20\" viewBox=\"0 0 20 20\" fill=\"none\"\nclass=\"SvgIconElement\">\n<path d=\"M15.8333 7.16667L9.99992 13L4.16659 7.16667\" stroke=\"currentColor\"\/>\n<\/svg>\n            <\/figure>\n        <\/button>\n        \n                <\/h3>\n        <div class=\"accordion-content\">\n            <div id=\"row-norrkopingdemokratiturne2majmarielund-3\" role=\"region\" class=\"accordion-content-wrap\" aria-labelledby=\"norrkopingdemokratiturne2majmarielund-3\">\n                                            <div class=\"wysiwyg\">\n                    <p>Inf\u00f6r h\u00f6stens val g\u00f6rs en turn\u00e9 till tre olika bostadsomr\u00e5den i Norrk\u00f6ping, Marielund, Klockaretorpet och Hageby. Syftet \u00e4r att st\u00e4rka demokratin genom att \u00f6ka kunskapen om hur det g\u00e5r till att r\u00f6sta och vad de olika partierna i kommunfullm\u00e4ktige st\u00e5r f\u00f6r.<\/p>\n<h3 id=\"h-Marielund\" class=\"heading-3\">Marielund<\/h3>\n<ul class=\" env-text-list normal\">\n<li>Datum: l\u00f6rdag den 2 maj<\/li>\n<li>Tid: klockan 11\u201316<\/li>\n<li>Plats: utanf\u00f6r M\u00e5ngfaldshuset<\/li>\n<li>Tema: trygghetsskapande<\/li>\n<li>En del av v\u00e5rmarknaden i Marielund<\/li>\n<\/ul>\n<p>12.30 Allm\u00e4n debatt<br \/>\n14.30 Ungdomsdebatt<\/p>\n<p>Plats: Stockholmsv\u00e4gen 21<\/p>\n\n                <\/div>\n                                        <\/div>\n        <\/div>\n    <\/li>\n            <li class=\"accordion\" data-ui-accordion data-ui-accordion-open=\"false\">\n        <h3>\n        <button data-ui-accordion-button class=\"accordion-toggle font-bold\" aria-expanded=\"false\" aria-controls=\"row-norrkopingdemokratiturne9majklockaretorpet-4\" id=\"norrkopingdemokratiturne9majklockaretorpet-4\">\n            Norrk\u00f6ping &#8211; Demokratiturn\u00e9 9 maj &#8211; Klockaretorpet\n            \n            <figure class=\"w-4.5 h-4.5\" aria-hidden=\"true\">\n            <svg width=\"20\" height=\"20\" viewBox=\"0 0 20 20\" fill=\"none\"\nclass=\"SvgIconElement\">\n<path d=\"M15.8333 7.16667L9.99992 13L4.16659 7.16667\" stroke=\"currentColor\"\/>\n<\/svg>\n            <\/figure>\n        <\/button>\n        \n                <\/h3>\n        <div class=\"accordion-content\">\n            <div id=\"row-norrkopingdemokratiturne9majklockaretorpet-4\" role=\"region\" class=\"accordion-content-wrap\" aria-labelledby=\"norrkopingdemokratiturne9majklockaretorpet-4\">\n                                            <div class=\"wysiwyg\">\n                    <p>Inf\u00f6r h\u00f6stens val g\u00f6rs en turn\u00e9 till tre olika bostadsomr\u00e5den i Norrk\u00f6ping, Marielund, Klockaretorpet och Hageby. Syftet \u00e4r att st\u00e4rka demokratin genom att \u00f6ka kunskapen om hur det g\u00e5r till att r\u00f6sta och vad de olika partierna i kommunfullm\u00e4ktige st\u00e5r f\u00f6r.<\/p>\n<h3 id=\"h-Klockaretorpet\" class=\"heading-3\">Klockaretorpet<\/h3>\n<ul class=\" env-text-list normal\">\n<li>Datum: l\u00f6rdag den 9 maj<\/li>\n<li>Tid: klockan 11\u201316<\/li>\n<li>Plats: Klockaretorpet centrum<\/li>\n<li>Tema: idrott, kultur och f\u00f6reningsliv<\/li>\n<li>En del av Gr\u00f6na dagen i Klockaretorpet<\/li>\n<\/ul>\n<p>12.30 Allm\u00e4n debatt<br \/>\n14.30 Ungdomsdebatt<\/p>\n<p>Plats: Wilhem Wibergs gata 168<\/p>\n<p>&nbsp;<\/p>\n\n                <\/div>\n                                        <\/div>\n        <\/div>\n    <\/li>\n            <li class=\"accordion\" data-ui-accordion data-ui-accordion-open=\"false\">\n        <h3>\n        <button data-ui-accordion-button class=\"accordion-toggle font-bold\" aria-expanded=\"false\" aria-controls=\"row-norrkopingdemokratiturne23majhageby-5\" id=\"norrkopingdemokratiturne23majhageby-5\">\n            Norrk\u00f6ping &#8211; Demokratiturn\u00e9 23 maj &#8211; Hageby\n            \n            <figure class=\"w-4.5 h-4.5\" aria-hidden=\"true\">\n            <svg width=\"20\" height=\"20\" viewBox=\"0 0 20 20\" fill=\"none\"\nclass=\"SvgIconElement\">\n<path d=\"M15.8333 7.16667L9.99992 13L4.16659 7.16667\" stroke=\"currentColor\"\/>\n<\/svg>\n            <\/figure>\n        <\/button>\n        \n                <\/h3>\n        <div class=\"accordion-content\">\n            <div id=\"row-norrkopingdemokratiturne23majhageby-5\" role=\"region\" class=\"accordion-content-wrap\" aria-labelledby=\"norrkopingdemokratiturne23majhageby-5\">\n                                            <div class=\"wysiwyg\">\n                    <p>Inf\u00f6r h\u00f6stens val g\u00f6rs en turn\u00e9 till tre olika bostadsomr\u00e5den i Norrk\u00f6ping, Marielund, Klockaretorpet och Hageby. Syftet \u00e4r att st\u00e4rka demokratin genom att \u00f6ka kunskapen om hur det g\u00e5r till att r\u00f6sta och vad de olika partierna i kommunfullm\u00e4ktige st\u00e5r f\u00f6r.<\/p>\n<h3 id=\"h-Hageby\" class=\"heading-3\">Hageby<\/h3>\n<ul class=\" env-text-list normal\">\n<li>Datum: l\u00f6rdag den 23 maj<\/li>\n<li>Tid: klockan 12\u201316<\/li>\n<li>Plats: Paviljongen vid Hageby v\u00e5rdcentral<\/li>\n<li>Tema: arbete och syssels\u00e4ttning<\/li>\n<li>En del av Handen p\u00e5 Hageby<\/li>\n<\/ul>\n<p>12.30 Allm\u00e4n debatt<br \/>\n14.30 Ungdomsdebatt<\/p>\n<p>Plats: Pl\u00e5tslagaregatan 99<\/p>\n\n                <\/div>\n                                        <\/div>\n        <\/div>\n    <\/li>\n            <li class=\"accordion\" data-ui-accordion data-ui-accordion-open=\"false\">\n        <h3>\n        <button data-ui-accordion-button class=\"accordion-toggle font-bold\" aria-expanded=\"false\" aria-controls=\"row-workshopomrostningsprocessenisambandmeddemokratiturneninorrkoping27\/4-6\" id=\"workshopomrostningsprocessenisambandmeddemokratiturneninorrkoping27\/4-6\">\n            Workshop om r\u00f6stningsprocessen i samband med demokratiturn\u00e9n i Norrk\u00f6ping &#8211; 27\/4\n            \n            <figure class=\"w-4.5 h-4.5\" aria-hidden=\"true\">\n            <svg width=\"20\" height=\"20\" viewBox=\"0 0 20 20\" fill=\"none\"\nclass=\"SvgIconElement\">\n<path d=\"M15.8333 7.16667L9.99992 13L4.16659 7.16667\" stroke=\"currentColor\"\/>\n<\/svg>\n            <\/figure>\n        <\/button>\n        \n                <\/h3>\n        <div class=\"accordion-content\">\n            <div id=\"row-workshopomrostningsprocessenisambandmeddemokratiturneninorrkoping27\/4-6\" role=\"region\" class=\"accordion-content-wrap\" aria-labelledby=\"workshopomrostningsprocessenisambandmeddemokratiturneninorrkoping27\/4-6\">\n                                            <div class=\"wysiwyg\">\n                    <p>Volont\u00e4rer s\u00f6kes!<br \/>\nVi s\u00f6ker engagerade volont\u00e4rer till v\u00e5r simulering av valr\u00f6stning &#8211; ett viktigt initiativ f\u00f6r delaktighet och demokrati.<\/p>\n<p>Inf\u00f6r v\u00e5r kommande demokratiturn\u00e9 vill vi skapa \u00f6kad kunskap om hur r\u00f6stningsprocessen fungerar i Sverige. Fokus ligger p\u00e5 praktisk information om hur man r\u00f6star, inklusive r\u00f6stkort, valsedlar och hur man genomf\u00f6r sj\u00e4lva r\u00f6stningen korrekt.<\/p>\n<p>M\u00e5ndag 27\/4<br \/>\n<img decoding=\"async\" class=\"emoji\" role=\"img\" src=\"https:\/\/s.w.org\/images\/core\/emoji\/17.0.2\/svg\/23f0.svg\" alt=\"\u23f0\" \/>\u00a0Kl. 17.30<br \/>\n<img decoding=\"async\" class=\"emoji\" role=\"img\" src=\"https:\/\/s.w.org\/images\/core\/emoji\/17.0.2\/svg\/1f4cd.svg\" alt=\"\ud83d\udccd\" \/>\u00a0M\u00e5ngfaldshuset Marielund<\/p>\n<p>Arrangeras av Kunskapens Hus i Klockaretorpet och ABF \u00d6sterg\u00f6tland<\/p>\n\n                <\/div>\n                                        <\/div>\n        <\/div>\n    <\/li>\n    <\/ul>\n<div class=\"my-8 container-lg acf-link-block\" data-block=\"link-block\" class=\"acf-link-block\" data-block=\"link-block\">\n    <div class=\"w-full bg-red  round-corners-lg px-4 md:px-8 py-11 md:py-16\">\n        <h2 class=\"heading-lg mb-7 text-center text-white\">\n            Material om demokrati och valet\n        <\/h2>\n            <ul class=\"grid grid-cols-1 gap-x-4 gap-y-3 md:grid-cols-2\">\n                                                        <li>\n                        <a\n    class=\"large-button-link\"\n    href=\"https:\/\/www.abf.se\/wp-content\/uploads\/sites\/64\/2026\/04\/Demokrati-A5-Valet-ar-ditt-svenska.pdf\"\n    target=\"_blank\"\n>\n    <span class=\"flex-1\">Demokrati &#8211; Valet \u00e4r ditt &#8211; svenska<\/span>\n\n    <figure\n        aria-hidden=\"true\"\n        class=\"w-5\"\n    >\n                    <svg width=\"20\" height=\"20\" viewBox=\"0 0 20 20\" fill=\"none\" class=\"SvgIconElement\">\n<path d=\"M4.16659 10L15.8333 10\" stroke=\"currentColor\"\/>\n<path d=\"M9.99992 4.1665L15.8333 9.99984L9.99992 15.8332\" stroke=\"currentColor\"\/>\n<\/svg>\n            <\/figure>\n<\/a>\n                    <\/li>\n                                                        <li>\n                        <a\n    class=\"large-button-link\"\n    href=\"https:\/\/www.abf.se\/wp-content\/uploads\/sites\/64\/2026\/04\/Demokrati-A5-Valet-ar-ditt-engelska.pdf\"\n    target=\"\"\n>\n    <span class=\"flex-1\">Democracy &#8211; The Choice is Yours &#8211; english<\/span>\n\n    <figure\n        aria-hidden=\"true\"\n        class=\"w-5\"\n    >\n                    <svg width=\"20\" height=\"20\" viewBox=\"0 0 20 20\" fill=\"none\" class=\"SvgIconElement\">\n<path d=\"M4.16659 10L15.8333 10\" stroke=\"currentColor\"\/>\n<path d=\"M9.99992 4.1665L15.8333 9.99984L9.99992 15.8332\" stroke=\"currentColor\"\/>\n<\/svg>\n            <\/figure>\n<\/a>\n                    <\/li>\n                                                        <li>\n                        <a\n    class=\"large-button-link\"\n    href=\"https:\/\/www.abf.se\/wp-content\/uploads\/sites\/64\/2026\/04\/Folder_Rosta_Arabiska_4sid_A5_148x210_utskrift.pdf\"\n    target=\"_blank\"\n>\n    <span class=\"flex-1\">R\u00d6STA &#8211; Arabiska<\/span>\n\n    <figure\n        aria-hidden=\"true\"\n        class=\"w-5\"\n    >\n                    <svg width=\"20\" height=\"20\" viewBox=\"0 0 20 20\" fill=\"none\" class=\"SvgIconElement\">\n<path d=\"M4.16659 10L15.8333 10\" stroke=\"currentColor\"\/>\n<path d=\"M9.99992 4.1665L15.8333 9.99984L9.99992 15.8332\" stroke=\"currentColor\"\/>\n<\/svg>\n            <\/figure>\n<\/a>\n                    <\/li>\n                                                        <li>\n                        <a\n    class=\"large-button-link\"\n    href=\"https:\/\/www.abf.se\/wp-content\/uploads\/sites\/64\/2026\/04\/Folder_Rosta_Engelska_4sid_A5_148x210_utskrift.pdf\"\n    target=\"_blank\"\n>\n    <span class=\"flex-1\">R\u00d6STA &#8211; Engelska<\/span>\n\n    <figure\n        aria-hidden=\"true\"\n        class=\"w-5\"\n    >\n                    <svg width=\"20\" height=\"20\" viewBox=\"0 0 20 20\" fill=\"none\" class=\"SvgIconElement\">\n<path d=\"M4.16659 10L15.8333 10\" stroke=\"currentColor\"\/>\n<path d=\"M9.99992 4.1665L15.8333 9.99984L9.99992 15.8332\" stroke=\"currentColor\"\/>\n<\/svg>\n            <\/figure>\n<\/a>\n                    <\/li>\n                                                        <li>\n                        <a\n    class=\"large-button-link\"\n    href=\"https:\/\/www.abf.se\/wp-content\/uploads\/sites\/64\/2026\/04\/Folder_Rosta_Kurdiska_4sid_A5_148x210_utskrift.pdf\"\n    target=\"_blank\"\n>\n    <span class=\"flex-1\">R\u00d6STA &#8211; Kurdiska<\/span>\n\n    <figure\n        aria-hidden=\"true\"\n        class=\"w-5\"\n    >\n                    <svg width=\"20\" height=\"20\" viewBox=\"0 0 20 20\" fill=\"none\" class=\"SvgIconElement\">\n<path d=\"M4.16659 10L15.8333 10\" stroke=\"currentColor\"\/>\n<path d=\"M9.99992 4.1665L15.8333 9.99984L9.99992 15.8332\" stroke=\"currentColor\"\/>\n<\/svg>\n            <\/figure>\n<\/a>\n                    <\/li>\n                                                        <li>\n                        <a\n    class=\"large-button-link\"\n    href=\"https:\/\/www.abf.se\/wp-content\/uploads\/sites\/64\/2026\/04\/Folder_Rosta_Latt-Svenska_4sid_A5_148x210_utskrift.pdf\"\n    target=\"_blank\"\n>\n    <span class=\"flex-1\">R\u00d6STA &#8211; L\u00e4tt svenska<\/span>\n\n    <figure\n        aria-hidden=\"true\"\n        class=\"w-5\"\n    >\n                    <svg width=\"20\" height=\"20\" viewBox=\"0 0 20 20\" fill=\"none\" class=\"SvgIconElement\">\n<path d=\"M4.16659 10L15.8333 10\" stroke=\"currentColor\"\/>\n<path d=\"M9.99992 4.1665L15.8333 9.99984L9.99992 15.8332\" stroke=\"currentColor\"\/>\n<\/svg>\n            <\/figure>\n<\/a>\n                    <\/li>\n                                                        <li>\n                        <a\n    class=\"large-button-link\"\n    href=\"https:\/\/www.abf.se\/wp-content\/uploads\/sites\/64\/2026\/04\/Folder_Rosta_Persiska_4sid_A5_148x210_utskrift.pdf\"\n    target=\"\"\n>\n    <span class=\"flex-1\">R\u00d6STA &#8211; Persiska<\/span>\n\n    <figure\n        aria-hidden=\"true\"\n        class=\"w-5\"\n    >\n                    <svg width=\"20\" height=\"20\" viewBox=\"0 0 20 20\" fill=\"none\" class=\"SvgIconElement\">\n<path d=\"M4.16659 10L15.8333 10\" stroke=\"currentColor\"\/>\n<path d=\"M9.99992 4.1665L15.8333 9.99984L9.99992 15.8332\" stroke=\"currentColor\"\/>\n<\/svg>\n            <\/figure>\n<\/a>\n                    <\/li>\n                                                        <li>\n                        <a\n    class=\"large-button-link\"\n    href=\"https:\/\/www.abf.se\/wp-content\/uploads\/sites\/64\/2026\/04\/Folder_Rosta_Somaliska_4sid_A5_148x210_utskrift.pdf\"\n    target=\"_blank\"\n>\n    <span class=\"flex-1\">R\u00d6STA &#8211; Somaliska<\/span>\n\n    <figure\n        aria-hidden=\"true\"\n        class=\"w-5\"\n    >\n                    <svg width=\"20\" height=\"20\" viewBox=\"0 0 20 20\" fill=\"none\" class=\"SvgIconElement\">\n<path d=\"M4.16659 10L15.8333 10\" stroke=\"currentColor\"\/>\n<path d=\"M9.99992 4.1665L15.8333 9.99984L9.99992 15.8332\" stroke=\"currentColor\"\/>\n<\/svg>\n            <\/figure>\n<\/a>\n                    <\/li>\n                                                        <li>\n                        <a\n    class=\"large-button-link\"\n    href=\"https:\/\/www.abf.se\/wp-content\/uploads\/sites\/64\/2026\/04\/Folder_Rosta_Tigrinja_4sid_A5_148x210_utskrift.pdf\"\n    target=\"_blank\"\n>\n    <span class=\"flex-1\">R\u00d6STA &#8211; Tigrinja<\/span>\n\n    <figure\n        aria-hidden=\"true\"\n        class=\"w-5\"\n    >\n                    <svg width=\"20\" height=\"20\" viewBox=\"0 0 20 20\" fill=\"none\" class=\"SvgIconElement\">\n<path d=\"M4.16659 10L15.8333 10\" stroke=\"currentColor\"\/>\n<path d=\"M9.99992 4.1665L15.8333 9.99984L9.99992 15.8332\" stroke=\"currentColor\"\/>\n<\/svg>\n            <\/figure>\n<\/a>\n                    <\/li>\n                            <\/ul>\n        <\/ul>\n    <\/div>\n<\/div><div\n    class=\"acf-hero-block container-lg no-padding mb-12 js-geolocation\"\n    data-block=\"hero-block\"\n    data-index=\"0\"\n>\n    <div class=\"h-[548px]  relative rounded-[32px] overflow-hidden flex bg-gray-light\">\n        <div class=\"relative z-10 mt-auto h-auto w-full md:h-full\">\n            <div class=\"flex w-full h-full flex-col flex-wrap justify-end w-full md:w-7\/12 lg:w-1\/2 md:justify-center\">\n                <div class=\"flex flex-col gap-3 md:gap-[18px] md:transparent pt-16 pb-36 md:py-8 px-4 w-full md:max-w-[620px] mx-auto px-8\">\n\n                    <h1 class=\"hero-heading\"><span>Utan folkbildning tystnar Sverige<\/span><\/h1>\n\n                    \n                                    <\/div>\n            <\/div>\n        <\/div>\n\n                    <picture class=\"as-background-image mix-blend-multiply bg-black\/40\"><img decoding=\"async\" src=\"https:\/\/www.abf.se\/resized\/wp-content\/uploads\/2025\/06\/ABFskylt.png?fit=crop&#038;w=1440&#038;s=66a9ecb07682e8a0f1be980fcb54a03a\" srcset=\"https:\/\/www.abf.se\/resized\/wp-content\/uploads\/2025\/06\/ABFskylt.png?fit=crop&#038;w=375&#038;h=540&#038;s=b2cc99d02843585f00740b1086207c77 375w, https:\/\/www.abf.se\/resized\/wp-content\/uploads\/2025\/06\/ABFskylt.png?fit=crop&#038;w=447&#038;h=540&#038;s=088c8be7e32ea819c8636b24542619b9 447w, https:\/\/www.abf.se\/resized\/wp-content\/uploads\/2025\/06\/ABFskylt.png?fit=crop&#038;w=519&#038;h=540&#038;s=bd2e72a9c0e583662d823983dd0312ee 519w, https:\/\/www.abf.se\/resized\/wp-content\/uploads\/2025\/06\/ABFskylt.png?fit=crop&#038;w=591&#038;h=540&#038;s=c093c23861f34ce59960263abf737553 591w, https:\/\/www.abf.se\/resized\/wp-content\/uploads\/2025\/06\/ABFskylt.png?fit=crop&#038;w=663&#038;h=540&#038;s=369397a532262b346966a8b259073671 663w, https:\/\/www.abf.se\/resized\/wp-content\/uploads\/2025\/06\/ABFskylt.png?fit=crop&#038;w=750&#038;h=540&#038;s=51aa6347b238ee9ea07ac58cb4e93bed 750w, https:\/\/www.abf.se\/resized\/wp-content\/uploads\/2025\/06\/ABFskylt.png?fit=crop&#038;w=894&#038;h=540&#038;s=64cd1d2d742e58e1c61003c0fd91e80a 894w, https:\/\/www.abf.se\/resized\/wp-content\/uploads\/2025\/06\/ABFskylt.png?fit=crop&#038;w=1038&#038;h=540&#038;s=a8687a7ca1d92f78207e0b184dd2d6d3 1038w, https:\/\/www.abf.se\/resized\/wp-content\/uploads\/2025\/06\/ABFskylt.png?fit=crop&#038;w=1182&#038;h=540&#038;s=96a8a8f7e8c2c59f270c6000598c2a65 1182w, https:\/\/www.abf.se\/resized\/wp-content\/uploads\/2025\/06\/ABFskylt.png?fit=crop&#038;w=1326&#038;h=540&#038;s=97a48e208f4b2c250b0188379849d859 1326w, https:\/\/www.abf.se\/resized\/wp-content\/uploads\/2025\/06\/ABFskylt.png?fit=crop&#038;w=1440&#038;h=540&#038;s=ebef56d2f78b5543aaa7adc54f5d689b 1440w\" alt=\"\" height=\"540\" width=\"1440\" sizes=\"(max-width: 1440px) calc(100vw - 32px), 1440px\" loading=\"eager\" fetchpriority=\"high\" aria-hidden=\"true\" role=\"presentation\" \/><\/picture>\n        \n\n            <\/div>\n\n    <\/div>\n\n\n\n<div\n    class=\"acf-plain-heading-block container my-16\"\n    data-block=\"plain-heading-block\"\n>\n    <div class=\"max-w-[658px] mx-auto\">\n                <h2 class=\"hero-heading\"><span>Kampanjsamlingssida<\/span><\/h2>\n                            <p class=\"mt-8 body-xl text-black\">\n                Folkbildning \u00e4r studief\u00f6rbund och folkh\u00f6gskolor.  <br \/>\r\nDet \u00e4r studiecirklar, f\u00f6rel\u00e4sningar, replokaler, kurser och m\u00f6teslokaler \u00f6ppna f\u00f6r alla \u2013 i hela landet. S\u00e5nt som g\u00f6r vardagen lite mindre gr\u00e5, som g\u00f6r samh\u00e4llet lite starkare och g\u00f6r oss till lite mera m\u00e4nniskor.  <br \/>\r\n <br \/>\r\nABF \u00e4r Sveriges st\u00f6rsta studief\u00f6rbund, med verksamhet i hela Sverige.  <br \/>\r\n <br \/>\r\nSveriges regering tar nu bort var tredje statlig krona till studief\u00f6rbunden.  <br \/>\r\nDet betyder att var tredje studief\u00f6rbundsdriven replokal riskerar att st\u00e4ngas, var tredje spr\u00e5kkurs att st\u00e4llas in och var tredje ABF-skylt att slockna.  <br \/>\r\n <br \/>\r\nDet kommer g\u00f6ra Sverige tr\u00e5kigare, tystare och dummare.<br \/>\r\nD\u00e4rf\u00f6r v\u00e4grar vi vara tysta! <br \/>\r\n<br \/>\r\nP\u00e5 den h\u00e4r sidan f\u00e5r du tips, argument och material f\u00f6r att enkelt kunna vara en del av motst\u00e5ndet. \n            <\/p>\n            <\/div>\n<\/div>\n\n\n<div\n    class=\"acf-article-cta-link-block article-container my-8\"\n    data-block=\"article-cta-link-block\"\n>\n<div>\n    <a class=\"inline-flex flex-row items-center gap-4 text-link underline text-red-dark\"\n        href=\"https:\/\/www.abf.se\/utan-folkbildning-tystnar-sverige#mertext\"\n            >\n        <span class=\"\">\n        L\u00e4r mer om bakgrunden till kampanjen\n        <\/span>\n        <figure aria-hidden=\"true\" class=\"rounded-full bg-red-dark w-8 h-8 p-1 text-white\">\n            <svg width=\"20\" height=\"20\" viewBox=\"0 0 20 20\" fill=\"none\" class=\"SvgIconElement\">\n<path d=\"M4.16659 10L15.8333 10\" stroke=\"currentColor\"\/>\n<path d=\"M9.99992 4.1665L15.8333 9.99984L9.99992 15.8332\" stroke=\"currentColor\"\/>\n<\/svg>\n        <\/figure>\n    <\/a>\n<\/div>\n<\/div>\n\n\n<div\n    class=\"acf-article-facts-block article-container  my-8 \"\n    data-block=\"article-facts-block\"\n>\n<div class=\"bg-teal-light border border-teal p-8 rounded-corners-sm\">\n<header>\n        <h2 class=\"heading-md text-teal-dark mb-3\">\n            Det h\u00e4r vill vi\n        <\/h2>\n    <\/header>\n    <div class=\"wysiwyg\">\n        <ul>\n<li>Stoppa nedsk\u00e4rningarna p\u00e5 studief\u00f6rbunden<\/li>\n<li>R\u00e4dda replokalerna<\/li>\n<li>St\u00e4rk folkbildningen<\/li>\n<\/ul>\n<p><strong>F\u00f6r utan folkbildning tystnar Sverige.\u00a0<\/strong><\/p>\n\n    <\/div>\n<\/div>\n\n<\/div>\n\n\n<div\n    class=\"acf-plain-heading-block container my-16\"\n    data-block=\"plain-heading-block\"\n>\n    <div class=\"max-w-[658px] mx-auto\">\n                <h2 class=\"hero-heading\"><span>Det h\u00e4r kan du g\u00f6ra<\/span><\/h2>\n                    <\/div>\n<\/div>\n\n\n<ul\n    class=\"acf-article-accordion-block accordion-group grid gap-4 my-12 article-container--wide\"\n    data-block=\"article-accordion-block \"\n    data-ui-accordion-group\n>\n\n            <li class=\"accordion\" data-ui-accordion data-ui-accordion-open=\"false\">\n        <h3>\n        <button data-ui-accordion-button class=\"accordion-toggle font-bold\" aria-expanded=\"false\" aria-controls=\"row-omduhar1minut-0\" id=\"omduhar1minut-0\">\n            Om du har 1 minut\n            \n            <figure class=\"w-4.5 h-4.5\" aria-hidden=\"true\">\n            <svg width=\"20\" height=\"20\" viewBox=\"0 0 20 20\" fill=\"none\"\nclass=\"SvgIconElement\">\n<path d=\"M15.8333 7.16667L9.99992 13L4.16659 7.16667\" stroke=\"currentColor\"\/>\n<\/svg>\n            <\/figure>\n        <\/button>\n        \n                <\/h3>\n        <div class=\"accordion-content\">\n            <div id=\"row-omduhar1minut-0\" role=\"region\" class=\"accordion-content-wrap\" aria-labelledby=\"omduhar1minut-0\">\n                                            <div class=\"wysiwyg\">\n                    <p><a href=\"https:\/\/www.youtube.com\/watch?v=V_8rbaU-wFg\" target=\"_blank\" rel=\"noopener\">Gilla, dela och kommentera v\u00e5r film<\/a>! ABF har lanserat en ny kampanjfilm:<br \/>\n\u201d<strong>Utan folkbildning tystnar Sverige<\/strong>\u201d.<\/p>\n<p>Filmen visar den verksamhet som genomf\u00f6rs hos ABF en vanlig dag, \u00e5ret om och i hela landet. Men filmen lyfter \u00e4ven fram konsekvenserna av Tid\u00f6partiernas nedsk\u00e4rningar p\u00e5 studief\u00f6rbunden.<\/p>\n<p>N\u00e4r var tredje statlig krona f\u00f6rsvinner kommer sladden till otaliga ABF-skyltar p\u00e5 landets husfasader att dras ut. Vi menar att Sverige st\u00e5r inf\u00f6r ett v\u00e4gsk\u00e4l och att v\u00e4gvalet \u00e4r tydligt. Vi vill lyfta folkbildningen, studief\u00f6rbunden, replokalerna och kulturen s\u00e5 att det blir en viktig fr\u00e5ga i n\u00e4sta \u00e5rs riksdagsval. Och vi hoppas att du vill och har m\u00f6jlighet att hj\u00e4lpa oss med det!<\/p>\n<p><strong>P\u00e5 1 minut kan du<\/strong>:<\/p>\n<ul>\n<li>Gilla, kommentera och dela v\u00e5r film p\u00e5 dina egna sociala medier! Genom att dela filmen till dina v\u00e4nner bidrar du till att sprida v\u00e5r kampanj och g\u00f6r det m\u00f6jligt f\u00f6r fler att f\u00e5 upp \u00f6gonen f\u00f6r vad folkbildningen \u00e4r och betyder f\u00f6r Sverige och vad som st\u00e5r p\u00e5 spel! Du hittar filmen p\u00e5 <a href=\"https:\/\/www.youtube.com\/watch?v=V_8rbaU-wFg\" target=\"_blank\" rel=\"noopener\">Youtube<\/a>, p\u00e5 v\u00e5r Facebook och p\u00e5 Instagram.<\/li>\n<li>F\u00f6lj ABF p\u00e5 <a href=\"https:\/\/www.facebook.com\/abfsverige\" target=\"_blank\" rel=\"noopener\">Facebook<\/a> och <a href=\"https:\/\/www.instagram.com\/abfsverige\/\" target=\"_blank\" rel=\"noopener\">Instagram<\/a>. Genom att f\u00f6lja oss i sociala medier kommer du se v\u00e5ra uppdateringar och nyheter. Och n\u00e4r du har tid kan du gilla, kommentera och dela vidare!<\/li>\n<\/ul>\n\n                <\/div>\n                                        <\/div>\n        <\/div>\n    <\/li>\n            <li class=\"accordion\" data-ui-accordion data-ui-accordion-open=\"false\">\n        <h3>\n        <button data-ui-accordion-button class=\"accordion-toggle font-bold\" aria-expanded=\"false\" aria-controls=\"row-omduhar3minuter-1\" id=\"omduhar3minuter-1\">\n            Om du har 3 minuter\n            \n            <figure class=\"w-4.5 h-4.5\" aria-hidden=\"true\">\n            <svg width=\"20\" height=\"20\" viewBox=\"0 0 20 20\" fill=\"none\"\nclass=\"SvgIconElement\">\n<path d=\"M15.8333 7.16667L9.99992 13L4.16659 7.16667\" stroke=\"currentColor\"\/>\n<\/svg>\n            <\/figure>\n        <\/button>\n        \n                <\/h3>\n        <div class=\"accordion-content\">\n            <div id=\"row-omduhar3minuter-1\" role=\"region\" class=\"accordion-content-wrap\" aria-labelledby=\"omduhar3minuter-1\">\n                                            <div class=\"wysiwyg\">\n                    <p>Dela en egen h\u00e4ndelse i sociala medier och tagga <strong>@abfsverige<\/strong>. P\u00e5 <a href=\"https:\/\/www.instagram.com\/abfsverige\/\" target=\"_blank\" rel=\"noopener\">Instagram<\/a> och <a href=\"https:\/\/www.facebook.com\/abfsverige\" target=\"_blank\" rel=\"noopener\">Facebook<\/a> kan du l\u00e4gga upp egna h\u00e4ndelser (stories).<\/p>\n<p>Vi har gjort ett antal \u201dstickers\u201d, sm\u00e5 animerade etiketter, som du kan anv\u00e4nda n\u00e4r du l\u00e4gger upp en h\u00e4ndelse p\u00e5 dina sociala medier. Du hittar v\u00e5ra stickers att genom att s\u00f6ka p\u00e5:<\/p>\n<ul>\n<li>abf<\/li>\n<li>abfse<\/li>\n<li>abfsverige<\/li>\n<li>wwwabfse<\/li>\n<li>arbetarnasbildningsf\u00f6rbund<\/li>\n<li>folkbildning<\/li>\n<\/ul>\n<p>N\u00e4r du l\u00e4gger upp en egen bild och anv\u00e4nder v\u00e5r sticker \u201d<strong>Utan folkbildning tystnar Sverige<\/strong>\u201d eller \u201d<strong>Jag t\u00e4nker inte tystna<\/strong>\u201d s\u00e5 visar du f\u00f6r andra att du st\u00e5r bakom v\u00e5r kampanj \u2013 att du vill r\u00e4dda och st\u00e4rka folkbildningen i Sverige.<\/p>\n<p>Om du taggar <strong>@abfsverige<\/strong> s\u00e5 kan vi dela din h\u00e4ndelse vidare i v\u00e5ra kanaler s\u00e5 att du n\u00e5r fler!<\/p>\n\n                <\/div>\n                                        <\/div>\n        <\/div>\n    <\/li>\n            <li class=\"accordion\" data-ui-accordion data-ui-accordion-open=\"false\">\n        <h3>\n        <button data-ui-accordion-button class=\"accordion-toggle font-bold\" aria-expanded=\"false\" aria-controls=\"row-omduhar5minuter-2\" id=\"omduhar5minuter-2\">\n            Om du har 5 minuter\n            \n            <figure class=\"w-4.5 h-4.5\" aria-hidden=\"true\">\n            <svg width=\"20\" height=\"20\" viewBox=\"0 0 20 20\" fill=\"none\"\nclass=\"SvgIconElement\">\n<path d=\"M15.8333 7.16667L9.99992 13L4.16659 7.16667\" stroke=\"currentColor\"\/>\n<\/svg>\n            <\/figure>\n        <\/button>\n        \n                <\/h3>\n        <div class=\"accordion-content\">\n            <div id=\"row-omduhar5minuter-2\" role=\"region\" class=\"accordion-content-wrap\" aria-labelledby=\"omduhar5minuter-2\">\n                                            <div class=\"wysiwyg\">\n                    <p><strong>Spela in en kort video eller reel<\/strong> till Instagram, Facebook eller Tiktok d\u00e4r du ber\u00e4ttar varf\u00f6r du tycker att <strong>folkbildning \u00e4r viktigt<\/strong> och <strong>varf\u00f6r det \u00e4r en d\u00e5lig id\u00e9<\/strong> att sk\u00e4ra ner p\u00e5 studief\u00f6rbundens verksamhet.<\/p>\n<p>Videoinl\u00e4gg n\u00e5r fler och ligger kvar l\u00e4ngre \u00e4n dina stories (som tas bort efter 24 timmar).<\/p>\n<p>Kanske har du en egen erfarenhet av folkbildning och studief\u00f6rbund som du kan ber\u00e4tta om? En kurs, en studiecirkel, en kv\u00e4ll i en replokal, en kulturupplevelse?<\/p>\n<p>Du kan uppmana dina f\u00f6ljare och v\u00e4nner att ocks\u00e5 engagera dig och tipsa om den h\u00e4r sidan, d\u00e4r de ocks\u00e5 kan f\u00e5 tips och id\u00e9er!<\/p>\n<p style=\"text-align: left;\"><strong>Tips f\u00f6r att spela in en video!<\/strong><\/p>\n<ol>\n<li>Ett budskap \u2013 s\u00e4g bara en sak<br \/>\nT\u00e4nk \u201cvad vill jag att den som tittar ska ta med sig?\u201d och s\u00e4g det direkt. H\u00e5ll det kort, 15\u201330 sek r\u00e4cker.<\/li>\n<li>T\u00e4nk p\u00e5 ljuset<br \/>\nSt\u00e4ll dig i dagsljus och undvik lampor bakom dig. D\u00e5 slipper du konstiga skuggor och det ser proffsig ut.<\/li>\n<li>Titta in i kameralinsen och inte p\u00e5 dig sj\u00e4lv. Tagga <strong>@abfsverige<\/strong> s\u00e5 delar vi ditt inl\u00e4gg vidare till fler!<\/li>\n<\/ol>\n\n                <\/div>\n                                        <\/div>\n        <\/div>\n    <\/li>\n            <li class=\"accordion\" data-ui-accordion data-ui-accordion-open=\"false\">\n        <h3>\n        <button data-ui-accordion-button class=\"accordion-toggle font-bold\" aria-expanded=\"false\" aria-controls=\"row-omduhar10minuter-3\" id=\"omduhar10minuter-3\">\n            Om du har 10 minuter\n            \n            <figure class=\"w-4.5 h-4.5\" aria-hidden=\"true\">\n            <svg width=\"20\" height=\"20\" viewBox=\"0 0 20 20\" fill=\"none\"\nclass=\"SvgIconElement\">\n<path d=\"M15.8333 7.16667L9.99992 13L4.16659 7.16667\" stroke=\"currentColor\"\/>\n<\/svg>\n            <\/figure>\n        <\/button>\n        \n                <\/h3>\n        <div class=\"accordion-content\">\n            <div id=\"row-omduhar10minuter-3\" role=\"region\" class=\"accordion-content-wrap\" aria-labelledby=\"omduhar10minuter-3\">\n                                            <div class=\"wysiwyg\">\n                    <p><strong>Skriv ett eget inl\u00e4gg<\/strong> p\u00e5 Instagram eller Facebook \u2013 eller skriv en ins\u00e4ndare till din lokaltidning!<\/p>\n<p>P\u00e5 den h\u00e4r sidan kan du ta del av v\u00e5ra argument f\u00f6r att r\u00e4dda och st\u00e4rka folkbildningen. De f\u00e5r du g\u00e4rna anv\u00e4nda. Utg\u00e5 ocks\u00e5 fr\u00e5n dina egna erfarenheter \u2013 vad folkbildningen betytt f\u00f6r DIG och varf\u00f6r DU tycker studief\u00f6rbundens verksamhet \u00e4r viktig. F\u00f6r det \u00e4r precis vad den h\u00e4r kampanjen handlar om!<\/p>\n<p>Har du till exempel g\u00e5tt en kurs, en studiecirkel eller l\u00e4rt dig ett nytt spr\u00e5k? Kanske har du tr\u00e4ffat en v\u00e4n f\u00f6r livet, en partner eller f\u00e5tt en aha-upplevelse p\u00e5 en f\u00f6rel\u00e4sning arrangerad av ett studief\u00f6rbund?<\/p>\n<p><strong>Skriv och ber\u00e4tta om det<\/strong>! Och f\u00f6rklara varf\u00f6r du v\u00e4grar vara tyst n\u00e4r regeringen genomf\u00f6r stora nedsk\u00e4rningar p\u00e5 folkbildningen.<\/p>\n<p>Om du skriver i sociala medier kommer du n\u00e5 fler om du ocks\u00e5 l\u00e4gger med en bild. Det kan vara en selfie eller en bild fr\u00e5n en studiecirkel du har g\u00e5tt. Anv\u00e4nd g\u00e4rna v\u00e5ra stickers till din bild om du vill!<\/p>\n<p>P\u00e5 din lokaltidnings hemsida kommer du att hitta uppgifter om hur du skickar in din text som ins\u00e4ndare. D\u00e4r st\u00e5r ofta hur m\u00e5nga tecken som din text kan inneh\u00e5lla.<\/p>\n<p><strong>Tips f\u00f6r att skriva en ins\u00e4ndare!<\/strong><\/p>\n<ol>\n<li>B\u00f6rja med det viktigaste<br \/>\nSkriv direkt vad du tycker, g\u00e4rna i f\u00f6rsta meningen. Det f\u00e5ngar l\u00e4saren p\u00e5 en g\u00e5ng.<\/li>\n<li>Var personlig och konkret<br \/>\nSkriv som du pratar. Ge exempel fr\u00e5n din vardag eller ditt samh\u00e4lle. Det g\u00f6r din ins\u00e4ndare trov\u00e4rdig och engagerande.<\/li>\n<li>Avsluta med en uppmaning<br \/>\nVad vill du att politiker, l\u00e4sare eller andra ska g\u00f6ra? S\u00e4g det tydligt, det g\u00f6r skillnad.<\/li>\n<\/ol>\n\n                <\/div>\n                                        <\/div>\n        <\/div>\n    <\/li>\n            <li class=\"accordion\" data-ui-accordion data-ui-accordion-open=\"false\">\n        <h3>\n        <button data-ui-accordion-button class=\"accordion-toggle font-bold\" aria-expanded=\"false\" aria-controls=\"row-omduhar30minuter-4\" id=\"omduhar30minuter-4\">\n            Om du har 30 minuter\n            \n            <figure class=\"w-4.5 h-4.5\" aria-hidden=\"true\">\n            <svg width=\"20\" height=\"20\" viewBox=\"0 0 20 20\" fill=\"none\"\nclass=\"SvgIconElement\">\n<path d=\"M15.8333 7.16667L9.99992 13L4.16659 7.16667\" stroke=\"currentColor\"\/>\n<\/svg>\n            <\/figure>\n        <\/button>\n        \n                <\/h3>\n        <div class=\"accordion-content\">\n            <div id=\"row-omduhar30minuter-4\" role=\"region\" class=\"accordion-content-wrap\" aria-labelledby=\"omduhar30minuter-4\">\n                                            <div class=\"wysiwyg\">\n                    <ul>\n<li><strong>G\u00f6r n\u00e5got av tipsen ovan<\/strong> OCH sms:a, ring, mejla eller skicka DM till fem v\u00e4nner som du tror ocks\u00e5 vill engagera sig f\u00f6r att r\u00e4dda och st\u00e4rka folkbildningen!<\/li>\n<li><strong>Anordna ett m\u00f6te i din f\u00f6rening<\/strong> eller en demonstration p\u00e5 torget i ditt lokalsamh\u00e4lle. Genom att trycka upp flyers och affischer eller ordna ett evenemang p\u00e5 Facebook kan du bjuda in fler. Gl\u00f6m inte att tipsa din lokaltidning! Kanske vill du h\u00e5lla ett tal p\u00e5 temat \u201dUtan folkbildning tystnar Sverige\u201d? Kanske vill du bjuda in en lokalpolitiker eller facklig f\u00f6retr\u00e4dare som talare?<\/li>\n<li><strong>Mejla en Tid\u00f6-politiker.<\/strong> Det \u00e4r Sveriges regering, den s\u00e5 kallade Tid\u00f6-regeringen, som har beslutat om de kraftiga nedsk\u00e4rningarna i studief\u00f6rbundens anslag och om f\u00f6rs\u00e4mringarna f\u00f6r civilsamh\u00e4llet.<br \/>\n<a href=\"https:\/\/www.riksdagen.se\/sv\/ledamoter-och-partier\/ledamoterna\/\" target=\"_blank\" rel=\"noopener\">P\u00e5 riksdagens hemsida finns mailadresser till alla 349 ledam\u00f6ter i riksdagen<\/a>. Alla politiker representerar ett l\u00e4n och en valkrets.<\/p>\n<p>Genom att mejla politiker fr\u00e5n M, SD, L och KD och ber\u00e4tta varf\u00f6r du vill st\u00e4rka folkbildningen, och varf\u00f6r det \u00e4r en d\u00e5lig id\u00e9 att sk\u00e4ra ner s\u00e5 kraftigt p\u00e5 studief\u00f6rbundens verksamhet, kan du p\u00e5verka politikerna i riksdagen.<\/li>\n<\/ul>\n\n                <\/div>\n                                        <\/div>\n        <\/div>\n    <\/li>\n    <\/ul>\n\n\n<div\n    class=\"acf-text-image-block container bg-gray-light py-12 md:py-15\"\n    data-block=\"text-image-block\"\n>\n    <div\n    class=\"flex flex-col items-center md:flex-row gap-8 md:gap-0 justify-between\">\n                        <div class=\"w-full md:w-1\/2 md:order-1\">\n            <picture><img decoding=\"async\" src=\"https:\/\/www.abf.se\/resized\/wp-content\/uploads\/2025\/06\/ABF_bildbank-163.jpg?fit=crop&#038;w=578&#038;s=13a3964fa2bb5c8d41dabfd4f0fb4c1b\" srcset=\"https:\/\/www.abf.se\/resized\/wp-content\/uploads\/2025\/06\/ABF_bildbank-163.jpg?fit=crop&#038;w=144&#038;h=126&#038;s=165b4c578a2e08b7ee52f9a45ceb22c5 144w, https:\/\/www.abf.se\/resized\/wp-content\/uploads\/2025\/06\/ABF_bildbank-163.jpg?fit=crop&#038;w=240&#038;h=211&#038;s=5e092727557fbb0a03ed5a8766e1d079 240w, https:\/\/www.abf.se\/resized\/wp-content\/uploads\/2025\/06\/ABF_bildbank-163.jpg?fit=crop&#038;w=288&#038;h=253&#038;s=7d10ccbd38ad7abfa63ff6976a43f7a3 288w, https:\/\/www.abf.se\/resized\/wp-content\/uploads\/2025\/06\/ABF_bildbank-163.jpg?fit=crop&#038;w=336&#038;h=295&#038;s=963b802275a9f19a0e1d73df677fd8ad 336w, https:\/\/www.abf.se\/resized\/wp-content\/uploads\/2025\/06\/ABF_bildbank-163.jpg?fit=crop&#038;w=432&#038;h=380&#038;s=6e4f5429fbc2130f1accfc69553a7a6b 432w, https:\/\/www.abf.se\/resized\/wp-content\/uploads\/2025\/06\/ABF_bildbank-163.jpg?fit=crop&#038;w=480&#038;h=422&#038;s=e042c170ada17da41c0b1f8c468e3b44 480w, https:\/\/www.abf.se\/resized\/wp-content\/uploads\/2025\/06\/ABF_bildbank-163.jpg?fit=crop&#038;w=528&#038;h=464&#038;s=cb720d1cf99e0d0ae709ff26b5c3aef1 528w, https:\/\/www.abf.se\/resized\/wp-content\/uploads\/2025\/06\/ABF_bildbank-163.jpg?fit=crop&#038;w=578&#038;h=509&#038;s=1d7a0872eefd11b33536fefd735512ce 578w, https:\/\/www.abf.se\/resized\/wp-content\/uploads\/2025\/06\/ABF_bildbank-163.jpg?fit=crop&#038;w=672&#038;h=591&#038;s=4c9b67df19dbc446c3fd1f754e3c6e15 672w, https:\/\/www.abf.se\/resized\/wp-content\/uploads\/2025\/06\/ABF_bildbank-163.jpg?fit=crop&#038;w=864&#038;h=760&#038;s=ed296f1e51e3f0e9860e0bb4a4f7dbdb 864w, https:\/\/www.abf.se\/resized\/wp-content\/uploads\/2025\/06\/ABF_bildbank-163.jpg?fit=crop&#038;w=1056&#038;h=929&#038;s=d7c2666d513f23244299377bf0d24a1e 1056w\" alt=\"Tv&aring; unga personer i en r&ouml;d soffa. En sitter i soffan, med en basgitarr, en sitter p&aring; soffkarmen, med en elgitarr. P&aring; v&auml;ggen bakom dem sitter en ABF-affisch med ett tecknat motiv p&aring; en ung kvinna och orden live, podcast, music.\" height=\"509\" width=\"578\" sizes=\"auto, (max-width: 768px) 100vw,\n                (max-width: 1280px) 50vw, 578px\" loading=\"lazy\" fetchpriority=\"low\" \/><\/picture>\n\n        <\/div>\n        \n        <div class=\"w-full md:w-1\/2 md:order-2\">\n        <div class=\"mx-auto md:max-w-[368px]\">\n            <h2 class=\"heading-lg\">5 starka sk\u00e4l f\u00f6r folkbildning<\/h2>\n            <div class=\"mb-6 mt-4 wysiwyg\">\n                <ol>\n<li><strong>F\u00f6r demokratin<\/strong><br \/>\nFolkbildning st\u00f6djer verksamheter som verkar utifr\u00e5n demokratiska v\u00e4rderingar, vilket motverkar falska nyheter och propaganda.<\/li>\n<li><strong>F\u00f6r folkbildningen<\/strong><br \/>\nFolkbildning minskar utbildningsklyftor och st\u00e4rker r\u00e4tten till utbildning samtidigt som den h\u00f6jer samh\u00e4llets bildningsniv\u00e5.<\/li>\n<li><strong>F\u00f6r gemenskapen<\/strong><br \/>\nFolkbildning ger m\u00e4nniskor m\u00f6jlighet att p\u00e5verka sin livssituation, motverkar ensamhet och bidrar till samh\u00e4llsutvecklingen.<\/li>\n<li><strong>F\u00f6r kulturen<\/strong><br \/>\nFolkbildning \u00f6kar delaktigheten i kulturlivet, vilket st\u00e4rker kulturlivet och ger m\u00e5nga en meningsfull fritid.<\/li>\n<li><strong>F\u00f6r alla<\/strong><br \/>\nFolkbildningen g\u00f6r skillnad i hela landet. Genom studief\u00f6rbundens verksamhet f\u00e5r alla m\u00f6jlighet att delta \u2013 med s\u00e4rskilda insatser f\u00f6r till exempel nyanl\u00e4nda, seniorer och personer med funktionsneds\u00e4ttning.<\/li>\n<\/ol>\n\n            <\/div>\n                    <\/div>\n        <\/div>\n    <\/div>\n<\/div>\n\n<div\n        class=\"acf-article-video-block article-container-lg my-12 external-video\"\n        data-block=\"article-video-block\"\n    >\n                    <h2 class=\"heading-md mb-3 text-black\">H\u00e4r kan du se kampanjfilmen &quot;Utan folkbildning tystnar Sverige&quot;<\/h2>\n                \n                    <iframe loading=\"lazy\" title=\"ABF Utan folkbildning tystnar Sverige 4K\" width=\"500\" height=\"281\" src=\"https:\/\/www.youtube.com\/embed\/V_8rbaU-wFg?feature=oembed\" frameborder=\"0\" allow=\"accelerometer; autoplay; clipboard-write; encrypted-media; gyroscope; picture-in-picture; web-share\" referrerpolicy=\"strict-origin-when-cross-origin\" allowfullscreen><\/iframe>\n                            <\/div>\n\n\n<div class=\"my-8 container-lg acf-file-link-block\" data-block=\"file-link-block\" class=\"acf-file-link-block\" data-block=\"file-link-block\">\n    <div class=\"w-full bg-red  round-corners-lg px-4 md:px-8 py-11 md:py-16\">\n        <h2 class=\"heading-lg mb-7 text-center text-white\">\n            Delningsbilder att anv\u00e4nda i sociala medier\n        <\/h2>\n            <ul class=\"grid grid-cols-1 gap-x-4 gap-y-3 md:grid-cols-2\">\n                                            <li>\n\n                    <a\n    class=\"large-button-link\"\n    href=\"https:\/\/www.abf.se\/wp-content\/uploads\/2025\/06\/Overlay-1080x1350-1.png\"\n    download=\"Overlay-1080x1350-1.png\"\n>\n    <span class=\"flex-1\"><span class=\"flex flex-row items-baseline gap-2\">\n                                                            <figure\n                                    aria-hidden=\"true\"\n                                    class=\"w-4 self-center\"\n                                >\n                                    <svg width=\"91\" height=\"91\" viewBox=\"0 0 91 91\" fill=\"none\" class=\"SvgIconElement\">\n<path d=\"M73.9052 14.2139H17.0557C12.3462 14.2139 8.52832 18.0317 8.52832 22.7413V68.2209C8.52832 72.9304 12.3462 76.7483 17.0557 76.7483H73.9052C78.6148 76.7483 82.4327 72.9304 82.4327 68.2209V22.7413C82.4327 18.0317 78.6148 14.2139 73.9052 14.2139Z\" stroke=\"currentColor\" stroke-width=\"5.68495\" stroke-linejoin=\"round\"\/>\n<path d=\"M59.6928 36.9534C62.8325 36.9534 65.3777 34.4082 65.3777 31.2684C65.3777 28.1287 62.8325 25.5835 59.6928 25.5835C56.5531 25.5835 54.0078 28.1287 54.0078 31.2684C54.0078 34.4082 56.5531 36.9534 59.6928 36.9534Z\" stroke=\"currentColor\" stroke-width=\"5.68495\" stroke-miterlimit=\"10\"\/>\n<path d=\"M54.0079 59.6561L37.9017 43.5802C36.8769 42.5555 35.4993 41.961 34.0507 41.918C32.6021 41.8751 31.1918 42.387 30.108 43.3492L8.52832 62.5359\" stroke=\"currentColor\" stroke-width=\"5.68495\" stroke-linecap=\"round\" stroke-linejoin=\"round\"\/>\n<path d=\"M39.7954 76.7485L61.7073 54.8366C62.7094 53.8325 64.0507 53.2393 65.4678 53.1736C66.8848 53.1079 68.2753 53.5743 69.366 54.4813L82.4325 65.3786\" stroke=\"currentColor\" stroke-width=\"5.68495\" stroke-linecap=\"round\" stroke-linejoin=\"round\"\/>\n<\/svg>\n        \n                                <\/figure>\n                            \n                            <span class=\"mr-2 flex-1\">\n                                Overlay 1080&#215;1350 (4:5)\n                                                                    <span class=\"label-md ml-1\">\n                                        (png, 56,39 Kb)\n                                    <\/span>\n                                                            <\/span>\n\n\n                        <\/span><\/span>\n\n    <figure\n        aria-hidden=\"true\"\n        class=\"w-5\"\n    >\n                    <svg width=\"20\" height=\"20\" viewBox=\"0 0 20 20\" fill=\"none\"\nclass=\"SvgIconElement\">\n<path d=\"M10 3V11.5\" stroke=\"currentColor\"\/>\n<path d=\"M6.5 8.5L10 12L13.5 8.5\" stroke=\"currentColor\"\/>\n<path d=\"M2.5 10.5V17H17.5V10.5\" stroke=\"currentColor\"\/>\n<\/svg>\n            <\/figure>\n<\/a>\n                <\/li>\n                                            <li>\n\n                    <a\n    class=\"large-button-link\"\n    href=\"https:\/\/www.abf.se\/wp-content\/uploads\/2025\/06\/Utan-folkbildning-1.jpg\"\n    download=\"Utan-folkbildning-1.jpg\"\n>\n    <span class=\"flex-1\"><span class=\"flex flex-row items-baseline gap-2\">\n                                                            <figure\n                                    aria-hidden=\"true\"\n                                    class=\"w-4 self-center\"\n                                >\n                                    <svg width=\"91\" height=\"91\" viewBox=\"0 0 91 91\" fill=\"none\" class=\"SvgIconElement\">\n<path d=\"M73.9052 14.2139H17.0557C12.3462 14.2139 8.52832 18.0317 8.52832 22.7413V68.2209C8.52832 72.9304 12.3462 76.7483 17.0557 76.7483H73.9052C78.6148 76.7483 82.4327 72.9304 82.4327 68.2209V22.7413C82.4327 18.0317 78.6148 14.2139 73.9052 14.2139Z\" stroke=\"currentColor\" stroke-width=\"5.68495\" stroke-linejoin=\"round\"\/>\n<path d=\"M59.6928 36.9534C62.8325 36.9534 65.3777 34.4082 65.3777 31.2684C65.3777 28.1287 62.8325 25.5835 59.6928 25.5835C56.5531 25.5835 54.0078 28.1287 54.0078 31.2684C54.0078 34.4082 56.5531 36.9534 59.6928 36.9534Z\" stroke=\"currentColor\" stroke-width=\"5.68495\" stroke-miterlimit=\"10\"\/>\n<path d=\"M54.0079 59.6561L37.9017 43.5802C36.8769 42.5555 35.4993 41.961 34.0507 41.918C32.6021 41.8751 31.1918 42.387 30.108 43.3492L8.52832 62.5359\" stroke=\"currentColor\" stroke-width=\"5.68495\" stroke-linecap=\"round\" stroke-linejoin=\"round\"\/>\n<path d=\"M39.7954 76.7485L61.7073 54.8366C62.7094 53.8325 64.0507 53.2393 65.4678 53.1736C66.8848 53.1079 68.2753 53.5743 69.366 54.4813L82.4325 65.3786\" stroke=\"currentColor\" stroke-width=\"5.68495\" stroke-linecap=\"round\" stroke-linejoin=\"round\"\/>\n<\/svg>\n        \n                                <\/figure>\n                            \n                            <span class=\"mr-2 flex-1\">\n                                S\u00e5 h\u00e4r g\u00f6r du med overlays\n                                                                    <span class=\"label-md ml-1\">\n                                        (jpeg, 145,80 Kb)\n                                    <\/span>\n                                                            <\/span>\n\n\n                        <\/span><\/span>\n\n    <figure\n        aria-hidden=\"true\"\n        class=\"w-5\"\n    >\n                    <svg width=\"20\" height=\"20\" viewBox=\"0 0 20 20\" fill=\"none\"\nclass=\"SvgIconElement\">\n<path d=\"M10 3V11.5\" stroke=\"currentColor\"\/>\n<path d=\"M6.5 8.5L10 12L13.5 8.5\" stroke=\"currentColor\"\/>\n<path d=\"M2.5 10.5V17H17.5V10.5\" stroke=\"currentColor\"\/>\n<\/svg>\n            <\/figure>\n<\/a>\n                <\/li>\n                                            <li>\n\n                    <a\n    class=\"large-button-link\"\n    href=\"https:\/\/www.abf.se\/wp-content\/uploads\/2025\/06\/Overlay-1080x1920-1.png\"\n    download=\"Overlay-1080x1920-1.png\"\n>\n    <span class=\"flex-1\"><span class=\"flex flex-row items-baseline gap-2\">\n                                                            <figure\n                                    aria-hidden=\"true\"\n                                    class=\"w-4 self-center\"\n                                >\n                                    <svg width=\"91\" height=\"91\" viewBox=\"0 0 91 91\" fill=\"none\" class=\"SvgIconElement\">\n<path d=\"M73.9052 14.2139H17.0557C12.3462 14.2139 8.52832 18.0317 8.52832 22.7413V68.2209C8.52832 72.9304 12.3462 76.7483 17.0557 76.7483H73.9052C78.6148 76.7483 82.4327 72.9304 82.4327 68.2209V22.7413C82.4327 18.0317 78.6148 14.2139 73.9052 14.2139Z\" stroke=\"currentColor\" stroke-width=\"5.68495\" stroke-linejoin=\"round\"\/>\n<path d=\"M59.6928 36.9534C62.8325 36.9534 65.3777 34.4082 65.3777 31.2684C65.3777 28.1287 62.8325 25.5835 59.6928 25.5835C56.5531 25.5835 54.0078 28.1287 54.0078 31.2684C54.0078 34.4082 56.5531 36.9534 59.6928 36.9534Z\" stroke=\"currentColor\" stroke-width=\"5.68495\" stroke-miterlimit=\"10\"\/>\n<path d=\"M54.0079 59.6561L37.9017 43.5802C36.8769 42.5555 35.4993 41.961 34.0507 41.918C32.6021 41.8751 31.1918 42.387 30.108 43.3492L8.52832 62.5359\" stroke=\"currentColor\" stroke-width=\"5.68495\" stroke-linecap=\"round\" stroke-linejoin=\"round\"\/>\n<path d=\"M39.7954 76.7485L61.7073 54.8366C62.7094 53.8325 64.0507 53.2393 65.4678 53.1736C66.8848 53.1079 68.2753 53.5743 69.366 54.4813L82.4325 65.3786\" stroke=\"currentColor\" stroke-width=\"5.68495\" stroke-linecap=\"round\" stroke-linejoin=\"round\"\/>\n<\/svg>\n        \n                                <\/figure>\n                            \n                            <span class=\"mr-2 flex-1\">\n                                Overlay 1080&#215;1920 (9:16)\n                                                                    <span class=\"label-md ml-1\">\n                                        (png, 58,53 Kb)\n                                    <\/span>\n                                                            <\/span>\n\n\n                        <\/span><\/span>\n\n    <figure\n        aria-hidden=\"true\"\n        class=\"w-5\"\n    >\n                    <svg width=\"20\" height=\"20\" viewBox=\"0 0 20 20\" fill=\"none\"\nclass=\"SvgIconElement\">\n<path d=\"M10 3V11.5\" stroke=\"currentColor\"\/>\n<path d=\"M6.5 8.5L10 12L13.5 8.5\" stroke=\"currentColor\"\/>\n<path d=\"M2.5 10.5V17H17.5V10.5\" stroke=\"currentColor\"\/>\n<\/svg>\n            <\/figure>\n<\/a>\n                <\/li>\n                                            <li>\n\n                    <a\n    class=\"large-button-link\"\n    href=\"https:\/\/www.abf.se\/wp-content\/uploads\/2025\/06\/Bild-1_Var-tredje.jpg\"\n    download=\"Bild-1_Var-tredje.jpg\"\n>\n    <span class=\"flex-1\"><span class=\"flex flex-row items-baseline gap-2\">\n                                                            <figure\n                                    aria-hidden=\"true\"\n                                    class=\"w-4 self-center\"\n                                >\n                                    <svg width=\"91\" height=\"91\" viewBox=\"0 0 91 91\" fill=\"none\" class=\"SvgIconElement\">\n<path d=\"M73.9052 14.2139H17.0557C12.3462 14.2139 8.52832 18.0317 8.52832 22.7413V68.2209C8.52832 72.9304 12.3462 76.7483 17.0557 76.7483H73.9052C78.6148 76.7483 82.4327 72.9304 82.4327 68.2209V22.7413C82.4327 18.0317 78.6148 14.2139 73.9052 14.2139Z\" stroke=\"currentColor\" stroke-width=\"5.68495\" stroke-linejoin=\"round\"\/>\n<path d=\"M59.6928 36.9534C62.8325 36.9534 65.3777 34.4082 65.3777 31.2684C65.3777 28.1287 62.8325 25.5835 59.6928 25.5835C56.5531 25.5835 54.0078 28.1287 54.0078 31.2684C54.0078 34.4082 56.5531 36.9534 59.6928 36.9534Z\" stroke=\"currentColor\" stroke-width=\"5.68495\" stroke-miterlimit=\"10\"\/>\n<path d=\"M54.0079 59.6561L37.9017 43.5802C36.8769 42.5555 35.4993 41.961 34.0507 41.918C32.6021 41.8751 31.1918 42.387 30.108 43.3492L8.52832 62.5359\" stroke=\"currentColor\" stroke-width=\"5.68495\" stroke-linecap=\"round\" stroke-linejoin=\"round\"\/>\n<path d=\"M39.7954 76.7485L61.7073 54.8366C62.7094 53.8325 64.0507 53.2393 65.4678 53.1736C66.8848 53.1079 68.2753 53.5743 69.366 54.4813L82.4325 65.3786\" stroke=\"currentColor\" stroke-width=\"5.68495\" stroke-linecap=\"round\" stroke-linejoin=\"round\"\/>\n<\/svg>\n        \n                                <\/figure>\n                            \n                            <span class=\"mr-2 flex-1\">\n                                Bildserie: Var tredje krona &#8211; bild 1\n                                                                    <span class=\"label-md ml-1\">\n                                        (jpeg, 257,25 Kb)\n                                    <\/span>\n                                                            <\/span>\n\n\n                        <\/span><\/span>\n\n    <figure\n        aria-hidden=\"true\"\n        class=\"w-5\"\n    >\n                    <svg width=\"20\" height=\"20\" viewBox=\"0 0 20 20\" fill=\"none\"\nclass=\"SvgIconElement\">\n<path d=\"M10 3V11.5\" stroke=\"currentColor\"\/>\n<path d=\"M6.5 8.5L10 12L13.5 8.5\" stroke=\"currentColor\"\/>\n<path d=\"M2.5 10.5V17H17.5V10.5\" stroke=\"currentColor\"\/>\n<\/svg>\n            <\/figure>\n<\/a>\n                <\/li>\n                                            <li>\n\n                    <a\n    class=\"large-button-link\"\n    href=\"https:\/\/www.abf.se\/wp-content\/uploads\/2025\/06\/Bild-2_Var-tredje.jpg\"\n    download=\"Bild-2_Var-tredje.jpg\"\n>\n    <span class=\"flex-1\"><span class=\"flex flex-row items-baseline gap-2\">\n                                                            <figure\n                                    aria-hidden=\"true\"\n                                    class=\"w-4 self-center\"\n                                >\n                                    <svg width=\"91\" height=\"91\" viewBox=\"0 0 91 91\" fill=\"none\" class=\"SvgIconElement\">\n<path d=\"M73.9052 14.2139H17.0557C12.3462 14.2139 8.52832 18.0317 8.52832 22.7413V68.2209C8.52832 72.9304 12.3462 76.7483 17.0557 76.7483H73.9052C78.6148 76.7483 82.4327 72.9304 82.4327 68.2209V22.7413C82.4327 18.0317 78.6148 14.2139 73.9052 14.2139Z\" stroke=\"currentColor\" stroke-width=\"5.68495\" stroke-linejoin=\"round\"\/>\n<path d=\"M59.6928 36.9534C62.8325 36.9534 65.3777 34.4082 65.3777 31.2684C65.3777 28.1287 62.8325 25.5835 59.6928 25.5835C56.5531 25.5835 54.0078 28.1287 54.0078 31.2684C54.0078 34.4082 56.5531 36.9534 59.6928 36.9534Z\" stroke=\"currentColor\" stroke-width=\"5.68495\" stroke-miterlimit=\"10\"\/>\n<path d=\"M54.0079 59.6561L37.9017 43.5802C36.8769 42.5555 35.4993 41.961 34.0507 41.918C32.6021 41.8751 31.1918 42.387 30.108 43.3492L8.52832 62.5359\" stroke=\"currentColor\" stroke-width=\"5.68495\" stroke-linecap=\"round\" stroke-linejoin=\"round\"\/>\n<path d=\"M39.7954 76.7485L61.7073 54.8366C62.7094 53.8325 64.0507 53.2393 65.4678 53.1736C66.8848 53.1079 68.2753 53.5743 69.366 54.4813L82.4325 65.3786\" stroke=\"currentColor\" stroke-width=\"5.68495\" stroke-linecap=\"round\" stroke-linejoin=\"round\"\/>\n<\/svg>\n        \n                                <\/figure>\n                            \n                            <span class=\"mr-2 flex-1\">\n                                Bildserie: Var tredje krona &#8211; bild 2\n                                                                    <span class=\"label-md ml-1\">\n                                        (jpeg, 192,72 Kb)\n                                    <\/span>\n                                                            <\/span>\n\n\n                        <\/span><\/span>\n\n    <figure\n        aria-hidden=\"true\"\n        class=\"w-5\"\n    >\n                    <svg width=\"20\" height=\"20\" viewBox=\"0 0 20 20\" fill=\"none\"\nclass=\"SvgIconElement\">\n<path d=\"M10 3V11.5\" stroke=\"currentColor\"\/>\n<path d=\"M6.5 8.5L10 12L13.5 8.5\" stroke=\"currentColor\"\/>\n<path d=\"M2.5 10.5V17H17.5V10.5\" stroke=\"currentColor\"\/>\n<\/svg>\n            <\/figure>\n<\/a>\n                <\/li>\n                                            <li>\n\n                    <a\n    class=\"large-button-link\"\n    href=\"https:\/\/www.abf.se\/wp-content\/uploads\/2025\/06\/Bild-3_Var-tredje.jpg\"\n    download=\"Bild-3_Var-tredje.jpg\"\n>\n    <span class=\"flex-1\"><span class=\"flex flex-row items-baseline gap-2\">\n                                                            <figure\n                                    aria-hidden=\"true\"\n                                    class=\"w-4 self-center\"\n                                >\n                                    <svg width=\"91\" height=\"91\" viewBox=\"0 0 91 91\" fill=\"none\" class=\"SvgIconElement\">\n<path d=\"M73.9052 14.2139H17.0557C12.3462 14.2139 8.52832 18.0317 8.52832 22.7413V68.2209C8.52832 72.9304 12.3462 76.7483 17.0557 76.7483H73.9052C78.6148 76.7483 82.4327 72.9304 82.4327 68.2209V22.7413C82.4327 18.0317 78.6148 14.2139 73.9052 14.2139Z\" stroke=\"currentColor\" stroke-width=\"5.68495\" stroke-linejoin=\"round\"\/>\n<path d=\"M59.6928 36.9534C62.8325 36.9534 65.3777 34.4082 65.3777 31.2684C65.3777 28.1287 62.8325 25.5835 59.6928 25.5835C56.5531 25.5835 54.0078 28.1287 54.0078 31.2684C54.0078 34.4082 56.5531 36.9534 59.6928 36.9534Z\" stroke=\"currentColor\" stroke-width=\"5.68495\" stroke-miterlimit=\"10\"\/>\n<path d=\"M54.0079 59.6561L37.9017 43.5802C36.8769 42.5555 35.4993 41.961 34.0507 41.918C32.6021 41.8751 31.1918 42.387 30.108 43.3492L8.52832 62.5359\" stroke=\"currentColor\" stroke-width=\"5.68495\" stroke-linecap=\"round\" stroke-linejoin=\"round\"\/>\n<path d=\"M39.7954 76.7485L61.7073 54.8366C62.7094 53.8325 64.0507 53.2393 65.4678 53.1736C66.8848 53.1079 68.2753 53.5743 69.366 54.4813L82.4325 65.3786\" stroke=\"currentColor\" stroke-width=\"5.68495\" stroke-linecap=\"round\" stroke-linejoin=\"round\"\/>\n<\/svg>\n        \n                                <\/figure>\n                            \n                            <span class=\"mr-2 flex-1\">\n                                Bildserie: Var tredje krona &#8211; bild 3\n                                                                    <span class=\"label-md ml-1\">\n                                        (jpeg, 75,33 Kb)\n                                    <\/span>\n                                                            <\/span>\n\n\n                        <\/span><\/span>\n\n    <figure\n        aria-hidden=\"true\"\n        class=\"w-5\"\n    >\n                    <svg width=\"20\" height=\"20\" viewBox=\"0 0 20 20\" fill=\"none\"\nclass=\"SvgIconElement\">\n<path d=\"M10 3V11.5\" stroke=\"currentColor\"\/>\n<path d=\"M6.5 8.5L10 12L13.5 8.5\" stroke=\"currentColor\"\/>\n<path d=\"M2.5 10.5V17H17.5V10.5\" stroke=\"currentColor\"\/>\n<\/svg>\n            <\/figure>\n<\/a>\n                <\/li>\n                    <\/ul>\n        <\/ul>\n    <\/div>\n<\/div>\n\n<div\n    class=\"acf-text-image-block container bg-gray-light py-12 md:py-15\"\n    data-block=\"text-image-block\"\n>\n    <div\n    class=\"flex flex-col items-center md:flex-row gap-8 md:gap-0 justify-between\">\n                        <div class=\"w-full md:w-1\/2 md:order-2\">\n            <picture><img decoding=\"async\" src=\"https:\/\/www.abf.se\/resized\/wp-content\/uploads\/2025\/06\/ABF_bildbank-190.jpg?fit=crop&#038;w=578&#038;s=c7ab2306f1f3be2febbd519a10dc8868\" srcset=\"https:\/\/www.abf.se\/resized\/wp-content\/uploads\/2025\/06\/ABF_bildbank-190.jpg?fit=crop&#038;w=144&#038;h=126&#038;s=272d537180745df6f597090ac16babed 144w, https:\/\/www.abf.se\/resized\/wp-content\/uploads\/2025\/06\/ABF_bildbank-190.jpg?fit=crop&#038;w=240&#038;h=211&#038;s=7da9abef6971f43b149b883687a6db12 240w, https:\/\/www.abf.se\/resized\/wp-content\/uploads\/2025\/06\/ABF_bildbank-190.jpg?fit=crop&#038;w=288&#038;h=253&#038;s=100fd82b9ac11038de4a4f6e3459833b 288w, https:\/\/www.abf.se\/resized\/wp-content\/uploads\/2025\/06\/ABF_bildbank-190.jpg?fit=crop&#038;w=336&#038;h=295&#038;s=0faa1fb31b17f9d6c9289b4448f1af60 336w, https:\/\/www.abf.se\/resized\/wp-content\/uploads\/2025\/06\/ABF_bildbank-190.jpg?fit=crop&#038;w=432&#038;h=380&#038;s=4507b6b9c8b33eb653c290d4670a2210 432w, https:\/\/www.abf.se\/resized\/wp-content\/uploads\/2025\/06\/ABF_bildbank-190.jpg?fit=crop&#038;w=480&#038;h=422&#038;s=f4d3dca3ad6c055ecea547b8f8b86543 480w, https:\/\/www.abf.se\/resized\/wp-content\/uploads\/2025\/06\/ABF_bildbank-190.jpg?fit=crop&#038;w=528&#038;h=464&#038;s=62b74ca2ba2871813b9c43d477d1f67e 528w, https:\/\/www.abf.se\/resized\/wp-content\/uploads\/2025\/06\/ABF_bildbank-190.jpg?fit=crop&#038;w=578&#038;h=509&#038;s=ae8a873ba7482c9212e092371419b4d1 578w, https:\/\/www.abf.se\/resized\/wp-content\/uploads\/2025\/06\/ABF_bildbank-190.jpg?fit=crop&#038;w=672&#038;h=591&#038;s=b274b313b184021427ae2492ad09342b 672w, https:\/\/www.abf.se\/resized\/wp-content\/uploads\/2025\/06\/ABF_bildbank-190.jpg?fit=crop&#038;w=864&#038;h=760&#038;s=84e8ee85f3404ed0c51aaeb940b099a9 864w, https:\/\/www.abf.se\/resized\/wp-content\/uploads\/2025\/06\/ABF_bildbank-190.jpg?fit=crop&#038;w=1056&#038;h=929&#038;s=026c89013ca08b8d94f7be79328297cb 1056w\" alt=\"Glada k&ouml;rmedlemmar runt ett piano d&auml;r en man studerar ett papper, med fingrarna p&aring; tangenterna\" height=\"509\" width=\"578\" sizes=\"auto, (max-width: 768px) 100vw,\n                (max-width: 1280px) 50vw, 578px\" loading=\"lazy\" fetchpriority=\"low\" \/><\/picture>\n\n        <\/div>\n        \n        <div class=\"w-full md:w-1\/2 md:order-1\">\n        <div class=\"mx-auto md:max-w-[368px]\">\n            <h2 class=\"heading-lg\">Tips p\u00e5 texter att anv\u00e4nda i sociala medier<\/h2>\n            <div class=\"mb-6 mt-4 wysiwyg\">\n                <p>Du f\u00e5r sj\u00e4lvklart \u00e4ndra, skriva om eller bara l\u00e5ta dig inspireras av de h\u00e4r korta texterna.<\/p>\n<ul>\n<li>Folkbildning \u00e4r replokaler, studiecirklar, samtal, kultur och kurser i hela landet.<br \/>\nDet g\u00f6r samh\u00e4llet starkare och skapar sammanh\u00e5llning. Jag v\u00e4grar vara tyst n\u00e4r regeringen tar bort var tredje krona till studief\u00f6rbunden. F\u00f6r utan folkbildning tystnar Sverige! R\u00e4dda och st\u00e4rk folkbildningen! Var med du ocks\u00e5.<br \/>\nL\u00e4s mer p\u00e5 abf.se\ud83d\udce3 Dela s\u00e5 fler f\u00f6rst\u00e5r varf\u00f6r folkbildningen \u00e4r viktigt!<\/li>\n<li>ABF lanserar nu kampanjen &#8221;Utan folkbildning tystnar Sverige&#8221;.<br \/>\nFilmen visar vad folkbildning faktiskt \u00e4r, hur studiecirklar, samtal, kultur och gemenskap formar ett starkare samh\u00e4lle. Det handlar om m\u00f6jligheter. Om r\u00f6ster som annars inte h\u00f6rs.\ud83c\udfa5 Se filmen p\u00e5 abf.se<br \/>\n\ud83d\udce3 Dela s\u00e5 fler f\u00f6rst\u00e5r varf\u00f6r folkbildningen \u00e4r viktigt!<\/li>\n<li>Folkbildning \u00e4r mer \u00e4n studiecirklar.<br \/>\nDet \u00e4r gemenskap, nya spr\u00e5k, musik, skapande och samtal som f\u00e5r m\u00e4nniskor att v\u00e4xa.<br \/>\n\u2764\ufe0f Utan folkbildning tystnar Sverige<\/li>\n<li>Vad h\u00e4nder n\u00e4r replokaler tystnar och samtalen upph\u00f6r? Folkbildningen \u00e4r det som f\u00e5r m\u00e4nniskor att m\u00f6tas \u2013 p\u00e5 riktigt.<br \/>\n\u2764\ufe0f Utan folkbildning tystnar Sverige<\/li>\n<li>Folkbildning ger plats f\u00f6r ber\u00e4ttelser, id\u00e9er och m\u00e4nniskor som annars inte f\u00e5r utrymme.<br \/>\nDet \u00e4r motkraft, medm\u00e4nsklighet och mening.<br \/>\n\u2764\ufe0f Utan folkbildning tystnar Sverige<\/li>\n<li>I en studiecirkel f\u00e5r du b\u00e5de s\u00e4ga vad du tycker och h\u00f6ra hur andra t\u00e4nker. Det \u00e4r d\u00e4r vi l\u00e4r oss \u2013 tillsammans.<br \/>\n\u2764\ufe0f Utan folkbildning tystnar Sverige<\/li>\n<\/ul>\n\n            <\/div>\n                    <\/div>\n        <\/div>\n    <\/div>\n<\/div>\n\n<div\n    class=\"acf-plain-heading-block container my-16\"\n    data-block=\"plain-heading-block\"\n>\n    <div class=\"max-w-[658px] mx-auto\">\n                <h2 class=\"hero-heading\"><span>Bakgrund till kampanjen<\/span><\/h2>\n                    <\/div>\n<\/div>\n\n\n<div\n    class=\"acf-article-text-block article-container my-12\"\n    data-block=\"article-text-block\"\n>\n    <div class=\"wysiwyg\">\n        <p><a name=\"mertext\"><\/a><\/p>\n<h3>ABF skapar m\u00f6jligheter<\/h3>\n<p>ABF skapar m\u00f6jligheter. Vi \u00e4r ett studief\u00f6rbund som erbjuder ett brett utbud av studiecirklar, kurser, replokaler, f\u00f6rel\u00e4sningar och kulturprogram i hela Sverige. Vi g\u00f6r kunskap tillg\u00e4ngligt f\u00f6r alla och skapar sammanhang d\u00e4r m\u00e4nniskor kan tr\u00e4ffas f\u00f6r att l\u00e4ra tillsammans, v\u00e4xa och utvecklas med hj\u00e4lp av varandra. Ett annat ord f\u00f6r allt det h\u00e4r \u00e4r folkbildning. Folkbildningen st\u00e4rker v\u00e5r demokrati, utvecklar v\u00e5ra st\u00e4der och samh\u00e4llen, och g\u00f6r s\u00e5v\u00e4l m\u00e4nniskor som Sverige starkare.<\/p>\n<p>ABF \u00e4r Sveriges st\u00f6rsta studief\u00f6rbund, med verksamhet i hela landet. Det finns sju studief\u00f6rbund till. Alla har en unik profil och samlar olika delar av Sveriges folkr\u00f6relser och civilsamh\u00e4llet.<\/p>\n<h3>Tillsammans st\u00e4rker vi demokratin<\/h3>\n<p>I dag \u00e4r drygt 200 organisationer medlemmar i ett studief\u00f6rbund vilket g\u00f6r att studief\u00f6rbunden kompletterar varandra, och att folkbildningen kan erbjuda n\u00e5got f\u00f6r alla. Samtliga studief\u00f6rbund \u00e4r id\u00e9burna och drivs utan vinstintresse. Studief\u00f6rbunden \u00e4r en b\u00e4rande del av det civilsamh\u00e4llet, st\u00e4rker demokratin och bidrar samtidigt till ett \u00f6kat samh\u00e4llsengagemang. D\u00e4rmed \u00f6kar kunskapen hos befolkningen och m\u00e4nniskor f\u00f6r m\u00f6jlighet att v\u00e4xa. D\u00e4rf\u00f6r ger staten statsbidrag till studief\u00f6rbunden.<\/p>\n<p>I regeringens proposition <strong>2013\/14:172 Allas kunskap &#8211; allas bildning<\/strong> formulerades f\u00f6r f\u00f6rsta g\u00e5ngen ett s\u00e4rskilt m\u00e5l f\u00f6r folkbildningspolitiken:<\/p>\n<p><strong><span class=\"TrackedChange SCXW266104785 BCX0\"><span class=\"TextRun SCXW266104785 BCX0\" lang=\"SV-SE\" xml:lang=\"SV-SE\" data-contrast=\"none\"><span class=\"NormalTextRun SCXW266104785 BCX0\" data-ccp-parastyle=\"Quote\">&#8221;Folkbildningen ska ge alla m\u00f6jlighet att tillsammans med andra \u00f6ka sin kunskap och bildning f\u00f6r personlig utveckling och delaktighet i samh\u00e4llet.&#8221;<\/span><\/span><\/span><\/strong><\/p>\n<p>En stor del av studief\u00f6rbundens verksamhet genomf\u00f6rs p\u00e5 ideell basis och i samarbete med f\u00f6reningar. Det g\u00f6r det m\u00f6jligt f\u00f6r studief\u00f6rbund som ABF att kunna erbjuda kurser, studiecirklar och kulturprogram som alla har r\u00e5d med.<\/p>\n<p>2024 deltog \u00f6ver 600 000 svenskar i minst en aktivitet som studief\u00f6rbunden anordnade, <a href=\"https:\/\/www.statistikdatabasen.scb.se\/pxweb\/sv\/ssd\/START__KU__KU0402\/StudforbHelarLaKoKoN\/\" target=\"_blank\" rel=\"noopener\">enligt officiell statistik fr\u00e5n SCB<\/a>. Det motsvarar sex procent av Sveriges befolkning.<\/p>\n<h3>Regeringens attack<\/h3>\n<p>Men nu dras mattan undan f\u00f6r studief\u00f6rbundens verksamhet. Sveriges regering har inlett en omfattande attack mot hela civilsamh\u00e4llet och mot folkbildningen. Innan den h\u00e4r mandatperioden \u00e4r \u00f6ver kommer var tredje statlig krona till studief\u00f6rbunden att ha f\u00f6rsvunnit. N\u00e4r den nuvarande regeringen tilltr\u00e4dde 2022 fanns det tio studief\u00f6rbund i Sverige. Nu finns bara \u00e5tta kvar. Tv\u00e5 studief\u00f6rbund har redan tvingats l\u00e4gga ner sin verksamhet till f\u00f6ljd av regeringens kraftiga nedsk\u00e4rningar.<\/p>\n<h3>Replokaler i fara<\/h3>\n<p>De kraftiga besparingarna p\u00e5 studief\u00f6rbunden inneb\u00e4r att var tredje studief\u00f6rbundsdriven replokal i landet nu riskerar att st\u00e4nga igen, som en direkt f\u00f6ljd av regeringens politik. M\u00e5nga kommuner \u2013 framf\u00f6r allt i lands- och glesbygd, dit storst\u00e4dernas kommersiella utbud inte n\u00e5r \u2013 riskerar snart att st\u00e5 utan studief\u00f6rbundens kulturutbud och m\u00f6tesplatser.<\/p>\n<h3>En ideologisk nedmontering<\/h3>\n<p>Replokalskrisen \u00e4r ett av m\u00e5nga exempel p\u00e5 den attack p\u00e5 folkbildningen och civilsamh\u00e4llet som regeringen nu genomf\u00f6r. Nedsk\u00e4rningarna kommer att f\u00e5 allvarliga och drastiska konsekvenser f\u00f6r bildningen och tillg\u00e5ngen till kultur i hela Sverige. Bakgrunden \u00e4r ideologiskt \u2013 precis som attackerna p\u00e5 bist\u00e5ndsorganisationer, p\u00e5 fackf\u00f6reningsr\u00f6relsen och p\u00e5 kulturen. Tid\u00f6partierna angriper folkbildningen systematiskt och med precision.<\/p>\n<p>Dessv\u00e4rre tvinga vi bevittna en alltmer auktorit\u00e4r stat som vill krympa civilsamh\u00e4llet. Vi k\u00e4nner igen det fr\u00e5n historien, och vi ser det just nu i l\u00e4nder som USA, Ungern och Italien.<\/p>\n<h3>Vi \u00e4r motkraften<\/h3>\n<p>Vi vet vad som st\u00e5r p\u00e5 spel. Vi ser betydelsen av folkbildning \u2013 att den erbjuds och finns i hela landet, i varje kommun. Vi vet att samh\u00e4llet blir starkare och b\u00e4ttre n\u00e4r vi tillsammans investerar i starka studief\u00f6rbund, i folkbildning och ett levande kulturliv \u2013 i landets alla delar. Att ett starkt och levande civilsamh\u00e4lle skapar b\u00e5de trygghet och motst\u00e5ndskraft. Vi vill r\u00e4dda och st\u00e4rka folkbildningen i hela v\u00e5rt land. Tillsammans \u00e4r vi\u00a0motkraften.<\/p>\n<p>D\u00e4rf\u00f6r protesterar vi mot regeringens nedsk\u00e4rningar. D\u00e4rf\u00f6r tar vi strid mot deras attack mot folkbildningen och civilsamh\u00e4llet. D\u00e4rf\u00f6r t\u00e4nker inte vi vara tysta!<\/p>\n<h3>Bli en del av r\u00f6relsen du ocks\u00e5 \u2013 h\u00f6j r\u00f6sten!<\/h3>\n<ul>\n<li>Stoppa nedsk\u00e4rningarna p\u00e5 studief\u00f6rbunden<\/li>\n<li>R\u00e4dda replokalerna<\/li>\n<li>St\u00e4rk folkbildningen<\/li>\n<\/ul>\n<h3><strong>F\u00f6r utan folkbildning tystnar Sverige.<\/strong><\/h3>\n\n    <\/div>\n<\/div>\n","protected":false},"excerpt":{"rendered":"","protected":false},"author":29,"featured_media":0,"parent":0,"menu_order":0,"comment_status":"closed","ping_status":"closed","template":"","meta":{"_acf_changed":false,"footnotes":""},"class_list":["post-2020","page","type-page","status-publish","hentry"],"acf":[],"yoast_head":"<!-- This site is optimized with the Yoast SEO plugin v27.0 - https:\/\/yoast.com\/product\/yoast-seo-wordpress\/ -->\n<title>Utan folkbildning tystnar Sverige - \u00d6sterg\u00f6tland - \u00d6sterg\u00f6tland<\/title>\n<meta name=\"robots\" content=\"index, follow, max-snippet:-1, max-image-preview:large, max-video-preview:-1\" \/>\n<link rel=\"canonical\" href=\"https:\/\/www.abf.se\/ostergotland\/utan-folkbildning-tystnar-sverige-ostergotland\/\" \/>\n<meta property=\"og:locale\" content=\"sv_SE\" \/>\n<meta property=\"og:type\" content=\"article\" \/>\n<meta property=\"og:title\" content=\"Utan folkbildning tystnar Sverige - \u00d6sterg\u00f6tland - \u00d6sterg\u00f6tland\" \/>\n<meta property=\"og:url\" content=\"https:\/\/www.abf.se\/ostergotland\/utan-folkbildning-tystnar-sverige-ostergotland\/\" \/>\n<meta property=\"og:site_name\" content=\"\u00d6sterg\u00f6tland\" \/>\n<meta property=\"article:modified_time\" content=\"2026-04-29T08:12:26+00:00\" \/>\n<meta property=\"og:image\" content=\"https:\/\/www.abf.se\/wp-content\/uploads\/sites\/64\/2024\/04\/Nyckeln-liggande-scaled.jpg\" \/>\n\t<meta property=\"og:image:width\" content=\"2560\" \/>\n\t<meta property=\"og:image:height\" content=\"1440\" \/>\n\t<meta property=\"og:image:type\" content=\"image\/jpeg\" \/>\n<meta name=\"twitter:card\" content=\"summary_large_image\" \/>\n<script type=\"application\/ld+json\" class=\"yoast-schema-graph\">{\"@context\":\"https:\/\/schema.org\",\"@graph\":[{\"@type\":\"WebPage\",\"@id\":\"https:\/\/www.abf.se\/ostergotland\/utan-folkbildning-tystnar-sverige-ostergotland\/\",\"url\":\"https:\/\/www.abf.se\/ostergotland\/utan-folkbildning-tystnar-sverige-ostergotland\/\",\"name\":\"Utan folkbildning tystnar Sverige - \u00d6sterg\u00f6tland - \u00d6sterg\u00f6tland\",\"isPartOf\":{\"@id\":\"https:\/\/www.abf.se\/ostergotland\/#website\"},\"datePublished\":\"2026-04-17T08:13:02+00:00\",\"dateModified\":\"2026-04-29T08:12:26+00:00\",\"breadcrumb\":{\"@id\":\"https:\/\/www.abf.se\/ostergotland\/utan-folkbildning-tystnar-sverige-ostergotland\/#breadcrumb\"},\"inLanguage\":\"sv-SE\",\"potentialAction\":[{\"@type\":\"ReadAction\",\"target\":[\"https:\/\/www.abf.se\/ostergotland\/utan-folkbildning-tystnar-sverige-ostergotland\/\"]}]},{\"@type\":\"BreadcrumbList\",\"@id\":\"https:\/\/www.abf.se\/ostergotland\/utan-folkbildning-tystnar-sverige-ostergotland\/#breadcrumb\",\"itemListElement\":[{\"@type\":\"ListItem\",\"position\":1,\"name\":\"Home\",\"item\":\"https:\/\/www.abf.se\/ostergotland\/\"},{\"@type\":\"ListItem\",\"position\":2,\"name\":\"Utan folkbildning tystnar Sverige &#8211; \u00d6sterg\u00f6tland\"}]},{\"@type\":\"WebSite\",\"@id\":\"https:\/\/www.abf.se\/ostergotland\/#website\",\"url\":\"https:\/\/www.abf.se\/ostergotland\/\",\"name\":\"\u00d6sterg\u00f6tland\",\"description\":\"\",\"potentialAction\":[{\"@type\":\"SearchAction\",\"target\":{\"@type\":\"EntryPoint\",\"urlTemplate\":\"https:\/\/www.abf.se\/ostergotland\/?s={search_term_string}\"},\"query-input\":{\"@type\":\"PropertyValueSpecification\",\"valueRequired\":true,\"valueName\":\"search_term_string\"}}],\"inLanguage\":\"sv-SE\"}]}<\/script>\n<!-- \/ Yoast SEO plugin. -->","yoast_head_json":{"title":"Utan folkbildning tystnar Sverige - \u00d6sterg\u00f6tland - \u00d6sterg\u00f6tland","robots":{"index":"index","follow":"follow","max-snippet":"max-snippet:-1","max-image-preview":"max-image-preview:large","max-video-preview":"max-video-preview:-1"},"canonical":"https:\/\/www.abf.se\/ostergotland\/utan-folkbildning-tystnar-sverige-ostergotland\/","og_locale":"sv_SE","og_type":"article","og_title":"Utan folkbildning tystnar Sverige - \u00d6sterg\u00f6tland - \u00d6sterg\u00f6tland","og_url":"https:\/\/www.abf.se\/ostergotland\/utan-folkbildning-tystnar-sverige-ostergotland\/","og_site_name":"\u00d6sterg\u00f6tland","article_modified_time":"2026-04-29T08:12:26+00:00","og_image":[{"width":2560,"height":1440,"url":"https:\/\/www.abf.se\/wp-content\/uploads\/sites\/64\/2024\/04\/Nyckeln-liggande-scaled.jpg","type":"image\/jpeg"}],"twitter_card":"summary_large_image","schema":{"@context":"https:\/\/schema.org","@graph":[{"@type":"WebPage","@id":"https:\/\/www.abf.se\/ostergotland\/utan-folkbildning-tystnar-sverige-ostergotland\/","url":"https:\/\/www.abf.se\/ostergotland\/utan-folkbildning-tystnar-sverige-ostergotland\/","name":"Utan folkbildning tystnar Sverige - \u00d6sterg\u00f6tland - \u00d6sterg\u00f6tland","isPartOf":{"@id":"https:\/\/www.abf.se\/ostergotland\/#website"},"datePublished":"2026-04-17T08:13:02+00:00","dateModified":"2026-04-29T08:12:26+00:00","breadcrumb":{"@id":"https:\/\/www.abf.se\/ostergotland\/utan-folkbildning-tystnar-sverige-ostergotland\/#breadcrumb"},"inLanguage":"sv-SE","potentialAction":[{"@type":"ReadAction","target":["https:\/\/www.abf.se\/ostergotland\/utan-folkbildning-tystnar-sverige-ostergotland\/"]}]},{"@type":"BreadcrumbList","@id":"https:\/\/www.abf.se\/ostergotland\/utan-folkbildning-tystnar-sverige-ostergotland\/#breadcrumb","itemListElement":[{"@type":"ListItem","position":1,"name":"Home","item":"https:\/\/www.abf.se\/ostergotland\/"},{"@type":"ListItem","position":2,"name":"Utan folkbildning tystnar Sverige &#8211; \u00d6sterg\u00f6tland"}]},{"@type":"WebSite","@id":"https:\/\/www.abf.se\/ostergotland\/#website","url":"https:\/\/www.abf.se\/ostergotland\/","name":"\u00d6sterg\u00f6tland","description":"","potentialAction":[{"@type":"SearchAction","target":{"@type":"EntryPoint","urlTemplate":"https:\/\/www.abf.se\/ostergotland\/?s={search_term_string}"},"query-input":{"@type":"PropertyValueSpecification","valueRequired":true,"valueName":"search_term_string"}}],"inLanguage":"sv-SE"}]}},"_links":{"self":[{"href":"https:\/\/www.abf.se\/ostergotland\/wp-json\/wp\/v2\/pages\/2020","targetHints":{"allow":["GET"]}}],"collection":[{"href":"https:\/\/www.abf.se\/ostergotland\/wp-json\/wp\/v2\/pages"}],"about":[{"href":"https:\/\/www.abf.se\/ostergotland\/wp-json\/wp\/v2\/types\/page"}],"author":[{"embeddable":true,"href":"https:\/\/www.abf.se\/ostergotland\/wp-json\/wp\/v2\/users\/29"}],"replies":[{"embeddable":true,"href":"https:\/\/www.abf.se\/ostergotland\/wp-json\/wp\/v2\/comments?post=2020"}],"version-history":[{"count":35,"href":"https:\/\/www.abf.se\/ostergotland\/wp-json\/wp\/v2\/pages\/2020\/revisions"}],"predecessor-version":[{"id":2098,"href":"https:\/\/www.abf.se\/ostergotland\/wp-json\/wp\/v2\/pages\/2020\/revisions\/2098"}],"wp:attachment":[{"href":"https:\/\/www.abf.se\/ostergotland\/wp-json\/wp\/v2\/media?parent=2020"}],"curies":[{"name":"wp","href":"https:\/\/api.w.org\/{rel}","templated":true}]}}