{"id":442,"date":"2024-04-08T11:46:53","date_gmt":"2024-04-08T09:46:53","guid":{"rendered":"https:\/\/www.abf.se\/ostergotland\/?page_id=442"},"modified":"2024-04-23T08:08:39","modified_gmt":"2024-04-23T06:08:39","slug":"om-abf","status":"publish","type":"page","link":"https:\/\/www.abf.se\/ostergotland\/om-abf\/","title":{"rendered":"Om ABF"},"content":{"rendered":"<div\n    class=\"acf-plain-heading-block container my-16\"\n    data-block=\"plain-heading-block\"\n>\n    <div class=\"max-w-[658px] mx-auto\">\n                <h1 class=\"hero-heading\"><span>Det h\u00e4r \u00e4r ABF<\/span><\/h1>\n                            <p class=\"mt-8 body-xl text-black\">\n                Arbetarnas Bildningsf\u00f6rbund (ABF) \u00e4r Sveriges st\u00f6rsta studief\u00f6rbund som erbjuder studiecirklar, kurser, f\u00f6rel\u00e4sningar och kulturarrangemang i Sveriges alla kommuner. \n            <\/p>\n            <\/div>\n<\/div>\n\n\n<div\n    class=\"acf-article-text-block article-container my-12\"\n    data-block=\"article-text-block\"\n>\n    <div class=\"wysiwyg\">\n        <h2>Sveriges st\u00f6rsta m\u00f6jligg\u00f6rare<\/h2>\n<p>Hos ABF m\u00f6ts m\u00e5ngfald och m\u00f6jligheter. Vi skapar m\u00f6tesplatser b\u00e5de i det fysiska och digitala rummet, d\u00e4r vi tillsammans utforskar l\u00e4rande, kultur och demokrati. Med en stark lokal n\u00e4rvaro och ett \u00f6ppet digitalt landskap str\u00e4cker vi oss ut till alla h\u00f6rn av landet i en str\u00e4van att inte l\u00e4mna n\u00e5gon utanf\u00f6r. ABF utg\u00f6r ofta motorn i det lokala f\u00f6reningslivet och samverkar med nya r\u00f6relser och n\u00e5r nya deltagare.<\/p>\n<p>V\u00e5rt arbete har sina r\u00f6tter i arbetarr\u00f6relsens v\u00e4rderingar om j\u00e4mlikhet och solidaritet, f\u00f6r att bidra till ett samh\u00e4lle d\u00e4r varje individ kan v\u00e4xa och bidra. Tillsammans skapar vi en inkluderande gemenskap d\u00e4r vi bidrar till det lokala f\u00f6reningslivet samtidigt som vi f\u00e5r kultur tillg\u00e4ngligt f\u00f6r fler.<\/p>\n<h3>Vi \u00e4r ABF<\/h3>\n<p>ABF \u00e4r en sammanslutning av b\u00e5de stora och sm\u00e5 organisationer som delar ABFs v\u00e4rdegrund. Tillsammans st\u00e5r vi upp f\u00f6r allas lika v\u00e4rde, ett starkt demokratiskt samh\u00e4lle och allas r\u00e4tt till l\u00e4rande.<\/p>\n<p>ABF best\u00e5r av n\u00e4rmare 50 medlemsorganisationer, 51 lokala ABF-avdelningar, 21 ABF-distrikt samt en f\u00f6rbundsexpedition. F\u00f6rbundet beslutande organ \u00e4r f\u00f6rbundsst\u00e4mman och f\u00f6rbundsstyrelsen. ABF centralt har \u00e4ven n\u00e4rmare 40 organisationer med samverkansavtal.<\/p>\n<h3>Studiecirkeln i centrum<\/h3>\n<p>V\u00e5r metod bygger p\u00e5 att deltagarna bildar sig tillsammans och bidrar med olika erfarenheter p\u00e5 lika villkor. Studiecirkeln \u00e4r v\u00e5rt fr\u00e4msta pedagogiska verktyg.<\/p>\n\n    <\/div>\n<\/div>\n\n\n<div\n    class=\"acf-article-cta-link-block article-container my-8\"\n    data-block=\"article-cta-link-block\"\n>\n<div>\n    <a class=\"inline-flex flex-row items-center gap-4 text-link underline text-red-dark\"\n        href=\"https:\/\/www.abf.se\/wp-content\/uploads\/2024\/04\/abf-stadgar-2018_nytryck_sep2019.pdf\"\n                target=\"_blank\"\n            >\n        <span class=\"\">\n        ABFs stadgar (PDF)\n        <\/span>\n        <figure aria-hidden=\"true\" class=\"rounded-full bg-red-dark w-8 h-8 p-1 text-white\">\n            <svg width=\"20\" height=\"20\" viewBox=\"0 0 20 20\" fill=\"none\" class=\"SvgIconElement\">\n<path d=\"M4.16659 10L15.8333 10\" stroke=\"currentColor\"\/>\n<path d=\"M9.99992 4.1665L15.8333 9.99984L9.99992 15.8332\" stroke=\"currentColor\"\/>\n<\/svg>\n        <\/figure>\n    <\/a>\n<\/div>\n<\/div>\n\n\n<div\n    class=\"acf-article-image-block mb-12 container\"\n    data-block=\"article-image-block\"\n>\n<div class=\"grid md:grid-cols-2 gap-4\">\n\n        <figure>\n        \n            <picture class=\"round-corners-lg w-full\"><img decoding=\"async\" src=\"https:\/\/www.abf.se\/resized\/wp-content\/uploads\/2024\/04\/ABF_header_1805-5753.jpg?fit=contain&#038;w=578&#038;s=40b99b8eeb90feb2ebfcc9eea759a66a\" srcset=\"https:\/\/www.abf.se\/resized\/wp-content\/uploads\/2024\/04\/ABF_header_1805-5753.jpg?fit=contain&#038;w=375&#038;h=249&#038;s=591da0df09335202e40d5e58433bff42 375w, https:\/\/www.abf.se\/resized\/wp-content\/uploads\/2024\/04\/ABF_header_1805-5753.jpg?fit=contain&#038;w=423&#038;h=281&#038;s=d292bfbd654e9cea2d61c1422acd2f47 423w, https:\/\/www.abf.se\/resized\/wp-content\/uploads\/2024\/04\/ABF_header_1805-5753.jpg?fit=contain&#038;w=471&#038;h=313&#038;s=d30c3ddb14163f32e847dbfbc53dae4a 471w, https:\/\/www.abf.se\/resized\/wp-content\/uploads\/2024\/04\/ABF_header_1805-5753.jpg?fit=contain&#038;w=519&#038;h=345&#038;s=30afb0cf569d212cc2fe412462060cb5 519w, https:\/\/www.abf.se\/resized\/wp-content\/uploads\/2024\/04\/ABF_header_1805-5753.jpg?fit=contain&#038;w=567&#038;h=377&#038;s=f8aea7cbd6b9d9ebb20732754b9b9f86 567w, https:\/\/www.abf.se\/resized\/wp-content\/uploads\/2024\/04\/ABF_header_1805-5753.jpg?fit=contain&#038;w=578&#038;s=40b99b8eeb90feb2ebfcc9eea759a66a 578w, https:\/\/www.abf.se\/resized\/wp-content\/uploads\/2024\/04\/ABF_header_1805-5753.jpg?fit=contain&#038;w=750&#038;h=499&#038;s=d119ab5c8f3ba6c79e47cab873e7406b 750w, https:\/\/www.abf.se\/resized\/wp-content\/uploads\/2024\/04\/ABF_header_1805-5753.jpg?fit=contain&#038;w=846&#038;h=563&#038;s=25628f66cf68b2e070adc791aca1b4ec 846w, https:\/\/www.abf.se\/resized\/wp-content\/uploads\/2024\/04\/ABF_header_1805-5753.jpg?fit=contain&#038;w=942&#038;h=627&#038;s=567f9ad3000edca44e3f451cdce0aee6 942w, https:\/\/www.abf.se\/resized\/wp-content\/uploads\/2024\/04\/ABF_header_1805-5753.jpg?fit=contain&#038;w=1038&#038;h=691&#038;s=95a78ea107b8b38219d1fb0a391fb750 1038w, https:\/\/www.abf.se\/resized\/wp-content\/uploads\/2024\/04\/ABF_header_1805-5753.jpg?fit=contain&#038;w=1134&#038;h=755&#038;s=2c41bce4bb3d4f18346f0c6f1f29298d 1134w\" alt=\"sju personer i trappa mot en samlingslokal de diskuterar i sm&aring;grupper\" height=\"385\" width=\"578\" sizes=\"auto, (max-width: 768px) calc(100vw - 40px), (min-width: 768px) and (max-width: 1156px) calc(50vw - 56px), calc((1156px \/ 2) - 16px)\" loading=\"lazy\" fetchpriority=\"low\" class=\"round-corners-lg w-full\" \/><\/picture>\n                        <\/figure>\n        <figure>\n        \n            <picture class=\"round-corners-lg w-full\"><img decoding=\"async\" src=\"https:\/\/www.abf.se\/resized\/wp-content\/uploads\/2024\/04\/ABF_header_1805-6594.jpg?fit=contain&#038;w=578&#038;s=04f1c63aede7f4fb4348b1f4fc09c58c\" srcset=\"https:\/\/www.abf.se\/resized\/wp-content\/uploads\/2024\/04\/ABF_header_1805-6594.jpg?fit=contain&#038;w=375&#038;h=249&#038;s=76ca0e86e1ddd4888c79f8374d1a24dc 375w, https:\/\/www.abf.se\/resized\/wp-content\/uploads\/2024\/04\/ABF_header_1805-6594.jpg?fit=contain&#038;w=423&#038;h=281&#038;s=219ece74e5b0508ddde29f80908ec793 423w, https:\/\/www.abf.se\/resized\/wp-content\/uploads\/2024\/04\/ABF_header_1805-6594.jpg?fit=contain&#038;w=471&#038;h=313&#038;s=0b7b3f83aa71f820e0805446892a1ac0 471w, https:\/\/www.abf.se\/resized\/wp-content\/uploads\/2024\/04\/ABF_header_1805-6594.jpg?fit=contain&#038;w=519&#038;h=345&#038;s=0140fc2f65d84ca4089da53fca8ec235 519w, https:\/\/www.abf.se\/resized\/wp-content\/uploads\/2024\/04\/ABF_header_1805-6594.jpg?fit=contain&#038;w=567&#038;h=377&#038;s=04b5923b5ec4205119ad888c083e147d 567w, https:\/\/www.abf.se\/resized\/wp-content\/uploads\/2024\/04\/ABF_header_1805-6594.jpg?fit=contain&#038;w=578&#038;s=04f1c63aede7f4fb4348b1f4fc09c58c 578w, https:\/\/www.abf.se\/resized\/wp-content\/uploads\/2024\/04\/ABF_header_1805-6594.jpg?fit=contain&#038;w=750&#038;h=499&#038;s=4b9a3ca1ac338c855e271618fc49147f 750w, https:\/\/www.abf.se\/resized\/wp-content\/uploads\/2024\/04\/ABF_header_1805-6594.jpg?fit=contain&#038;w=846&#038;h=563&#038;s=f6ad0edbff22cc55f560eb91951927ed 846w, https:\/\/www.abf.se\/resized\/wp-content\/uploads\/2024\/04\/ABF_header_1805-6594.jpg?fit=contain&#038;w=942&#038;h=627&#038;s=051b961e571f30e958236b8a29e596dd 942w, https:\/\/www.abf.se\/resized\/wp-content\/uploads\/2024\/04\/ABF_header_1805-6594.jpg?fit=contain&#038;w=1038&#038;h=691&#038;s=4bccf64558534128dab497e18b105366 1038w, https:\/\/www.abf.se\/resized\/wp-content\/uploads\/2024\/04\/ABF_header_1805-6594.jpg?fit=contain&#038;w=1134&#038;h=755&#038;s=d50512233b9a5d780121f86b8ffc65a2 1134w\" alt=\"ABFs cirkelledare visar granskott f&ouml;r tv&aring; cirkeldeltagare\" height=\"385\" width=\"578\" sizes=\"auto, (max-width: 768px) calc(100vw - 40px), (min-width: 768px) and (max-width: 1156px) calc(50vw - 56px), calc((1156px \/ 2) - 16px)\" loading=\"lazy\" fetchpriority=\"low\" class=\"round-corners-lg w-full\" \/><\/picture>\n                        <\/figure>\n        <\/div>\n\n<\/div>\n\n\n<div\n    class=\"acf-plain-heading-block container my-16\"\n    data-block=\"plain-heading-block\"\n>\n    <div class=\"max-w-[658px] mx-auto\">\n                <h1 class=\"hero-heading\"><span>V\u00e4rdegrund<\/span><\/h1>\n                    <\/div>\n<\/div>\n\n\n<div\n    class=\"acf-article-text-block article-container my-12\"\n    data-block=\"article-text-block\"\n>\n    <div class=\"wysiwyg\">\n        <h3>ABF \u2013 en del av arbetarr\u00f6relsen<\/h3>\n<p>ABF \u00e4r politiskt oberoende men delar v\u00e4rderingar med arbetarr\u00f6relsen. Medlemsorganisationer inkluderar Socialdemokraterna (S), V\u00e4nsterpartiet (V), Landsorganisationen (LO), Sveriges Socialdemokratiska Ungdomsf\u00f6rbund (SSU) och Ung V\u00e4nster. Grundat 1912 av S, LO och Kooperativa f\u00f6rbundet under ledning av Rickard Sandler f\u00f6r att fr\u00e4mja bildning inom arbetarr\u00f6relsen. Trots samh\u00e4llets f\u00f6r\u00e4ndringar forts\u00e4tter ABF att arbeta f\u00f6r demokrati och j\u00e4mlikhet.<\/p>\n<h3>ABFs v\u00e4rdegrund med utg\u00e5ngspunkt i id\u00e9programmet<\/h3>\n<p>ABFs id\u00e9program \u201cG\u00f6r en annan v\u00e4rld m\u00f6jlig!\u201d \u00e4r ABFs ideologiska kompass i vardagen och fungerar som en grund f\u00f6r planering, prioriteringar och beslut i all v\u00e5r verksamhet. Alla som representerar ABF (anst\u00e4llda, f\u00f6rtroendevalda och cirkelledare) ska st\u00e5 bakom v\u00e5rt id\u00e9program och dela v\u00e5ra v\u00e4rderingar. Att \u00f6ppet ta st\u00e4llning f\u00f6r en organisation som har v\u00e4rderingar som st\u00e5r i konflikt med v\u00e5rt id\u00e9program \u00e4r inte f\u00f6renligt med att vara en representant f\u00f6r ABF.<\/p>\n<h3>ABF \u00e4r en ideell organisation<\/h3>\n<p>ABF \u00e4r en ideell organisation och d\u00e4rmed en del av civilsamh\u00e4llet, ocks\u00e5 kallat ideell sektor eller f\u00f6reningslivet. ABF styrs av v\u00e5ra f\u00f6rtroendevalda som fattar sj\u00e4lvst\u00e4ndiga beslut utifr\u00e5n v\u00e5rt id\u00e9program. ABF samverkar dock ofta med den offentliga sektorn och, i likhet med stora delar av f\u00f6reningslivet, tar vi del av bidrag och st\u00f6d fr\u00e5n stat, regioner och kommuner.<\/p>\n<p>I Sverige finns det nio studief\u00f6rbund d\u00e4r alla har sin egen profil och ideologiska s\u00e4rart. ABF \u00e4r arbetarr\u00f6relsens studief\u00f6rbund, och bland v\u00e5ra mer \u00e4n 50 medlemsorganisationer finns bland annat flera partier, fackf\u00f6rbund och intresseorganisationer representerade.<\/p>\n\n    <\/div>\n<\/div>\n\n\n<div\n    class=\"acf-article-cta-link-block article-container my-8\"\n    data-block=\"article-cta-link-block\"\n>\n<div>\n    <a class=\"inline-flex flex-row items-center gap-4 text-link underline text-red-dark\"\n        href=\"https:\/\/www.abf.se\/wp-content\/uploads\/2024\/04\/abf-ideprogram-2023-aug-a4.pdf\"\n                target=\"_blank\"\n            >\n        <span class=\"\">\n        ABFs Id\u00e9program (PDF)\n        <\/span>\n        <figure aria-hidden=\"true\" class=\"rounded-full bg-red-dark w-8 h-8 p-1 text-white\">\n            <svg width=\"20\" height=\"20\" viewBox=\"0 0 20 20\" fill=\"none\" class=\"SvgIconElement\">\n<path d=\"M4.16659 10L15.8333 10\" stroke=\"currentColor\"\/>\n<path d=\"M9.99992 4.1665L15.8333 9.99984L9.99992 15.8332\" stroke=\"currentColor\"\/>\n<\/svg>\n        <\/figure>\n    <\/a>\n<\/div>\n<\/div>\n<div\n    class=\"acf-plain-heading-block container my-16\"\n    data-block=\"plain-heading-block\"\n>\n    <div class=\"max-w-[658px] mx-auto\">\n                <h1 class=\"hero-heading\"><span>Tidningen F\u00f6nstret<\/span><\/h1>\n                            <p class=\"mt-8 body-xl text-black\">\n                F\u00f6nstret utkommer med fyra nummer per \u00e5r som pappersutg\u00e5va. Som cirkelledare i ABF f\u00e5r du tidningen hemskickad utan kostnad. H\u00f6r av dig till din lokala ABF-avdelning.\n            <\/p>\n            <\/div>\n<\/div>\n\n\n<div class=\"acf-office-selector-block grid my-12 article-container\"\ndata-block=\"office-selector-block\">\n        <div class=\"grid gap-[6px]\">\n        <p class=\"label-md mb-2\"><\/p>\n        <button\n    class=\"RegionSelectTrigger max-w-none\"\n    data-control-for=\"RegionSelectDrawer\"\n    aria-controls=\"RegionSelectDrawer\"\n>\n    <span class=\"RegionSelectTriggerLabel flex flex-row items-center gap-1\">\n                    V\u00e4lj ditt ABF\n            <\/span>\n    <figure class=\"RegionSelectTriggerIcon\" aria-hidden=\"true\">\n        <svg width=\"20\" height=\"20\" viewBox=\"0 0 20 20\" fill=\"none\"\nclass=\"SvgIconElement\">\n<path d=\"M15.8333 7.16667L9.99992 13L4.16659 7.16667\" stroke=\"currentColor\"\/>\n<\/svg>\n    <\/figure>\n<\/button>\n    <\/div>\n<\/div>\n\n<div\n    class=\"acf-article-text-block article-container my-12\"\n    data-block=\"article-text-block\"\n>\n    <div class=\"wysiwyg\">\n        <p>F\u00f6nstret \u00e4r ABFs kulturmagasin. En frist\u00e5ende tidning med texter om kultur, folkbildning och personliga skildringar presenterat p\u00e5 ett allm\u00e4nbildande och underh\u00e5llande s\u00e4tt. Tidskriften kommer ut med fyra nummer per \u00e5r.<\/p>\n<p>Chefredakt\u00f6r: Eric Sundstr\u00f6m. Ansvarig utgivare: Fredrik Pettersson<\/p>\n<h2>Prenumerera p\u00e5 Tidningen F\u00f6nstret<\/h2>\n<p>Att prenumerera p\u00e5 F\u00f6nstret kostar bara 249 kr\/\u00e5r. H\u00e4r kan du teckna en egen prenumeration, eller ge bort en g\u00e5voprenumeration till n\u00e5gon du tror skulle uppskatta tidningen.<\/p>\n\n    <\/div>\n<\/div>\n\n\n<div\n    class=\"acf-article-cta-link-block article-container my-8\"\n    data-block=\"article-cta-link-block\"\n>\n<div>\n    <a class=\"inline-flex flex-row items-center gap-4 text-link underline text-red-dark\"\n        href=\"https:\/\/abf.preno.se\/\"\n                target=\"_blank\"\n            >\n        <span class=\"\">\n        Teckna prenumeration\n        <\/span>\n        <figure aria-hidden=\"true\" class=\"rounded-full bg-red-dark w-8 h-8 p-1 text-white\">\n            <svg width=\"20\" height=\"20\" viewBox=\"0 0 20 20\" fill=\"none\" class=\"SvgIconElement\">\n<path d=\"M4.16659 10L15.8333 10\" stroke=\"currentColor\"\/>\n<path d=\"M9.99992 4.1665L15.8333 9.99984L9.99992 15.8332\" stroke=\"currentColor\"\/>\n<\/svg>\n        <\/figure>\n    <\/a>\n<\/div>\n<\/div>\n\n\n<div\n    class=\"acf-article-text-block article-container my-12\"\n    data-block=\"article-text-block\"\n>\n    <div class=\"wysiwyg\">\n        <h2>Annonsera<\/h2>\n<p>F\u00f6r annonspriser och datum, kontakta Eric Sundstr\u00f6m, <a href=\"mailto:eric.sundstrom@abf.se\">eric.sundstrom@abf.se<\/a>.<\/p>\n<h2>Adress\u00e4renden<\/h2>\n<p>Om du \u00e4r cirkelledare inom ABF v\u00e4nder du dig till ditt lokala ABF. \u00d6vriga prenumeranter v\u00e4nder sig till\u00a0 <a href=\"mailto:prenumeration@fonstret.se\">prenumeration@fonstret.se<\/a>.<\/p>\n\n    <\/div>\n<\/div>\n\n\n<div\n    class=\"acf-article-image-block mb-12 container\"\n    data-block=\"article-image-block\"\n>\n<div class=\"grid md:grid-cols-2 gap-4\">\n\n        <figure>\n        \n            <picture class=\"round-corners-lg w-full\"><img decoding=\"async\" src=\"https:\/\/www.abf.se\/resized\/wp-content\/uploads\/2025\/05\/Namnlos-design-1.png?fit=contain&#038;w=578&#038;s=b4219480a82811481e2929f730cd7523\" srcset=\"https:\/\/www.abf.se\/resized\/wp-content\/uploads\/2025\/05\/Namnlos-design-1.png?fit=contain&#038;w=375&#038;h=330&#038;s=c96626fc7cff3c8b5a17c7057d000231 375w, https:\/\/www.abf.se\/resized\/wp-content\/uploads\/2025\/05\/Namnlos-design-1.png?fit=contain&#038;w=423&#038;h=372&#038;s=122b2a2cdb3f34e21a5fceea636cbab8 423w, https:\/\/www.abf.se\/resized\/wp-content\/uploads\/2025\/05\/Namnlos-design-1.png?fit=contain&#038;w=471&#038;h=414&#038;s=ff17433e22c88b2dfe9cbaed655d4fe7 471w, https:\/\/www.abf.se\/resized\/wp-content\/uploads\/2025\/05\/Namnlos-design-1.png?fit=contain&#038;w=519&#038;h=457&#038;s=dc0af67904396083f8f3610a69118973 519w, https:\/\/www.abf.se\/resized\/wp-content\/uploads\/2025\/05\/Namnlos-design-1.png?fit=contain&#038;w=567&#038;h=499&#038;s=eb1e3a5a6320eea5aeb875a223410139 567w, https:\/\/www.abf.se\/resized\/wp-content\/uploads\/2025\/05\/Namnlos-design-1.png?fit=contain&#038;w=578&#038;s=b4219480a82811481e2929f730cd7523 578w, https:\/\/www.abf.se\/resized\/wp-content\/uploads\/2025\/05\/Namnlos-design-1.png?fit=contain&#038;w=750&#038;h=660&#038;s=8c3a75e0c68bf0e39b91926b3cf1fc27 750w, https:\/\/www.abf.se\/resized\/wp-content\/uploads\/2025\/05\/Namnlos-design-1.png?fit=contain&#038;w=846&#038;h=745&#038;s=de3b7a5c0755f0c5cee6128596dc2d35 846w, https:\/\/www.abf.se\/resized\/wp-content\/uploads\/2025\/05\/Namnlos-design-1.png?fit=contain&#038;w=942&#038;h=829&#038;s=3af0508abc569b5079d9d614b2755c60 942w, https:\/\/www.abf.se\/resized\/wp-content\/uploads\/2025\/05\/Namnlos-design-1.png?fit=contain&#038;w=1038&#038;h=914&#038;s=db8bc59813e764e0a866ba3c05641fee 1038w, https:\/\/www.abf.se\/resized\/wp-content\/uploads\/2025\/05\/Namnlos-design-1.png?fit=contain&#038;w=1134&#038;h=998&#038;s=b96385eeacc228124fdcc9370c37f3ee 1134w\" alt=\"Tidningen F&ouml;nstrets framsida Carl Johan Karlsson\" height=\"509\" width=\"578\" sizes=\"auto, (max-width: 768px) calc(100vw - 40px), (min-width: 768px) and (max-width: 1156px) calc(50vw - 56px), calc((1156px \/ 2) - 16px)\" loading=\"lazy\" fetchpriority=\"low\" class=\"round-corners-lg w-full\" \/><\/picture>\n                        <\/figure>\n        <figure>\n        \n            <picture class=\"round-corners-lg w-full\"><img decoding=\"async\" src=\"https:\/\/www.abf.se\/resized\/wp-content\/uploads\/2025\/05\/Namnlos-design-8.png?fit=contain&#038;w=578&#038;s=19f0b1789511e582333a85b03e177822\" srcset=\"https:\/\/www.abf.se\/resized\/wp-content\/uploads\/2025\/05\/Namnlos-design-8.png?fit=contain&#038;w=375&#038;h=330&#038;s=41feae1f4a8afbdc80b4a2dff3fad33d 375w, https:\/\/www.abf.se\/resized\/wp-content\/uploads\/2025\/05\/Namnlos-design-8.png?fit=contain&#038;w=423&#038;h=372&#038;s=8dd18e6d54f3a9832488f5aa8ac164f2 423w, https:\/\/www.abf.se\/resized\/wp-content\/uploads\/2025\/05\/Namnlos-design-8.png?fit=contain&#038;w=471&#038;h=414&#038;s=565c65daa1679b60fe12d0b7416c4967 471w, https:\/\/www.abf.se\/resized\/wp-content\/uploads\/2025\/05\/Namnlos-design-8.png?fit=contain&#038;w=519&#038;h=457&#038;s=66cc63c3199e39920e2972369e372b3c 519w, https:\/\/www.abf.se\/resized\/wp-content\/uploads\/2025\/05\/Namnlos-design-8.png?fit=contain&#038;w=567&#038;h=499&#038;s=0d939a1e98aef9628e32a3cb8ab3bd7a 567w, https:\/\/www.abf.se\/resized\/wp-content\/uploads\/2025\/05\/Namnlos-design-8.png?fit=contain&#038;w=578&#038;s=19f0b1789511e582333a85b03e177822 578w, https:\/\/www.abf.se\/resized\/wp-content\/uploads\/2025\/05\/Namnlos-design-8.png?fit=contain&#038;w=750&#038;h=660&#038;s=4bd4dd61012651d02fc510b1571584f0 750w, https:\/\/www.abf.se\/resized\/wp-content\/uploads\/2025\/05\/Namnlos-design-8.png?fit=contain&#038;w=846&#038;h=745&#038;s=a59ca836b2e65f97646819c1381de0bd 846w, https:\/\/www.abf.se\/resized\/wp-content\/uploads\/2025\/05\/Namnlos-design-8.png?fit=contain&#038;w=942&#038;h=829&#038;s=0dabe940d6bdc4c611511d5c8e7a6348 942w, https:\/\/www.abf.se\/resized\/wp-content\/uploads\/2025\/05\/Namnlos-design-8.png?fit=contain&#038;w=1038&#038;h=914&#038;s=182e747800e4c0582f5ebc9282902df7 1038w, https:\/\/www.abf.se\/resized\/wp-content\/uploads\/2025\/05\/Namnlos-design-8.png?fit=contain&#038;w=1134&#038;h=998&#038;s=22e79863aa4d7a5253b7677d146783b0 1134w\" alt=\"Tidningen F&ouml;nstrets framsida med Lawen Redar\" height=\"509\" width=\"578\" sizes=\"auto, (max-width: 768px) calc(100vw - 40px), (min-width: 768px) and (max-width: 1156px) calc(50vw - 56px), calc((1156px \/ 2) - 16px)\" loading=\"lazy\" fetchpriority=\"low\" class=\"round-corners-lg w-full\" \/><\/picture>\n                        <\/figure>\n        <\/div>\n\n<\/div>\n\n\n<div\n    class=\"acf-quick-link-block bg-red py-12 md:py-20\"\n    data-block=\"quick-link-block\"\n>\n    <div class=\"container\">\n        \n        <div\n            class=\"px-5 content:px-0 grid grid-cols-1 gap-8 lg:grid-cols-3\">\n            \n            <article\nclass=\"round-corners-sm p-6 relative group grid grid-rows-[subgrid] row-[span_3] gap-4 bg-white text-red\"\n>\n            <h3\n        class=\"heading-sm group-hover:underline text-red\">\n            <a href=\"https:\/\/www.abf.se\/om-abf\/\" class=\"expanded-hit-area\" target=\"\">\n                Om ABF\n            <\/a>\n        <\/h3>\n                <p class=\"body-md text-gray-text\">\n            Arbetarnas Bildningsf\u00f6rbund (ABF) \u00e4r Sveriges st\u00f6rsta studief\u00f6rbund som erbjuder studiecirklar, kurser, f\u00f6rel\u00e4sningar och kulturarrangemang i Sveriges alla kommuner. \n        <\/p>\n        <figure\n    class=\"w-[38px] h-[38px] rounded-full p-2 group-hover:scale-110 transition-transform duration-300 self-end pointer-events-none bg-red text-white\">\n        <svg width=\"20\" height=\"20\" viewBox=\"0 0 20 20\" fill=\"none\" class=\"SvgIconElement\">\n<path d=\"M4.16659 10L15.8333 10\" stroke=\"currentColor\"\/>\n<path d=\"M9.99992 4.1665L15.8333 9.99984L9.99992 15.8332\" stroke=\"currentColor\"\/>\n<\/svg>\n    <\/figure>\n<\/article>            \n            <article\nclass=\"round-corners-sm p-6 relative group grid grid-rows-[subgrid] row-[span_3] gap-4 bg-white text-red\"\n>\n            <h3\n        class=\"heading-sm group-hover:underline text-red\">\n            <a href=\"https:\/\/www.abf.se\/om-abf\/abfs-verksamhet\/\" class=\"expanded-hit-area\" target=\"\">\n                ABFs verksamhet\n            <\/a>\n        <\/h3>\n                <p class=\"body-md text-gray-text\">\n            Hos ABF hittar du alltifr\u00e5n k\u00f6rs\u00e5ng och studiecirklar i hemberedskap till svenska f\u00f6r nyanl\u00e4nda och luffarsl\u00f6jd f\u00f6r synskadade. \n        <\/p>\n        <figure\n    class=\"w-[38px] h-[38px] rounded-full p-2 group-hover:scale-110 transition-transform duration-300 self-end pointer-events-none bg-red text-white\">\n        <svg width=\"20\" height=\"20\" viewBox=\"0 0 20 20\" fill=\"none\" class=\"SvgIconElement\">\n<path d=\"M4.16659 10L15.8333 10\" stroke=\"currentColor\"\/>\n<path d=\"M9.99992 4.1665L15.8333 9.99984L9.99992 15.8332\" stroke=\"currentColor\"\/>\n<\/svg>\n    <\/figure>\n<\/article>            \n            <article\nclass=\"round-corners-sm p-6 relative group grid grid-rows-[subgrid] row-[span_3] gap-4 bg-white text-red\"\n>\n            <h3\n        class=\"heading-sm group-hover:underline text-red\">\n            <a href=\"https:\/\/www.abf.se\/nyheter\/\" class=\"expanded-hit-area\" target=\"\">\n                Nyheter\n            <\/a>\n        <\/h3>\n                <p class=\"body-md text-gray-text\">\n            L\u00e4s om det senaste fr\u00e5n ABF.\n        <\/p>\n        <figure\n    class=\"w-[38px] h-[38px] rounded-full p-2 group-hover:scale-110 transition-transform duration-300 self-end pointer-events-none bg-red text-white\">\n        <svg width=\"20\" height=\"20\" viewBox=\"0 0 20 20\" fill=\"none\" class=\"SvgIconElement\">\n<path d=\"M4.16659 10L15.8333 10\" stroke=\"currentColor\"\/>\n<path d=\"M9.99992 4.1665L15.8333 9.99984L9.99992 15.8332\" stroke=\"currentColor\"\/>\n<\/svg>\n    <\/figure>\n<\/article>                    <\/div>\n    <\/div>\n<\/div>\n","protected":false},"excerpt":{"rendered":"","protected":false},"author":29,"featured_media":0,"parent":0,"menu_order":0,"comment_status":"closed","ping_status":"closed","template":"","meta":{"_acf_changed":false,"footnotes":""},"class_list":["post-442","page","type-page","status-publish","hentry"],"acf":[],"yoast_head":"<!-- This site is optimized with the Yoast SEO plugin v27.0 - https:\/\/yoast.com\/product\/yoast-seo-wordpress\/ -->\n<title>Om ABF - \u00d6sterg\u00f6tland<\/title>\n<meta name=\"robots\" content=\"index, follow, max-snippet:-1, max-image-preview:large, max-video-preview:-1\" \/>\n<link rel=\"canonical\" href=\"https:\/\/www.abf.se\/ostergotland\/om-abf\/\" \/>\n<meta property=\"og:locale\" content=\"sv_SE\" \/>\n<meta property=\"og:type\" content=\"article\" \/>\n<meta property=\"og:title\" content=\"Om ABF - \u00d6sterg\u00f6tland\" \/>\n<meta property=\"og:url\" content=\"https:\/\/www.abf.se\/ostergotland\/om-abf\/\" \/>\n<meta property=\"og:site_name\" content=\"\u00d6sterg\u00f6tland\" \/>\n<meta property=\"article:modified_time\" content=\"2024-04-23T06:08:39+00:00\" \/>\n<meta property=\"og:image\" content=\"https:\/\/www.abf.se\/wp-content\/uploads\/sites\/64\/2024\/04\/Nyckeln-liggande-scaled.jpg\" \/>\n\t<meta property=\"og:image:width\" content=\"2560\" \/>\n\t<meta property=\"og:image:height\" content=\"1440\" \/>\n\t<meta property=\"og:image:type\" content=\"image\/jpeg\" \/>\n<meta name=\"twitter:card\" content=\"summary_large_image\" \/>\n<script type=\"application\/ld+json\" class=\"yoast-schema-graph\">{\"@context\":\"https:\/\/schema.org\",\"@graph\":[{\"@type\":\"WebPage\",\"@id\":\"https:\/\/www.abf.se\/ostergotland\/om-abf\/\",\"url\":\"https:\/\/www.abf.se\/ostergotland\/om-abf\/\",\"name\":\"Om ABF - \u00d6sterg\u00f6tland\",\"isPartOf\":{\"@id\":\"https:\/\/www.abf.se\/ostergotland\/#website\"},\"datePublished\":\"2024-04-08T09:46:53+00:00\",\"dateModified\":\"2024-04-23T06:08:39+00:00\",\"breadcrumb\":{\"@id\":\"https:\/\/www.abf.se\/ostergotland\/om-abf\/#breadcrumb\"},\"inLanguage\":\"sv-SE\",\"potentialAction\":[{\"@type\":\"ReadAction\",\"target\":[\"https:\/\/www.abf.se\/ostergotland\/om-abf\/\"]}]},{\"@type\":\"BreadcrumbList\",\"@id\":\"https:\/\/www.abf.se\/ostergotland\/om-abf\/#breadcrumb\",\"itemListElement\":[{\"@type\":\"ListItem\",\"position\":1,\"name\":\"Home\",\"item\":\"https:\/\/www.abf.se\/ostergotland\/\"},{\"@type\":\"ListItem\",\"position\":2,\"name\":\"Om ABF\"}]},{\"@type\":\"WebSite\",\"@id\":\"https:\/\/www.abf.se\/ostergotland\/#website\",\"url\":\"https:\/\/www.abf.se\/ostergotland\/\",\"name\":\"\u00d6sterg\u00f6tland\",\"description\":\"\",\"potentialAction\":[{\"@type\":\"SearchAction\",\"target\":{\"@type\":\"EntryPoint\",\"urlTemplate\":\"https:\/\/www.abf.se\/ostergotland\/?s={search_term_string}\"},\"query-input\":{\"@type\":\"PropertyValueSpecification\",\"valueRequired\":true,\"valueName\":\"search_term_string\"}}],\"inLanguage\":\"sv-SE\"}]}<\/script>\n<!-- \/ Yoast SEO plugin. -->","yoast_head_json":{"title":"Om ABF - \u00d6sterg\u00f6tland","robots":{"index":"index","follow":"follow","max-snippet":"max-snippet:-1","max-image-preview":"max-image-preview:large","max-video-preview":"max-video-preview:-1"},"canonical":"https:\/\/www.abf.se\/ostergotland\/om-abf\/","og_locale":"sv_SE","og_type":"article","og_title":"Om ABF - \u00d6sterg\u00f6tland","og_url":"https:\/\/www.abf.se\/ostergotland\/om-abf\/","og_site_name":"\u00d6sterg\u00f6tland","article_modified_time":"2024-04-23T06:08:39+00:00","og_image":[{"width":2560,"height":1440,"url":"https:\/\/www.abf.se\/wp-content\/uploads\/sites\/64\/2024\/04\/Nyckeln-liggande-scaled.jpg","type":"image\/jpeg"}],"twitter_card":"summary_large_image","schema":{"@context":"https:\/\/schema.org","@graph":[{"@type":"WebPage","@id":"https:\/\/www.abf.se\/ostergotland\/om-abf\/","url":"https:\/\/www.abf.se\/ostergotland\/om-abf\/","name":"Om ABF - \u00d6sterg\u00f6tland","isPartOf":{"@id":"https:\/\/www.abf.se\/ostergotland\/#website"},"datePublished":"2024-04-08T09:46:53+00:00","dateModified":"2024-04-23T06:08:39+00:00","breadcrumb":{"@id":"https:\/\/www.abf.se\/ostergotland\/om-abf\/#breadcrumb"},"inLanguage":"sv-SE","potentialAction":[{"@type":"ReadAction","target":["https:\/\/www.abf.se\/ostergotland\/om-abf\/"]}]},{"@type":"BreadcrumbList","@id":"https:\/\/www.abf.se\/ostergotland\/om-abf\/#breadcrumb","itemListElement":[{"@type":"ListItem","position":1,"name":"Home","item":"https:\/\/www.abf.se\/ostergotland\/"},{"@type":"ListItem","position":2,"name":"Om ABF"}]},{"@type":"WebSite","@id":"https:\/\/www.abf.se\/ostergotland\/#website","url":"https:\/\/www.abf.se\/ostergotland\/","name":"\u00d6sterg\u00f6tland","description":"","potentialAction":[{"@type":"SearchAction","target":{"@type":"EntryPoint","urlTemplate":"https:\/\/www.abf.se\/ostergotland\/?s={search_term_string}"},"query-input":{"@type":"PropertyValueSpecification","valueRequired":true,"valueName":"search_term_string"}}],"inLanguage":"sv-SE"}]}},"_links":{"self":[{"href":"https:\/\/www.abf.se\/ostergotland\/wp-json\/wp\/v2\/pages\/442","targetHints":{"allow":["GET"]}}],"collection":[{"href":"https:\/\/www.abf.se\/ostergotland\/wp-json\/wp\/v2\/pages"}],"about":[{"href":"https:\/\/www.abf.se\/ostergotland\/wp-json\/wp\/v2\/types\/page"}],"author":[{"embeddable":true,"href":"https:\/\/www.abf.se\/ostergotland\/wp-json\/wp\/v2\/users\/29"}],"replies":[{"embeddable":true,"href":"https:\/\/www.abf.se\/ostergotland\/wp-json\/wp\/v2\/comments?post=442"}],"version-history":[{"count":4,"href":"https:\/\/www.abf.se\/ostergotland\/wp-json\/wp\/v2\/pages\/442\/revisions"}],"predecessor-version":[{"id":830,"href":"https:\/\/www.abf.se\/ostergotland\/wp-json\/wp\/v2\/pages\/442\/revisions\/830"}],"wp:attachment":[{"href":"https:\/\/www.abf.se\/ostergotland\/wp-json\/wp\/v2\/media?parent=442"}],"curies":[{"name":"wp","href":"https:\/\/api.w.org\/{rel}","templated":true}]}}