{"id":539,"date":"2024-04-11T14:29:49","date_gmt":"2024-04-11T12:29:49","guid":{"rendered":"https:\/\/www.abf.se\/ostergotland\/?page_id=539"},"modified":"2024-04-18T10:52:37","modified_gmt":"2024-04-18T08:52:37","slug":"medlemsorganisationer","status":"publish","type":"page","link":"https:\/\/www.abf.se\/ostergotland\/om-abf\/medlemsorganisationer\/","title":{"rendered":"Medlemsorganisationer"},"content":{"rendered":"<div\n    class=\"acf-hero-block container-lg no-padding mb-12 js-geolocation\"\n    data-block=\"hero-block\"\n    data-index=\"0\"\n>\n    <div class=\"h-[548px]  relative rounded-[32px] overflow-hidden flex bg-gray-light\">\n        <div class=\"relative z-10 mt-auto h-auto w-full md:h-full\">\n            <div class=\"flex w-full h-full flex-col flex-wrap justify-end w-full md:w-7\/12 lg:w-1\/2 md:justify-center\">\n                <div class=\"flex flex-col gap-3 md:gap-[18px] md:transparent pt-16 pb-36 md:py-8 px-4 w-full md:max-w-[620px] mx-auto px-8\">\n\n                    <h1 class=\"hero-heading\"><span>ABFs nationella medlems- och samarbetsorganisationer<\/span><\/h1>\n\n                    \n                                    <\/div>\n            <\/div>\n        <\/div>\n\n                    <picture class=\"as-background-image mix-blend-multiply bg-black\/40\"><img decoding=\"async\" src=\"https:\/\/www.abf.se\/resized\/wp-content\/uploads\/2023\/11\/Ut-i-naturen-liggande_IMGP.jpg?fit=crop&#038;w=1440&#038;s=efecfc96efc4509d8438ca3e361f0366\" srcset=\"https:\/\/www.abf.se\/resized\/wp-content\/uploads\/2023\/11\/Ut-i-naturen-liggande_IMGP.jpg?fit=crop&#038;w=375&#038;h=540&#038;s=35b69ac9e7317b2728413ca7d25d0912 375w, https:\/\/www.abf.se\/resized\/wp-content\/uploads\/2023\/11\/Ut-i-naturen-liggande_IMGP.jpg?fit=crop&#038;w=447&#038;h=540&#038;s=72c6388108bd71a68b5e7120166eb0d6 447w, https:\/\/www.abf.se\/resized\/wp-content\/uploads\/2023\/11\/Ut-i-naturen-liggande_IMGP.jpg?fit=crop&#038;w=519&#038;h=540&#038;s=1a968593c18340549257ac8bc565b39b 519w, https:\/\/www.abf.se\/resized\/wp-content\/uploads\/2023\/11\/Ut-i-naturen-liggande_IMGP.jpg?fit=crop&#038;w=591&#038;h=540&#038;s=45e06f48ee0810648266b2d85e8933f2 591w, https:\/\/www.abf.se\/resized\/wp-content\/uploads\/2023\/11\/Ut-i-naturen-liggande_IMGP.jpg?fit=crop&#038;w=663&#038;h=540&#038;s=b05750082c8c017f11c4104b4d120cf5 663w, https:\/\/www.abf.se\/resized\/wp-content\/uploads\/2023\/11\/Ut-i-naturen-liggande_IMGP.jpg?fit=crop&#038;w=750&#038;h=540&#038;s=706644a6161309e743f7fb723b3a1124 750w, https:\/\/www.abf.se\/resized\/wp-content\/uploads\/2023\/11\/Ut-i-naturen-liggande_IMGP.jpg?fit=crop&#038;w=894&#038;h=540&#038;s=0140cd40976062d19bab1341bf28bcda 894w, https:\/\/www.abf.se\/resized\/wp-content\/uploads\/2023\/11\/Ut-i-naturen-liggande_IMGP.jpg?fit=crop&#038;w=1038&#038;h=540&#038;s=5dbed30394b520ca20555ba76a91a44e 1038w, https:\/\/www.abf.se\/resized\/wp-content\/uploads\/2023\/11\/Ut-i-naturen-liggande_IMGP.jpg?fit=crop&#038;w=1182&#038;h=540&#038;s=8ff168fedf0d9aaca30530450f655858 1182w, https:\/\/www.abf.se\/resized\/wp-content\/uploads\/2023\/11\/Ut-i-naturen-liggande_IMGP.jpg?fit=crop&#038;w=1326&#038;h=540&#038;s=4fb30f4634b004afc10159e4e797412c 1326w, https:\/\/www.abf.se\/resized\/wp-content\/uploads\/2023\/11\/Ut-i-naturen-liggande_IMGP.jpg?fit=crop&#038;w=1440&#038;h=540&#038;s=227a6ce9a00c670bc6a0baa976044436 1440w\" alt=\"\" height=\"540\" width=\"1440\" sizes=\"(max-width: 1440px) calc(100vw - 32px), 1440px\" loading=\"eager\" fetchpriority=\"high\" aria-hidden=\"true\" role=\"presentation\" \/><\/picture>\n        \n\n            <\/div>\n\n    <\/div>\n\n\n\n<div\n    class=\"acf-plain-heading-block container my-16\"\n    data-block=\"plain-heading-block\"\n>\n    <div class=\"max-w-[658px] mx-auto\">\n                            <p class=\"mt-8 body-xl text-black\">\n                H\u00e4r \u00e5terfinns de medlems- och samarbetsorganisationer som samarbetar med ABF. S\u00f6ker du lokala samarbeten med ABF, v\u00e4nligen kontakta ditt lokala ABF.\n            <\/p>\n            <\/div>\n<\/div>\n\n\n<div class=\"acf-office-selector-block grid my-12 article-container\"\ndata-block=\"office-selector-block\">\n        <div class=\"grid gap-[6px]\">\n        <p class=\"label-md mb-2\"><\/p>\n        <button\n    class=\"RegionSelectTrigger max-w-none\"\n    data-control-for=\"RegionSelectDrawer\"\n    aria-controls=\"RegionSelectDrawer\"\n>\n    <span class=\"RegionSelectTriggerLabel flex flex-row items-center gap-1\">\n                    V\u00e4lj ditt ABF\n            <\/span>\n    <figure class=\"RegionSelectTriggerIcon\" aria-hidden=\"true\">\n        <svg width=\"20\" height=\"20\" viewBox=\"0 0 20 20\" fill=\"none\"\nclass=\"SvgIconElement\">\n<path d=\"M15.8333 7.16667L9.99992 13L4.16659 7.16667\" stroke=\"currentColor\"\/>\n<\/svg>\n    <\/figure>\n<\/button>\n    <\/div>\n<\/div>\n\n<div\n    class=\"acf-plain-heading-block container my-16\"\n    data-block=\"plain-heading-block\"\n>\n    <div class=\"max-w-[658px] mx-auto\">\n                <h2 class=\"hero-heading\"><span>Medlemsorganisationer<\/span><\/h2>\n                            <p class=\"mt-8 body-xl text-black\">\n                F\u00f6ljande organisationer \u00e4r nationella medlemmar i ABF och samarbetar med oss kring sin studie- och kulturverksamhet.*\n            <\/p>\n            <\/div>\n<\/div>\n\n\n<div\n    class=\"acf-article-text-block article-container my-12\"\n    data-block=\"article-text-block\"\n>\n    <div class=\"wysiwyg\">\n        <div>\n<div class=\"block linklistblock\">\n<ul class=\"list\">\n<li><a href=\"http:\/\/astmaoallergiforbundet.se\/\" target=\"_blank\" rel=\"noopener\">Astma- och Allergif\u00f6rbundet<\/a><\/li>\n<li><a href=\"http:\/\/dhr.se\/\" target=\"_blank\" rel=\"noopener\">DHR, Delaktighet Handlingskraft R\u00f6relsefrihet<\/a><\/li>\n<li><a href=\"http:\/\/www.dyslexi.org\/\" target=\"_blank\" rel=\"noopener\">Dyslexif\u00f6rbundet FMLS<\/a><\/li>\n<li><a href=\"http:\/\/www.fsdb.org\/\" target=\"_blank\" rel=\"noopener\">F\u00f6rbundet Sveriges D\u00f6vblinda<\/a><\/li>\n<li><a href=\"http:\/\/www.grekiskariksforbundet.com\/\" target=\"_blank\" rel=\"noopener\">Grekiska Riksf\u00f6rbundet<\/a><\/li>\n<li><a href=\"http:\/\/www.hsb.se\/hem\" target=\"_blank\" rel=\"noopener\">HSB:s Riksf\u00f6rbund<\/a><\/li>\n<li><a href=\"https:\/\/www.hyresgastforeningen.se\/\" target=\"_blank\" rel=\"noopener\">Hyresg\u00e4stf\u00f6reningen Riksf\u00f6rbundet<\/a><\/li>\n<li><a href=\"http:\/\/www.hrf.se\/\" target=\"_blank\" rel=\"noopener\">H\u00f6rselskadades Riksf\u00f6rbund<\/a><\/li>\n<li><a href=\"http:\/\/www.ilco.nu\/\" target=\"_blank\" rel=\"noopener\">ILCO<\/a><\/li>\n<li><a href=\"http:\/\/www.kf.se\/\" target=\"_blank\" rel=\"noopener\">Kooperativa F\u00f6rbundet<\/a><\/li>\n<li><a href=\"http:\/\/www.fkks.se\/\" target=\"_blank\" rel=\"noopener\">Kurdiska Riksf\u00f6rbundet<\/a><\/li>\n<li><a href=\"http:\/\/www.lo.se\/\" target=\"_blank\" rel=\"noopener\">Landsorganisationen i Sverige<\/a><\/li>\n<li><a href=\"http:\/\/www.makedonskisojuz.com\/\" target=\"_blank\" rel=\"noopener\">Makedoniska Riksf\u00f6rbundet i Sverige<\/a><\/li>\n<li><a href=\"http:\/\/www.pro.se\/\" target=\"_blank\" rel=\"noopener\">Pension\u00e4rernas Riksorganisation<\/a><\/li>\n<li><a href=\"http:\/\/www.psoriasisforbundet.se\/\" target=\"_blank\" rel=\"noopener\">Psoriasisf\u00f6rbundet<\/a><\/li>\n<li><a href=\"http:\/\/www.reumatikerforbundet.org\/\" target=\"_blank\" rel=\"noopener\">Reumatikerf\u00f6rbundet<\/a><\/li>\n<li><a href=\"http:\/\/www.riksbyggen.se\/\" target=\"_blank\" rel=\"noopener\">Riksbyggen<\/a><\/li>\n<li><a href=\"http:\/\/dhb.se\/\" target=\"_blank\" rel=\"noopener\">Riksf\u00f6rbundet f\u00f6r d\u00f6va, h\u00f6rselskadade barn och barn med spr\u00e5kst\u00f6rning (DHB)<\/a><\/li>\n<li><a href=\"http:\/\/www.rfsl.se\/\" target=\"_blank\" rel=\"noopener\">RFSL &#8211; Riksf\u00f6rbundet f\u00f6r homosexuellas, bisexuellas, transpersoners och queeras r\u00e4ttigheter<\/a><\/li>\n<li><a href=\"http:\/\/www.rbu.se\/\" target=\"_blank\" rel=\"noopener\">Riksf\u00f6rbundet f\u00f6r R\u00f6relsehindrade Barn och Ungdomar<\/a><\/li>\n<li><a href=\"http:\/\/www.hjart-lung.se\/\" target=\"_blank\" rel=\"noopener\">Riksf\u00f6rbundet Hj\u00e4rt Lung<\/a><\/li>\n<li><a href=\"http:\/\/www.fhp.nu\/\" target=\"_blank\" rel=\"noopener\">Riksorganisationen Folkets Hus och Parker<\/a><\/li>\n<li><a href=\"http:\/\/www.rsmh.se\/\" target=\"_blank\" rel=\"noopener\">RSMH, Riksf\u00f6rbundet f\u00f6r Social och Mental H\u00e4lsa<\/a><\/li>\n<li><a href=\"https:\/\/svenskserber.se\/\" target=\"_blank\" rel=\"noopener\">Serbernas Riksf\u00f6rbund i Sverige<\/a><\/li>\n<li><a href=\"https:\/\/trosolidaritet.se\/\" target=\"_blank\" rel=\"noopener\">Socialdemokraterna f\u00f6r Tro och Solidaritet<\/a><\/li>\n<li><a href=\"http:\/\/www.s-studenter.se\/\" target=\"_blank\" rel=\"noopener\">Svenska socialdemokratiska studentf\u00f6rbundet<\/a><\/li>\n<li><a href=\"http:\/\/www.arbetarsang.se\/\" target=\"_blank\" rel=\"noopener\">Svenska Arbetars\u00e5ngarf\u00f6rbundet<\/a><\/li>\n<li><a href=\"http:\/\/www.celiaki.se\/\" target=\"_blank\" rel=\"noopener\">Svenska Celiakif\u00f6rbundet<\/a><\/li>\n<li><a href=\"http:\/\/www.diabetes.se\/\" target=\"_blank\" rel=\"noopener\">Svenska Diabetesf\u00f6rbundet<\/a><\/li>\n<li><a href=\"http:\/\/www.epilepsi.se\/\" target=\"_blank\" rel=\"noopener\">Svenska Epilepsif\u00f6rbundet<\/a><\/li>\n<li><a href=\"https:\/\/www.svenskafreds.se\/\" target=\"_blank\" rel=\"noopener\">Svenska Freds- och skiljedomsf\u00f6reningen<\/a><\/li>\n<li><a href=\"http:\/\/www.skpf.se\/\" target=\"_blank\" rel=\"noopener\">Svenska Kommunalpension\u00e4rernas F\u00f6rbund<\/a><\/li>\n<li><a href=\"http:\/\/www.rskl.se\/\" target=\"_blank\" rel=\"noopener\">Sverigefinska Riksf\u00f6rbundet<\/a><\/li>\n<li><a href=\"https:\/\/www.sac.se\/\" target=\"_blank\" rel=\"noopener\">Sveriges Arbetares Centralorganisation<\/a><\/li>\n<li><a href=\"http:\/\/www.arbetarteater.nu\/?page=startsidan\" target=\"_blank\" rel=\"noopener\">Sveriges Arbetarteaterf\u00f6rbund<\/a><\/li>\n<li><a href=\"http:\/\/www.sdr.org\/\" target=\"_blank\" rel=\"noopener\">Sveriges D\u00f6vas Riksf\u00f6rbund<\/a><\/li>\n<li><a href=\"http:\/\/www.socialdemokraterna.se\/\" target=\"_blank\" rel=\"noopener\">Sveriges Socialdemokratiska Arbetareparti<\/a><\/li>\n<li><a href=\"https:\/\/s-kvinnor.se\/\" target=\"_blank\" rel=\"noopener\">Sveriges Socialdemokratiska Kvinnof\u00f6rbund<\/a><\/li>\n<li><a href=\"http:\/\/www.ssu.se\/\" target=\"_blank\" rel=\"noopener\">Sveriges Socialdemokratiska Ungdomsf\u00f6rbund<\/a><\/li>\n<li><a href=\"http:\/\/www.srf.nu\/\" target=\"_blank\" rel=\"noopener\">Synskadades Riksf\u00f6rbund<\/a><\/li>\n<li><a href=\"http:\/\/ungvanster.se\/\" target=\"_blank\" rel=\"noopener\">Ung V\u00e4nster<\/a><\/li>\n<li><a href=\"http:\/\/www.ungaornar.se\/\" target=\"_blank\" rel=\"noopener\">Unga \u00d6rnars Riksf\u00f6rbund<\/a><\/li>\n<li><a href=\"http:\/\/www.verdandi.se\/\" target=\"_blank\" rel=\"noopener\">Verdandi<\/a><\/li>\n<li><a href=\"http:\/\/www.vansterpartiet.se\/\" target=\"_blank\" rel=\"noopener\">V\u00e4nsterpartiet<\/a><\/li>\n<\/ul>\n<\/div>\n<\/div>\n<div class=\"article-body\" data-enhancer=\"articleBody\">\n<p>*Sedan 2022 arbetar ABF med att st\u00e4rka det systematiska samarbetet med samtliga medlems- och samarbetsorganisationer. I samband med det uppdateras listan kontinuerligt.<\/p>\n<p>&nbsp;<\/p>\n<\/div>\n\n    <\/div>\n<\/div>\n\n\n<div\n    class=\"acf-plain-heading-block container my-16\"\n    data-block=\"plain-heading-block\"\n>\n    <div class=\"max-w-[658px] mx-auto\">\n                <h2 class=\"hero-heading\"><span>Samarbetsorganisationer<\/span><\/h2>\n                            <p class=\"mt-8 body-xl text-black\">\n                F\u00f6ljande organisationer har nationella samarbetsavtal med ABF och samarbetar med oss kring sin studie- och kulturverksamhet.*\n            <\/p>\n            <\/div>\n<\/div>\n\n\n<div\n    class=\"acf-article-text-block article-container my-12\"\n    data-block=\"article-text-block\"\n>\n    <div class=\"wysiwyg\">\n        <div>\n<div class=\"block linklistblock\">\n<ul class=\"list\">\n<li><a href=\"https:\/\/afrikagrupperna.se\/\" target=\"_blank\" rel=\"noopener\">Afrikagrupperna<\/a><\/li>\n<li><a href=\"http:\/\/assyriskakvinnoforbundet.se\/\" target=\"_blank\" rel=\"noopener\">Assyriska kvinnof\u00f6rbundet<\/a><\/li>\n<li><a href=\"https:\/\/www.facebook.com\/fedbol.sverige\" target=\"_blank\" rel=\"noopener\">Bolivianska Riksf\u00f6rbundet i Sverige<\/a><\/li>\n<li><a href=\"https:\/\/www.cmsmarx.org\/\">Centrum f\u00f6r Marxistiska samh\u00e4llsstudier<\/a><\/li>\n<li><a href=\"http:\/\/www.djurskyddet.se\/\" target=\"_blank\" rel=\"noopener\">Djurskyddet<\/a><\/li>\n<li><a href=\"http:\/\/funktionsratt.se\/\" target=\"_blank\" rel=\"noopener\">Funktionsr\u00e4tt Sverige<\/a><\/li>\n<li><a href=\"http:\/\/ungarorelsehindrade.se\/\" target=\"_blank\" rel=\"noopener\">F\u00f6rbundet Unga R\u00f6relsehindrade<\/a><\/li>\n<li><a href=\"https:\/\/arbetarskrivare.wordpress.com\/\" target=\"_blank\" rel=\"noopener\">F\u00f6reningen Arbetarskrivare<\/a><\/li>\n<li><a href=\"http:\/\/hbtqs.se\/\">HBT-Socialdemokrater<\/a><\/li>\n<li><a href=\"http:\/\/www.hjarnkraft.nu\/\" target=\"_blank\" rel=\"noopener\">Hj\u00e4rnskadef\u00f6rbundet Hj\u00e4rnkraft<\/a><\/li>\n<li><a href=\"https:\/\/www.facebook.com\/profile.php?id=100010296575181\" target=\"_blank\" rel=\"noopener\">Irakiska Demokratiska Riksf\u00f6rbundet<\/a><\/li>\n<li><a href=\"https:\/\/jagvillhabostad.nu\/\" target=\"_blank\" rel=\"noopener\">Jagvillhabostad.nu<\/a><\/li>\n<li><a href=\"http:\/\/klimataktion.se\/\" target=\"_blank\" rel=\"noopener\">Klimataktion<\/a><\/li>\n<li><a href=\"https:\/\/www.klimatklubben.se\/\">Klimatklubben<\/a><\/li>\n<li><a href=\"http:\/\/nattvandrarna.se\/\" target=\"_blank\" rel=\"noopener\">Nattvandrarna Sverige<\/a><\/li>\n<li><a href=\"http:\/\/www.rtp.se\/\" target=\"_blank\" rel=\"noopener\">Personskadef\u00f6rbundet RTP<\/a><\/li>\n<li><a href=\"http:\/\/www.rfs.se\/\" target=\"_blank\" rel=\"noopener\">Riksf\u00f6rbundet frivilliga samh\u00e4llsarbetare<\/a><\/li>\n<li><a href=\"http:\/\/sios.se\/\" target=\"_blank\" rel=\"noopener\">Samarbetsorgan f\u00f6r etniska organisationer i Sverige &#8211; SIOS<\/a><\/li>\n<li><a href=\"http:\/\/www.srfs.se\/\" target=\"_blank\" rel=\"noopener\">Somaliska riksf\u00f6rbundet i Sverige<\/a><\/li>\n<li><a href=\"https:\/\/strokeforbundet.se\/\" target=\"_blank\" rel=\"noopener\">Strokef\u00f6rbundet<\/a><\/li>\n<li><a href=\"http:\/\/sduf.se\/\" target=\"_blank\" rel=\"noopener\">Sveriges D\u00f6vas Ungdomsf\u00f6rbund (SDUF)<\/a><\/li>\n<li><a href=\"https:\/\/streetgaris.se\/\">StreetG\u00e4ris<\/a><\/li>\n<li><a href=\"http:\/\/sdpf.se\/\" target=\"_blank\" rel=\"noopener\">Sveriges D\u00f6vas Pension\u00e4rsf\u00f6rbund<\/a><\/li>\n<li><a href=\"http:\/\/www.sverigesungdomsrad.se\/\" target=\"_blank\" rel=\"noopener\">Sveriges ungdomsr\u00e5d<\/a><\/li>\n<li><a href=\"https:\/\/www.selektivmutism.se\/\" target=\"_blank\" rel=\"noopener\">Tala om Tystnad \u2013 F\u00f6reningen f\u00f6r Selektiv Mutism<\/a><\/li>\n<li><a href=\"https:\/\/www.transammans.se\/\" target=\"_blank\" rel=\"noopener\">Transammans<\/a><\/li>\n<li><a href=\"https:\/\/uais.se\/\" target=\"_blank\" rel=\"noopener\">Ukrainska Alliansen i Sverige<\/a><\/li>\n<li><a href=\"http:\/\/www.ungaallergiker.se\/\" target=\"_blank\" rel=\"noopener\">Unga Allergiker<\/a><\/li>\n<li><a href=\"http:\/\/www.uh.se\/\" target=\"_blank\" rel=\"noopener\">Unga H\u00f6rselskadade<\/a><\/li>\n<\/ul>\n<\/div>\n<\/div>\n<div class=\"article-body\" data-enhancer=\"articleBody\">\n<p>*Sedan 2022 arbetar ABF med att st\u00e4rka det systematiska samarbetet med samtliga medlems- och samarbetsorganisationer. I samband med det uppdateras listan kontinuerligt.<\/p>\n<\/div>\n\n    <\/div>\n<\/div>\n\n\n<div\n    class=\"acf-quick-link-block bg-red py-12 md:py-20\"\n    data-block=\"quick-link-block\"\n>\n    <div class=\"container\">\n        \n        <div\n            class=\"px-5 content:px-0 grid grid-cols-1 gap-8 lg:grid-cols-3\">\n            \n            <article\nclass=\"round-corners-sm p-6 relative group grid grid-rows-[subgrid] row-[span_3] gap-4 bg-white text-red\"\n>\n            <h3\n        class=\"heading-sm group-hover:underline text-red\">\n            <a href=\"https:\/\/www.abf.se\/om-abf\/\" class=\"expanded-hit-area\" target=\"\">\n                Om ABF\n            <\/a>\n        <\/h3>\n                <p class=\"body-md text-gray-text\">\n            Arbetarnas Bildningsf\u00f6rbund (ABF) \u00e4r Sveriges st\u00f6rsta studief\u00f6rbund som erbjuder studiecirklar, kurser, f\u00f6rel\u00e4sningar och kulturarrangemang i Sveriges alla kommuner. \n        <\/p>\n        <figure\n    class=\"w-[38px] h-[38px] rounded-full p-2 group-hover:scale-110 transition-transform duration-300 self-end pointer-events-none bg-red text-white\">\n        <svg width=\"20\" height=\"20\" viewBox=\"0 0 20 20\" fill=\"none\" class=\"SvgIconElement\">\n<path d=\"M4.16659 10L15.8333 10\" stroke=\"currentColor\"\/>\n<path d=\"M9.99992 4.1665L15.8333 9.99984L9.99992 15.8332\" stroke=\"currentColor\"\/>\n<\/svg>\n    <\/figure>\n<\/article>            \n            <article\nclass=\"round-corners-sm p-6 relative group grid grid-rows-[subgrid] row-[span_3] gap-4 bg-white text-red\"\n>\n            <h3\n        class=\"heading-sm group-hover:underline text-red\">\n            <a href=\"https:\/\/www.abf.se\/nyheter\/\" class=\"expanded-hit-area\" target=\"\">\n                Nyheter\n            <\/a>\n        <\/h3>\n                <p class=\"body-md text-gray-text\">\n            L\u00e4s om det senaste fr\u00e5n ABF.\n        <\/p>\n        <figure\n    class=\"w-[38px] h-[38px] rounded-full p-2 group-hover:scale-110 transition-transform duration-300 self-end pointer-events-none bg-red text-white\">\n        <svg width=\"20\" height=\"20\" viewBox=\"0 0 20 20\" fill=\"none\" class=\"SvgIconElement\">\n<path d=\"M4.16659 10L15.8333 10\" stroke=\"currentColor\"\/>\n<path d=\"M9.99992 4.1665L15.8333 9.99984L9.99992 15.8332\" stroke=\"currentColor\"\/>\n<\/svg>\n    <\/figure>\n<\/article>            \n            <article\nclass=\"round-corners-sm p-6 relative group grid grid-rows-[subgrid] row-[span_3] gap-4 bg-white text-red\"\n>\n            <h3\n        class=\"heading-sm group-hover:underline text-red\">\n            <a href=\"https:\/\/www.abf.se\/kurs-sok\/\" class=\"expanded-hit-area\" target=\"\">\n                S\u00f6k efter kurs eller evenemang\n            <\/a>\n        <\/h3>\n                <p class=\"body-md text-gray-text\">\n            Ta del av ABFs breda kursutbud.\n        <\/p>\n        <figure\n    class=\"w-[38px] h-[38px] rounded-full p-2 group-hover:scale-110 transition-transform duration-300 self-end pointer-events-none bg-red text-white\">\n        <svg width=\"20\" height=\"20\" viewBox=\"0 0 20 20\" fill=\"none\" class=\"SvgIconElement\">\n<path d=\"M4.16659 10L15.8333 10\" stroke=\"currentColor\"\/>\n<path d=\"M9.99992 4.1665L15.8333 9.99984L9.99992 15.8332\" stroke=\"currentColor\"\/>\n<\/svg>\n    <\/figure>\n<\/article>                    <\/div>\n    <\/div>\n<\/div>\n","protected":false},"excerpt":{"rendered":"","protected":false},"author":29,"featured_media":0,"parent":442,"menu_order":0,"comment_status":"closed","ping_status":"closed","template":"","meta":{"_acf_changed":false,"footnotes":""},"class_list":["post-539","page","type-page","status-publish","hentry"],"acf":[],"yoast_head":"<!-- This site is optimized with the Yoast SEO plugin v27.0 - https:\/\/yoast.com\/product\/yoast-seo-wordpress\/ -->\n<title>Medlemsorganisationer - \u00d6sterg\u00f6tland<\/title>\n<meta name=\"robots\" content=\"index, follow, max-snippet:-1, max-image-preview:large, max-video-preview:-1\" \/>\n<link rel=\"canonical\" href=\"https:\/\/www.abf.se\/ostergotland\/om-abf\/medlemsorganisationer\/\" \/>\n<meta property=\"og:locale\" content=\"sv_SE\" \/>\n<meta property=\"og:type\" content=\"article\" \/>\n<meta property=\"og:title\" content=\"Medlemsorganisationer - \u00d6sterg\u00f6tland\" \/>\n<meta property=\"og:url\" content=\"https:\/\/www.abf.se\/ostergotland\/om-abf\/medlemsorganisationer\/\" \/>\n<meta property=\"og:site_name\" content=\"\u00d6sterg\u00f6tland\" \/>\n<meta property=\"article:modified_time\" content=\"2024-04-18T08:52:37+00:00\" \/>\n<meta property=\"og:image\" content=\"https:\/\/www.abf.se\/wp-content\/uploads\/sites\/64\/2024\/04\/Nyckeln-liggande-scaled.jpg\" \/>\n\t<meta property=\"og:image:width\" content=\"2560\" \/>\n\t<meta property=\"og:image:height\" content=\"1440\" \/>\n\t<meta property=\"og:image:type\" content=\"image\/jpeg\" \/>\n<meta name=\"twitter:card\" content=\"summary_large_image\" \/>\n<script type=\"application\/ld+json\" class=\"yoast-schema-graph\">{\"@context\":\"https:\/\/schema.org\",\"@graph\":[{\"@type\":\"WebPage\",\"@id\":\"https:\/\/www.abf.se\/ostergotland\/om-abf\/medlemsorganisationer\/\",\"url\":\"https:\/\/www.abf.se\/ostergotland\/om-abf\/medlemsorganisationer\/\",\"name\":\"Medlemsorganisationer - \u00d6sterg\u00f6tland\",\"isPartOf\":{\"@id\":\"https:\/\/www.abf.se\/ostergotland\/#website\"},\"datePublished\":\"2024-04-11T12:29:49+00:00\",\"dateModified\":\"2024-04-18T08:52:37+00:00\",\"breadcrumb\":{\"@id\":\"https:\/\/www.abf.se\/ostergotland\/om-abf\/medlemsorganisationer\/#breadcrumb\"},\"inLanguage\":\"sv-SE\",\"potentialAction\":[{\"@type\":\"ReadAction\",\"target\":[\"https:\/\/www.abf.se\/ostergotland\/om-abf\/medlemsorganisationer\/\"]}]},{\"@type\":\"BreadcrumbList\",\"@id\":\"https:\/\/www.abf.se\/ostergotland\/om-abf\/medlemsorganisationer\/#breadcrumb\",\"itemListElement\":[{\"@type\":\"ListItem\",\"position\":1,\"name\":\"Home\",\"item\":\"https:\/\/www.abf.se\/ostergotland\/\"},{\"@type\":\"ListItem\",\"position\":2,\"name\":\"Om ABF\",\"item\":\"https:\/\/www.abf.se\/ostergotland\/om-abf\/\"},{\"@type\":\"ListItem\",\"position\":3,\"name\":\"Medlemsorganisationer\"}]},{\"@type\":\"WebSite\",\"@id\":\"https:\/\/www.abf.se\/ostergotland\/#website\",\"url\":\"https:\/\/www.abf.se\/ostergotland\/\",\"name\":\"\u00d6sterg\u00f6tland\",\"description\":\"\",\"potentialAction\":[{\"@type\":\"SearchAction\",\"target\":{\"@type\":\"EntryPoint\",\"urlTemplate\":\"https:\/\/www.abf.se\/ostergotland\/?s={search_term_string}\"},\"query-input\":{\"@type\":\"PropertyValueSpecification\",\"valueRequired\":true,\"valueName\":\"search_term_string\"}}],\"inLanguage\":\"sv-SE\"}]}<\/script>\n<!-- \/ Yoast SEO plugin. -->","yoast_head_json":{"title":"Medlemsorganisationer - \u00d6sterg\u00f6tland","robots":{"index":"index","follow":"follow","max-snippet":"max-snippet:-1","max-image-preview":"max-image-preview:large","max-video-preview":"max-video-preview:-1"},"canonical":"https:\/\/www.abf.se\/ostergotland\/om-abf\/medlemsorganisationer\/","og_locale":"sv_SE","og_type":"article","og_title":"Medlemsorganisationer - \u00d6sterg\u00f6tland","og_url":"https:\/\/www.abf.se\/ostergotland\/om-abf\/medlemsorganisationer\/","og_site_name":"\u00d6sterg\u00f6tland","article_modified_time":"2024-04-18T08:52:37+00:00","og_image":[{"width":2560,"height":1440,"url":"https:\/\/www.abf.se\/wp-content\/uploads\/sites\/64\/2024\/04\/Nyckeln-liggande-scaled.jpg","type":"image\/jpeg"}],"twitter_card":"summary_large_image","schema":{"@context":"https:\/\/schema.org","@graph":[{"@type":"WebPage","@id":"https:\/\/www.abf.se\/ostergotland\/om-abf\/medlemsorganisationer\/","url":"https:\/\/www.abf.se\/ostergotland\/om-abf\/medlemsorganisationer\/","name":"Medlemsorganisationer - \u00d6sterg\u00f6tland","isPartOf":{"@id":"https:\/\/www.abf.se\/ostergotland\/#website"},"datePublished":"2024-04-11T12:29:49+00:00","dateModified":"2024-04-18T08:52:37+00:00","breadcrumb":{"@id":"https:\/\/www.abf.se\/ostergotland\/om-abf\/medlemsorganisationer\/#breadcrumb"},"inLanguage":"sv-SE","potentialAction":[{"@type":"ReadAction","target":["https:\/\/www.abf.se\/ostergotland\/om-abf\/medlemsorganisationer\/"]}]},{"@type":"BreadcrumbList","@id":"https:\/\/www.abf.se\/ostergotland\/om-abf\/medlemsorganisationer\/#breadcrumb","itemListElement":[{"@type":"ListItem","position":1,"name":"Home","item":"https:\/\/www.abf.se\/ostergotland\/"},{"@type":"ListItem","position":2,"name":"Om ABF","item":"https:\/\/www.abf.se\/ostergotland\/om-abf\/"},{"@type":"ListItem","position":3,"name":"Medlemsorganisationer"}]},{"@type":"WebSite","@id":"https:\/\/www.abf.se\/ostergotland\/#website","url":"https:\/\/www.abf.se\/ostergotland\/","name":"\u00d6sterg\u00f6tland","description":"","potentialAction":[{"@type":"SearchAction","target":{"@type":"EntryPoint","urlTemplate":"https:\/\/www.abf.se\/ostergotland\/?s={search_term_string}"},"query-input":{"@type":"PropertyValueSpecification","valueRequired":true,"valueName":"search_term_string"}}],"inLanguage":"sv-SE"}]}},"_links":{"self":[{"href":"https:\/\/www.abf.se\/ostergotland\/wp-json\/wp\/v2\/pages\/539","targetHints":{"allow":["GET"]}}],"collection":[{"href":"https:\/\/www.abf.se\/ostergotland\/wp-json\/wp\/v2\/pages"}],"about":[{"href":"https:\/\/www.abf.se\/ostergotland\/wp-json\/wp\/v2\/types\/page"}],"author":[{"embeddable":true,"href":"https:\/\/www.abf.se\/ostergotland\/wp-json\/wp\/v2\/users\/29"}],"replies":[{"embeddable":true,"href":"https:\/\/www.abf.se\/ostergotland\/wp-json\/wp\/v2\/comments?post=539"}],"version-history":[{"count":1,"href":"https:\/\/www.abf.se\/ostergotland\/wp-json\/wp\/v2\/pages\/539\/revisions"}],"predecessor-version":[{"id":540,"href":"https:\/\/www.abf.se\/ostergotland\/wp-json\/wp\/v2\/pages\/539\/revisions\/540"}],"up":[{"embeddable":true,"href":"https:\/\/www.abf.se\/ostergotland\/wp-json\/wp\/v2\/pages\/442"}],"wp:attachment":[{"href":"https:\/\/www.abf.se\/ostergotland\/wp-json\/wp\/v2\/media?parent=539"}],"curies":[{"name":"wp","href":"https:\/\/api.w.org\/{rel}","templated":true}]}}