{"id":682,"date":"2024-04-19T15:04:02","date_gmt":"2024-04-19T13:04:02","guid":{"rendered":"https:\/\/www.abf.se\/skaraborg\/?page_id=682"},"modified":"2024-08-15T11:57:20","modified_gmt":"2024-08-15T09:57:20","slug":"starta-en-cirkel","status":"publish","type":"page","link":"https:\/\/www.abf.se\/skaraborg\/starta-en-cirkel\/","title":{"rendered":"Bokcirkel &#8211; Grunderna i folkbildning"},"content":{"rendered":"<div\n    class=\"acf-hero-block container-lg no-padding mb-12 js-geolocation\"\n    data-block=\"hero-block\"\n    data-index=\"0\"\n>\n    <div class=\"h-[548px]  relative rounded-[32px] overflow-hidden flex bg-gray-light\">\n        <div class=\"relative z-10 mt-auto h-auto w-full md:h-full\">\n            <div class=\"flex w-full h-full flex-col flex-wrap justify-end w-full md:w-7\/12 lg:w-1\/2 md:justify-center\">\n                <div class=\"flex flex-col gap-3 md:gap-[18px] md:transparent pt-16 pb-36 md:py-8 px-4 w-full md:max-w-[620px] mx-auto px-8\">\n\n                    <h1 class=\"hero-heading hero-heading--red-text\"><span>Bokcirkel: Grunderna i folkbildning<\/span><\/h1>\n\n                                            <p class=\"mt-4 max-w-[48ch] text-white\">\n                            Vad \u00e4r folkbildning? Utbildning och bildning utanf\u00f6r den traditionella skolv\u00e4rlden \u00e4r det korta svaret. I bokcirkeln &#8221;Grunderna i folkbildning&#8221; f\u00e5r du tillsammans med andra utforska det l\u00e4ngre svaret p\u00e5 fr\u00e5gan. Med utg\u00e5ngspunkt i b\u00f6cker fr\u00e5n ABFs Folkbildarl\u00e5da f\u00e5r ni f\u00f6rdjupa er i studier och samtal om folkbildningens id\u00e9er och betydelse.\n                        <\/p>\n                    \n                                    <\/div>\n            <\/div>\n        <\/div>\n\n                    <picture class=\"as-background-image mix-blend-multiply bg-black\/40\"><img decoding=\"async\" src=\"https:\/\/www.abf.se\/skaraborg\/resized\/?url=https%3A%2F%2Fwww.abf.se%2Fwp-content%2Fuploads%2F2024%2F04%2Flitteratur-svenska-retorik.jpg&#038;fit=crop&#038;w=1440&#038;s=693c49642130b77e7efa6f8d84541427\" srcset=\"https:\/\/www.abf.se\/skaraborg\/resized\/?url=https%3A%2F%2Fwww.abf.se%2Fwp-content%2Fuploads%2F2024%2F04%2Flitteratur-svenska-retorik.jpg&#038;fit=crop&#038;w=375&#038;h=540&#038;s=e7f170378f4c8d67b25800a0d464a6de 375w, https:\/\/www.abf.se\/skaraborg\/resized\/?url=https%3A%2F%2Fwww.abf.se%2Fwp-content%2Fuploads%2F2024%2F04%2Flitteratur-svenska-retorik.jpg&#038;fit=crop&#038;w=447&#038;h=540&#038;s=77fed7a25797b5eb0af4017741167004 447w, https:\/\/www.abf.se\/skaraborg\/resized\/?url=https%3A%2F%2Fwww.abf.se%2Fwp-content%2Fuploads%2F2024%2F04%2Flitteratur-svenska-retorik.jpg&#038;fit=crop&#038;w=519&#038;h=540&#038;s=94146ec08996b2ec6c4591e1120797b5 519w, https:\/\/www.abf.se\/skaraborg\/resized\/?url=https%3A%2F%2Fwww.abf.se%2Fwp-content%2Fuploads%2F2024%2F04%2Flitteratur-svenska-retorik.jpg&#038;fit=crop&#038;w=591&#038;h=540&#038;s=bbdef64fc37a232e1eea9f36f1d90ab4 591w, https:\/\/www.abf.se\/skaraborg\/resized\/?url=https%3A%2F%2Fwww.abf.se%2Fwp-content%2Fuploads%2F2024%2F04%2Flitteratur-svenska-retorik.jpg&#038;fit=crop&#038;w=663&#038;h=540&#038;s=c434cc7b490f0d6fd2a44822e83ab86d 663w, https:\/\/www.abf.se\/skaraborg\/resized\/?url=https%3A%2F%2Fwww.abf.se%2Fwp-content%2Fuploads%2F2024%2F04%2Flitteratur-svenska-retorik.jpg&#038;fit=crop&#038;w=750&#038;h=540&#038;s=a497aee5c4a21d496f8be217e2bc1cd0 750w, https:\/\/www.abf.se\/skaraborg\/resized\/?url=https%3A%2F%2Fwww.abf.se%2Fwp-content%2Fuploads%2F2024%2F04%2Flitteratur-svenska-retorik.jpg&#038;fit=crop&#038;w=894&#038;h=540&#038;s=bca902a1cc8a774cf3989fd401bed6e7 894w, https:\/\/www.abf.se\/skaraborg\/resized\/?url=https%3A%2F%2Fwww.abf.se%2Fwp-content%2Fuploads%2F2024%2F04%2Flitteratur-svenska-retorik.jpg&#038;fit=crop&#038;w=1038&#038;h=540&#038;s=6e47478da375d53d47c4dfebe0ff7755 1038w, https:\/\/www.abf.se\/skaraborg\/resized\/?url=https%3A%2F%2Fwww.abf.se%2Fwp-content%2Fuploads%2F2024%2F04%2Flitteratur-svenska-retorik.jpg&#038;fit=crop&#038;w=1182&#038;h=540&#038;s=4eafd9e441e44da0ec531653285b798f 1182w, https:\/\/www.abf.se\/skaraborg\/resized\/?url=https%3A%2F%2Fwww.abf.se%2Fwp-content%2Fuploads%2F2024%2F04%2Flitteratur-svenska-retorik.jpg&#038;fit=crop&#038;w=1326&#038;h=540&#038;s=8a14aaba60e50a60989081adbbc94e0e 1326w, https:\/\/www.abf.se\/skaraborg\/resized\/?url=https%3A%2F%2Fwww.abf.se%2Fwp-content%2Fuploads%2F2024%2F04%2Flitteratur-svenska-retorik.jpg&#038;fit=crop&#038;w=1440&#038;h=540&#038;s=ef8fa43df128b21c6a823e45cf3d6a4b 1440w\" alt=\"\" height=\"540\" width=\"1440\" sizes=\"(max-width: 1440px) calc(100vw - 32px), 1440px\" loading=\"eager\" fetchpriority=\"high\" aria-hidden=\"true\" role=\"presentation\" \/><\/picture>\n        \n\n            <\/div>\n\n    <\/div>\n\n<div\n    class=\"acf-text-image-block container my-12 md:my-15\"\n    data-block=\"text-image-block\"\n>\n    <div\n    class=\"flex flex-col items-center md:flex-row gap-8 md:gap-0 justify-between\">\n                        <div class=\"w-full md:w-1\/2 md:order-2\">\n            <picture><img decoding=\"async\" src=\"https:\/\/www.abf.se\/skaraborg\/resized\/?url=https%3A%2F%2Fwww.abf.se%2Fwp-content%2Fuploads%2F2024%2F04%2Fsprak.jpg&#038;fit=crop&#038;w=578&#038;s=6f3ba21da39950049833ee31e590742a\" srcset=\"https:\/\/www.abf.se\/skaraborg\/resized\/?url=https%3A%2F%2Fwww.abf.se%2Fwp-content%2Fuploads%2F2024%2F04%2Fsprak.jpg&#038;fit=crop&#038;w=144&#038;h=126&#038;s=66698dd6453abc7953f0c1586bac77d9 144w, https:\/\/www.abf.se\/skaraborg\/resized\/?url=https%3A%2F%2Fwww.abf.se%2Fwp-content%2Fuploads%2F2024%2F04%2Fsprak.jpg&#038;fit=crop&#038;w=240&#038;h=211&#038;s=bfcb316688f5f5c88b186a2fa0d25c78 240w, https:\/\/www.abf.se\/skaraborg\/resized\/?url=https%3A%2F%2Fwww.abf.se%2Fwp-content%2Fuploads%2F2024%2F04%2Fsprak.jpg&#038;fit=crop&#038;w=288&#038;h=253&#038;s=8142b8a33f1f5df29402c18d8c5aff5a 288w, https:\/\/www.abf.se\/skaraborg\/resized\/?url=https%3A%2F%2Fwww.abf.se%2Fwp-content%2Fuploads%2F2024%2F04%2Fsprak.jpg&#038;fit=crop&#038;w=336&#038;h=295&#038;s=b704f67091123a1f09df49e223ed02f5 336w, https:\/\/www.abf.se\/skaraborg\/resized\/?url=https%3A%2F%2Fwww.abf.se%2Fwp-content%2Fuploads%2F2024%2F04%2Fsprak.jpg&#038;fit=crop&#038;w=432&#038;h=380&#038;s=9c1e412f1f4179f8b9512c438b796aa1 432w, https:\/\/www.abf.se\/skaraborg\/resized\/?url=https%3A%2F%2Fwww.abf.se%2Fwp-content%2Fuploads%2F2024%2F04%2Fsprak.jpg&#038;fit=crop&#038;w=480&#038;h=422&#038;s=b8b06e2b5105f614327bd2c7da12905f 480w, https:\/\/www.abf.se\/skaraborg\/resized\/?url=https%3A%2F%2Fwww.abf.se%2Fwp-content%2Fuploads%2F2024%2F04%2Fsprak.jpg&#038;fit=crop&#038;w=528&#038;h=464&#038;s=dd528a3f66010808567d5a08fc4982a1 528w, https:\/\/www.abf.se\/skaraborg\/resized\/?url=https%3A%2F%2Fwww.abf.se%2Fwp-content%2Fuploads%2F2024%2F04%2Fsprak.jpg&#038;fit=crop&#038;w=578&#038;h=509&#038;s=60ad0a9ce9cbaa51994fbb9d658b0115 578w, https:\/\/www.abf.se\/skaraborg\/resized\/?url=https%3A%2F%2Fwww.abf.se%2Fwp-content%2Fuploads%2F2024%2F04%2Fsprak.jpg&#038;fit=crop&#038;w=672&#038;h=591&#038;s=3731664fe3d96a89079924c2386b530a 672w, https:\/\/www.abf.se\/skaraborg\/resized\/?url=https%3A%2F%2Fwww.abf.se%2Fwp-content%2Fuploads%2F2024%2F04%2Fsprak.jpg&#038;fit=crop&#038;w=864&#038;h=760&#038;s=786c54f06e4f8c3fbfa4619fdba8f09d 864w, https:\/\/www.abf.se\/skaraborg\/resized\/?url=https%3A%2F%2Fwww.abf.se%2Fwp-content%2Fuploads%2F2024%2F04%2Fsprak.jpg&#038;fit=crop&#038;w=1056&#038;h=929&#038;s=5e5ed09d287834f4b913606cf6367703 1056w\" alt=\"en person l&auml;ser genom ett lexikon p&aring; bordet bakom ligger tre b&ouml;cker\" height=\"509\" width=\"578\" sizes=\"auto, (max-width: 768px) 100vw,\n                (max-width: 1280px) 50vw, 578px\" loading=\"lazy\" fetchpriority=\"low\" \/><\/picture>\n\n        <\/div>\n        \n        <div class=\"w-full md:w-1\/2 md:order-1\">\n        <div class=\"mx-auto md:max-w-[368px]\">\n            <h2 class=\"heading-lg\">F\u00f6rkunskaper<\/h2>\n            <div class=\"mb-6 mt-4 wysiwyg\">\n                <div>Bokcirkeln kan genomf\u00f6ras av alla som vill f\u00e5 en grundl\u00e4ggande f\u00f6rst\u00e5else om folkbildning. Observera att ABF har r\u00e4ttigheter f\u00f6r att anv\u00e4nda Folkbildarl\u00e5dan \u00e4ven utanf\u00f6r ABF. Det finns d\u00e4rf\u00f6r m\u00f6jlighet \u00e4ven f\u00f6r andra \u00e4n anst\u00e4llda och f\u00f6rtroendevalda inom ABF att anv\u00e4nda de texter som ing\u00e5r i ABFs folkbildarl\u00e5da.<\/div>\n\n            <\/div>\n                    <\/div>\n        <\/div>\n    <\/div>\n<\/div><div\n    class=\"acf-text-image-block container my-12 md:my-15\"\n    data-block=\"text-image-block\"\n>\n    <div\n    class=\"flex flex-col items-center md:flex-row gap-8 md:gap-0 justify-between\">\n                        <div class=\"w-full md:w-1\/2 md:order-1\">\n            <picture><img decoding=\"async\" src=\"https:\/\/www.abf.se\/skaraborg\/resized\/?url=https%3A%2F%2Fwww.abf.se%2Fwp-content%2Fuploads%2F2024%2F04%2Flitteratur-svenska-retorik.jpg&#038;fit=crop&#038;w=578&#038;s=6814ccb8c694bf644ea707ab0d8375a9\" srcset=\"https:\/\/www.abf.se\/skaraborg\/resized\/?url=https%3A%2F%2Fwww.abf.se%2Fwp-content%2Fuploads%2F2024%2F04%2Flitteratur-svenska-retorik.jpg&#038;fit=crop&#038;w=144&#038;h=126&#038;s=cf1861ca6471b74dee4da3f60821f7ff 144w, https:\/\/www.abf.se\/skaraborg\/resized\/?url=https%3A%2F%2Fwww.abf.se%2Fwp-content%2Fuploads%2F2024%2F04%2Flitteratur-svenska-retorik.jpg&#038;fit=crop&#038;w=240&#038;h=211&#038;s=a49890869b3aece9e52b60fed7857324 240w, https:\/\/www.abf.se\/skaraborg\/resized\/?url=https%3A%2F%2Fwww.abf.se%2Fwp-content%2Fuploads%2F2024%2F04%2Flitteratur-svenska-retorik.jpg&#038;fit=crop&#038;w=288&#038;h=253&#038;s=936b27d469ddf41f26fb3e98d556b6c7 288w, https:\/\/www.abf.se\/skaraborg\/resized\/?url=https%3A%2F%2Fwww.abf.se%2Fwp-content%2Fuploads%2F2024%2F04%2Flitteratur-svenska-retorik.jpg&#038;fit=crop&#038;w=336&#038;h=295&#038;s=7fa0728ead0fc0dd2bb450db098a31c3 336w, https:\/\/www.abf.se\/skaraborg\/resized\/?url=https%3A%2F%2Fwww.abf.se%2Fwp-content%2Fuploads%2F2024%2F04%2Flitteratur-svenska-retorik.jpg&#038;fit=crop&#038;w=432&#038;h=380&#038;s=7b3c1c9c8932df57ff58b32975398f50 432w, https:\/\/www.abf.se\/skaraborg\/resized\/?url=https%3A%2F%2Fwww.abf.se%2Fwp-content%2Fuploads%2F2024%2F04%2Flitteratur-svenska-retorik.jpg&#038;fit=crop&#038;w=480&#038;h=422&#038;s=04b2eaf0e37657dcb5b041406deeb60f 480w, https:\/\/www.abf.se\/skaraborg\/resized\/?url=https%3A%2F%2Fwww.abf.se%2Fwp-content%2Fuploads%2F2024%2F04%2Flitteratur-svenska-retorik.jpg&#038;fit=crop&#038;w=528&#038;h=464&#038;s=3a9959efec07f828cbfa108cb21cdcf2 528w, https:\/\/www.abf.se\/skaraborg\/resized\/?url=https%3A%2F%2Fwww.abf.se%2Fwp-content%2Fuploads%2F2024%2F04%2Flitteratur-svenska-retorik.jpg&#038;fit=crop&#038;w=578&#038;h=509&#038;s=382403455362dc2c54d913a3bd09180f 578w, https:\/\/www.abf.se\/skaraborg\/resized\/?url=https%3A%2F%2Fwww.abf.se%2Fwp-content%2Fuploads%2F2024%2F04%2Flitteratur-svenska-retorik.jpg&#038;fit=crop&#038;w=672&#038;h=591&#038;s=2fe1b642f8485d4976b62d4b30d69ad9 672w, https:\/\/www.abf.se\/skaraborg\/resized\/?url=https%3A%2F%2Fwww.abf.se%2Fwp-content%2Fuploads%2F2024%2F04%2Flitteratur-svenska-retorik.jpg&#038;fit=crop&#038;w=864&#038;h=760&#038;s=901303e9eb27f2179f55b6e66d138687 864w, https:\/\/www.abf.se\/skaraborg\/resized\/?url=https%3A%2F%2Fwww.abf.se%2Fwp-content%2Fuploads%2F2024%2F04%2Flitteratur-svenska-retorik.jpg&#038;fit=crop&#038;w=1056&#038;h=929&#038;s=85720dd1ffdb330c8cfe1b0f1c40bc8a 1056w\" alt=\"h&auml;nder flyttar p&aring; b&ouml;cker i en h&ouml;g p&aring; ett bord\" height=\"509\" width=\"578\" sizes=\"auto, (max-width: 768px) 100vw,\n                (max-width: 1280px) 50vw, 578px\" loading=\"lazy\" fetchpriority=\"low\" \/><\/picture>\n\n        <\/div>\n        \n        <div class=\"w-full md:w-1\/2 md:order-2\">\n        <div class=\"mx-auto md:max-w-[368px]\">\n            <h2 class=\"heading-lg\">Om bokcirkeln<\/h2>\n            <div class=\"mb-6 mt-4 wysiwyg\">\n                <p>I en klassisk bokcirkel tr\u00e4ffas ni i en mindre grupp (cirka 3-12 personer) f\u00f6r att studera vissa utvalda b\u00f6cker som ing\u00e5r i ABFs Folkbildarl\u00e5da. Folkbildarl\u00e5dan kompletterar ABFs id\u00e9program med texter om folkbildningens id\u00e9historia, demokrati- och folkr\u00f6relsearbete, vuxnas l\u00e4rande, studiecirkeln, bildning och kultur, samh\u00e4llsnytta samt kring folkbildningens utmaningar i en ny tid.<\/p>\n\n            <\/div>\n                    <\/div>\n        <\/div>\n    <\/div>\n<\/div><div\n    class=\"acf-text-image-block container my-12 md:my-15\"\n    data-block=\"text-image-block\"\n>\n    <div\n    class=\"flex flex-col items-center md:flex-row gap-8 md:gap-0 justify-between\">\n                        <div class=\"w-full md:w-1\/2 md:order-2\">\n            <picture><img decoding=\"async\" src=\"https:\/\/www.abf.se\/skaraborg\/resized\/?url=https%3A%2F%2Fwww.abf.se%2Fwp-content%2Fuploads%2Fsites%2F42%2F2024%2F04%2Ffolkbildarladan-1920-1080.jpg&#038;fit=crop&#038;w=578&#038;s=bdef4d93a134974a8829a01ada886313\" srcset=\"https:\/\/www.abf.se\/skaraborg\/resized\/?url=https%3A%2F%2Fwww.abf.se%2Fwp-content%2Fuploads%2Fsites%2F42%2F2024%2F04%2Ffolkbildarladan-1920-1080.jpg&#038;fit=crop&#038;w=144&#038;h=126&#038;s=232cd9849d805159669d38953b8ed858 144w, https:\/\/www.abf.se\/skaraborg\/resized\/?url=https%3A%2F%2Fwww.abf.se%2Fwp-content%2Fuploads%2Fsites%2F42%2F2024%2F04%2Ffolkbildarladan-1920-1080.jpg&#038;fit=crop&#038;w=240&#038;h=211&#038;s=6e92c56a53af24e7fcf4eed7f8476978 240w, https:\/\/www.abf.se\/skaraborg\/resized\/?url=https%3A%2F%2Fwww.abf.se%2Fwp-content%2Fuploads%2Fsites%2F42%2F2024%2F04%2Ffolkbildarladan-1920-1080.jpg&#038;fit=crop&#038;w=288&#038;h=253&#038;s=ce778570018af78e898484470d535cb9 288w, https:\/\/www.abf.se\/skaraborg\/resized\/?url=https%3A%2F%2Fwww.abf.se%2Fwp-content%2Fuploads%2Fsites%2F42%2F2024%2F04%2Ffolkbildarladan-1920-1080.jpg&#038;fit=crop&#038;w=336&#038;h=295&#038;s=01f1f07101371c23c58a18cc13193cb3 336w, https:\/\/www.abf.se\/skaraborg\/resized\/?url=https%3A%2F%2Fwww.abf.se%2Fwp-content%2Fuploads%2Fsites%2F42%2F2024%2F04%2Ffolkbildarladan-1920-1080.jpg&#038;fit=crop&#038;w=432&#038;h=380&#038;s=951b7c10fedf9c2d47be0b9893a0807b 432w, https:\/\/www.abf.se\/skaraborg\/resized\/?url=https%3A%2F%2Fwww.abf.se%2Fwp-content%2Fuploads%2Fsites%2F42%2F2024%2F04%2Ffolkbildarladan-1920-1080.jpg&#038;fit=crop&#038;w=480&#038;h=422&#038;s=897035c7bb33a4123032c75cde5e4953 480w, https:\/\/www.abf.se\/skaraborg\/resized\/?url=https%3A%2F%2Fwww.abf.se%2Fwp-content%2Fuploads%2Fsites%2F42%2F2024%2F04%2Ffolkbildarladan-1920-1080.jpg&#038;fit=crop&#038;w=528&#038;h=464&#038;s=1789fdfbfd49727ff3a0a4841b9059ac 528w, https:\/\/www.abf.se\/skaraborg\/resized\/?url=https%3A%2F%2Fwww.abf.se%2Fwp-content%2Fuploads%2Fsites%2F42%2F2024%2F04%2Ffolkbildarladan-1920-1080.jpg&#038;fit=crop&#038;w=578&#038;h=509&#038;s=38c10f72de680788e59d3098ff1bf559 578w, https:\/\/www.abf.se\/skaraborg\/resized\/?url=https%3A%2F%2Fwww.abf.se%2Fwp-content%2Fuploads%2Fsites%2F42%2F2024%2F04%2Ffolkbildarladan-1920-1080.jpg&#038;fit=crop&#038;w=672&#038;h=591&#038;s=ca2045b843b4e7c0c7c4b6c9ae7cf80f 672w, https:\/\/www.abf.se\/skaraborg\/resized\/?url=https%3A%2F%2Fwww.abf.se%2Fwp-content%2Fuploads%2Fsites%2F42%2F2024%2F04%2Ffolkbildarladan-1920-1080.jpg&#038;fit=crop&#038;w=864&#038;h=760&#038;s=7e31d01268f1cc8091f730e4a1633a32 864w, https:\/\/www.abf.se\/skaraborg\/resized\/?url=https%3A%2F%2Fwww.abf.se%2Fwp-content%2Fuploads%2Fsites%2F42%2F2024%2F04%2Ffolkbildarladan-1920-1080.jpg&#038;fit=crop&#038;w=1056&#038;h=929&#038;s=f9776b191752149d048898868b59333c 1056w\" alt=\"\" height=\"509\" width=\"578\" sizes=\"auto, (max-width: 768px) 100vw,\n                (max-width: 1280px) 50vw, 578px\" loading=\"lazy\" fetchpriority=\"low\" \/><\/picture>\n\n        <\/div>\n        \n        <div class=\"w-full md:w-1\/2 md:order-1\">\n        <div class=\"mx-auto md:max-w-[368px]\">\n            <h2 class=\"heading-lg\">Moment och litteratur<\/h2>\n            <div class=\"mb-6 mt-4 wysiwyg\">\n                <h3>Bok 1: Folkbildningens id\u00e9historia<\/h3>\n<p>Boken beskriver n\u00e5gra av de b\u00e4rande id\u00e9erna i folkbildningens utveckling, med id\u00e9historikern Bernt Gustavsson som f\u00f6rfattare. Texter:<\/p>\n<ul>\n<li>Folkbildningens id\u00e9historia (Bernt Gustavsson)<\/li>\n<\/ul>\n<h3>Bok 2: Folkbildningen i en ny tid<\/h3>\n<p>Boken handlar om v\u00e5r tids utmaningar. Varf\u00f6r och f\u00f6r vem finns ABF? H\u00e4r finns texter av Camilla Lundberg Ney, Tora F\u00e4rnstr\u00f6m, Diana Mulinari, Loa Brynjulfsdottir, G\u00f6sta Vestlund, Stefan Backius och Henrik Nordvall. Texter:<\/p>\n<ul>\n<li>Om nya och g\u00f6mda r\u00f6ster (Camilla Lundberg Ney)<\/li>\n<li>Klass i f\u00f6r\u00e4ndring (Tora F\u00e4rnstr\u00f6m)<\/li>\n<li>Antirasistisk feminism (Diana Mulinari)<\/li>\n<li>#MeToo: K\u00f6nsbaserat v\u00e5ld kan stoppas (Loa Brynjulfsdottir)<\/li>\n<li>Folkbildningsarbete och v\u00e4rderingsf\u00f6r\u00e4ndringar (G\u00f6sta Vestlund)<\/li>\n<li>ABF och radikaliseringens v\u00e5gor (Stefan Backius och Henrik Nordvall)<\/li>\n<\/ul>\n<h3>Bok 3: Att g\u00f6ra en annan v\u00e4rld m\u00f6jlig<\/h3>\n<p>Boken handlar om lokalt och globalt folkbildningsarbete. Medverkar g\u00f6r Hans Abrahamsson, Pelle \u00c5berg och Saliem Patel. Texter:<\/p>\n<ul>\n<li>Folkbildning som globalt och lokalt kitt (Hans Abrahamsson)<\/li>\n<li>Folkbildning i estnisk tappning (Pelle \u00c5berg)<\/li>\n<li>Study circles: Solidarity through learning (Saliem Patel)<\/li>\n<\/ul>\n<p>Det g\u00e5r tyv\u00e4rr inte att best\u00e4lla i bokformat l\u00e4ngre. Men kontakta ditt lokala ABF kontor s\u00e5 hj\u00e4lper de dig att skriva ut ett h\u00e4fte. Som ett st\u00f6d f\u00f6r Folkbildarl\u00e5dans anv\u00e4ndning finns \u00e4ven en studiehandledning.<\/p>\n\n            <\/div>\n                    <\/div>\n        <\/div>\n    <\/div>\n<\/div><div\n    class=\"acf-text-image-block container my-12 md:my-15\"\n    data-block=\"text-image-block\"\n>\n    <div\n    class=\"flex flex-col items-center md:flex-row gap-8 md:gap-0 justify-between\">\n                        <div class=\"w-full md:w-1\/2 md:order-1\">\n            <picture><img decoding=\"async\" src=\"https:\/\/www.abf.se\/skaraborg\/resized\/?url=https%3A%2F%2Fwww.abf.se%2Fwp-content%2Fuploads%2F2024%2F04%2Fmusik-sang-kor3.jpg&#038;fit=crop&#038;w=578&#038;s=2b0c7bf922fccfaf178ce0bf339a60bd\" srcset=\"https:\/\/www.abf.se\/skaraborg\/resized\/?url=https%3A%2F%2Fwww.abf.se%2Fwp-content%2Fuploads%2F2024%2F04%2Fmusik-sang-kor3.jpg&#038;fit=crop&#038;w=144&#038;h=126&#038;s=86b108a35941f884060d8de3c4b3698f 144w, https:\/\/www.abf.se\/skaraborg\/resized\/?url=https%3A%2F%2Fwww.abf.se%2Fwp-content%2Fuploads%2F2024%2F04%2Fmusik-sang-kor3.jpg&#038;fit=crop&#038;w=240&#038;h=211&#038;s=ab33d4b567c91d5256ad51deb2ad4178 240w, https:\/\/www.abf.se\/skaraborg\/resized\/?url=https%3A%2F%2Fwww.abf.se%2Fwp-content%2Fuploads%2F2024%2F04%2Fmusik-sang-kor3.jpg&#038;fit=crop&#038;w=288&#038;h=253&#038;s=a9e80a7d27cb448e90ed78d297658d60 288w, https:\/\/www.abf.se\/skaraborg\/resized\/?url=https%3A%2F%2Fwww.abf.se%2Fwp-content%2Fuploads%2F2024%2F04%2Fmusik-sang-kor3.jpg&#038;fit=crop&#038;w=336&#038;h=295&#038;s=59debd5f01f2d5f721b26c2caed49577 336w, https:\/\/www.abf.se\/skaraborg\/resized\/?url=https%3A%2F%2Fwww.abf.se%2Fwp-content%2Fuploads%2F2024%2F04%2Fmusik-sang-kor3.jpg&#038;fit=crop&#038;w=432&#038;h=380&#038;s=62f7e23026a39d8f003125ed60f11e7f 432w, https:\/\/www.abf.se\/skaraborg\/resized\/?url=https%3A%2F%2Fwww.abf.se%2Fwp-content%2Fuploads%2F2024%2F04%2Fmusik-sang-kor3.jpg&#038;fit=crop&#038;w=480&#038;h=422&#038;s=87aa82a7b61b6c8815472f0280d9393b 480w, https:\/\/www.abf.se\/skaraborg\/resized\/?url=https%3A%2F%2Fwww.abf.se%2Fwp-content%2Fuploads%2F2024%2F04%2Fmusik-sang-kor3.jpg&#038;fit=crop&#038;w=528&#038;h=464&#038;s=c85599c898fac2f7b5807c8fb7af5055 528w, https:\/\/www.abf.se\/skaraborg\/resized\/?url=https%3A%2F%2Fwww.abf.se%2Fwp-content%2Fuploads%2F2024%2F04%2Fmusik-sang-kor3.jpg&#038;fit=crop&#038;w=578&#038;h=509&#038;s=ade67d2b1f3b1d3b639c82c91c3e7a18 578w, https:\/\/www.abf.se\/skaraborg\/resized\/?url=https%3A%2F%2Fwww.abf.se%2Fwp-content%2Fuploads%2F2024%2F04%2Fmusik-sang-kor3.jpg&#038;fit=crop&#038;w=672&#038;h=591&#038;s=99fa8c10b68de1b3d5ce29deee348cfe 672w, https:\/\/www.abf.se\/skaraborg\/resized\/?url=https%3A%2F%2Fwww.abf.se%2Fwp-content%2Fuploads%2F2024%2F04%2Fmusik-sang-kor3.jpg&#038;fit=crop&#038;w=864&#038;h=760&#038;s=94330d9b9b846da223da47257e859142 864w, https:\/\/www.abf.se\/skaraborg\/resized\/?url=https%3A%2F%2Fwww.abf.se%2Fwp-content%2Fuploads%2F2024%2F04%2Fmusik-sang-kor3.jpg&#038;fit=crop&#038;w=1056&#038;h=929&#038;s=9fba9da7549c18631cf866f1194a4153 1056w\" alt=\"en person som l&auml;ser noter bakifr&aring;n\" height=\"509\" width=\"578\" sizes=\"auto, (max-width: 768px) 100vw,\n                (max-width: 1280px) 50vw, 578px\" loading=\"lazy\" fetchpriority=\"low\" \/><\/picture>\n\n        <\/div>\n        \n        <div class=\"w-full md:w-1\/2 md:order-2\">\n        <div class=\"mx-auto md:max-w-[368px]\">\n            <h2 class=\"heading-lg\"><\/h2>\n            <div class=\"mb-6 mt-4 wysiwyg\">\n                <h3>Starta bokcirkel<\/h3>\n<p>Starta bokcirkeln tillsammans med n\u00e5gra kollegor. Du som inte \u00e4r anst\u00e4lld eller f\u00f6rtroendevald inom ABF kan starta en studiecirkel via din lokala ABF-avdelning. L\u00e4s mer om vad en\u00a0<a href=\"https:\/\/www.abf.se\/starta-studiecirkel\/\" target=\"_blank\" rel=\"noopener\">studiecirkel<\/a>\u00a0\u00e4r f\u00f6r n\u00e5got eller\u00a0<a href=\"https:\/\/www.abf.se\/distrikt--avdelningar\/\" target=\"_blank\" rel=\"noopener\">kontakta din ABF-avdelning<\/a>\u00a0och ber\u00e4tta att du vill starta ig\u00e5ng en bokcirkel.<\/p>\n\n            <\/div>\n                    <\/div>\n        <\/div>\n    <\/div>\n<\/div>","protected":false},"excerpt":{"rendered":"","protected":false},"author":111,"featured_media":0,"parent":0,"menu_order":0,"comment_status":"closed","ping_status":"closed","template":"","meta":{"_acf_changed":false,"footnotes":""},"class_list":["post-682","page","type-page","status-publish","hentry"],"acf":[],"yoast_head":"<!-- This site is optimized with the Yoast SEO plugin v27.0 - https:\/\/yoast.com\/product\/yoast-seo-wordpress\/ -->\n<title>Bokcirkel - Grunderna i folkbildning - Skaraborg<\/title>\n<meta name=\"robots\" content=\"index, follow, max-snippet:-1, max-image-preview:large, max-video-preview:-1\" \/>\n<link rel=\"canonical\" href=\"https:\/\/www.abf.se\/skaraborg\/starta-en-cirkel\/\" \/>\n<meta property=\"og:locale\" content=\"sv_SE\" \/>\n<meta property=\"og:type\" content=\"article\" \/>\n<meta property=\"og:title\" content=\"Bokcirkel - Grunderna i folkbildning - Skaraborg\" \/>\n<meta property=\"og:url\" content=\"https:\/\/www.abf.se\/skaraborg\/starta-en-cirkel\/\" \/>\n<meta property=\"og:site_name\" content=\"Skaraborg\" \/>\n<meta property=\"article:modified_time\" content=\"2024-08-15T09:57:20+00:00\" \/>\n<meta property=\"og:image\" content=\"https:\/\/www.abf.se\/wp-content\/uploads\/sites\/42\/2024\/04\/Nyckeln-liggande-scaled.jpg\" \/>\n\t<meta property=\"og:image:width\" content=\"2560\" \/>\n\t<meta property=\"og:image:height\" content=\"1440\" \/>\n\t<meta property=\"og:image:type\" content=\"image\/jpeg\" \/>\n<meta name=\"twitter:card\" content=\"summary_large_image\" \/>\n<script type=\"application\/ld+json\" class=\"yoast-schema-graph\">{\"@context\":\"https:\/\/schema.org\",\"@graph\":[{\"@type\":\"WebPage\",\"@id\":\"https:\/\/www.abf.se\/skaraborg\/starta-en-cirkel\/\",\"url\":\"https:\/\/www.abf.se\/skaraborg\/starta-en-cirkel\/\",\"name\":\"Bokcirkel - Grunderna i folkbildning - Skaraborg\",\"isPartOf\":{\"@id\":\"https:\/\/www.abf.se\/skaraborg\/#website\"},\"datePublished\":\"2024-04-19T13:04:02+00:00\",\"dateModified\":\"2024-08-15T09:57:20+00:00\",\"breadcrumb\":{\"@id\":\"https:\/\/www.abf.se\/skaraborg\/starta-en-cirkel\/#breadcrumb\"},\"inLanguage\":\"sv-SE\",\"potentialAction\":[{\"@type\":\"ReadAction\",\"target\":[\"https:\/\/www.abf.se\/skaraborg\/starta-en-cirkel\/\"]}]},{\"@type\":\"BreadcrumbList\",\"@id\":\"https:\/\/www.abf.se\/skaraborg\/starta-en-cirkel\/#breadcrumb\",\"itemListElement\":[{\"@type\":\"ListItem\",\"position\":1,\"name\":\"Home\",\"item\":\"https:\/\/www.abf.se\/skaraborg\/\"},{\"@type\":\"ListItem\",\"position\":2,\"name\":\"Bokcirkel &#8211; Grunderna i folkbildning\"}]},{\"@type\":\"WebSite\",\"@id\":\"https:\/\/www.abf.se\/skaraborg\/#website\",\"url\":\"https:\/\/www.abf.se\/skaraborg\/\",\"name\":\"Skaraborg\",\"description\":\"\",\"potentialAction\":[{\"@type\":\"SearchAction\",\"target\":{\"@type\":\"EntryPoint\",\"urlTemplate\":\"https:\/\/www.abf.se\/skaraborg\/?s={search_term_string}\"},\"query-input\":{\"@type\":\"PropertyValueSpecification\",\"valueRequired\":true,\"valueName\":\"search_term_string\"}}],\"inLanguage\":\"sv-SE\"}]}<\/script>\n<!-- \/ Yoast SEO plugin. -->","yoast_head_json":{"title":"Bokcirkel - Grunderna i folkbildning - Skaraborg","robots":{"index":"index","follow":"follow","max-snippet":"max-snippet:-1","max-image-preview":"max-image-preview:large","max-video-preview":"max-video-preview:-1"},"canonical":"https:\/\/www.abf.se\/skaraborg\/starta-en-cirkel\/","og_locale":"sv_SE","og_type":"article","og_title":"Bokcirkel - Grunderna i folkbildning - Skaraborg","og_url":"https:\/\/www.abf.se\/skaraborg\/starta-en-cirkel\/","og_site_name":"Skaraborg","article_modified_time":"2024-08-15T09:57:20+00:00","og_image":[{"width":2560,"height":1440,"url":"https:\/\/www.abf.se\/wp-content\/uploads\/sites\/42\/2024\/04\/Nyckeln-liggande-scaled.jpg","type":"image\/jpeg"}],"twitter_card":"summary_large_image","schema":{"@context":"https:\/\/schema.org","@graph":[{"@type":"WebPage","@id":"https:\/\/www.abf.se\/skaraborg\/starta-en-cirkel\/","url":"https:\/\/www.abf.se\/skaraborg\/starta-en-cirkel\/","name":"Bokcirkel - Grunderna i folkbildning - Skaraborg","isPartOf":{"@id":"https:\/\/www.abf.se\/skaraborg\/#website"},"datePublished":"2024-04-19T13:04:02+00:00","dateModified":"2024-08-15T09:57:20+00:00","breadcrumb":{"@id":"https:\/\/www.abf.se\/skaraborg\/starta-en-cirkel\/#breadcrumb"},"inLanguage":"sv-SE","potentialAction":[{"@type":"ReadAction","target":["https:\/\/www.abf.se\/skaraborg\/starta-en-cirkel\/"]}]},{"@type":"BreadcrumbList","@id":"https:\/\/www.abf.se\/skaraborg\/starta-en-cirkel\/#breadcrumb","itemListElement":[{"@type":"ListItem","position":1,"name":"Home","item":"https:\/\/www.abf.se\/skaraborg\/"},{"@type":"ListItem","position":2,"name":"Bokcirkel &#8211; Grunderna i folkbildning"}]},{"@type":"WebSite","@id":"https:\/\/www.abf.se\/skaraborg\/#website","url":"https:\/\/www.abf.se\/skaraborg\/","name":"Skaraborg","description":"","potentialAction":[{"@type":"SearchAction","target":{"@type":"EntryPoint","urlTemplate":"https:\/\/www.abf.se\/skaraborg\/?s={search_term_string}"},"query-input":{"@type":"PropertyValueSpecification","valueRequired":true,"valueName":"search_term_string"}}],"inLanguage":"sv-SE"}]}},"_links":{"self":[{"href":"https:\/\/www.abf.se\/skaraborg\/wp-json\/wp\/v2\/pages\/682","targetHints":{"allow":["GET"]}}],"collection":[{"href":"https:\/\/www.abf.se\/skaraborg\/wp-json\/wp\/v2\/pages"}],"about":[{"href":"https:\/\/www.abf.se\/skaraborg\/wp-json\/wp\/v2\/types\/page"}],"author":[{"embeddable":true,"href":"https:\/\/www.abf.se\/skaraborg\/wp-json\/wp\/v2\/users\/111"}],"replies":[{"embeddable":true,"href":"https:\/\/www.abf.se\/skaraborg\/wp-json\/wp\/v2\/comments?post=682"}],"version-history":[{"count":8,"href":"https:\/\/www.abf.se\/skaraborg\/wp-json\/wp\/v2\/pages\/682\/revisions"}],"predecessor-version":[{"id":1333,"href":"https:\/\/www.abf.se\/skaraborg\/wp-json\/wp\/v2\/pages\/682\/revisions\/1333"}],"wp:attachment":[{"href":"https:\/\/www.abf.se\/skaraborg\/wp-json\/wp\/v2\/media?parent=682"}],"curies":[{"name":"wp","href":"https:\/\/api.w.org\/{rel}","templated":true}]}}