{"id":104,"date":"2024-05-03T08:10:31","date_gmt":"2024-05-03T06:10:31","guid":{"rendered":"https:\/\/www.abf.se\/skelleftea\/?page_id=104"},"modified":"2025-03-27T15:32:15","modified_gmt":"2025-03-27T14:32:15","slug":"funktionshinder","status":"publish","type":"page","link":"https:\/\/www.abf.se\/skelleftea\/verksamhet\/funktionshinder\/","title":{"rendered":"Funktionshinder"},"content":{"rendered":"<div\n    class=\"acf-hero-block container-lg no-padding mb-12 js-geolocation\"\n    data-block=\"hero-block\"\n    data-index=\"0\"\n>\n    <div class=\"h-[548px]  relative rounded-[32px] overflow-hidden flex bg-gray-light\">\n        <div class=\"relative z-10 mt-auto h-auto w-full md:h-full\">\n            <div class=\"flex w-full h-full flex-col flex-wrap justify-end w-full md:w-7\/12 lg:w-1\/2 md:justify-center\">\n                <div class=\"flex flex-col gap-3 md:gap-[18px] md:transparent pt-16 pb-36 md:py-8 px-4 w-full md:max-w-[620px] mx-auto px-8\">\n\n                    <h1 class=\"hero-heading hero-heading--red-text\"><span>V\u00e5r verksamhet med funktionshinderorganisationer<\/span><\/h1>\n\n                    \n                                    <\/div>\n            <\/div>\n        <\/div>\n\n                    <picture class=\"as-background-image mix-blend-multiply bg-black\/40\"><img decoding=\"async\" src=\"https:\/\/www.abf.se\/skelleftea\/resized\/?url=https%3A%2F%2Fwww.abf.se%2Fwp-content%2Fuploads%2Fsites%2F43%2F2024%2F05%2F20230617_142255-scaled.jpg&#038;fit=crop&#038;w=1440&#038;s=f2ea9ee81de9c3f39d8e985a8c19b3c7\" srcset=\"https:\/\/www.abf.se\/skelleftea\/resized\/?url=https%3A%2F%2Fwww.abf.se%2Fwp-content%2Fuploads%2Fsites%2F43%2F2024%2F05%2F20230617_142255-scaled.jpg&#038;fit=crop&#038;w=375&#038;h=540&#038;s=f75cc0f037d70e6830ab0788d3b085fe 375w, https:\/\/www.abf.se\/skelleftea\/resized\/?url=https%3A%2F%2Fwww.abf.se%2Fwp-content%2Fuploads%2Fsites%2F43%2F2024%2F05%2F20230617_142255-scaled.jpg&#038;fit=crop&#038;w=447&#038;h=540&#038;s=7138c31425d8f1033b6aa06543aedb87 447w, https:\/\/www.abf.se\/skelleftea\/resized\/?url=https%3A%2F%2Fwww.abf.se%2Fwp-content%2Fuploads%2Fsites%2F43%2F2024%2F05%2F20230617_142255-scaled.jpg&#038;fit=crop&#038;w=519&#038;h=540&#038;s=30bb7940cf210762122949f8e440cdd7 519w, https:\/\/www.abf.se\/skelleftea\/resized\/?url=https%3A%2F%2Fwww.abf.se%2Fwp-content%2Fuploads%2Fsites%2F43%2F2024%2F05%2F20230617_142255-scaled.jpg&#038;fit=crop&#038;w=591&#038;h=540&#038;s=b20ad36f95a732d3e5cb8583af428f1b 591w, https:\/\/www.abf.se\/skelleftea\/resized\/?url=https%3A%2F%2Fwww.abf.se%2Fwp-content%2Fuploads%2Fsites%2F43%2F2024%2F05%2F20230617_142255-scaled.jpg&#038;fit=crop&#038;w=663&#038;h=540&#038;s=936de32bbff1e7a4504dfd9cf683b298 663w, https:\/\/www.abf.se\/skelleftea\/resized\/?url=https%3A%2F%2Fwww.abf.se%2Fwp-content%2Fuploads%2Fsites%2F43%2F2024%2F05%2F20230617_142255-scaled.jpg&#038;fit=crop&#038;w=750&#038;h=540&#038;s=1e5c9cbcd50b30b1b0013f8d23fb8995 750w, https:\/\/www.abf.se\/skelleftea\/resized\/?url=https%3A%2F%2Fwww.abf.se%2Fwp-content%2Fuploads%2Fsites%2F43%2F2024%2F05%2F20230617_142255-scaled.jpg&#038;fit=crop&#038;w=894&#038;h=540&#038;s=bcf6a1f5d8b264d20dd5bf6dcdd88306 894w, https:\/\/www.abf.se\/skelleftea\/resized\/?url=https%3A%2F%2Fwww.abf.se%2Fwp-content%2Fuploads%2Fsites%2F43%2F2024%2F05%2F20230617_142255-scaled.jpg&#038;fit=crop&#038;w=1038&#038;h=540&#038;s=71787081ab3f9a67c193d5d711137e74 1038w, https:\/\/www.abf.se\/skelleftea\/resized\/?url=https%3A%2F%2Fwww.abf.se%2Fwp-content%2Fuploads%2Fsites%2F43%2F2024%2F05%2F20230617_142255-scaled.jpg&#038;fit=crop&#038;w=1182&#038;h=540&#038;s=eca2133f9eb5dbb1872541b015326b55 1182w, https:\/\/www.abf.se\/skelleftea\/resized\/?url=https%3A%2F%2Fwww.abf.se%2Fwp-content%2Fuploads%2Fsites%2F43%2F2024%2F05%2F20230617_142255-scaled.jpg&#038;fit=crop&#038;w=1326&#038;h=540&#038;s=9d65252b44320befaa3bf6a7acead472 1326w, https:\/\/www.abf.se\/skelleftea\/resized\/?url=https%3A%2F%2Fwww.abf.se%2Fwp-content%2Fuploads%2Fsites%2F43%2F2024%2F05%2F20230617_142255-scaled.jpg&#038;fit=crop&#038;w=1440&#038;h=540&#038;s=ba9e169dc3435ee8ac358badfc10c691 1440w\" alt=\"\" height=\"540\" width=\"1440\" sizes=\"(max-width: 1440px) calc(100vw - 32px), 1440px\" loading=\"eager\" fetchpriority=\"high\" aria-hidden=\"true\" role=\"presentation\" \/><\/picture>\n        \n\n            <\/div>\n\n    <\/div>\n\n<div\n    class=\"acf-article-text-block article-container my-12\"\n    data-block=\"article-text-block\"\n>\n    <div class=\"wysiwyg\">\n        <p>Vi p\u00e5 ABF vill ge utrymme f\u00f6r v\u00e5ra f\u00f6reningar inom olika funktionshinder organisationer att v\u00e4xa i sin roll som f\u00f6rening och vi vill d\u00e4rf\u00f6r tillhandah\u00e5lla verktyg och resurser f\u00f6r att g\u00f6ra detta m\u00f6jligt. Vi vill vara med och st\u00e4rka v\u00e5ra lokala f\u00f6reningar genom att vara medlemmarna och styrelsens bollplank. Det kan vara allt fr\u00e5n att hj\u00e4lpa till att planera kulturprogram eller f\u00f6rel\u00e4sningsserier, vara behj\u00e4lplig med studiematerial samt planering inf\u00f6r en studiecirkel som medlemmarna \u00f6nskar genomf\u00f6ra.<\/p>\n<p>ABF har ett stort kontaktn\u00e4t inom f\u00f6reningsv\u00e4rlden. Vi kan vara en m\u00f6tesplats d\u00e4r ni knyter kontakter med andra f\u00f6reningar som ni kan samarbeta med. Man blir starkare om man \u00e4r fler att samverka kring gemensamma fr\u00e5gor, t ex n\u00e5got man vill driva fram eller en studiesatsning man vill g\u00f6ra. Vi \u00e4r mycket tacksamma till det samarbete vi har i dag med v\u00e5ra medlemsorganisationer samt<br \/>\nsamverkanspartner hos oss i Skellefte\u00e5 \u2013 vilka \u00e4r f\u00f6ljande:<\/p>\n<ul>\n<li><a href=\"http:\/\/astmaoallergiforbundet.se\/\">Astma- och Allergif\u00f6rbundet<\/a><\/li>\n<li><a href=\"http:\/\/dhr.se\/\">DHR, Delaktighet Handlingskraft R\u00f6relsefrihet<\/a><\/li>\n<li><a href=\"https:\/\/dyslexi.org\/\">Dyslexif\u00f6rbundet<\/a><\/li>\n<li><a href=\"https:\/\/fsdb.se\/\">F\u00f6rbundet Sveriges D\u00f6vblinda<\/a><\/li>\n<li><a href=\"http:\/\/www.hrf.se\/\">H\u00f6rselskadades Riksf\u00f6rbund<\/a><\/li>\n<li><a href=\"https:\/\/www.ilco.nu\/\">ILCO<\/a><\/li>\n<li><a href=\"http:\/\/www.njurforbundet.se\/\">Njurf\u00f6rbundet<\/a><\/li>\n<li><a href=\"http:\/\/www.psoriasisforbundet.se\/\">Psoriasisf\u00f6rbundet<\/a><\/li>\n<li><a href=\"http:\/\/www.reumatikerforbundet.org\/\">Reumatikerf\u00f6rbundet<\/a><\/li>\n<li><a href=\"http:\/\/dhb.se\/\">Riksf\u00f6rbundet f\u00f6r d\u00f6va, h\u00f6rselskadade barn och barn med spr\u00e5kst\u00f6rning (DHB)<\/a><\/li>\n<li><a href=\"http:\/\/www.rbu.se\/\">Riksf\u00f6rbundet f\u00f6r R\u00f6relsehindrade Barn och Ungdomar<\/a><\/li>\n<li><a href=\"http:\/\/www.hjart-lung.se\/\">Riksf\u00f6rbundet Hj\u00e4rt Lung<\/a><\/li>\n<li><a href=\"http:\/\/www.rsmh.se\/\">RSMH, Riksf\u00f6rbundet f\u00f6r Social och Mental H\u00e4lsa<\/a><\/li>\n<li><a href=\"http:\/\/www.celiaki.se\/\">Svenska Celiakif\u00f6rbundet<\/a><\/li>\n<li><a href=\"https:\/\/www.diabetes.se\">Svenska Diabetesf\u00f6rbundet<\/a><\/li>\n<li><a href=\"http:\/\/www.epilepsi.se\/\">Svenska Epilepsif\u00f6rbundet<\/a><\/li>\n<li><a href=\"http:\/\/www.sdr.org\/\">Sveriges D\u00f6vas Riksf\u00f6rbund<\/a><\/li>\n<li><a href=\"http:\/\/www.srf.nu\/\">Synskadades Riksf\u00f6rbund<\/a><\/li>\n<\/ul>\n<p><strong>Har du funderingar \u00e4r du v\u00e4lkommen att h\u00f6ra av dig till:<\/strong><br \/>\nUlrika Olofsson<br \/>\n<a href=\"mailto:ulrika.olofsson@abf.se\">ulrika.olofsson@abf.se<\/a><br \/>\n073-069 36 16<\/p>\n\n    <\/div>\n<\/div>\n","protected":false},"excerpt":{"rendered":"","protected":false},"author":41,"featured_media":0,"parent":51,"menu_order":0,"comment_status":"closed","ping_status":"closed","template":"","meta":{"_acf_changed":false,"footnotes":""},"class_list":["post-104","page","type-page","status-publish","hentry"],"acf":[],"yoast_head":"<!-- This site is optimized with the Yoast SEO plugin v27.0 - https:\/\/yoast.com\/product\/yoast-seo-wordpress\/ -->\n<title>Funktionshinder - Skellefte\u00e5<\/title>\n<meta name=\"robots\" content=\"index, follow, max-snippet:-1, max-image-preview:large, max-video-preview:-1\" \/>\n<link rel=\"canonical\" href=\"https:\/\/www.abf.se\/skelleftea\/verksamhet\/funktionshinder\/\" \/>\n<meta property=\"og:locale\" content=\"sv_SE\" \/>\n<meta property=\"og:type\" content=\"article\" \/>\n<meta property=\"og:title\" content=\"Funktionshinder - Skellefte\u00e5\" \/>\n<meta property=\"og:url\" content=\"https:\/\/www.abf.se\/skelleftea\/verksamhet\/funktionshinder\/\" \/>\n<meta property=\"og:site_name\" content=\"Skellefte\u00e5\" \/>\n<meta property=\"article:modified_time\" content=\"2025-03-27T14:32:15+00:00\" \/>\n<meta property=\"og:image\" content=\"https:\/\/www.abf.se\/wp-content\/uploads\/sites\/43\/2024\/04\/Nyckeln-liggande-scaled.jpg\" \/>\n\t<meta property=\"og:image:width\" content=\"2560\" \/>\n\t<meta property=\"og:image:height\" content=\"1440\" \/>\n\t<meta property=\"og:image:type\" content=\"image\/jpeg\" \/>\n<meta name=\"twitter:card\" content=\"summary_large_image\" \/>\n<script type=\"application\/ld+json\" class=\"yoast-schema-graph\">{\"@context\":\"https:\/\/schema.org\",\"@graph\":[{\"@type\":\"WebPage\",\"@id\":\"https:\/\/www.abf.se\/skelleftea\/verksamhet\/funktionshinder\/\",\"url\":\"https:\/\/www.abf.se\/skelleftea\/verksamhet\/funktionshinder\/\",\"name\":\"Funktionshinder - Skellefte\u00e5\",\"isPartOf\":{\"@id\":\"https:\/\/www.abf.se\/skelleftea\/#website\"},\"datePublished\":\"2024-05-03T06:10:31+00:00\",\"dateModified\":\"2025-03-27T14:32:15+00:00\",\"breadcrumb\":{\"@id\":\"https:\/\/www.abf.se\/skelleftea\/verksamhet\/funktionshinder\/#breadcrumb\"},\"inLanguage\":\"sv-SE\",\"potentialAction\":[{\"@type\":\"ReadAction\",\"target\":[\"https:\/\/www.abf.se\/skelleftea\/verksamhet\/funktionshinder\/\"]}]},{\"@type\":\"BreadcrumbList\",\"@id\":\"https:\/\/www.abf.se\/skelleftea\/verksamhet\/funktionshinder\/#breadcrumb\",\"itemListElement\":[{\"@type\":\"ListItem\",\"position\":1,\"name\":\"Home\",\"item\":\"https:\/\/www.abf.se\/skelleftea\/\"},{\"@type\":\"ListItem\",\"position\":2,\"name\":\"V\u00e5ra verksamheter\",\"item\":\"https:\/\/www.abf.se\/skelleftea\/verksamhet\/\"},{\"@type\":\"ListItem\",\"position\":3,\"name\":\"Funktionshinder\"}]},{\"@type\":\"WebSite\",\"@id\":\"https:\/\/www.abf.se\/skelleftea\/#website\",\"url\":\"https:\/\/www.abf.se\/skelleftea\/\",\"name\":\"Skellefte\u00e5\",\"description\":\"\",\"potentialAction\":[{\"@type\":\"SearchAction\",\"target\":{\"@type\":\"EntryPoint\",\"urlTemplate\":\"https:\/\/www.abf.se\/skelleftea\/?s={search_term_string}\"},\"query-input\":{\"@type\":\"PropertyValueSpecification\",\"valueRequired\":true,\"valueName\":\"search_term_string\"}}],\"inLanguage\":\"sv-SE\"}]}<\/script>\n<!-- \/ Yoast SEO plugin. -->","yoast_head_json":{"title":"Funktionshinder - Skellefte\u00e5","robots":{"index":"index","follow":"follow","max-snippet":"max-snippet:-1","max-image-preview":"max-image-preview:large","max-video-preview":"max-video-preview:-1"},"canonical":"https:\/\/www.abf.se\/skelleftea\/verksamhet\/funktionshinder\/","og_locale":"sv_SE","og_type":"article","og_title":"Funktionshinder - Skellefte\u00e5","og_url":"https:\/\/www.abf.se\/skelleftea\/verksamhet\/funktionshinder\/","og_site_name":"Skellefte\u00e5","article_modified_time":"2025-03-27T14:32:15+00:00","og_image":[{"width":2560,"height":1440,"url":"https:\/\/www.abf.se\/wp-content\/uploads\/sites\/43\/2024\/04\/Nyckeln-liggande-scaled.jpg","type":"image\/jpeg"}],"twitter_card":"summary_large_image","schema":{"@context":"https:\/\/schema.org","@graph":[{"@type":"WebPage","@id":"https:\/\/www.abf.se\/skelleftea\/verksamhet\/funktionshinder\/","url":"https:\/\/www.abf.se\/skelleftea\/verksamhet\/funktionshinder\/","name":"Funktionshinder - Skellefte\u00e5","isPartOf":{"@id":"https:\/\/www.abf.se\/skelleftea\/#website"},"datePublished":"2024-05-03T06:10:31+00:00","dateModified":"2025-03-27T14:32:15+00:00","breadcrumb":{"@id":"https:\/\/www.abf.se\/skelleftea\/verksamhet\/funktionshinder\/#breadcrumb"},"inLanguage":"sv-SE","potentialAction":[{"@type":"ReadAction","target":["https:\/\/www.abf.se\/skelleftea\/verksamhet\/funktionshinder\/"]}]},{"@type":"BreadcrumbList","@id":"https:\/\/www.abf.se\/skelleftea\/verksamhet\/funktionshinder\/#breadcrumb","itemListElement":[{"@type":"ListItem","position":1,"name":"Home","item":"https:\/\/www.abf.se\/skelleftea\/"},{"@type":"ListItem","position":2,"name":"V\u00e5ra verksamheter","item":"https:\/\/www.abf.se\/skelleftea\/verksamhet\/"},{"@type":"ListItem","position":3,"name":"Funktionshinder"}]},{"@type":"WebSite","@id":"https:\/\/www.abf.se\/skelleftea\/#website","url":"https:\/\/www.abf.se\/skelleftea\/","name":"Skellefte\u00e5","description":"","potentialAction":[{"@type":"SearchAction","target":{"@type":"EntryPoint","urlTemplate":"https:\/\/www.abf.se\/skelleftea\/?s={search_term_string}"},"query-input":{"@type":"PropertyValueSpecification","valueRequired":true,"valueName":"search_term_string"}}],"inLanguage":"sv-SE"}]}},"_links":{"self":[{"href":"https:\/\/www.abf.se\/skelleftea\/wp-json\/wp\/v2\/pages\/104","targetHints":{"allow":["GET"]}}],"collection":[{"href":"https:\/\/www.abf.se\/skelleftea\/wp-json\/wp\/v2\/pages"}],"about":[{"href":"https:\/\/www.abf.se\/skelleftea\/wp-json\/wp\/v2\/types\/page"}],"author":[{"embeddable":true,"href":"https:\/\/www.abf.se\/skelleftea\/wp-json\/wp\/v2\/users\/41"}],"replies":[{"embeddable":true,"href":"https:\/\/www.abf.se\/skelleftea\/wp-json\/wp\/v2\/comments?post=104"}],"version-history":[{"count":6,"href":"https:\/\/www.abf.se\/skelleftea\/wp-json\/wp\/v2\/pages\/104\/revisions"}],"predecessor-version":[{"id":517,"href":"https:\/\/www.abf.se\/skelleftea\/wp-json\/wp\/v2\/pages\/104\/revisions\/517"}],"up":[{"embeddable":true,"href":"https:\/\/www.abf.se\/skelleftea\/wp-json\/wp\/v2\/pages\/51"}],"wp:attachment":[{"href":"https:\/\/www.abf.se\/skelleftea\/wp-json\/wp\/v2\/media?parent=104"}],"curies":[{"name":"wp","href":"https:\/\/api.w.org\/{rel}","templated":true}]}}