{"id":336,"date":"2024-04-09T13:32:31","date_gmt":"2024-04-09T11:32:31","guid":{"rendered":"https:\/\/www.abf.se\/sodertalje-nykvarn\/?page_id=336"},"modified":"2026-02-18T07:29:08","modified_gmt":"2026-02-18T06:29:08","slug":"jam-jarna","status":"publish","type":"page","link":"https:\/\/www.abf.se\/sodertalje-nykvarn\/jam-jarna\/","title":{"rendered":"JAM J\u00e4rna"},"content":{"rendered":"<div\n    class=\"acf-article-image-block mb-12 article-container-lg\"\n    data-block=\"article-image-block\"\n>\n<div class=\"\">\n\n        <figure>\n        \n            <picture class=\"round-corners-lg w-full\"><img decoding=\"async\" src=\"https:\/\/www.abf.se\/sodertalje-nykvarn\/resized\/?url=https%3A%2F%2Fwww.abf.se%2Fwp-content%2Fuploads%2Fsites%2F48%2F2024%2F04%2FDANS-I-JARNA.png&#038;fit=contain&#038;w=788&#038;s=e09c6ab28bcc84ad41b719cd71f202ab\" srcset=\"https:\/\/www.abf.se\/sodertalje-nykvarn\/resized\/?url=https%3A%2F%2Fwww.abf.se%2Fwp-content%2Fuploads%2Fsites%2F48%2F2024%2F04%2FDANS-I-JARNA.png&#038;fit=contain&#038;w=375&#038;h=167&#038;s=be9266115171416f8deaa51061d011ab 375w, https:\/\/www.abf.se\/sodertalje-nykvarn\/resized\/?url=https%3A%2F%2Fwww.abf.se%2Fwp-content%2Fuploads%2Fsites%2F48%2F2024%2F04%2FDANS-I-JARNA.png&#038;fit=contain&#038;w=447&#038;h=199&#038;s=3ee727595411cd5090b13bfa711fdaa7 447w, https:\/\/www.abf.se\/sodertalje-nykvarn\/resized\/?url=https%3A%2F%2Fwww.abf.se%2Fwp-content%2Fuploads%2Fsites%2F48%2F2024%2F04%2FDANS-I-JARNA.png&#038;fit=contain&#038;w=519&#038;h=231&#038;s=7ac05134ea95875305cf44a8e46c5cf5 519w, https:\/\/www.abf.se\/sodertalje-nykvarn\/resized\/?url=https%3A%2F%2Fwww.abf.se%2Fwp-content%2Fuploads%2Fsites%2F48%2F2024%2F04%2FDANS-I-JARNA.png&#038;fit=contain&#038;w=591&#038;h=263&#038;s=74a666d57d72556426a014b795732633 591w, https:\/\/www.abf.se\/sodertalje-nykvarn\/resized\/?url=https%3A%2F%2Fwww.abf.se%2Fwp-content%2Fuploads%2Fsites%2F48%2F2024%2F04%2FDANS-I-JARNA.png&#038;fit=contain&#038;w=663&#038;h=295&#038;s=c2d50334d5912785d00e85c9571c9d6e 663w, https:\/\/www.abf.se\/sodertalje-nykvarn\/resized\/?url=https%3A%2F%2Fwww.abf.se%2Fwp-content%2Fuploads%2Fsites%2F48%2F2024%2F04%2FDANS-I-JARNA.png&#038;fit=contain&#038;w=735&#038;h=327&#038;s=d11d2772c2bdb20316d91cf60513c679 735w, https:\/\/www.abf.se\/sodertalje-nykvarn\/resized\/?url=https%3A%2F%2Fwww.abf.se%2Fwp-content%2Fuploads%2Fsites%2F48%2F2024%2F04%2FDANS-I-JARNA.png&#038;fit=contain&#038;w=750&#038;h=334&#038;s=c7bc06b060e9e1131756001e8745db34 750w, https:\/\/www.abf.se\/sodertalje-nykvarn\/resized\/?url=https%3A%2F%2Fwww.abf.se%2Fwp-content%2Fuploads%2Fsites%2F48%2F2024%2F04%2FDANS-I-JARNA.png&#038;fit=contain&#038;w=788&#038;s=e09c6ab28bcc84ad41b719cd71f202ab 788w, https:\/\/www.abf.se\/sodertalje-nykvarn\/resized\/?url=https%3A%2F%2Fwww.abf.se%2Fwp-content%2Fuploads%2Fsites%2F48%2F2024%2F04%2FDANS-I-JARNA.png&#038;fit=contain&#038;w=894&#038;h=398&#038;s=075547a4fa074b9336ddc11940264065 894w, https:\/\/www.abf.se\/sodertalje-nykvarn\/resized\/?url=https%3A%2F%2Fwww.abf.se%2Fwp-content%2Fuploads%2Fsites%2F48%2F2024%2F04%2FDANS-I-JARNA.png&#038;fit=contain&#038;w=1038&#038;h=462&#038;s=e40b25d84f3c738821ebfb9dc0be270c 1038w, https:\/\/www.abf.se\/sodertalje-nykvarn\/resized\/?url=https%3A%2F%2Fwww.abf.se%2Fwp-content%2Fuploads%2Fsites%2F48%2F2024%2F04%2FDANS-I-JARNA.png&#038;fit=contain&#038;w=1182&#038;h=526&#038;s=8ef2b7f8bea4cb8fe47a5e79fdb29e7a 1182w, https:\/\/www.abf.se\/sodertalje-nykvarn\/resized\/?url=https%3A%2F%2Fwww.abf.se%2Fwp-content%2Fuploads%2Fsites%2F48%2F2024%2F04%2FDANS-I-JARNA.png&#038;fit=contain&#038;w=1326&#038;h=590&#038;s=7c809708eb74f9b84c1e5ce9b8f90c8e 1326w, https:\/\/www.abf.se\/sodertalje-nykvarn\/resized\/?url=https%3A%2F%2Fwww.abf.se%2Fwp-content%2Fuploads%2Fsites%2F48%2F2024%2F04%2FDANS-I-JARNA.png&#038;fit=contain&#038;w=1470&#038;h=654&#038;s=52ca678793281552d2d6078446332df8 1470w\" alt=\"\" height=\"351\" width=\"788\" sizes=\"auto, (max-width: 768px) calc(100vw - 40px), 788px\" loading=\"lazy\" fetchpriority=\"low\" class=\"round-corners-lg w-full\" \/><\/picture>\n                        <\/figure>\n        <\/div>\n\n<\/div>\n<div\n    class=\"acf-article-text-block article-container my-12\"\n    data-block=\"article-text-block\"\n>\n    <div class=\"wysiwyg\">\n        <p style=\"text-align: center\">Lokal: Gula Villan, Bergsgatan 2 i J\u00e4rna<\/p>\n<p style=\"text-align: center\"><strong>Start vecka 6.<\/strong><\/p>\n<p style=\"text-align: center\"><strong>Lovdagar v\u00e5ren 2026:<\/strong><\/p>\n<p style=\"text-align: center\"><strong>Sportlov<\/strong> v. 9 (23\/2-1\/3)<\/p>\n<p style=\"text-align: center\"><strong>P\u00e5sklov <\/strong>v. 15 (6\/4-12\/4<\/p>\n<p style=\"text-align: center\"><strong>L\u00e5ngfredag, P\u00e5skafton &amp; P\u00e5skdagen <\/strong>3-5\/4<\/p>\n<p style=\"text-align: center\"><strong>1 maj<\/strong><\/p>\n\n    <\/div>\n<\/div>\n<div\n    class=\"acf-plain-heading-block container my-16\"\n    data-block=\"plain-heading-block\"\n>\n    <div class=\"max-w-[658px] mx-auto\">\n                <h1 class=\"hero-heading\"><span>Barndans<\/span><\/h1>\n                            <p class=\"mt-8 body-xl text-black\">\n                Barndans\/Minikids \u00e4r danslek som utvecklar barnens motorik, r\u00f6relse, rytmk\u00e4nsla, styrka och balans p\u00e5 ett lekfullt s\u00e4tt. Barnen f\u00e5r l\u00e4ra sig arbeta i grupp och f\u00f6lja en ledare. Det viktigaste av allt \u00e4r att barnen ska f\u00e5 uppleva dansgl\u00e4dje!\n            <\/p>\n            <\/div>\n<\/div>\n<div\n    class=\"acf-article-cta-link-block article-container my-8\"\n    data-block=\"article-cta-link-block\"\n>\n<div>\n    <a class=\"inline-flex flex-row items-center gap-4 text-link underline text-red-dark\"\n        href=\"https:\/\/www.abf.se\/sodertalje-nykvarn\/kurs\/minikids-4-5-ar-308-3890291\/\"\n                target=\"_blank\"\n            >\n        <span class=\"\">\n        Minikids 4-5 \u00e5r med Amanda 308 &#8211; J\u00e4rna &#8211; FULL\n        <\/span>\n        <figure aria-hidden=\"true\" class=\"rounded-full bg-red-dark w-8 h-8 p-1 text-white\">\n            <svg width=\"20\" height=\"20\" viewBox=\"0 0 20 20\" fill=\"none\" class=\"SvgIconElement\">\n<path d=\"M4.16659 10L15.8333 10\" stroke=\"currentColor\"\/>\n<path d=\"M9.99992 4.1665L15.8333 9.99984L9.99992 15.8332\" stroke=\"currentColor\"\/>\n<\/svg>\n        <\/figure>\n    <\/a>\n<\/div>\n<\/div>\n<div\n    class=\"acf-article-cta-link-block article-container my-8\"\n    data-block=\"article-cta-link-block\"\n>\n<div>\n    <a class=\"inline-flex flex-row items-center gap-4 text-link underline text-red-dark\"\n        href=\"https:\/\/www.abf.se\/sodertalje-nykvarn\/kurs\/minifunk-5-6-ar-309-3890292\/\"\n                target=\"_blank\"\n            >\n        <span class=\"\">\n        Minifunk 5-6 \u00e5r med Amanda 309 &#8211; J\u00e4rna &#8211; FULL\n        <\/span>\n        <figure aria-hidden=\"true\" class=\"rounded-full bg-red-dark w-8 h-8 p-1 text-white\">\n            <svg width=\"20\" height=\"20\" viewBox=\"0 0 20 20\" fill=\"none\" class=\"SvgIconElement\">\n<path d=\"M4.16659 10L15.8333 10\" stroke=\"currentColor\"\/>\n<path d=\"M9.99992 4.1665L15.8333 9.99984L9.99992 15.8332\" stroke=\"currentColor\"\/>\n<\/svg>\n        <\/figure>\n    <\/a>\n<\/div>\n<\/div>\n<div\n    class=\"acf-plain-heading-block container my-16\"\n    data-block=\"plain-heading-block\"\n>\n    <div class=\"max-w-[658px] mx-auto\">\n                <h1 class=\"hero-heading\"><span>Jazz<\/span><\/h1>\n                            <p class=\"mt-8 body-xl text-black\">\n                Jazzdansen formades i USA under 1900-talet d\u00e5 man kombinerade den klassiska baletten med afrikanska rytmer och musik. Idag dansas jazz oftast till musik med tyngdpunkten p\u00e5 soul, funk, RnB och anv\u00e4nds ofta som grund till de flesta koreografierna i bland annat musikvideos, scenframtr\u00e4danden och musikaler.<br \/>\r\n<br \/>\r\nVi startar med uppv\u00e4rmning, teknik\u00f6vningar och stretch. Sedan f\u00f6ljer steg och r\u00f6relsekombinationer \u00f6ver golvet och sedan avslutar vi med att tr\u00e4na p\u00e5 en koreografi.\n            <\/p>\n            <\/div>\n<\/div>\n<div\n    class=\"acf-article-cta-link-block article-container my-8\"\n    data-block=\"article-cta-link-block\"\n>\n<div>\n    <a class=\"inline-flex flex-row items-center gap-4 text-link underline text-red-dark\"\n        href=\"https:\/\/www.abf.se\/sodertalje-nykvarn\/kurs\/jazzfunk-nyb-7-9-ar-304-3890285\/\"\n                target=\"_blank\"\n            >\n        <span class=\"\">\n        Jazzfunk nyb 7-9 \u00e5r med Amanda 304 &#8211; J\u00e4rna\n        <\/span>\n        <figure aria-hidden=\"true\" class=\"rounded-full bg-red-dark w-8 h-8 p-1 text-white\">\n            <svg width=\"20\" height=\"20\" viewBox=\"0 0 20 20\" fill=\"none\" class=\"SvgIconElement\">\n<path d=\"M4.16659 10L15.8333 10\" stroke=\"currentColor\"\/>\n<path d=\"M9.99992 4.1665L15.8333 9.99984L9.99992 15.8332\" stroke=\"currentColor\"\/>\n<\/svg>\n        <\/figure>\n    <\/a>\n<\/div>\n<\/div>\n<div\n    class=\"acf-article-cta-link-block article-container my-8\"\n    data-block=\"article-cta-link-block\"\n>\n<div>\n    <a class=\"inline-flex flex-row items-center gap-4 text-link underline text-red-dark\"\n        href=\"https:\/\/www.abf.se\/sodertalje-nykvarn\/kurs\/jazzfunk-fort-7-9-ar-305-3890286\/\"\n                target=\"_blank\"\n            >\n        <span class=\"\">\n        Jazzfunk fort 7-9 \u00e5r med Amanda 305 &#8211; J\u00e4rna\n        <\/span>\n        <figure aria-hidden=\"true\" class=\"rounded-full bg-red-dark w-8 h-8 p-1 text-white\">\n            <svg width=\"20\" height=\"20\" viewBox=\"0 0 20 20\" fill=\"none\" class=\"SvgIconElement\">\n<path d=\"M4.16659 10L15.8333 10\" stroke=\"currentColor\"\/>\n<path d=\"M9.99992 4.1665L15.8333 9.99984L9.99992 15.8332\" stroke=\"currentColor\"\/>\n<\/svg>\n        <\/figure>\n    <\/a>\n<\/div>\n<\/div>\n<div\n    class=\"acf-article-cta-link-block article-container my-8\"\n    data-block=\"article-cta-link-block\"\n>\n<div>\n    <a class=\"inline-flex flex-row items-center gap-4 text-link underline text-red-dark\"\n        href=\"https:\/\/www.abf.se\/sodertalje-nykvarn\/kurs\/jazzfunk-nyb-10-12-ar-306-3890289\/\"\n                target=\"_blank\"\n            >\n        <span class=\"\">\n        Jazzfunk nyb 10-12 \u00e5r med Amanda 306 &#8211; J\u00e4rna \n        <\/span>\n        <figure aria-hidden=\"true\" class=\"rounded-full bg-red-dark w-8 h-8 p-1 text-white\">\n            <svg width=\"20\" height=\"20\" viewBox=\"0 0 20 20\" fill=\"none\" class=\"SvgIconElement\">\n<path d=\"M4.16659 10L15.8333 10\" stroke=\"currentColor\"\/>\n<path d=\"M9.99992 4.1665L15.8333 9.99984L9.99992 15.8332\" stroke=\"currentColor\"\/>\n<\/svg>\n        <\/figure>\n    <\/a>\n<\/div>\n<\/div>\n<div\n    class=\"acf-article-cta-link-block article-container my-8\"\n    data-block=\"article-cta-link-block\"\n>\n<div>\n    <a class=\"inline-flex flex-row items-center gap-4 text-link underline text-red-dark\"\n        href=\"https:\/\/www.abf.se\/sodertalje-nykvarn\/kurs\/jazzfunk-fort-11-13-ar-310-3890293\/\"\n                target=\"_blank\"\n            >\n        <span class=\"\">\n        Jazzfunk fort 11-13 \u00e5r med Amanda 310 &#8211; J\u00e4rna\n        <\/span>\n        <figure aria-hidden=\"true\" class=\"rounded-full bg-red-dark w-8 h-8 p-1 text-white\">\n            <svg width=\"20\" height=\"20\" viewBox=\"0 0 20 20\" fill=\"none\" class=\"SvgIconElement\">\n<path d=\"M4.16659 10L15.8333 10\" stroke=\"currentColor\"\/>\n<path d=\"M9.99992 4.1665L15.8333 9.99984L9.99992 15.8332\" stroke=\"currentColor\"\/>\n<\/svg>\n        <\/figure>\n    <\/a>\n<\/div>\n<\/div>\n<div\n    class=\"acf-article-cta-link-block article-container my-8\"\n    data-block=\"article-cta-link-block\"\n>\n<div>\n    <a class=\"inline-flex flex-row items-center gap-4 text-link underline text-red-dark\"\n        href=\"https:\/\/www.abf.se\/sodertalje-nykvarn\/kurs\/jazzfunk-nyb-fran-13-ar-307-3890290\/\"\n                target=\"_blank\"\n            >\n        <span class=\"\">\n        Jazzfunk nyb fr\u00e5n 13 \u00e5r med Amanda 307 &#8211; J\u00e4rna\n        <\/span>\n        <figure aria-hidden=\"true\" class=\"rounded-full bg-red-dark w-8 h-8 p-1 text-white\">\n            <svg width=\"20\" height=\"20\" viewBox=\"0 0 20 20\" fill=\"none\" class=\"SvgIconElement\">\n<path d=\"M4.16659 10L15.8333 10\" stroke=\"currentColor\"\/>\n<path d=\"M9.99992 4.1665L15.8333 9.99984L9.99992 15.8332\" stroke=\"currentColor\"\/>\n<\/svg>\n        <\/figure>\n    <\/a>\n<\/div>\n<\/div>\n<div\n    class=\"acf-plain-heading-block container my-16\"\n    data-block=\"plain-heading-block\"\n>\n    <div class=\"max-w-[658px] mx-auto\">\n                <h1 class=\"hero-heading\"><span>Streetdance<\/span><\/h1>\n                            <p class=\"mt-8 body-xl text-black\">\n                Streetdancen \u00e4r en del av hiphop-kulturen. Vi l\u00e4r oss dansa med olika dynamik, till olika rytmer och musik. Dansgl\u00e4dje \u00e4r prio ett och sj\u00e4lvklart en massa bra musik.\n            <\/p>\n            <\/div>\n<\/div>\n<div\n    class=\"acf-article-cta-link-block article-container my-8\"\n    data-block=\"article-cta-link-block\"\n>\n<div>\n    <a class=\"inline-flex flex-row items-center gap-4 text-link underline text-red-dark\"\n        href=\"https:\/\/www.abf.se\/sodertalje-nykvarn\/kurs\/streetdance-6-7-ar-301-3890280\/\"\n                target=\"_blank\"\n            >\n        <span class=\"\">\n        Streetdance 6-7 \u00e5r med Elida 301 &#8211; J\u00e4rna\n        <\/span>\n        <figure aria-hidden=\"true\" class=\"rounded-full bg-red-dark w-8 h-8 p-1 text-white\">\n            <svg width=\"20\" height=\"20\" viewBox=\"0 0 20 20\" fill=\"none\" class=\"SvgIconElement\">\n<path d=\"M4.16659 10L15.8333 10\" stroke=\"currentColor\"\/>\n<path d=\"M9.99992 4.1665L15.8333 9.99984L9.99992 15.8332\" stroke=\"currentColor\"\/>\n<\/svg>\n        <\/figure>\n    <\/a>\n<\/div>\n<\/div>\n<div\n    class=\"acf-article-cta-link-block article-container my-8\"\n    data-block=\"article-cta-link-block\"\n>\n<div>\n    <a class=\"inline-flex flex-row items-center gap-4 text-link underline text-red-dark\"\n        href=\"https:\/\/www.abf.se\/sodertalje-nykvarn\/kurs\/streetdance-nyb-7-9-ar-302-3890282\/\"\n                target=\"_blank\"\n            >\n        <span class=\"\">\n        Streetdance nyb 7-9 \u00e5r med Elida 302 &#8211; J\u00e4rna\n        <\/span>\n        <figure aria-hidden=\"true\" class=\"rounded-full bg-red-dark w-8 h-8 p-1 text-white\">\n            <svg width=\"20\" height=\"20\" viewBox=\"0 0 20 20\" fill=\"none\" class=\"SvgIconElement\">\n<path d=\"M4.16659 10L15.8333 10\" stroke=\"currentColor\"\/>\n<path d=\"M9.99992 4.1665L15.8333 9.99984L9.99992 15.8332\" stroke=\"currentColor\"\/>\n<\/svg>\n        <\/figure>\n    <\/a>\n<\/div>\n<\/div>\n<div\n    class=\"acf-article-cta-link-block article-container my-8\"\n    data-block=\"article-cta-link-block\"\n>\n<div>\n    <a class=\"inline-flex flex-row items-center gap-4 text-link underline text-red-dark\"\n        href=\"https:\/\/www.abf.se\/sodertalje-nykvarn\/kurs\/streetdance-nyb-10-12-ar-303-3890284\/\"\n                target=\"_blank\"\n            >\n        <span class=\"\">\n        Streetdance nyb 10-12 \u00e5r med Elida 303 &#8211; J\u00e4rna\n        <\/span>\n        <figure aria-hidden=\"true\" class=\"rounded-full bg-red-dark w-8 h-8 p-1 text-white\">\n            <svg width=\"20\" height=\"20\" viewBox=\"0 0 20 20\" fill=\"none\" class=\"SvgIconElement\">\n<path d=\"M4.16659 10L15.8333 10\" stroke=\"currentColor\"\/>\n<path d=\"M9.99992 4.1665L15.8333 9.99984L9.99992 15.8332\" stroke=\"currentColor\"\/>\n<\/svg>\n        <\/figure>\n    <\/a>\n<\/div>\n<\/div>\n","protected":false},"excerpt":{"rendered":"","protected":false},"author":50,"featured_media":0,"parent":0,"menu_order":0,"comment_status":"closed","ping_status":"closed","template":"","meta":{"_acf_changed":false,"footnotes":""},"class_list":["post-336","page","type-page","status-publish","hentry"],"acf":[],"yoast_head":"<!-- This site is optimized with the Yoast SEO plugin v27.0 - https:\/\/yoast.com\/product\/yoast-seo-wordpress\/ -->\n<title>JAM J\u00e4rna - S\u00f6dert\u00e4lje-Nykvarn<\/title>\n<meta name=\"robots\" content=\"index, follow, max-snippet:-1, max-image-preview:large, max-video-preview:-1\" \/>\n<link rel=\"canonical\" href=\"https:\/\/www.abf.se\/sodertalje-nykvarn\/jam-jarna\/\" \/>\n<meta property=\"og:locale\" content=\"sv_SE\" \/>\n<meta property=\"og:type\" content=\"article\" \/>\n<meta property=\"og:title\" content=\"JAM J\u00e4rna - S\u00f6dert\u00e4lje-Nykvarn\" \/>\n<meta property=\"og:url\" content=\"https:\/\/www.abf.se\/sodertalje-nykvarn\/jam-jarna\/\" \/>\n<meta property=\"og:site_name\" content=\"S\u00f6dert\u00e4lje-Nykvarn\" \/>\n<meta property=\"article:modified_time\" content=\"2026-02-18T06:29:08+00:00\" \/>\n<meta property=\"og:image\" content=\"https:\/\/www.abf.se\/wp-content\/uploads\/sites\/48\/2024\/04\/Nyckeln-liggande-scaled.jpg\" \/>\n\t<meta property=\"og:image:width\" content=\"2560\" \/>\n\t<meta property=\"og:image:height\" content=\"1440\" \/>\n\t<meta property=\"og:image:type\" content=\"image\/jpeg\" \/>\n<meta name=\"twitter:card\" content=\"summary_large_image\" \/>\n<script type=\"application\/ld+json\" class=\"yoast-schema-graph\">{\"@context\":\"https:\/\/schema.org\",\"@graph\":[{\"@type\":\"WebPage\",\"@id\":\"https:\/\/www.abf.se\/sodertalje-nykvarn\/jam-jarna\/\",\"url\":\"https:\/\/www.abf.se\/sodertalje-nykvarn\/jam-jarna\/\",\"name\":\"JAM J\u00e4rna - S\u00f6dert\u00e4lje-Nykvarn\",\"isPartOf\":{\"@id\":\"https:\/\/www.abf.se\/sodertalje-nykvarn\/#website\"},\"datePublished\":\"2024-04-09T11:32:31+00:00\",\"dateModified\":\"2026-02-18T06:29:08+00:00\",\"breadcrumb\":{\"@id\":\"https:\/\/www.abf.se\/sodertalje-nykvarn\/jam-jarna\/#breadcrumb\"},\"inLanguage\":\"sv-SE\",\"potentialAction\":[{\"@type\":\"ReadAction\",\"target\":[\"https:\/\/www.abf.se\/sodertalje-nykvarn\/jam-jarna\/\"]}]},{\"@type\":\"BreadcrumbList\",\"@id\":\"https:\/\/www.abf.se\/sodertalje-nykvarn\/jam-jarna\/#breadcrumb\",\"itemListElement\":[{\"@type\":\"ListItem\",\"position\":1,\"name\":\"Home\",\"item\":\"https:\/\/www.abf.se\/sodertalje-nykvarn\/\"},{\"@type\":\"ListItem\",\"position\":2,\"name\":\"JAM J\u00e4rna\"}]},{\"@type\":\"WebSite\",\"@id\":\"https:\/\/www.abf.se\/sodertalje-nykvarn\/#website\",\"url\":\"https:\/\/www.abf.se\/sodertalje-nykvarn\/\",\"name\":\"S\u00f6dert\u00e4lje-Nykvarn\",\"description\":\"\",\"potentialAction\":[{\"@type\":\"SearchAction\",\"target\":{\"@type\":\"EntryPoint\",\"urlTemplate\":\"https:\/\/www.abf.se\/sodertalje-nykvarn\/?s={search_term_string}\"},\"query-input\":{\"@type\":\"PropertyValueSpecification\",\"valueRequired\":true,\"valueName\":\"search_term_string\"}}],\"inLanguage\":\"sv-SE\"}]}<\/script>\n<!-- \/ Yoast SEO plugin. -->","yoast_head_json":{"title":"JAM J\u00e4rna - S\u00f6dert\u00e4lje-Nykvarn","robots":{"index":"index","follow":"follow","max-snippet":"max-snippet:-1","max-image-preview":"max-image-preview:large","max-video-preview":"max-video-preview:-1"},"canonical":"https:\/\/www.abf.se\/sodertalje-nykvarn\/jam-jarna\/","og_locale":"sv_SE","og_type":"article","og_title":"JAM J\u00e4rna - S\u00f6dert\u00e4lje-Nykvarn","og_url":"https:\/\/www.abf.se\/sodertalje-nykvarn\/jam-jarna\/","og_site_name":"S\u00f6dert\u00e4lje-Nykvarn","article_modified_time":"2026-02-18T06:29:08+00:00","og_image":[{"width":2560,"height":1440,"url":"https:\/\/www.abf.se\/wp-content\/uploads\/sites\/48\/2024\/04\/Nyckeln-liggande-scaled.jpg","type":"image\/jpeg"}],"twitter_card":"summary_large_image","schema":{"@context":"https:\/\/schema.org","@graph":[{"@type":"WebPage","@id":"https:\/\/www.abf.se\/sodertalje-nykvarn\/jam-jarna\/","url":"https:\/\/www.abf.se\/sodertalje-nykvarn\/jam-jarna\/","name":"JAM J\u00e4rna - S\u00f6dert\u00e4lje-Nykvarn","isPartOf":{"@id":"https:\/\/www.abf.se\/sodertalje-nykvarn\/#website"},"datePublished":"2024-04-09T11:32:31+00:00","dateModified":"2026-02-18T06:29:08+00:00","breadcrumb":{"@id":"https:\/\/www.abf.se\/sodertalje-nykvarn\/jam-jarna\/#breadcrumb"},"inLanguage":"sv-SE","potentialAction":[{"@type":"ReadAction","target":["https:\/\/www.abf.se\/sodertalje-nykvarn\/jam-jarna\/"]}]},{"@type":"BreadcrumbList","@id":"https:\/\/www.abf.se\/sodertalje-nykvarn\/jam-jarna\/#breadcrumb","itemListElement":[{"@type":"ListItem","position":1,"name":"Home","item":"https:\/\/www.abf.se\/sodertalje-nykvarn\/"},{"@type":"ListItem","position":2,"name":"JAM J\u00e4rna"}]},{"@type":"WebSite","@id":"https:\/\/www.abf.se\/sodertalje-nykvarn\/#website","url":"https:\/\/www.abf.se\/sodertalje-nykvarn\/","name":"S\u00f6dert\u00e4lje-Nykvarn","description":"","potentialAction":[{"@type":"SearchAction","target":{"@type":"EntryPoint","urlTemplate":"https:\/\/www.abf.se\/sodertalje-nykvarn\/?s={search_term_string}"},"query-input":{"@type":"PropertyValueSpecification","valueRequired":true,"valueName":"search_term_string"}}],"inLanguage":"sv-SE"}]}},"_links":{"self":[{"href":"https:\/\/www.abf.se\/sodertalje-nykvarn\/wp-json\/wp\/v2\/pages\/336","targetHints":{"allow":["GET"]}}],"collection":[{"href":"https:\/\/www.abf.se\/sodertalje-nykvarn\/wp-json\/wp\/v2\/pages"}],"about":[{"href":"https:\/\/www.abf.se\/sodertalje-nykvarn\/wp-json\/wp\/v2\/types\/page"}],"author":[{"embeddable":true,"href":"https:\/\/www.abf.se\/sodertalje-nykvarn\/wp-json\/wp\/v2\/users\/50"}],"replies":[{"embeddable":true,"href":"https:\/\/www.abf.se\/sodertalje-nykvarn\/wp-json\/wp\/v2\/comments?post=336"}],"version-history":[{"count":33,"href":"https:\/\/www.abf.se\/sodertalje-nykvarn\/wp-json\/wp\/v2\/pages\/336\/revisions"}],"predecessor-version":[{"id":5043,"href":"https:\/\/www.abf.se\/sodertalje-nykvarn\/wp-json\/wp\/v2\/pages\/336\/revisions\/5043"}],"wp:attachment":[{"href":"https:\/\/www.abf.se\/sodertalje-nykvarn\/wp-json\/wp\/v2\/media?parent=336"}],"curies":[{"name":"wp","href":"https:\/\/api.w.org\/{rel}","templated":true}]}}