{"id":3890,"date":"2025-06-10T15:07:59","date_gmt":"2025-06-10T13:07:59","guid":{"rendered":"https:\/\/www.abf.se\/sodertalje-nykvarn\/?page_id=3890"},"modified":"2025-06-25T10:05:35","modified_gmt":"2025-06-25T08:05:35","slug":"parkliv","status":"publish","type":"page","link":"https:\/\/www.abf.se\/sodertalje-nykvarn\/parkliv\/","title":{"rendered":"Parkliv"},"content":{"rendered":"<div\n    class=\"acf-hero-block container-lg no-padding mb-12 js-geolocation\"\n    data-block=\"hero-block\"\n    data-index=\"0\"\n>\n    <div class=\"h-[548px]  relative rounded-[32px] overflow-hidden flex bg-gray-light\">\n        <div class=\"relative z-10 mt-auto h-auto w-full md:h-full\">\n            <div class=\"flex w-full h-full flex-col flex-wrap justify-end w-full md:w-7\/12 lg:w-1\/2 md:justify-center\">\n                <div class=\"flex flex-col gap-3 md:gap-[18px] md:transparent pt-16 pb-36 md:py-8 px-4 w-full md:max-w-[620px] mx-auto px-8\">\n\n                    <h1 class=\"hero-heading hero-heading--red-text\"><span>V\u00e4lkommen till Parkliv!<br \/>\r\nTre veckor i J\u00e4rna Centrum.<br \/>\r\nSe program nedan!<\/span><\/h1>\n\n                    \n                                    <\/div>\n            <\/div>\n        <\/div>\n\n                    <picture class=\"as-background-image mix-blend-multiply bg-black\/40\"><img decoding=\"async\" src=\"https:\/\/www.abf.se\/sodertalje-nykvarn\/resized\/?url=https%3A%2F%2Fwww.abf.se%2Fwp-content%2Fuploads%2Fsites%2F48%2F2025%2F03%2FNamnlos-design-16.jpg&#038;fit=crop&#038;w=1440&#038;s=22dbcdb5b83b332a00bda88cb4df53ae\" srcset=\"https:\/\/www.abf.se\/sodertalje-nykvarn\/resized\/?url=https%3A%2F%2Fwww.abf.se%2Fwp-content%2Fuploads%2Fsites%2F48%2F2025%2F03%2FNamnlos-design-16.jpg&#038;fit=crop&#038;w=375&#038;h=540&#038;s=849249484bd01c83d7cbc01279191cdc 375w, https:\/\/www.abf.se\/sodertalje-nykvarn\/resized\/?url=https%3A%2F%2Fwww.abf.se%2Fwp-content%2Fuploads%2Fsites%2F48%2F2025%2F03%2FNamnlos-design-16.jpg&#038;fit=crop&#038;w=447&#038;h=540&#038;s=c5365a408612fea2b470345642fe14a1 447w, https:\/\/www.abf.se\/sodertalje-nykvarn\/resized\/?url=https%3A%2F%2Fwww.abf.se%2Fwp-content%2Fuploads%2Fsites%2F48%2F2025%2F03%2FNamnlos-design-16.jpg&#038;fit=crop&#038;w=519&#038;h=540&#038;s=17859a4dcb476770632e9395948a565f 519w, https:\/\/www.abf.se\/sodertalje-nykvarn\/resized\/?url=https%3A%2F%2Fwww.abf.se%2Fwp-content%2Fuploads%2Fsites%2F48%2F2025%2F03%2FNamnlos-design-16.jpg&#038;fit=crop&#038;w=591&#038;h=540&#038;s=0f0c441cfcbeb2b4c0e9c2f53f277605 591w, https:\/\/www.abf.se\/sodertalje-nykvarn\/resized\/?url=https%3A%2F%2Fwww.abf.se%2Fwp-content%2Fuploads%2Fsites%2F48%2F2025%2F03%2FNamnlos-design-16.jpg&#038;fit=crop&#038;w=663&#038;h=540&#038;s=d85d7951d430084f255349e6f34dbd88 663w, https:\/\/www.abf.se\/sodertalje-nykvarn\/resized\/?url=https%3A%2F%2Fwww.abf.se%2Fwp-content%2Fuploads%2Fsites%2F48%2F2025%2F03%2FNamnlos-design-16.jpg&#038;fit=crop&#038;w=750&#038;h=540&#038;s=a8d50b5a0594d1f1f84bfd6ab464826a 750w, https:\/\/www.abf.se\/sodertalje-nykvarn\/resized\/?url=https%3A%2F%2Fwww.abf.se%2Fwp-content%2Fuploads%2Fsites%2F48%2F2025%2F03%2FNamnlos-design-16.jpg&#038;fit=crop&#038;w=894&#038;h=540&#038;s=1f9edb0e2bdfb664be4fce39f4920f66 894w, https:\/\/www.abf.se\/sodertalje-nykvarn\/resized\/?url=https%3A%2F%2Fwww.abf.se%2Fwp-content%2Fuploads%2Fsites%2F48%2F2025%2F03%2FNamnlos-design-16.jpg&#038;fit=crop&#038;w=1038&#038;h=540&#038;s=a135a60cdfdca9587ef0ca486f72fc42 1038w, https:\/\/www.abf.se\/sodertalje-nykvarn\/resized\/?url=https%3A%2F%2Fwww.abf.se%2Fwp-content%2Fuploads%2Fsites%2F48%2F2025%2F03%2FNamnlos-design-16.jpg&#038;fit=crop&#038;w=1182&#038;h=540&#038;s=98f2babba9ec44474fdefc13e31f7904 1182w, https:\/\/www.abf.se\/sodertalje-nykvarn\/resized\/?url=https%3A%2F%2Fwww.abf.se%2Fwp-content%2Fuploads%2Fsites%2F48%2F2025%2F03%2FNamnlos-design-16.jpg&#038;fit=crop&#038;w=1326&#038;h=540&#038;s=bd8896da1a74b580ae850c84c7b7bf83 1326w, https:\/\/www.abf.se\/sodertalje-nykvarn\/resized\/?url=https%3A%2F%2Fwww.abf.se%2Fwp-content%2Fuploads%2Fsites%2F48%2F2025%2F03%2FNamnlos-design-16.jpg&#038;fit=crop&#038;w=1440&#038;h=540&#038;s=cd5419bad1fceb0638666514bbbf3404 1440w\" alt=\"\" height=\"540\" width=\"1440\" sizes=\"(max-width: 1440px) calc(100vw - 32px), 1440px\" loading=\"eager\" fetchpriority=\"high\" aria-hidden=\"true\" role=\"presentation\" \/><\/picture>\n        \n\n            <\/div>\n\n    <\/div>\n\n<ul\n    class=\"acf-article-accordion-block accordion-group grid gap-4 my-12 article-container--wide\"\n    data-block=\"article-accordion-block \"\n    data-ui-accordion-group\n>\n\n            <li class=\"accordion\" data-ui-accordion data-ui-accordion-open=\"false\">\n        <h3>\n        <button data-ui-accordion-button class=\"accordion-toggle font-bold\" aria-expanded=\"false\" aria-controls=\"row-programvecka25-0\" id=\"programvecka25-0\">\n            PROGRAM VECKA 25\n            \n            <figure class=\"w-4.5 h-4.5\" aria-hidden=\"true\">\n            <svg width=\"20\" height=\"20\" viewBox=\"0 0 20 20\" fill=\"none\"\nclass=\"SvgIconElement\">\n<path d=\"M15.8333 7.16667L9.99992 13L4.16659 7.16667\" stroke=\"currentColor\"\/>\n<\/svg>\n            <\/figure>\n        <\/button>\n        \n                <\/h3>\n        <div class=\"accordion-content\">\n            <div id=\"row-programvecka25-0\" role=\"region\" class=\"accordion-content-wrap\" aria-labelledby=\"programvecka25-0\">\n                                            <div class=\"wysiwyg\">\n                    <p><em>*Alla aktiviteter \u00e4r \u00f6ppna 12-17 om inte annat anges.*<\/em><\/p>\n<p><strong>Tisdag 17 Juni<\/strong><\/p>\n<ul>\n<li><strong>Prova p\u00e5 instrument<\/strong> med Kulturskolan 12.00-16.00<\/li>\n<li><strong>Modern Band<\/strong> spelar konsert 13.00<\/li>\n<li><strong>Workshop i Glasbl\u00e5sning<\/strong> &#8211; Testa bl\u00e5sa och skulptera glas! F\u00f6r dig mellan 10-19 \u00e5r, f\u00f6ranm\u00e4lan kr\u00e4vs &#8211; maila malena.wellander@sodetalje.se &#8211; Klockan 13.00 och 14.30<\/li>\n<li><strong>Glasstillverkning<\/strong> &#8211; g\u00f6r din egen glass! 12.00-16.00<\/li>\n<li><strong>Pop-up Bibliotek<\/strong><\/li>\n<li><strong>Prova p\u00e5 Cirkus\u00a0<\/strong><\/li>\n<li><strong>Ordjakten<\/strong> &#8211; Kyrkans t\u00e4lt<\/li>\n<li><strong>Korv, kaffe, fika &#8211; <\/strong>Kyrkans t\u00e4lt och fritidsg\u00e5rdens bodar<\/li>\n<li><strong>Varje dag:<\/strong> hoppborg, aktivitetshjulet, utmaningar och priser!<\/li>\n<\/ul>\n<p>&nbsp;<\/p>\n<p><strong>Onsdag 18 Juni<\/strong><\/p>\n<ul>\n<li><strong>Idrottsf\u00e5ret<\/strong> bes\u00f6ker parken 15.00-17.00<\/li>\n<li><strong>Glasstillverkning<\/strong> &#8211; g\u00f6r din egen glass! 12.00-16.00<\/li>\n<li><strong>Kampsport<\/strong> med Flow Martial Arts 15.00-17.00<\/li>\n<li><strong>Skaparverkstad &#8211; <\/strong>Bibliotekst\u00e4ltet<\/li>\n<li><strong>Prova p\u00e5 Cirkus\u00a0<\/strong><\/li>\n<li><strong>Ordjakten<\/strong> &#8211; Kyrkans t\u00e4lt<\/li>\n<li><strong>Korv, kaffe, fika &#8211; <\/strong>Kyrkans t\u00e4lt och fritidsg\u00e5rdens bodar<\/li>\n<li><strong>Varje dag:<\/strong> hoppborg, aktivitetshjulet, utmaningar och priser!<\/li>\n<\/ul>\n<p>&nbsp;<\/p>\n<p><strong>Torsdag 19 Juni<\/strong><\/p>\n<ul>\n<li><strong>Ansiktsm\u00e5lning<\/strong> 12.00-16.00<\/li>\n<li><strong>Glasstillverkning<\/strong> &#8211; g\u00f6r din egen glass! 12.00-16.00<\/li>\n<li><strong>Sommarbok utdelning &#8211; <\/strong>Bibliotekst\u00e4ltet<\/li>\n<li><strong>Prova p\u00e5 Cirkus\u00a0<\/strong><\/li>\n<li><strong>Ordjakten<\/strong> &#8211; Kyrkans t\u00e4lt<\/li>\n<li><strong>Korv, kaffe, fika &#8211; <\/strong>Kyrkans t\u00e4lt och fritidsg\u00e5rdens bodar<\/li>\n<li><strong>Varje dag:<\/strong> hoppborg, aktivitetshjulet, utmaningar, lekar och priser!<\/li>\n<\/ul>\n<p>&nbsp;<\/p>\n\n                <\/div>\n                                        <\/div>\n        <\/div>\n    <\/li>\n            <li class=\"accordion\" data-ui-accordion data-ui-accordion-open=\"false\">\n        <h3>\n        <button data-ui-accordion-button class=\"accordion-toggle font-bold\" aria-expanded=\"false\" aria-controls=\"row-programvecka26-1\" id=\"programvecka26-1\">\n            PROGRAM VECKA 26\n            \n            <figure class=\"w-4.5 h-4.5\" aria-hidden=\"true\">\n            <svg width=\"20\" height=\"20\" viewBox=\"0 0 20 20\" fill=\"none\"\nclass=\"SvgIconElement\">\n<path d=\"M15.8333 7.16667L9.99992 13L4.16659 7.16667\" stroke=\"currentColor\"\/>\n<\/svg>\n            <\/figure>\n        <\/button>\n        \n                <\/h3>\n        <div class=\"accordion-content\">\n            <div id=\"row-programvecka26-1\" role=\"region\" class=\"accordion-content-wrap\" aria-labelledby=\"programvecka26-1\">\n                                            <div class=\"wysiwyg\">\n                    <p><em>*Alla aktiviteter \u00e4r \u00f6ppna 12-17 om inte annat anges.*<\/em><\/p>\n<p><strong>Tisdag 24 Juni\u00a0<\/strong><\/p>\n<ul>\n<li><strong>Folkmusikjam<\/strong> &#8211; med Daniel Reid, Arvid Rask och Dave Gray, ta med ditt instrument och var med! 13.00-15.00<\/li>\n<li><b>Smedja i parken &#8211; <\/b>Kom och testa att smida med Johan Holst!<\/li>\n<li><strong>Pop-up Bibliotek<\/strong><\/li>\n<li><strong>Ansiktsm\u00e5lning<\/strong> 12.00-16.00<\/li>\n<li><strong>Prova p\u00e5 Cirkus\u00a0<\/strong><\/li>\n<li><strong>Ordjakten<\/strong> &#8211; Kyrkans t\u00e4lt<\/li>\n<li><strong>Idrottsf\u00e5ret<\/strong> bes\u00f6ker parken 15.00-17.00<\/li>\n<li><strong>Korv, kaffe, fika &#8211; <\/strong>Kyrkans t\u00e4lt och fritidsg\u00e5rdens bodar<\/li>\n<li><strong>Varje dag:<\/strong> hoppborg, aktivitetshjulet, utmaningar, lekar och priser!<\/li>\n<\/ul>\n<p><strong>Onsdag 25 Juni (OBS! Onsdagen flyttar Parkliv in till FUTURUM pga regn, v\u00e4lkommen dit!)<\/strong><\/p>\n<ul>\n<li><b>Smedja i parken &#8211; <\/b>Kom och testa att smida med Johan Holst!<\/li>\n<li><strong>Kampsport<\/strong> med Flow Martial Arts 15.00-17.00<\/li>\n<li><strong>Skaparverkstad &#8211; <\/strong>Bibliotekst\u00e4ltet<\/li>\n<li><strong>Prova p\u00e5 Cirkus\u00a0<\/strong><\/li>\n<li><strong>Ordjakten<\/strong> &#8211; Kyrkans t\u00e4lt<\/li>\n<li><strong>Korv, kaffe, fika &#8211; <\/strong>Kyrkans t\u00e4lt och fritidsg\u00e5rdens bodar<\/li>\n<li><strong>Varje dag:<\/strong> hoppborg, aktivitetshjulet, utmaningar, lekar och priser!<\/li>\n<\/ul>\n<p><strong>Torsdag 26 Juni<\/strong><\/p>\n<ul>\n<li><b>Parkour &#8211; <\/b>missa inte chansen att l\u00e4ra dig h\u00e4ftiga moves med oss S\u00f6dert\u00e4lje Parkour &amp; Gymnastik. O\u00f6mma kl\u00e4der rekommenderas. klockan 12 -16<\/li>\n<li><strong>Konsert med BICYCLE BEAT<\/strong> &#8211; 13.00, 14.00 och 15.00<\/li>\n<li><b>Kl\u00e4dbytardag &#8211; <\/b>Ta med dina gamla, kom hem nya!<\/li>\n<li><b>Smedja i parken &#8211; <\/b>Kom och testa att smida med Johan Holst!<\/li>\n<li><strong>Prova p\u00e5 Cirkus\u00a0<\/strong><\/li>\n<li><strong>Pop-up Bibliotek<\/strong><\/li>\n<li><strong>Ordjakten<\/strong> &#8211; Kyrkans t\u00e4lt<\/li>\n<li><strong>Korv, kaffe, fika &#8211; <\/strong>Kyrkans t\u00e4lt och fritidsg\u00e5rdens bodar<\/li>\n<li><strong>Varje dag:<\/strong> hoppborg, aktivitetshjulet, utmaningar, lekar och priser!<\/li>\n<\/ul>\n\n                <\/div>\n                                        <\/div>\n        <\/div>\n    <\/li>\n            <li class=\"accordion\" data-ui-accordion data-ui-accordion-open=\"false\">\n        <h3>\n        <button data-ui-accordion-button class=\"accordion-toggle font-bold\" aria-expanded=\"false\" aria-controls=\"row-programvecka27-2\" id=\"programvecka27-2\">\n            PROGRAM VECKA 27\n            \n            <figure class=\"w-4.5 h-4.5\" aria-hidden=\"true\">\n            <svg width=\"20\" height=\"20\" viewBox=\"0 0 20 20\" fill=\"none\"\nclass=\"SvgIconElement\">\n<path d=\"M15.8333 7.16667L9.99992 13L4.16659 7.16667\" stroke=\"currentColor\"\/>\n<\/svg>\n            <\/figure>\n        <\/button>\n        \n                <\/h3>\n        <div class=\"accordion-content\">\n            <div id=\"row-programvecka27-2\" role=\"region\" class=\"accordion-content-wrap\" aria-labelledby=\"programvecka27-2\">\n                                            <div class=\"wysiwyg\">\n                    <p><em>*Alla aktiviteter \u00e4r \u00f6ppna 12-17 om inte annat anges.*<\/em><\/p>\n<p><strong>Tisdag 1 Juli<\/strong><\/p>\n<ul>\n<li><strong>Ansiktsm\u00e5lning<\/strong> 12.00-16.00<\/li>\n<li><strong>Den Stora V\u00e4ven<\/strong> &#8211; Det har landat en fr\u00f6kapsel i parken med budskap och fr\u00e5gor fr\u00e5n framtiden. Missa inte detta interaktiva konstverk!<\/li>\n<li><strong>Bokbussen<\/strong> &#8211; vi f\u00e5r bes\u00f6k av bokbussen, missa inte det!<\/li>\n<li><strong>Radiobilar Mario Kart<\/strong> &#8211; kom och k\u00f6r rally med radiostyrda Super Mario bilar!<\/li>\n<li><strong>Pop-up Bibliotek<\/strong><\/li>\n<li><strong>Prova p\u00e5 Cirkus\u00a0<\/strong><\/li>\n<li><strong>Korv, kaffe, fika &#8211; <\/strong>Kyrkans t\u00e4lt och fritidsg\u00e5rdens bodar<\/li>\n<li><strong>Varje dag:<\/strong> hoppborg, aktivitetshjulet, utmaningar, lekar och priser!<\/li>\n<\/ul>\n<p><strong>Onsdag 2 Juli<\/strong><\/p>\n<ul>\n<li><b>Prova p\u00e5 DJ &#8211; <\/b>Kom och l\u00e4r dig hur man anv\u00e4nder ett DJ bord, med Paulo Murgha.<\/li>\n<li><strong>Den Stora V\u00e4ven<\/strong> &#8211; Det har landat en fr\u00f6kapsel i parken med budskap och fr\u00e5gor fr\u00e5n framtiden. Missa inte detta interaktiva konstverk!<\/li>\n<li><strong>Radiobilar Mario Kart<\/strong> &#8211; kom och k\u00f6r rally med radiostyrda Super Mario bilar!<\/li>\n<li><strong>Skaparverkstad &#8211; <\/strong>Bibliotekst\u00e4ltet<\/li>\n<li><strong>Prova p\u00e5 Cirkus\u00a0<\/strong><\/li>\n<li><strong>Korv, kaffe, fika &#8211; <\/strong>Kyrkans t\u00e4lt och fritidsg\u00e5rdens bodar<\/li>\n<li><strong>Varje dag:<\/strong> hoppborg, aktivitetshjulet, utmaningar, lekar och priser!<\/li>\n<\/ul>\n<p><strong>Torsdag 3 Juli<\/strong><\/p>\n<ul>\n<li><b>Hantverk med Nathalia &#8211; <\/b>Kom och tillverka vackra hantverk med Nathalia fr\u00e5n Ukraina.<\/li>\n<li><strong>Den Stora V\u00e4ven<\/strong> &#8211; Det har landat en fr\u00f6kapsel i parken med budskap och fr\u00e5gor fr\u00e5n framtiden. Missa inte detta interaktiva konstverk!<\/li>\n<li><strong>Pop-up Bibliotek<\/strong><\/li>\n<li><strong>Prova p\u00e5 Cirkus\u00a0<\/strong><\/li>\n<li><strong>Korv, kaffe, fika &#8211; <\/strong>Kyrkans t\u00e4lt och fritidsg\u00e5rdens bodar<\/li>\n<li><strong>Varje dag:<\/strong> hoppborg, aktivitetshjulet, utmaningar, lekar och priser!<\/li>\n<\/ul>\n\n                <\/div>\n                                        <\/div>\n        <\/div>\n    <\/li>\n    <\/ul>\n<div\n    class=\"acf-article-image-block mb-12 article-container-lg\"\n    data-block=\"article-image-block\"\n>\n<div class=\"\">\n\n        <figure>\n        \n            <picture class=\"round-corners-lg w-full\"><img decoding=\"async\" src=\"https:\/\/www.abf.se\/sodertalje-nykvarn\/resized\/?url=https%3A%2F%2Fwww.abf.se%2Fwp-content%2Fuploads%2Fsites%2F48%2F2025%2F06%2FRetro.jpg&#038;fit=contain&#038;w=788&#038;s=e54b10d7fa97870bf8222703cb913c0d\" srcset=\"https:\/\/www.abf.se\/sodertalje-nykvarn\/resized\/?url=https%3A%2F%2Fwww.abf.se%2Fwp-content%2Fuploads%2Fsites%2F48%2F2025%2F06%2FRetro.jpg&#038;fit=contain&#038;w=375&#038;h=375&#038;s=0e431aa1139468438a66f168e88ea6a9 375w, https:\/\/www.abf.se\/sodertalje-nykvarn\/resized\/?url=https%3A%2F%2Fwww.abf.se%2Fwp-content%2Fuploads%2Fsites%2F48%2F2025%2F06%2FRetro.jpg&#038;fit=contain&#038;w=447&#038;h=447&#038;s=36a2af056f8b647dfb03992c62bfa1c1 447w, https:\/\/www.abf.se\/sodertalje-nykvarn\/resized\/?url=https%3A%2F%2Fwww.abf.se%2Fwp-content%2Fuploads%2Fsites%2F48%2F2025%2F06%2FRetro.jpg&#038;fit=contain&#038;w=519&#038;h=519&#038;s=f1c891817ab1f4f9266ebc676b9eaaa7 519w, https:\/\/www.abf.se\/sodertalje-nykvarn\/resized\/?url=https%3A%2F%2Fwww.abf.se%2Fwp-content%2Fuploads%2Fsites%2F48%2F2025%2F06%2FRetro.jpg&#038;fit=contain&#038;w=591&#038;h=591&#038;s=eecaf6cb433669b9f2f7db49d18532ba 591w, https:\/\/www.abf.se\/sodertalje-nykvarn\/resized\/?url=https%3A%2F%2Fwww.abf.se%2Fwp-content%2Fuploads%2Fsites%2F48%2F2025%2F06%2FRetro.jpg&#038;fit=contain&#038;w=663&#038;h=663&#038;s=f5a2bab09797361a1469ce4dcb6aadae 663w, https:\/\/www.abf.se\/sodertalje-nykvarn\/resized\/?url=https%3A%2F%2Fwww.abf.se%2Fwp-content%2Fuploads%2Fsites%2F48%2F2025%2F06%2FRetro.jpg&#038;fit=contain&#038;w=735&#038;h=735&#038;s=8345c02478b4a5aa60a8319a66acef4e 735w, https:\/\/www.abf.se\/sodertalje-nykvarn\/resized\/?url=https%3A%2F%2Fwww.abf.se%2Fwp-content%2Fuploads%2Fsites%2F48%2F2025%2F06%2FRetro.jpg&#038;fit=contain&#038;w=750&#038;h=750&#038;s=bf9e3c073962fa8c6921ce3931f68f41 750w, https:\/\/www.abf.se\/sodertalje-nykvarn\/resized\/?url=https%3A%2F%2Fwww.abf.se%2Fwp-content%2Fuploads%2Fsites%2F48%2F2025%2F06%2FRetro.jpg&#038;fit=contain&#038;w=788&#038;s=e54b10d7fa97870bf8222703cb913c0d 788w, https:\/\/www.abf.se\/sodertalje-nykvarn\/resized\/?url=https%3A%2F%2Fwww.abf.se%2Fwp-content%2Fuploads%2Fsites%2F48%2F2025%2F06%2FRetro.jpg&#038;fit=contain&#038;w=894&#038;h=894&#038;s=134419f7285108c3d59cf85bd934a395 894w, https:\/\/www.abf.se\/sodertalje-nykvarn\/resized\/?url=https%3A%2F%2Fwww.abf.se%2Fwp-content%2Fuploads%2Fsites%2F48%2F2025%2F06%2FRetro.jpg&#038;fit=contain&#038;w=1038&#038;h=1038&#038;s=c83edd4a4329917b194355e11052f5cc 1038w, https:\/\/www.abf.se\/sodertalje-nykvarn\/resized\/?url=https%3A%2F%2Fwww.abf.se%2Fwp-content%2Fuploads%2Fsites%2F48%2F2025%2F06%2FRetro.jpg&#038;fit=contain&#038;w=1182&#038;h=1182&#038;s=a689b18fd7e28d174d3630eee8609590 1182w, https:\/\/www.abf.se\/sodertalje-nykvarn\/resized\/?url=https%3A%2F%2Fwww.abf.se%2Fwp-content%2Fuploads%2Fsites%2F48%2F2025%2F06%2FRetro.jpg&#038;fit=contain&#038;w=1326&#038;h=1326&#038;s=adce8da17f9f00080bce59f9532c4a67 1326w, https:\/\/www.abf.se\/sodertalje-nykvarn\/resized\/?url=https%3A%2F%2Fwww.abf.se%2Fwp-content%2Fuploads%2Fsites%2F48%2F2025%2F06%2FRetro.jpg&#038;fit=contain&#038;w=1470&#038;h=1470&#038;s=b76709e8a20b5671cc074c3b62b5f66b 1470w\" alt=\"\" height=\"788\" width=\"788\" sizes=\"auto, (max-width: 768px) calc(100vw - 40px), 788px\" loading=\"lazy\" fetchpriority=\"low\" class=\"round-corners-lg w-full\" \/><\/picture>\n                        <\/figure>\n        <\/div>\n\n<\/div>\n","protected":false},"excerpt":{"rendered":"","protected":false},"author":113,"featured_media":0,"parent":0,"menu_order":0,"comment_status":"closed","ping_status":"closed","template":"","meta":{"_acf_changed":false,"footnotes":""},"class_list":["post-3890","page","type-page","status-publish","hentry"],"acf":[],"yoast_head":"<!-- This site is optimized with the Yoast SEO plugin v27.0 - https:\/\/yoast.com\/product\/yoast-seo-wordpress\/ -->\n<title>Parkliv - S\u00f6dert\u00e4lje-Nykvarn<\/title>\n<meta name=\"robots\" content=\"index, follow, max-snippet:-1, max-image-preview:large, max-video-preview:-1\" \/>\n<link rel=\"canonical\" href=\"https:\/\/www.abf.se\/sodertalje-nykvarn\/parkliv\/\" \/>\n<meta property=\"og:locale\" content=\"sv_SE\" \/>\n<meta property=\"og:type\" content=\"article\" \/>\n<meta property=\"og:title\" content=\"Parkliv - S\u00f6dert\u00e4lje-Nykvarn\" \/>\n<meta property=\"og:url\" content=\"https:\/\/www.abf.se\/sodertalje-nykvarn\/parkliv\/\" \/>\n<meta property=\"og:site_name\" content=\"S\u00f6dert\u00e4lje-Nykvarn\" \/>\n<meta property=\"article:modified_time\" content=\"2025-06-25T08:05:35+00:00\" \/>\n<meta property=\"og:image\" content=\"https:\/\/www.abf.se\/wp-content\/uploads\/sites\/48\/2024\/04\/Nyckeln-liggande-scaled.jpg\" \/>\n\t<meta property=\"og:image:width\" content=\"2560\" \/>\n\t<meta property=\"og:image:height\" content=\"1440\" \/>\n\t<meta property=\"og:image:type\" content=\"image\/jpeg\" \/>\n<meta name=\"twitter:card\" content=\"summary_large_image\" \/>\n<script type=\"application\/ld+json\" class=\"yoast-schema-graph\">{\"@context\":\"https:\/\/schema.org\",\"@graph\":[{\"@type\":\"WebPage\",\"@id\":\"https:\/\/www.abf.se\/sodertalje-nykvarn\/parkliv\/\",\"url\":\"https:\/\/www.abf.se\/sodertalje-nykvarn\/parkliv\/\",\"name\":\"Parkliv - S\u00f6dert\u00e4lje-Nykvarn\",\"isPartOf\":{\"@id\":\"https:\/\/www.abf.se\/sodertalje-nykvarn\/#website\"},\"datePublished\":\"2025-06-10T13:07:59+00:00\",\"dateModified\":\"2025-06-25T08:05:35+00:00\",\"breadcrumb\":{\"@id\":\"https:\/\/www.abf.se\/sodertalje-nykvarn\/parkliv\/#breadcrumb\"},\"inLanguage\":\"sv-SE\",\"potentialAction\":[{\"@type\":\"ReadAction\",\"target\":[\"https:\/\/www.abf.se\/sodertalje-nykvarn\/parkliv\/\"]}]},{\"@type\":\"BreadcrumbList\",\"@id\":\"https:\/\/www.abf.se\/sodertalje-nykvarn\/parkliv\/#breadcrumb\",\"itemListElement\":[{\"@type\":\"ListItem\",\"position\":1,\"name\":\"Home\",\"item\":\"https:\/\/www.abf.se\/sodertalje-nykvarn\/\"},{\"@type\":\"ListItem\",\"position\":2,\"name\":\"Parkliv\"}]},{\"@type\":\"WebSite\",\"@id\":\"https:\/\/www.abf.se\/sodertalje-nykvarn\/#website\",\"url\":\"https:\/\/www.abf.se\/sodertalje-nykvarn\/\",\"name\":\"S\u00f6dert\u00e4lje-Nykvarn\",\"description\":\"\",\"potentialAction\":[{\"@type\":\"SearchAction\",\"target\":{\"@type\":\"EntryPoint\",\"urlTemplate\":\"https:\/\/www.abf.se\/sodertalje-nykvarn\/?s={search_term_string}\"},\"query-input\":{\"@type\":\"PropertyValueSpecification\",\"valueRequired\":true,\"valueName\":\"search_term_string\"}}],\"inLanguage\":\"sv-SE\"}]}<\/script>\n<!-- \/ Yoast SEO plugin. -->","yoast_head_json":{"title":"Parkliv - S\u00f6dert\u00e4lje-Nykvarn","robots":{"index":"index","follow":"follow","max-snippet":"max-snippet:-1","max-image-preview":"max-image-preview:large","max-video-preview":"max-video-preview:-1"},"canonical":"https:\/\/www.abf.se\/sodertalje-nykvarn\/parkliv\/","og_locale":"sv_SE","og_type":"article","og_title":"Parkliv - S\u00f6dert\u00e4lje-Nykvarn","og_url":"https:\/\/www.abf.se\/sodertalje-nykvarn\/parkliv\/","og_site_name":"S\u00f6dert\u00e4lje-Nykvarn","article_modified_time":"2025-06-25T08:05:35+00:00","og_image":[{"width":2560,"height":1440,"url":"https:\/\/www.abf.se\/wp-content\/uploads\/sites\/48\/2024\/04\/Nyckeln-liggande-scaled.jpg","type":"image\/jpeg"}],"twitter_card":"summary_large_image","schema":{"@context":"https:\/\/schema.org","@graph":[{"@type":"WebPage","@id":"https:\/\/www.abf.se\/sodertalje-nykvarn\/parkliv\/","url":"https:\/\/www.abf.se\/sodertalje-nykvarn\/parkliv\/","name":"Parkliv - S\u00f6dert\u00e4lje-Nykvarn","isPartOf":{"@id":"https:\/\/www.abf.se\/sodertalje-nykvarn\/#website"},"datePublished":"2025-06-10T13:07:59+00:00","dateModified":"2025-06-25T08:05:35+00:00","breadcrumb":{"@id":"https:\/\/www.abf.se\/sodertalje-nykvarn\/parkliv\/#breadcrumb"},"inLanguage":"sv-SE","potentialAction":[{"@type":"ReadAction","target":["https:\/\/www.abf.se\/sodertalje-nykvarn\/parkliv\/"]}]},{"@type":"BreadcrumbList","@id":"https:\/\/www.abf.se\/sodertalje-nykvarn\/parkliv\/#breadcrumb","itemListElement":[{"@type":"ListItem","position":1,"name":"Home","item":"https:\/\/www.abf.se\/sodertalje-nykvarn\/"},{"@type":"ListItem","position":2,"name":"Parkliv"}]},{"@type":"WebSite","@id":"https:\/\/www.abf.se\/sodertalje-nykvarn\/#website","url":"https:\/\/www.abf.se\/sodertalje-nykvarn\/","name":"S\u00f6dert\u00e4lje-Nykvarn","description":"","potentialAction":[{"@type":"SearchAction","target":{"@type":"EntryPoint","urlTemplate":"https:\/\/www.abf.se\/sodertalje-nykvarn\/?s={search_term_string}"},"query-input":{"@type":"PropertyValueSpecification","valueRequired":true,"valueName":"search_term_string"}}],"inLanguage":"sv-SE"}]}},"_links":{"self":[{"href":"https:\/\/www.abf.se\/sodertalje-nykvarn\/wp-json\/wp\/v2\/pages\/3890","targetHints":{"allow":["GET"]}}],"collection":[{"href":"https:\/\/www.abf.se\/sodertalje-nykvarn\/wp-json\/wp\/v2\/pages"}],"about":[{"href":"https:\/\/www.abf.se\/sodertalje-nykvarn\/wp-json\/wp\/v2\/types\/page"}],"author":[{"embeddable":true,"href":"https:\/\/www.abf.se\/sodertalje-nykvarn\/wp-json\/wp\/v2\/users\/113"}],"replies":[{"embeddable":true,"href":"https:\/\/www.abf.se\/sodertalje-nykvarn\/wp-json\/wp\/v2\/comments?post=3890"}],"version-history":[{"count":38,"href":"https:\/\/www.abf.se\/sodertalje-nykvarn\/wp-json\/wp\/v2\/pages\/3890\/revisions"}],"predecessor-version":[{"id":3943,"href":"https:\/\/www.abf.se\/sodertalje-nykvarn\/wp-json\/wp\/v2\/pages\/3890\/revisions\/3943"}],"wp:attachment":[{"href":"https:\/\/www.abf.se\/sodertalje-nykvarn\/wp-json\/wp\/v2\/media?parent=3890"}],"curies":[{"name":"wp","href":"https:\/\/api.w.org\/{rel}","templated":true}]}}