{"id":2836,"date":"2025-12-12T09:39:09","date_gmt":"2025-12-12T08:39:09","guid":{"rendered":"https:\/\/www.abf.se\/sodertorn\/?page_id=2836"},"modified":"2026-02-06T10:37:30","modified_gmt":"2026-02-06T09:37:30","slug":"sprakkurser","status":"publish","type":"page","link":"https:\/\/www.abf.se\/sodertorn\/kurser-och-studiecirklar\/sprakkurser\/","title":{"rendered":"Spr\u00e5k"},"content":{"rendered":"<div\n    class=\"acf-hero-block container-lg no-padding mb-12 js-geolocation\"\n    data-block=\"hero-block\"\n    data-index=\"0\"\n>\n    <div class=\"h-[548px]  relative rounded-[32px] overflow-hidden flex bg-gray-light\">\n        <div class=\"relative z-10 mt-auto h-auto w-full md:h-full\">\n            <div class=\"flex w-full h-full flex-col flex-wrap justify-end w-full md:w-7\/12 lg:w-1\/2 md:justify-center\">\n                <div class=\"flex flex-col gap-3 md:gap-[18px] md:transparent pt-16 pb-36 md:py-8 px-4 w-full md:max-w-[620px] mx-auto px-8\">\n\n                    <h1 class=\"hero-heading\"><span>Spr\u00e5kkurser i Haninge och Nyn\u00e4shamn<\/span><\/h1>\n\n                    \n                                    <\/div>\n            <\/div>\n        <\/div>\n\n                    <picture class=\"as-background-image mix-blend-multiply bg-black\/40\"><img decoding=\"async\" src=\"https:\/\/www.abf.se\/sodertorn\/resized\/?url=https%3A%2F%2Fwww.abf.se%2Fwp-content%2Fuploads%2Fsites%2F49%2F2024%2F12%2Fbraden-collum-75XHJzEIeUc-unsplash-1-scaled.jpg&#038;fit=crop&#038;w=1440&#038;s=59cf5441894a52366e12f7c1a7220c9a\" srcset=\"https:\/\/www.abf.se\/sodertorn\/resized\/?url=https%3A%2F%2Fwww.abf.se%2Fwp-content%2Fuploads%2Fsites%2F49%2F2024%2F12%2Fbraden-collum-75XHJzEIeUc-unsplash-1-scaled.jpg&#038;fit=crop&#038;w=375&#038;h=540&#038;s=e2445efdf2e50f00f2dea9033bf126f7 375w, https:\/\/www.abf.se\/sodertorn\/resized\/?url=https%3A%2F%2Fwww.abf.se%2Fwp-content%2Fuploads%2Fsites%2F49%2F2024%2F12%2Fbraden-collum-75XHJzEIeUc-unsplash-1-scaled.jpg&#038;fit=crop&#038;w=447&#038;h=540&#038;s=b1608ee11816b4f04ad118b9e05738e6 447w, https:\/\/www.abf.se\/sodertorn\/resized\/?url=https%3A%2F%2Fwww.abf.se%2Fwp-content%2Fuploads%2Fsites%2F49%2F2024%2F12%2Fbraden-collum-75XHJzEIeUc-unsplash-1-scaled.jpg&#038;fit=crop&#038;w=519&#038;h=540&#038;s=9e382618bb51e3eada918e45a264ccd0 519w, https:\/\/www.abf.se\/sodertorn\/resized\/?url=https%3A%2F%2Fwww.abf.se%2Fwp-content%2Fuploads%2Fsites%2F49%2F2024%2F12%2Fbraden-collum-75XHJzEIeUc-unsplash-1-scaled.jpg&#038;fit=crop&#038;w=591&#038;h=540&#038;s=3f4ce070accf6b43e1fb6fcc0197d456 591w, https:\/\/www.abf.se\/sodertorn\/resized\/?url=https%3A%2F%2Fwww.abf.se%2Fwp-content%2Fuploads%2Fsites%2F49%2F2024%2F12%2Fbraden-collum-75XHJzEIeUc-unsplash-1-scaled.jpg&#038;fit=crop&#038;w=663&#038;h=540&#038;s=92f4d3d36fc8614fd094b8e103f95cf4 663w, https:\/\/www.abf.se\/sodertorn\/resized\/?url=https%3A%2F%2Fwww.abf.se%2Fwp-content%2Fuploads%2Fsites%2F49%2F2024%2F12%2Fbraden-collum-75XHJzEIeUc-unsplash-1-scaled.jpg&#038;fit=crop&#038;w=750&#038;h=540&#038;s=22401f96de0d5db6bd0cc16a381e45df 750w, https:\/\/www.abf.se\/sodertorn\/resized\/?url=https%3A%2F%2Fwww.abf.se%2Fwp-content%2Fuploads%2Fsites%2F49%2F2024%2F12%2Fbraden-collum-75XHJzEIeUc-unsplash-1-scaled.jpg&#038;fit=crop&#038;w=894&#038;h=540&#038;s=cb66cbd300dfaf242d04248b12634a1a 894w, https:\/\/www.abf.se\/sodertorn\/resized\/?url=https%3A%2F%2Fwww.abf.se%2Fwp-content%2Fuploads%2Fsites%2F49%2F2024%2F12%2Fbraden-collum-75XHJzEIeUc-unsplash-1-scaled.jpg&#038;fit=crop&#038;w=1038&#038;h=540&#038;s=31cb0b73ba1e07006db86586a4d82fce 1038w, https:\/\/www.abf.se\/sodertorn\/resized\/?url=https%3A%2F%2Fwww.abf.se%2Fwp-content%2Fuploads%2Fsites%2F49%2F2024%2F12%2Fbraden-collum-75XHJzEIeUc-unsplash-1-scaled.jpg&#038;fit=crop&#038;w=1182&#038;h=540&#038;s=b1a35777743e68883ed3e05a7aa61211 1182w, https:\/\/www.abf.se\/sodertorn\/resized\/?url=https%3A%2F%2Fwww.abf.se%2Fwp-content%2Fuploads%2Fsites%2F49%2F2024%2F12%2Fbraden-collum-75XHJzEIeUc-unsplash-1-scaled.jpg&#038;fit=crop&#038;w=1326&#038;h=540&#038;s=75eab76793df56db9ae1778a83b2d1eb 1326w, https:\/\/www.abf.se\/sodertorn\/resized\/?url=https%3A%2F%2Fwww.abf.se%2Fwp-content%2Fuploads%2Fsites%2F49%2F2024%2F12%2Fbraden-collum-75XHJzEIeUc-unsplash-1-scaled.jpg&#038;fit=crop&#038;w=1440&#038;h=540&#038;s=a6945efddde6b471617ed995c961c3e9 1440w\" alt=\"\" height=\"540\" width=\"1440\" sizes=\"(max-width: 1440px) calc(100vw - 32px), 1440px\" loading=\"eager\" fetchpriority=\"high\" aria-hidden=\"true\" role=\"presentation\" \/><\/picture>\n        \n\n            <\/div>\n\n    <\/div>\n\n<div\n    class=\"acf-article-text-block article-container my-12\"\n    data-block=\"article-text-block\"\n>\n    <div class=\"wysiwyg\">\n        <p>Vill du utveckla dina spr\u00e5kkunskaper tillsammans med andra? Hos ABF S\u00f6dert\u00f6rn f\u00e5r du \u00f6va spr\u00e5k i samtal och grupp\u00f6vningar, lyssna, prata och uppt\u00e4cka nya uttryckss\u00e4tt i en trygg och st\u00f6djande milj\u00f6. Vi erbjuder bland annat kurser i spanska, italienska och franska.<\/p>\n<h3>Om kurserna<\/h3>\n<p data-start=\"694\" data-end=\"976\">I en spr\u00e5kcirkel \u00e4r du med och p\u00e5verkar b\u00e5de studietakt och inneh\u00e5ll. Vi arbetar i sm\u00e5 grupper d\u00e4r alla kan delta aktivt, och anv\u00e4nder studiematerial som \u00e4r anpassat f\u00f6r vuxna. Hos oss f\u00e5r du m\u00f6jlighet att st\u00e4lla fr\u00e5gor, testa, repetera och l\u00e4ra tillsammans med andra. Vi betygs\u00e4tter inte dina kunskaper.<\/p>\n<p data-start=\"978\" data-end=\"1143\">Information om niv\u00e5er och f\u00f6rkunskaper hittar du i kursbeskrivningen. Kostnad f\u00f6r studiebok tillkommer som regel \u2013 mer information finns i respektive kursbeskrivning.<\/p>\n<h3 data-start=\"1145\" data-end=\"1169\">V\u00e5ra kurslokaler<\/h3>\n<p data-start=\"1170\" data-end=\"1227\">Spr\u00e5kkurser h\u00e5lls f\u00f6r n\u00e4rvarande i Haninge och Nyn\u00e4shamn.<\/p>\n<p data-start=\"1229\" data-end=\"1350\"><strong data-start=\"1229\" data-end=\"1256\">H\u00e4r finns v\u00e5ra lokaler:<\/strong><\/p>\n<ul>\n<li data-start=\"1138\" data-end=\"1383\"><strong>Haninge:<\/strong>\u00a0Poseidons torg 4, Handen (<a href=\"https:\/\/maps.app.goo.gl\/8woXznWRXFtGJxZL6\" target=\"_blank\" rel=\"noopener\">karta<\/a>)<\/li>\n<li data-start=\"113\" data-end=\"424\"><strong>Nyn\u00e4shamn:<\/strong>\u00a0Konstpoolen, Vikingav\u00e4gen 39 (<a href=\"https:\/\/maps.app.goo.gl\/L4sGfxauxmkw797K7\" target=\"_blank\" rel=\"noopener\">karta<\/a>)<\/li>\n<\/ul>\n<h3 data-start=\"1352\" data-end=\"1388\">Hitta en kurs som passar dig<\/h3>\n<p data-start=\"1389\" data-end=\"1473\">Se aktuella spr\u00e5kkurser nedan.<\/p>\n\n    <\/div>\n<\/div>\n<form id=\"CourseSearch\" action=\"https:\/\/www.abf.se\/sodertorn\/kurs-sok\/\" hx-boost=\"true\" hx-target=\"#search-results\" hx-replace-url=\"false\" hx-headers='{\"HX-Action\": \"render_search\"}'>\n    \n            <div class=\"container mb-8\">\n            <div id=\"search-results\">\n                <div class=\"mb-6\">\n    \n    <div class=\"flex flex-col gap-4 md:gap-0 md:flex-row\">\n        <div class=\"inline-flex justify-between md:justify-start items-start gap-2\">\n            <input type=\"hidden\" id=\"type\" name=\"type\" value=\"course\">\n            <a href=\"\/sodertorn\/wp-json\/wp\/v2\/pages\/2836?type=course&#038;partner%5B0%5D=187&#038;history%5B0%5D=1&#038;category%5B0%5D=5\" class=\"py-3 px-[26px] rounded-3xl border border-red-dark font-medium text-white bg-red-dark\" href=\"\">Kurser (0)<\/a>\n            <a href=\"\/sodertorn\/wp-json\/wp\/v2\/pages\/2836?type=event&#038;partner%5B0%5D=187&#038;history%5B0%5D=1&#038;category%5B0%5D=5\" class=\"py-3 px-[26px] rounded-3xl border border-red-dark font-medium text-red-dark bg-white\" href=\"\">Evenemang (0)<\/a>\n        <\/div>\n        <div class=\"inline-flex items-center align-center justify-end self-center ml-auto gap-7\">\n            <input type=\"hidden\" name=\"lat\" value=\"\" disabled>\n            <input type=\"hidden\" name=\"lon\" value=\"\" disabled>\n            <div>\n                <select name=\"sort\" class=\"InputField-minimal-select\" data-sort-dropdown aria-label=\"V\u00e4lj sortering f\u00f6r resultaten\">\n                    <option value=\"\"  selected  disabled>Sortera efter<\/option>\n                                            <option value=\"date\" >Startdatum<\/option>\n                                            <option value=\"date_desc\" >Senast startdatum<\/option>\n                                            <option value=\"relevance\" >Relevans<\/option>\n                                            <option value=\"name\" >Alfabetisk ordning<\/option>\n                                            <option value=\"price\" >Pris l\u00e5gt &#8211; h\u00f6gt<\/option>\n                                            <option value=\"price_desc\" >Pris h\u00f6gt &#8211; l\u00e5gt<\/option>\n                                            <option value=\"geo\" >N\u00e4ra mig<\/option>\n                                    <\/select>\n            <\/div>\n\n                        <div class=\"hidden md:flex flex-row items-center gap-2\">\n                <a href=\"\/sodertorn\/wp-json\/wp\/v2\/pages\/2836?type=course&amp;partner%5B0%5D=187&amp;history%5B0%5D=1&amp;category%5B0%5D=5&amp;display=grid\" class=\"[&#038;_svg]:fill-red-dark\">\n                    <span class=\"sr-only\">\n                        Visa resultaten i ett rutn\u00e4t\n                    <\/span>\n                    <svg width=\"18\" height=\"18\" viewBox=\"0 0 18 18\" fill=\"none\" xmlns=\"http:\/\/www.w3.org\/2000\/svg\">\n<rect x=\"11\" width=\"7\" height=\"7\" rx=\"2\" fill=\"\"\/>\n<rect width=\"7\" height=\"7\" rx=\"2\" fill=\"\"\/>\n<rect x=\"11\" y=\"11\" width=\"7\" height=\"7\" rx=\"2\" fill=\"\"\/>\n<rect y=\"11\" width=\"7\" height=\"7\" rx=\"2\" fill=\"\"\/>\n<\/svg>\n<\/a>\n                <a href=\"\/sodertorn\/wp-json\/wp\/v2\/pages\/2836?type=course&amp;partner%5B0%5D=187&amp;history%5B0%5D=1&amp;category%5B0%5D=5&amp;display=list\" class=\"[&#038;_svg]:stroke-gray\">\n                    <span class=\"sr-only\">\n                        Visa resultaten som en lista\n                    <\/span>\n                    <svg width=\"32\" height=\"32\" viewBox=\"0 0 32 32\" fill=\"none\" xmlns=\"http:\/\/www.w3.org\/2000\/svg\">\n<path d=\"M12 8.5H27\" stroke-width=\"3\" stroke-linecap=\"round\" stroke-linejoin=\"round\"\/>\n<path d=\"M12 16H26.9992\" stroke-width=\"3\" stroke-linecap=\"round\" stroke-linejoin=\"round\"\/>\n<path d=\"M12 23.5H26.9992\" stroke-width=\"3\" stroke-linecap=\"round\" stroke-linejoin=\"round\"\/>\n<path d=\"M5 8.5H7\" stroke-width=\"3\" stroke-linecap=\"round\" stroke-linejoin=\"round\"\/>\n<path d=\"M5 16H6.99923\" stroke-width=\"3\" stroke-linecap=\"round\" stroke-linejoin=\"round\"\/>\n<path d=\"M5 23.5H6.99923\" stroke-width=\"3\" stroke-linecap=\"round\" stroke-linejoin=\"round\"\/>\n<\/svg>\n<\/a>\n            <\/div>\n        <\/div>\n    <\/div>\n<\/div>\n<div>\n    <div hx-boost=\"false\">\n        <div class=\"grid grid-cols-1 gap-x-4 gap-y-8 sm:grid-cols-2 md:grid-cols-3 mb-8\">\n    <\/div>\n    <\/div>\n\n    <\/div>\n            <\/div>\n        <\/div>\n    <\/form>","protected":false},"excerpt":{"rendered":"","protected":false},"author":59,"featured_media":0,"parent":707,"menu_order":0,"comment_status":"closed","ping_status":"closed","template":"","meta":{"_acf_changed":false,"footnotes":""},"class_list":["post-2836","page","type-page","status-publish","hentry"],"acf":[],"yoast_head":"<!-- This site is optimized with the Yoast SEO plugin v27.0 - https:\/\/yoast.com\/product\/yoast-seo-wordpress\/ -->\n<title>Spr\u00e5kkurser i Haninge, Tyres\u00f6 och Nyn\u00e4shamn | ABF S\u00f6dert\u00f6rn<\/title>\n<meta name=\"description\" content=\"L\u00e4r dig spanska, italienska eller franska i sm\u00e5 grupper hos ABF S\u00f6dert\u00f6rn i Haninge och Nyn\u00e4shamn. Anm\u00e4l dig redan idag!\" \/>\n<meta name=\"robots\" content=\"index, follow, max-snippet:-1, max-image-preview:large, max-video-preview:-1\" \/>\n<link rel=\"canonical\" href=\"https:\/\/www.abf.se\/sodertorn\/kurser-och-studiecirklar\/sprakkurser\/\" \/>\n<meta property=\"og:locale\" content=\"sv_SE\" \/>\n<meta property=\"og:type\" content=\"article\" \/>\n<meta property=\"og:title\" content=\"Spr\u00e5kkurser i Haninge, Tyres\u00f6 och Nyn\u00e4shamn | ABF S\u00f6dert\u00f6rn\" \/>\n<meta property=\"og:description\" content=\"L\u00e4r dig spanska, italienska eller franska i sm\u00e5 grupper hos ABF S\u00f6dert\u00f6rn i Haninge och Nyn\u00e4shamn. Anm\u00e4l dig redan idag!\" \/>\n<meta property=\"og:url\" content=\"https:\/\/www.abf.se\/sodertorn\/kurser-och-studiecirklar\/sprakkurser\/\" \/>\n<meta property=\"og:site_name\" content=\"S\u00f6dert\u00f6rn\" \/>\n<meta property=\"article:modified_time\" content=\"2026-02-06T09:37:30+00:00\" \/>\n<meta property=\"og:image\" content=\"https:\/\/www.abf.se\/wp-content\/uploads\/sites\/49\/2024\/04\/Nyckeln-liggande-scaled.jpg\" \/>\n\t<meta property=\"og:image:width\" content=\"2560\" \/>\n\t<meta property=\"og:image:height\" content=\"1440\" \/>\n\t<meta property=\"og:image:type\" content=\"image\/jpeg\" \/>\n<meta name=\"twitter:card\" content=\"summary_large_image\" \/>\n<script type=\"application\/ld+json\" class=\"yoast-schema-graph\">{\"@context\":\"https:\/\/schema.org\",\"@graph\":[{\"@type\":\"WebPage\",\"@id\":\"https:\/\/www.abf.se\/sodertorn\/kurser-och-studiecirklar\/sprakkurser\/\",\"url\":\"https:\/\/www.abf.se\/sodertorn\/kurser-och-studiecirklar\/sprakkurser\/\",\"name\":\"Spr\u00e5kkurser i Haninge, Tyres\u00f6 och Nyn\u00e4shamn | ABF S\u00f6dert\u00f6rn\",\"isPartOf\":{\"@id\":\"https:\/\/www.abf.se\/sodertorn\/#website\"},\"datePublished\":\"2025-12-12T08:39:09+00:00\",\"dateModified\":\"2026-02-06T09:37:30+00:00\",\"description\":\"L\u00e4r dig spanska, italienska eller franska i sm\u00e5 grupper hos ABF S\u00f6dert\u00f6rn i Haninge och Nyn\u00e4shamn. Anm\u00e4l dig redan idag!\",\"breadcrumb\":{\"@id\":\"https:\/\/www.abf.se\/sodertorn\/kurser-och-studiecirklar\/sprakkurser\/#breadcrumb\"},\"inLanguage\":\"sv-SE\",\"potentialAction\":[{\"@type\":\"ReadAction\",\"target\":[\"https:\/\/www.abf.se\/sodertorn\/kurser-och-studiecirklar\/sprakkurser\/\"]}]},{\"@type\":\"BreadcrumbList\",\"@id\":\"https:\/\/www.abf.se\/sodertorn\/kurser-och-studiecirklar\/sprakkurser\/#breadcrumb\",\"itemListElement\":[{\"@type\":\"ListItem\",\"position\":1,\"name\":\"Home\",\"item\":\"https:\/\/www.abf.se\/sodertorn\/\"},{\"@type\":\"ListItem\",\"position\":2,\"name\":\"G\u00e5 en kurs hos ABF S\u00f6dert\u00f6rn\",\"item\":\"https:\/\/www.abf.se\/sodertorn\/kurser-och-studiecirklar\/\"},{\"@type\":\"ListItem\",\"position\":3,\"name\":\"Spr\u00e5k\"}]},{\"@type\":\"WebSite\",\"@id\":\"https:\/\/www.abf.se\/sodertorn\/#website\",\"url\":\"https:\/\/www.abf.se\/sodertorn\/\",\"name\":\"S\u00f6dert\u00f6rn\",\"description\":\"\",\"potentialAction\":[{\"@type\":\"SearchAction\",\"target\":{\"@type\":\"EntryPoint\",\"urlTemplate\":\"https:\/\/www.abf.se\/sodertorn\/?s={search_term_string}\"},\"query-input\":{\"@type\":\"PropertyValueSpecification\",\"valueRequired\":true,\"valueName\":\"search_term_string\"}}],\"inLanguage\":\"sv-SE\"}]}<\/script>\n<!-- \/ Yoast SEO plugin. -->","yoast_head_json":{"title":"Spr\u00e5kkurser i Haninge, Tyres\u00f6 och Nyn\u00e4shamn | ABF S\u00f6dert\u00f6rn","description":"L\u00e4r dig spanska, italienska eller franska i sm\u00e5 grupper hos ABF S\u00f6dert\u00f6rn i Haninge och Nyn\u00e4shamn. Anm\u00e4l dig redan idag!","robots":{"index":"index","follow":"follow","max-snippet":"max-snippet:-1","max-image-preview":"max-image-preview:large","max-video-preview":"max-video-preview:-1"},"canonical":"https:\/\/www.abf.se\/sodertorn\/kurser-och-studiecirklar\/sprakkurser\/","og_locale":"sv_SE","og_type":"article","og_title":"Spr\u00e5kkurser i Haninge, Tyres\u00f6 och Nyn\u00e4shamn | ABF S\u00f6dert\u00f6rn","og_description":"L\u00e4r dig spanska, italienska eller franska i sm\u00e5 grupper hos ABF S\u00f6dert\u00f6rn i Haninge och Nyn\u00e4shamn. Anm\u00e4l dig redan idag!","og_url":"https:\/\/www.abf.se\/sodertorn\/kurser-och-studiecirklar\/sprakkurser\/","og_site_name":"S\u00f6dert\u00f6rn","article_modified_time":"2026-02-06T09:37:30+00:00","og_image":[{"width":2560,"height":1440,"url":"https:\/\/www.abf.se\/wp-content\/uploads\/sites\/49\/2024\/04\/Nyckeln-liggande-scaled.jpg","type":"image\/jpeg"}],"twitter_card":"summary_large_image","schema":{"@context":"https:\/\/schema.org","@graph":[{"@type":"WebPage","@id":"https:\/\/www.abf.se\/sodertorn\/kurser-och-studiecirklar\/sprakkurser\/","url":"https:\/\/www.abf.se\/sodertorn\/kurser-och-studiecirklar\/sprakkurser\/","name":"Spr\u00e5kkurser i Haninge, Tyres\u00f6 och Nyn\u00e4shamn | ABF S\u00f6dert\u00f6rn","isPartOf":{"@id":"https:\/\/www.abf.se\/sodertorn\/#website"},"datePublished":"2025-12-12T08:39:09+00:00","dateModified":"2026-02-06T09:37:30+00:00","description":"L\u00e4r dig spanska, italienska eller franska i sm\u00e5 grupper hos ABF S\u00f6dert\u00f6rn i Haninge och Nyn\u00e4shamn. Anm\u00e4l dig redan idag!","breadcrumb":{"@id":"https:\/\/www.abf.se\/sodertorn\/kurser-och-studiecirklar\/sprakkurser\/#breadcrumb"},"inLanguage":"sv-SE","potentialAction":[{"@type":"ReadAction","target":["https:\/\/www.abf.se\/sodertorn\/kurser-och-studiecirklar\/sprakkurser\/"]}]},{"@type":"BreadcrumbList","@id":"https:\/\/www.abf.se\/sodertorn\/kurser-och-studiecirklar\/sprakkurser\/#breadcrumb","itemListElement":[{"@type":"ListItem","position":1,"name":"Home","item":"https:\/\/www.abf.se\/sodertorn\/"},{"@type":"ListItem","position":2,"name":"G\u00e5 en kurs hos ABF S\u00f6dert\u00f6rn","item":"https:\/\/www.abf.se\/sodertorn\/kurser-och-studiecirklar\/"},{"@type":"ListItem","position":3,"name":"Spr\u00e5k"}]},{"@type":"WebSite","@id":"https:\/\/www.abf.se\/sodertorn\/#website","url":"https:\/\/www.abf.se\/sodertorn\/","name":"S\u00f6dert\u00f6rn","description":"","potentialAction":[{"@type":"SearchAction","target":{"@type":"EntryPoint","urlTemplate":"https:\/\/www.abf.se\/sodertorn\/?s={search_term_string}"},"query-input":{"@type":"PropertyValueSpecification","valueRequired":true,"valueName":"search_term_string"}}],"inLanguage":"sv-SE"}]}},"_links":{"self":[{"href":"https:\/\/www.abf.se\/sodertorn\/wp-json\/wp\/v2\/pages\/2836","targetHints":{"allow":["GET"]}}],"collection":[{"href":"https:\/\/www.abf.se\/sodertorn\/wp-json\/wp\/v2\/pages"}],"about":[{"href":"https:\/\/www.abf.se\/sodertorn\/wp-json\/wp\/v2\/types\/page"}],"author":[{"embeddable":true,"href":"https:\/\/www.abf.se\/sodertorn\/wp-json\/wp\/v2\/users\/59"}],"replies":[{"embeddable":true,"href":"https:\/\/www.abf.se\/sodertorn\/wp-json\/wp\/v2\/comments?post=2836"}],"version-history":[{"count":7,"href":"https:\/\/www.abf.se\/sodertorn\/wp-json\/wp\/v2\/pages\/2836\/revisions"}],"predecessor-version":[{"id":2874,"href":"https:\/\/www.abf.se\/sodertorn\/wp-json\/wp\/v2\/pages\/2836\/revisions\/2874"}],"up":[{"embeddable":true,"href":"https:\/\/www.abf.se\/sodertorn\/wp-json\/wp\/v2\/pages\/707"}],"wp:attachment":[{"href":"https:\/\/www.abf.se\/sodertorn\/wp-json\/wp\/v2\/media?parent=2836"}],"curies":[{"name":"wp","href":"https:\/\/api.w.org\/{rel}","templated":true}]}}