{"id":710,"date":"2024-04-11T17:58:56","date_gmt":"2024-04-11T15:58:56","guid":{"rendered":"https:\/\/www.abf.se\/sodertorn\/?page_id=710"},"modified":"2025-10-17T11:44:37","modified_gmt":"2025-10-17T09:44:37","slug":"villkor-vid-anmalan","status":"publish","type":"page","link":"https:\/\/www.abf.se\/sodertorn\/kurser-och-studiecirklar\/villkor-vid-anmalan\/","title":{"rendered":"Villkor vid anm\u00e4lan"},"content":{"rendered":"<div\n    class=\"acf-hero-block container-lg no-padding mb-12 js-geolocation\"\n    data-block=\"hero-block\"\n    data-index=\"0\"\n>\n    <div class=\"h-[548px]  relative rounded-[32px] overflow-hidden flex bg-gray-light\">\n        <div class=\"relative z-10 mt-auto h-auto w-full md:h-full\">\n            <div class=\"flex w-full h-full flex-col flex-wrap justify-end w-full md:w-7\/12 lg:w-1\/2 md:justify-center\">\n                <div class=\"flex flex-col gap-3 md:gap-[18px] md:transparent pt-16 pb-36 md:py-8 px-4 w-full md:max-w-[620px] mx-auto px-8\">\n\n                    <h1 class=\"hero-heading\"><span>Villkor vid anm\u00e4lan<\/span><\/h1>\n\n                    \n                                    <\/div>\n            <\/div>\n        <\/div>\n\n        \n\n                    <figure class=\"absolute bottom-0  md:w-1\/2 transform right-0 translate-x-10 md:translate-x-32\">\n                <img decoding=\"async\"\n                    alt=\"\"\n                    aria-hidden=\"true\"\n                    class=\"h-auto w-full\"\n                    role=\"presentation\"\n                    src=\"\/assets\/images\/two_circles_bottom.svg\"\n                >\n            <\/figure>\n            <\/div>\n\n    <\/div>\n\n<div\n    class=\"acf-plain-heading-block container my-16\"\n    data-block=\"plain-heading-block\"\n>\n    <div class=\"max-w-[658px] mx-auto\">\n                            <p class=\"mt-8 body-xl text-black\">\n                H\u00e4r finner du de villkor som g\u00e4ller vid anm\u00e4lan till en studiecirkel eller kurs hos ABF S\u00f6dert\u00f6rn, samt information om s\u00e5dant som \u00e4r bra att veta inf\u00f6r kursstart.\n            <\/p>\n            <\/div>\n<\/div>\n<ul\n    class=\"acf-article-accordion-block accordion-group grid gap-4 my-12 article-container--wide\"\n    data-block=\"article-accordion-block \"\n    data-ui-accordion-group\n>\n\n            <li class=\"accordion\" data-ui-accordion data-ui-accordion-open=\"false\">\n        <h3>\n        <button data-ui-accordion-button class=\"accordion-toggle font-bold\" aria-expanded=\"false\" aria-controls=\"row-anmalansahargordu-0\" id=\"anmalansahargordu-0\">\n            Anm\u00e4lan &#8211; s\u00e5 h\u00e4r g\u00f6r du\n            \n            <figure class=\"w-4.5 h-4.5\" aria-hidden=\"true\">\n            <svg width=\"20\" height=\"20\" viewBox=\"0 0 20 20\" fill=\"none\"\nclass=\"SvgIconElement\">\n<path d=\"M15.8333 7.16667L9.99992 13L4.16659 7.16667\" stroke=\"currentColor\"\/>\n<\/svg>\n            <\/figure>\n        <\/button>\n        \n                <\/h3>\n        <div class=\"accordion-content\">\n            <div id=\"row-anmalansahargordu-0\" role=\"region\" class=\"accordion-content-wrap\" aria-labelledby=\"anmalansahargordu-0\">\n                                            <div class=\"wysiwyg\">\n                    <p>Du kan anm\u00e4la dig direkt via hemsidan, via e-post till info.sodertorn@abf.se eller p\u00e5 telefon 08-556 520 30.<\/p>\n<p>Observera att anm\u00e4lan till en studiecirkel\/kurs \u00e4r bindande. Vill\/kan du inte l\u00e4ngre delta m\u00e5ste du kontakta oss utan dr\u00f6jsm\u00e5l f\u00f6r att \u00e5terta din anm\u00e4lan. Se v\u00e5ra avbokningsvillkor nedan. <\/p>\n\n                <\/div>\n                                        <\/div>\n        <\/div>\n    <\/li>\n            <li class=\"accordion\" data-ui-accordion data-ui-accordion-open=\"false\">\n        <h3>\n        <button data-ui-accordion-button class=\"accordion-toggle font-bold\" aria-expanded=\"false\" aria-controls=\"row-avbokningsvillkor-1\" id=\"avbokningsvillkor-1\">\n            Avbokningsvillkor\n            \n            <figure class=\"w-4.5 h-4.5\" aria-hidden=\"true\">\n            <svg width=\"20\" height=\"20\" viewBox=\"0 0 20 20\" fill=\"none\"\nclass=\"SvgIconElement\">\n<path d=\"M15.8333 7.16667L9.99992 13L4.16659 7.16667\" stroke=\"currentColor\"\/>\n<\/svg>\n            <\/figure>\n        <\/button>\n        \n                <\/h3>\n        <div class=\"accordion-content\">\n            <div id=\"row-avbokningsvillkor-1\" role=\"region\" class=\"accordion-content-wrap\" aria-labelledby=\"avbokningsvillkor-1\">\n                                            <div class=\"wysiwyg\">\n                    <p>Vid anm\u00e4lan och \u00e5tertagande av anm\u00e4lan f\u00f6ljer vi konsumentlagstiftningen. T\u00e4nk p\u00e5 att en anm\u00e4lan till en studiecirkel\/kurs \u00e4r bindande, om den inte \u00e5tertas enligt f\u00f6ljande villkor:<\/p>\n<ul>\n<li>Du har r\u00e4tt att avboka kursen fram till tre arbetsdagar f\u00f6re start.<\/li>\n<li>Om du \u00e5tertar din anm\u00e4lan senare \u00e4n tre arbetsdagar f\u00f6re start f\u00e5r du betala en administrationsavgift motsvarande 10% av deltagaravgiften, dock l\u00e4gst 100 kr.<\/li>\n<li>Vid avbokning n\u00e4r studiecirkeln\/kursen redan har startat \u00e4r du normalt skyldig att betala full deltagaravgift, om inte avbrottet beror p\u00e5 varaktigt studiehinder som sjukdom eller flytt fr\u00e5n orten (detta ska vid behov kunna styrkas).<\/li>\n<\/ul>\n<p>Undantag fr\u00e5n ovanst\u00e5ende kan g\u00f6ras utifr\u00e5n varje enskilt fall, och om vi till exempel kan fylla din plats med en annan deltagare beh\u00f6ver du normalt inte betala n\u00e5got f\u00f6rutom en administrationsavgift om 100 kr. Vi str\u00e4var alltid efter att i s\u00e5 stor utstr\u00e4ckning som m\u00f6jligt begr\u00e4nsa v\u00e5ra kostnader vid avanm\u00e4lningar och f\u00f6rs\u00f6ker p\u00e5 s\u00e5 s\u00e4tt minimera den avgift som vi har r\u00e4tt att beg\u00e4ra av dig enligt ovan.<\/p>\n\n                <\/div>\n                                        <\/div>\n        <\/div>\n    <\/li>\n            <li class=\"accordion\" data-ui-accordion data-ui-accordion-open=\"false\">\n        <h3>\n        <button data-ui-accordion-button class=\"accordion-toggle font-bold\" aria-expanded=\"false\" aria-controls=\"row-deltagareunder18ar-2\" id=\"deltagareunder18ar-2\">\n            Deltagare under 18 \u00e5r \n            \n            <figure class=\"w-4.5 h-4.5\" aria-hidden=\"true\">\n            <svg width=\"20\" height=\"20\" viewBox=\"0 0 20 20\" fill=\"none\"\nclass=\"SvgIconElement\">\n<path d=\"M15.8333 7.16667L9.99992 13L4.16659 7.16667\" stroke=\"currentColor\"\/>\n<\/svg>\n            <\/figure>\n        <\/button>\n        \n                <\/h3>\n        <div class=\"accordion-content\">\n            <div id=\"row-deltagareunder18ar-2\" role=\"region\" class=\"accordion-content-wrap\" aria-labelledby=\"deltagareunder18ar-2\">\n                                            <div class=\"wysiwyg\">\n                    <p>Om den som ska delta i kursen \u00e4r under 18 \u00e5r m\u00e5ste en f\u00f6r\u00e4lder eller f\u00f6rmyndare anm\u00e4la den under\u00e5rige. F\u00f6r\u00e4ldern\/f\u00f6rmyndare blir d\u00e5 avtalspart med oss och den under\u00e5rige anges som den som deltar i kursen och nyttjar v\u00e5ra tj\u00e4nster. <\/p>\n\n                <\/div>\n                                        <\/div>\n        <\/div>\n    <\/li>\n            <li class=\"accordion\" data-ui-accordion data-ui-accordion-open=\"false\">\n        <h3>\n        <button data-ui-accordion-button class=\"accordion-toggle font-bold\" aria-expanded=\"false\" aria-controls=\"row-installdstudiecirkel,kursellersammankomst-3\" id=\"installdstudiecirkel,kursellersammankomst-3\">\n            Inst\u00e4lld studiecirkel, kurs eller sammankomst \n            \n            <figure class=\"w-4.5 h-4.5\" aria-hidden=\"true\">\n            <svg width=\"20\" height=\"20\" viewBox=\"0 0 20 20\" fill=\"none\"\nclass=\"SvgIconElement\">\n<path d=\"M15.8333 7.16667L9.99992 13L4.16659 7.16667\" stroke=\"currentColor\"\/>\n<\/svg>\n            <\/figure>\n        <\/button>\n        \n                <\/h3>\n        <div class=\"accordion-content\">\n            <div id=\"row-installdstudiecirkel,kursellersammankomst-3\" role=\"region\" class=\"accordion-content-wrap\" aria-labelledby=\"installdstudiecirkel,kursellersammankomst-3\">\n                                            <div class=\"wysiwyg\">\n                    <p>Vi kan tvingas st\u00e4lla in en studiecirkel eller kurs f\u00f6re startdatum. Du har d\u00e5 r\u00e4tt att \u00e5terf\u00e5 hela den avgift som du har betalt. <\/p>\n<p>Det kan h\u00e4nda att cirkelledaren blir sjuk eller f\u00e5r f\u00f6rhinder under planerad cirkelperiod. Det vanliga \u00e4r d\u00e5 att den inst\u00e4llda sammankomsten tas igen i slutet av cirkeln\/kursen. Meddelande om detta f\u00e5r du vanligen via sms eller e-post. <\/p>\n\n                <\/div>\n                                        <\/div>\n        <\/div>\n    <\/li>\n            <li class=\"accordion\" data-ui-accordion data-ui-accordion-open=\"false\">\n        <h3>\n        <button data-ui-accordion-button class=\"accordion-toggle font-bold\" aria-expanded=\"false\" aria-controls=\"row-kallelseochkursavgift-4\" id=\"kallelseochkursavgift-4\">\n            Kallelse och kursavgift \n            \n            <figure class=\"w-4.5 h-4.5\" aria-hidden=\"true\">\n            <svg width=\"20\" height=\"20\" viewBox=\"0 0 20 20\" fill=\"none\"\nclass=\"SvgIconElement\">\n<path d=\"M15.8333 7.16667L9.99992 13L4.16659 7.16667\" stroke=\"currentColor\"\/>\n<\/svg>\n            <\/figure>\n        <\/button>\n        \n                <\/h3>\n        <div class=\"accordion-content\">\n            <div id=\"row-kallelseochkursavgift-4\" role=\"region\" class=\"accordion-content-wrap\" aria-labelledby=\"kallelseochkursavgift-4\">\n                                            <div class=\"wysiwyg\">\n                    <p>En kallelse med uppgift om lokal och tider skickas ut per post eller e-post minst en vecka f\u00f6re start. <\/p>\n<p>I vissa fall kan kallelsen komma n\u00e4ra startdatum eftersom det kr\u00e4vs att tillr\u00e4ckligt m\u00e5nga har anm\u00e4lt sig f\u00f6r att cirkeln ska kunna starta. Du f\u00e5r ett inbetalningskort tillsammans med kallelsen.  <\/p>\n<p>Avgiften ska vara betald senast n\u00e4r studiecirkeln\/kursen b\u00f6rjar. Det finns m\u00f6jlighet att, efter \u00f6verenskommelse, dela upp betalningen. Kontakta oss om du \u00e4r intresserad av detta. <\/p>\n<p>Kursavgiften t\u00e4cker ABF S\u00f6dert\u00f6rns kostnader f\u00f6r administration, lokaler och ledarl\u00f6n.<\/p>\n\n                <\/div>\n                                        <\/div>\n        <\/div>\n    <\/li>\n            <li class=\"accordion\" data-ui-accordion data-ui-accordion-open=\"false\">\n        <h3>\n        <button data-ui-accordion-button class=\"accordion-toggle font-bold\" aria-expanded=\"false\" aria-controls=\"row-kursintyg-5\" id=\"kursintyg-5\">\n            Kursintyg \n            \n            <figure class=\"w-4.5 h-4.5\" aria-hidden=\"true\">\n            <svg width=\"20\" height=\"20\" viewBox=\"0 0 20 20\" fill=\"none\"\nclass=\"SvgIconElement\">\n<path d=\"M15.8333 7.16667L9.99992 13L4.16659 7.16667\" stroke=\"currentColor\"\/>\n<\/svg>\n            <\/figure>\n        <\/button>\n        \n                <\/h3>\n        <div class=\"accordion-content\">\n            <div id=\"row-kursintyg-5\" role=\"region\" class=\"accordion-content-wrap\" aria-labelledby=\"kursintyg-5\">\n                                            <div class=\"wysiwyg\">\n                    <p>Du kan p\u00e5 beg\u00e4ran f\u00e5 ett intyg p\u00e5 att du deltagit i en av v\u00e5ra studiecirklar\/kurser n\u00e4r den \u00e4r avslutad, dock endast f\u00f6r ett l\u00e4s\u00e5r tillbaka. <\/p>\n\n                <\/div>\n                                        <\/div>\n        <\/div>\n    <\/li>\n            <li class=\"accordion\" data-ui-accordion data-ui-accordion-open=\"false\">\n        <h3>\n        <button data-ui-accordion-button class=\"accordion-toggle font-bold\" aria-expanded=\"false\" aria-controls=\"row-material-6\" id=\"material-6\">\n            Material\n            \n            <figure class=\"w-4.5 h-4.5\" aria-hidden=\"true\">\n            <svg width=\"20\" height=\"20\" viewBox=\"0 0 20 20\" fill=\"none\"\nclass=\"SvgIconElement\">\n<path d=\"M15.8333 7.16667L9.99992 13L4.16659 7.16667\" stroke=\"currentColor\"\/>\n<\/svg>\n            <\/figure>\n        <\/button>\n        \n                <\/h3>\n        <div class=\"accordion-content\">\n            <div id=\"row-material-6\" role=\"region\" class=\"accordion-content-wrap\" aria-labelledby=\"material-6\">\n                                            <div class=\"wysiwyg\">\n                    <p>Kostnad f\u00f6r studie- eller arbetsmaterial tillkommer om inte annat anges.<\/p>\n\n                <\/div>\n                                        <\/div>\n        <\/div>\n    <\/li>\n            <li class=\"accordion\" data-ui-accordion data-ui-accordion-open=\"false\">\n        <h3>\n        <button data-ui-accordion-button class=\"accordion-toggle font-bold\" aria-expanded=\"false\" aria-controls=\"row-olycksfallsforsakring-7\" id=\"olycksfallsforsakring-7\">\n            Olycksfallsf\u00f6rs\u00e4kring \n            \n            <figure class=\"w-4.5 h-4.5\" aria-hidden=\"true\">\n            <svg width=\"20\" height=\"20\" viewBox=\"0 0 20 20\" fill=\"none\"\nclass=\"SvgIconElement\">\n<path d=\"M15.8333 7.16667L9.99992 13L4.16659 7.16667\" stroke=\"currentColor\"\/>\n<\/svg>\n            <\/figure>\n        <\/button>\n        \n                <\/h3>\n        <div class=\"accordion-content\">\n            <div id=\"row-olycksfallsforsakring-7\" role=\"region\" class=\"accordion-content-wrap\" aria-labelledby=\"olycksfallsforsakring-7\">\n                                            <div class=\"wysiwyg\">\n                    <p>Som deltagare \u00e4r du f\u00f6rs\u00e4krad p\u00e5 v\u00e4g till och fr\u00e5n samt under p\u00e5g\u00e5ende studiecirkel\/kurs. <\/p>\n\n                <\/div>\n                                        <\/div>\n        <\/div>\n    <\/li>\n            <li class=\"accordion\" data-ui-accordion data-ui-accordion-open=\"false\">\n        <h3>\n        <button data-ui-accordion-button class=\"accordion-toggle font-bold\" aria-expanded=\"false\" aria-controls=\"row-rabattpaavgiften-8\" id=\"rabattpaavgiften-8\">\n            Rabatt p\u00e5 avgiften\n            \n            <figure class=\"w-4.5 h-4.5\" aria-hidden=\"true\">\n            <svg width=\"20\" height=\"20\" viewBox=\"0 0 20 20\" fill=\"none\"\nclass=\"SvgIconElement\">\n<path d=\"M15.8333 7.16667L9.99992 13L4.16659 7.16667\" stroke=\"currentColor\"\/>\n<\/svg>\n            <\/figure>\n        <\/button>\n        \n                <\/h3>\n        <div class=\"accordion-content\">\n            <div id=\"row-rabattpaavgiften-8\" role=\"region\" class=\"accordion-content-wrap\" aria-labelledby=\"rabattpaavgiften-8\">\n                                            <div class=\"wysiwyg\">\n                    <ul>\n<li>Pension\u00e4rer och studenter: 10 %.<\/li>\n<li>Helt arbetss\u00f6kande eller sjukskrivna: 20 %.<\/li>\n<li>Medlemmar i Hyresg\u00e4stf\u00f6reningen: 20 %.<\/li>\n<li>M\u00e5nga fackf\u00f6reningar ger bidrag till ABFs cirklar. Kontakta din fackliga organisation f\u00f6r mer information.<\/li>\n<\/ul>\n<p><strong data-start=\"631\" data-end=\"642\">Villkor<\/strong><\/p>\n<ul>\n<li>G\u00e4ller endast ABF S\u00f6dert\u00f6rns egna kurser, ej kurser i samarbete med f\u00f6reningar.<\/li>\n<li>Kan inte kombineras med andra erbjudanden.<\/li>\n<li>Observera att \u00f6nskad rabatt m\u00e5ste anges vid anm\u00e4lan och kan inte ges i efterhand.<\/li>\n<\/ul>\n\n                <\/div>\n                                        <\/div>\n        <\/div>\n    <\/li>\n            <li class=\"accordion\" data-ui-accordion data-ui-accordion-open=\"false\">\n        <h3>\n        <button data-ui-accordion-button class=\"accordion-toggle font-bold\" aria-expanded=\"false\" aria-controls=\"row-startdatum-9\" id=\"startdatum-9\">\n            Startdatum\n            \n            <figure class=\"w-4.5 h-4.5\" aria-hidden=\"true\">\n            <svg width=\"20\" height=\"20\" viewBox=\"0 0 20 20\" fill=\"none\"\nclass=\"SvgIconElement\">\n<path d=\"M15.8333 7.16667L9.99992 13L4.16659 7.16667\" stroke=\"currentColor\"\/>\n<\/svg>\n            <\/figure>\n        <\/button>\n        \n                <\/h3>\n        <div class=\"accordion-content\">\n            <div id=\"row-startdatum-9\" role=\"region\" class=\"accordion-content-wrap\" aria-labelledby=\"startdatum-9\">\n                                            <div class=\"wysiwyg\">\n                    <p>Alla starttider \u00e4r prelimin\u00e4ra och kan komma att \u00e4ndras. <\/p>\n<p>Studiecirklarna\/kurserna startar s\u00e5 snart de har tillr\u00e4ckligt med anm\u00e4lningar, om inte annat anges. <\/p>\n\n                <\/div>\n                                        <\/div>\n        <\/div>\n    <\/li>\n            <li class=\"accordion\" data-ui-accordion data-ui-accordion-open=\"false\">\n        <h3>\n        <button data-ui-accordion-button class=\"accordion-toggle font-bold\" aria-expanded=\"false\" aria-controls=\"row-studietimmar-10\" id=\"studietimmar-10\">\n            Studietimmar\n            \n            <figure class=\"w-4.5 h-4.5\" aria-hidden=\"true\">\n            <svg width=\"20\" height=\"20\" viewBox=\"0 0 20 20\" fill=\"none\"\nclass=\"SvgIconElement\">\n<path d=\"M15.8333 7.16667L9.99992 13L4.16659 7.16667\" stroke=\"currentColor\"\/>\n<\/svg>\n            <\/figure>\n        <\/button>\n        \n                <\/h3>\n        <div class=\"accordion-content\">\n            <div id=\"row-studietimmar-10\" role=\"region\" class=\"accordion-content-wrap\" aria-labelledby=\"studietimmar-10\">\n                                            <div class=\"wysiwyg\">\n                    <p>En studietimme = 45 minuter. <\/p>\n\n                <\/div>\n                                        <\/div>\n        <\/div>\n    <\/li>\n            <li class=\"accordion\" data-ui-accordion data-ui-accordion-open=\"false\">\n        <h3>\n        <button data-ui-accordion-button class=\"accordion-toggle font-bold\" aria-expanded=\"false\" aria-controls=\"row-tillganglighet-11\" id=\"tillganglighet-11\">\n            Tillg\u00e4nglighet\n            \n            <figure class=\"w-4.5 h-4.5\" aria-hidden=\"true\">\n            <svg width=\"20\" height=\"20\" viewBox=\"0 0 20 20\" fill=\"none\"\nclass=\"SvgIconElement\">\n<path d=\"M15.8333 7.16667L9.99992 13L4.16659 7.16667\" stroke=\"currentColor\"\/>\n<\/svg>\n            <\/figure>\n        <\/button>\n        \n                <\/h3>\n        <div class=\"accordion-content\">\n            <div id=\"row-tillganglighet-11\" role=\"region\" class=\"accordion-content-wrap\" aria-labelledby=\"tillganglighet-11\">\n                                            <div class=\"wysiwyg\">\n                    <p>Tillg\u00e4ngligheten i v\u00e5ra studielokaler varierar. Har du s\u00e4rskilda behov, kom ih\u00e5g att kontakta oss s\u00e5 tidigt som m\u00f6jligt inf\u00f6r kursstarten s\u00e5 att vi kan ge specifik information om just din studiecirkel eller kurs. <\/p>\n<p>Vi str\u00e4var efter att anpassa v\u00e5ra studielokaler s\u00e5 att alla personer ska kunna delta i v\u00e5r verksamhet. <\/p>\n\n                <\/div>\n                                        <\/div>\n        <\/div>\n    <\/li>\n    <\/ul>\n<div\n    class=\"acf-article-text-block article-container my-12\"\n    data-block=\"article-text-block\"\n>\n    <div class=\"wysiwyg\">\n        <p><em><span data-contrast=\"none\">Vi reserverar oss f\u00f6r eventuella fel och \u00e4ndringar.<\/span><span data-ccp-props=\"{&quot;201341983&quot;:0,&quot;335559739&quot;:160,&quot;335559740&quot;:259}\">\u00a0<\/span><\/em><\/p>\n\n    <\/div>\n<\/div>\n","protected":false},"excerpt":{"rendered":"","protected":false},"author":59,"featured_media":0,"parent":707,"menu_order":0,"comment_status":"closed","ping_status":"closed","template":"","meta":{"_acf_changed":false,"footnotes":""},"class_list":["post-710","page","type-page","status-publish","hentry"],"acf":[],"yoast_head":"<!-- This site is optimized with the Yoast SEO plugin v27.0 - https:\/\/yoast.com\/product\/yoast-seo-wordpress\/ -->\n<title>Villkor vid anm\u00e4lan - S\u00f6dert\u00f6rn<\/title>\n<meta name=\"robots\" content=\"index, follow, max-snippet:-1, max-image-preview:large, max-video-preview:-1\" \/>\n<link rel=\"canonical\" href=\"https:\/\/www.abf.se\/sodertorn\/kurser-och-studiecirklar\/villkor-vid-anmalan\/\" \/>\n<meta property=\"og:locale\" content=\"sv_SE\" \/>\n<meta property=\"og:type\" content=\"article\" \/>\n<meta property=\"og:title\" content=\"Villkor vid anm\u00e4lan - S\u00f6dert\u00f6rn\" \/>\n<meta property=\"og:url\" content=\"https:\/\/www.abf.se\/sodertorn\/kurser-och-studiecirklar\/villkor-vid-anmalan\/\" \/>\n<meta property=\"og:site_name\" content=\"S\u00f6dert\u00f6rn\" \/>\n<meta property=\"article:modified_time\" content=\"2025-10-17T09:44:37+00:00\" \/>\n<meta property=\"og:image\" content=\"https:\/\/www.abf.se\/wp-content\/uploads\/sites\/49\/2024\/04\/Nyckeln-liggande-scaled.jpg\" \/>\n\t<meta property=\"og:image:width\" content=\"2560\" \/>\n\t<meta property=\"og:image:height\" content=\"1440\" \/>\n\t<meta property=\"og:image:type\" content=\"image\/jpeg\" \/>\n<meta name=\"twitter:card\" content=\"summary_large_image\" \/>\n<script type=\"application\/ld+json\" class=\"yoast-schema-graph\">{\"@context\":\"https:\/\/schema.org\",\"@graph\":[{\"@type\":\"WebPage\",\"@id\":\"https:\/\/www.abf.se\/sodertorn\/kurser-och-studiecirklar\/villkor-vid-anmalan\/\",\"url\":\"https:\/\/www.abf.se\/sodertorn\/kurser-och-studiecirklar\/villkor-vid-anmalan\/\",\"name\":\"Villkor vid anm\u00e4lan - S\u00f6dert\u00f6rn\",\"isPartOf\":{\"@id\":\"https:\/\/www.abf.se\/sodertorn\/#website\"},\"datePublished\":\"2024-04-11T15:58:56+00:00\",\"dateModified\":\"2025-10-17T09:44:37+00:00\",\"breadcrumb\":{\"@id\":\"https:\/\/www.abf.se\/sodertorn\/kurser-och-studiecirklar\/villkor-vid-anmalan\/#breadcrumb\"},\"inLanguage\":\"sv-SE\",\"potentialAction\":[{\"@type\":\"ReadAction\",\"target\":[\"https:\/\/www.abf.se\/sodertorn\/kurser-och-studiecirklar\/villkor-vid-anmalan\/\"]}]},{\"@type\":\"BreadcrumbList\",\"@id\":\"https:\/\/www.abf.se\/sodertorn\/kurser-och-studiecirklar\/villkor-vid-anmalan\/#breadcrumb\",\"itemListElement\":[{\"@type\":\"ListItem\",\"position\":1,\"name\":\"Home\",\"item\":\"https:\/\/www.abf.se\/sodertorn\/\"},{\"@type\":\"ListItem\",\"position\":2,\"name\":\"G\u00e5 en kurs hos ABF S\u00f6dert\u00f6rn\",\"item\":\"https:\/\/www.abf.se\/sodertorn\/kurser-och-studiecirklar\/\"},{\"@type\":\"ListItem\",\"position\":3,\"name\":\"Villkor vid anm\u00e4lan\"}]},{\"@type\":\"WebSite\",\"@id\":\"https:\/\/www.abf.se\/sodertorn\/#website\",\"url\":\"https:\/\/www.abf.se\/sodertorn\/\",\"name\":\"S\u00f6dert\u00f6rn\",\"description\":\"\",\"potentialAction\":[{\"@type\":\"SearchAction\",\"target\":{\"@type\":\"EntryPoint\",\"urlTemplate\":\"https:\/\/www.abf.se\/sodertorn\/?s={search_term_string}\"},\"query-input\":{\"@type\":\"PropertyValueSpecification\",\"valueRequired\":true,\"valueName\":\"search_term_string\"}}],\"inLanguage\":\"sv-SE\"}]}<\/script>\n<!-- \/ Yoast SEO plugin. -->","yoast_head_json":{"title":"Villkor vid anm\u00e4lan - S\u00f6dert\u00f6rn","robots":{"index":"index","follow":"follow","max-snippet":"max-snippet:-1","max-image-preview":"max-image-preview:large","max-video-preview":"max-video-preview:-1"},"canonical":"https:\/\/www.abf.se\/sodertorn\/kurser-och-studiecirklar\/villkor-vid-anmalan\/","og_locale":"sv_SE","og_type":"article","og_title":"Villkor vid anm\u00e4lan - S\u00f6dert\u00f6rn","og_url":"https:\/\/www.abf.se\/sodertorn\/kurser-och-studiecirklar\/villkor-vid-anmalan\/","og_site_name":"S\u00f6dert\u00f6rn","article_modified_time":"2025-10-17T09:44:37+00:00","og_image":[{"width":2560,"height":1440,"url":"https:\/\/www.abf.se\/wp-content\/uploads\/sites\/49\/2024\/04\/Nyckeln-liggande-scaled.jpg","type":"image\/jpeg"}],"twitter_card":"summary_large_image","schema":{"@context":"https:\/\/schema.org","@graph":[{"@type":"WebPage","@id":"https:\/\/www.abf.se\/sodertorn\/kurser-och-studiecirklar\/villkor-vid-anmalan\/","url":"https:\/\/www.abf.se\/sodertorn\/kurser-och-studiecirklar\/villkor-vid-anmalan\/","name":"Villkor vid anm\u00e4lan - S\u00f6dert\u00f6rn","isPartOf":{"@id":"https:\/\/www.abf.se\/sodertorn\/#website"},"datePublished":"2024-04-11T15:58:56+00:00","dateModified":"2025-10-17T09:44:37+00:00","breadcrumb":{"@id":"https:\/\/www.abf.se\/sodertorn\/kurser-och-studiecirklar\/villkor-vid-anmalan\/#breadcrumb"},"inLanguage":"sv-SE","potentialAction":[{"@type":"ReadAction","target":["https:\/\/www.abf.se\/sodertorn\/kurser-och-studiecirklar\/villkor-vid-anmalan\/"]}]},{"@type":"BreadcrumbList","@id":"https:\/\/www.abf.se\/sodertorn\/kurser-och-studiecirklar\/villkor-vid-anmalan\/#breadcrumb","itemListElement":[{"@type":"ListItem","position":1,"name":"Home","item":"https:\/\/www.abf.se\/sodertorn\/"},{"@type":"ListItem","position":2,"name":"G\u00e5 en kurs hos ABF S\u00f6dert\u00f6rn","item":"https:\/\/www.abf.se\/sodertorn\/kurser-och-studiecirklar\/"},{"@type":"ListItem","position":3,"name":"Villkor vid anm\u00e4lan"}]},{"@type":"WebSite","@id":"https:\/\/www.abf.se\/sodertorn\/#website","url":"https:\/\/www.abf.se\/sodertorn\/","name":"S\u00f6dert\u00f6rn","description":"","potentialAction":[{"@type":"SearchAction","target":{"@type":"EntryPoint","urlTemplate":"https:\/\/www.abf.se\/sodertorn\/?s={search_term_string}"},"query-input":{"@type":"PropertyValueSpecification","valueRequired":true,"valueName":"search_term_string"}}],"inLanguage":"sv-SE"}]}},"_links":{"self":[{"href":"https:\/\/www.abf.se\/sodertorn\/wp-json\/wp\/v2\/pages\/710","targetHints":{"allow":["GET"]}}],"collection":[{"href":"https:\/\/www.abf.se\/sodertorn\/wp-json\/wp\/v2\/pages"}],"about":[{"href":"https:\/\/www.abf.se\/sodertorn\/wp-json\/wp\/v2\/types\/page"}],"author":[{"embeddable":true,"href":"https:\/\/www.abf.se\/sodertorn\/wp-json\/wp\/v2\/users\/59"}],"replies":[{"embeddable":true,"href":"https:\/\/www.abf.se\/sodertorn\/wp-json\/wp\/v2\/comments?post=710"}],"version-history":[{"count":28,"href":"https:\/\/www.abf.se\/sodertorn\/wp-json\/wp\/v2\/pages\/710\/revisions"}],"predecessor-version":[{"id":2732,"href":"https:\/\/www.abf.se\/sodertorn\/wp-json\/wp\/v2\/pages\/710\/revisions\/2732"}],"up":[{"embeddable":true,"href":"https:\/\/www.abf.se\/sodertorn\/wp-json\/wp\/v2\/pages\/707"}],"wp:attachment":[{"href":"https:\/\/www.abf.se\/sodertorn\/wp-json\/wp\/v2\/media?parent=710"}],"curies":[{"name":"wp","href":"https:\/\/api.w.org\/{rel}","templated":true}]}}