{"id":1287,"date":"2026-03-10T10:11:27","date_gmt":"2026-03-10T09:11:27","guid":{"rendered":"https:\/\/www.abf.se\/sormland\/?page_id=1287"},"modified":"2026-03-13T07:50:43","modified_gmt":"2026-03-13T06:50:43","slug":"tre-traffar-minnen-moten-och-framtidstro","status":"publish","type":"page","link":"https:\/\/www.abf.se\/sormland\/tre-traffar-minnen-moten-och-framtidstro\/","title":{"rendered":"Tre tr\u00e4ffar \u2013 minnen, m\u00f6ten och framtidstro"},"content":{"rendered":"<div\n    class=\"acf-plain-heading-block container my-16\"\n    data-block=\"plain-heading-block\"\n>\n    <div class=\"max-w-[658px] mx-auto\">\n                <h1 class=\"hero-heading\"><span>Tre tr\u00e4ffar \u2013 minnen, m\u00f6ten och framtidstro<\/span><\/h1>\n                            <p class=\"mt-8 body-xl text-black\">\n                I samband med projektet &#8221;Motverka ofrivillig ensamhet (MOE)&#8221; spelade fotografen Dick\u00a0Lundberg in sina samtal med n\u00e5gra m\u00e4nniskor, som f\u00e5r ge sin\u00a0bild och dela med sig av sina ber\u00e4ttelser och minnen. Ett studiematerial har d\u00e4refter tagits fram, f\u00f6r att under tre tr\u00e4ffar ge de utsatta en nyckel till social trygghet. Studiematerialet bygger p\u00e5 tre filmer och tre tr\u00e4ffar.<br \/>\r\n<br \/>\r\n&#8221;En avspegling av d\u00e5tid som lever vidare in i nutid.&#8221;<br \/>\r\n<br \/>\r\nSe en liten teaser fr\u00e5n filmerna h\u00e4r nedan&#8230;<br \/>\r\n\n            <\/p>\n            <\/div>\n<\/div>\n<div\n        class=\"acf-article-video-block article-container-lg my-12 external-video\"\n        data-block=\"article-video-block\"\n    >\n                    <h2 class=\"heading-md mb-3 text-black\">Tre tr\u00e4ffar \u2013 minnen, m\u00f6ten och framtidstro<\/h2>\n                \n                    <iframe loading=\"lazy\" title=\"Tre tr\u00e4ffar \u2013 minnen, m\u00f6ten och framtidstro\" width=\"500\" height=\"281\" src=\"https:\/\/www.youtube.com\/embed\/EnuFrWERINk?feature=oembed\" frameborder=\"0\" allow=\"accelerometer; autoplay; clipboard-write; encrypted-media; gyroscope; picture-in-picture; web-share\" referrerpolicy=\"strict-origin-when-cross-origin\" allowfullscreen><\/iframe>\n                            <\/div>\n<div\n    class=\"acf-article-text-block article-container my-12\"\n    data-block=\"article-text-block\"\n>\n    <div class=\"wysiwyg\">\n        <p>Syftet med materialet \u00e4r att ge \u00e4ldre en trygg och social m\u00f6tesplats d\u00e4r filmer anv\u00e4nds f\u00f6r att v\u00e4cka minnen, skapa samtal och st\u00e4rka k\u00e4nslan av delaktighet.<\/p>\n<p>Genom att dela livserfarenheter, minnen och reflektioner om Sverige f\u00f6rr, nu och i framtiden st\u00e4rks b\u00e5de sj\u00e4lvk\u00e4nsla och gemenskap, samtidigt som ofrivillig ensamhet motverkas.<\/p>\n<p>Varje tr\u00e4ff bygger p\u00e5 en v\u00e4lkomnande fika, en trygg atmosf\u00e4r och samtal som skapar nya relationer och uppmuntrar deltagarna att forts\u00e4tta bes\u00f6ka m\u00f6tesplatser.<\/p>\n<p>Filmerna fungerar som en social nyckel som ger n\u00e5got att samlas kring, skratta \u00e5t och k\u00e4nna igen sig i, och deltagarnas ber\u00e4ttelser kan dessutom dokumenteras och bevaras f\u00f6r framtida generationer. Digitaliseringen lyfts fram som en m\u00f6jlighet som g\u00f6r allt detta m\u00f6jligt, snarare \u00e4n ett hinder<\/p>\n<p>F\u00f6r mer info &amp; kontakt: <a href=\"mailto:kenneth.hagberg@abf.se\">kenneth.hagberg@abf.se<\/a> eller <a href=\"+46155150938\">0155-15 09 38<\/a><\/p>\n\n    <\/div>\n<\/div>\n","protected":false},"excerpt":{"rendered":"","protected":false},"author":112,"featured_media":0,"parent":0,"menu_order":0,"comment_status":"closed","ping_status":"closed","template":"","meta":{"_acf_changed":false,"footnotes":""},"class_list":["post-1287","page","type-page","status-publish","hentry"],"acf":[],"yoast_head":"<!-- This site is optimized with the Yoast SEO plugin v27.0 - https:\/\/yoast.com\/product\/yoast-seo-wordpress\/ -->\n<title>Tre tr\u00e4ffar \u2013 minnen, m\u00f6ten och framtidstro - S\u00f6rmland<\/title>\n<meta name=\"robots\" content=\"index, follow, max-snippet:-1, max-image-preview:large, max-video-preview:-1\" \/>\n<link rel=\"canonical\" href=\"https:\/\/www.abf.se\/sormland\/tre-traffar-minnen-moten-och-framtidstro\/\" \/>\n<meta property=\"og:locale\" content=\"sv_SE\" \/>\n<meta property=\"og:type\" content=\"article\" \/>\n<meta property=\"og:title\" content=\"Tre tr\u00e4ffar \u2013 minnen, m\u00f6ten och framtidstro - S\u00f6rmland\" \/>\n<meta property=\"og:url\" content=\"https:\/\/www.abf.se\/sormland\/tre-traffar-minnen-moten-och-framtidstro\/\" \/>\n<meta property=\"og:site_name\" content=\"S\u00f6rmland\" \/>\n<meta property=\"article:modified_time\" content=\"2026-03-13T06:50:43+00:00\" \/>\n<meta property=\"og:image\" content=\"https:\/\/www.abf.se\/wp-content\/uploads\/sites\/52\/2024\/04\/Nyckeln-liggande-scaled.jpg\" \/>\n\t<meta property=\"og:image:width\" content=\"2560\" \/>\n\t<meta property=\"og:image:height\" content=\"1440\" \/>\n\t<meta property=\"og:image:type\" content=\"image\/jpeg\" \/>\n<meta name=\"twitter:card\" content=\"summary_large_image\" \/>\n<script type=\"application\/ld+json\" class=\"yoast-schema-graph\">{\"@context\":\"https:\/\/schema.org\",\"@graph\":[{\"@type\":\"WebPage\",\"@id\":\"https:\/\/www.abf.se\/sormland\/tre-traffar-minnen-moten-och-framtidstro\/\",\"url\":\"https:\/\/www.abf.se\/sormland\/tre-traffar-minnen-moten-och-framtidstro\/\",\"name\":\"Tre tr\u00e4ffar \u2013 minnen, m\u00f6ten och framtidstro - S\u00f6rmland\",\"isPartOf\":{\"@id\":\"https:\/\/www.abf.se\/sormland\/#website\"},\"datePublished\":\"2026-03-10T09:11:27+00:00\",\"dateModified\":\"2026-03-13T06:50:43+00:00\",\"breadcrumb\":{\"@id\":\"https:\/\/www.abf.se\/sormland\/tre-traffar-minnen-moten-och-framtidstro\/#breadcrumb\"},\"inLanguage\":\"sv-SE\",\"potentialAction\":[{\"@type\":\"ReadAction\",\"target\":[\"https:\/\/www.abf.se\/sormland\/tre-traffar-minnen-moten-och-framtidstro\/\"]}]},{\"@type\":\"BreadcrumbList\",\"@id\":\"https:\/\/www.abf.se\/sormland\/tre-traffar-minnen-moten-och-framtidstro\/#breadcrumb\",\"itemListElement\":[{\"@type\":\"ListItem\",\"position\":1,\"name\":\"Home\",\"item\":\"https:\/\/www.abf.se\/sormland\/\"},{\"@type\":\"ListItem\",\"position\":2,\"name\":\"Tre tr\u00e4ffar \u2013 minnen, m\u00f6ten och framtidstro\"}]},{\"@type\":\"WebSite\",\"@id\":\"https:\/\/www.abf.se\/sormland\/#website\",\"url\":\"https:\/\/www.abf.se\/sormland\/\",\"name\":\"S\u00f6rmland\",\"description\":\"\",\"potentialAction\":[{\"@type\":\"SearchAction\",\"target\":{\"@type\":\"EntryPoint\",\"urlTemplate\":\"https:\/\/www.abf.se\/sormland\/?s={search_term_string}\"},\"query-input\":{\"@type\":\"PropertyValueSpecification\",\"valueRequired\":true,\"valueName\":\"search_term_string\"}}],\"inLanguage\":\"sv-SE\"}]}<\/script>\n<!-- \/ Yoast SEO plugin. -->","yoast_head_json":{"title":"Tre tr\u00e4ffar \u2013 minnen, m\u00f6ten och framtidstro - S\u00f6rmland","robots":{"index":"index","follow":"follow","max-snippet":"max-snippet:-1","max-image-preview":"max-image-preview:large","max-video-preview":"max-video-preview:-1"},"canonical":"https:\/\/www.abf.se\/sormland\/tre-traffar-minnen-moten-och-framtidstro\/","og_locale":"sv_SE","og_type":"article","og_title":"Tre tr\u00e4ffar \u2013 minnen, m\u00f6ten och framtidstro - S\u00f6rmland","og_url":"https:\/\/www.abf.se\/sormland\/tre-traffar-minnen-moten-och-framtidstro\/","og_site_name":"S\u00f6rmland","article_modified_time":"2026-03-13T06:50:43+00:00","og_image":[{"width":2560,"height":1440,"url":"https:\/\/www.abf.se\/wp-content\/uploads\/sites\/52\/2024\/04\/Nyckeln-liggande-scaled.jpg","type":"image\/jpeg"}],"twitter_card":"summary_large_image","schema":{"@context":"https:\/\/schema.org","@graph":[{"@type":"WebPage","@id":"https:\/\/www.abf.se\/sormland\/tre-traffar-minnen-moten-och-framtidstro\/","url":"https:\/\/www.abf.se\/sormland\/tre-traffar-minnen-moten-och-framtidstro\/","name":"Tre tr\u00e4ffar \u2013 minnen, m\u00f6ten och framtidstro - S\u00f6rmland","isPartOf":{"@id":"https:\/\/www.abf.se\/sormland\/#website"},"datePublished":"2026-03-10T09:11:27+00:00","dateModified":"2026-03-13T06:50:43+00:00","breadcrumb":{"@id":"https:\/\/www.abf.se\/sormland\/tre-traffar-minnen-moten-och-framtidstro\/#breadcrumb"},"inLanguage":"sv-SE","potentialAction":[{"@type":"ReadAction","target":["https:\/\/www.abf.se\/sormland\/tre-traffar-minnen-moten-och-framtidstro\/"]}]},{"@type":"BreadcrumbList","@id":"https:\/\/www.abf.se\/sormland\/tre-traffar-minnen-moten-och-framtidstro\/#breadcrumb","itemListElement":[{"@type":"ListItem","position":1,"name":"Home","item":"https:\/\/www.abf.se\/sormland\/"},{"@type":"ListItem","position":2,"name":"Tre tr\u00e4ffar \u2013 minnen, m\u00f6ten och framtidstro"}]},{"@type":"WebSite","@id":"https:\/\/www.abf.se\/sormland\/#website","url":"https:\/\/www.abf.se\/sormland\/","name":"S\u00f6rmland","description":"","potentialAction":[{"@type":"SearchAction","target":{"@type":"EntryPoint","urlTemplate":"https:\/\/www.abf.se\/sormland\/?s={search_term_string}"},"query-input":{"@type":"PropertyValueSpecification","valueRequired":true,"valueName":"search_term_string"}}],"inLanguage":"sv-SE"}]}},"_links":{"self":[{"href":"https:\/\/www.abf.se\/sormland\/wp-json\/wp\/v2\/pages\/1287","targetHints":{"allow":["GET"]}}],"collection":[{"href":"https:\/\/www.abf.se\/sormland\/wp-json\/wp\/v2\/pages"}],"about":[{"href":"https:\/\/www.abf.se\/sormland\/wp-json\/wp\/v2\/types\/page"}],"author":[{"embeddable":true,"href":"https:\/\/www.abf.se\/sormland\/wp-json\/wp\/v2\/users\/112"}],"replies":[{"embeddable":true,"href":"https:\/\/www.abf.se\/sormland\/wp-json\/wp\/v2\/comments?post=1287"}],"version-history":[{"count":12,"href":"https:\/\/www.abf.se\/sormland\/wp-json\/wp\/v2\/pages\/1287\/revisions"}],"predecessor-version":[{"id":1314,"href":"https:\/\/www.abf.se\/sormland\/wp-json\/wp\/v2\/pages\/1287\/revisions\/1314"}],"wp:attachment":[{"href":"https:\/\/www.abf.se\/sormland\/wp-json\/wp\/v2\/media?parent=1287"}],"curies":[{"name":"wp","href":"https:\/\/api.w.org\/{rel}","templated":true}]}}