{"id":117,"date":"2024-04-08T13:39:38","date_gmt":"2024-04-08T11:39:38","guid":{"rendered":"https:\/\/www.abf.se\/varmland\/?page_id=117"},"modified":"2024-04-24T19:27:30","modified_gmt":"2024-04-24T17:27:30","slug":"projekt","status":"publish","type":"page","link":"https:\/\/www.abf.se\/varmland\/var-verksamhet\/projekt\/","title":{"rendered":"Projekt"},"content":{"rendered":"<div\n    class=\"acf-hero-block container-lg no-padding mb-12 js-geolocation\"\n    data-block=\"hero-block\"\n    data-index=\"0\"\n>\n    <div class=\"h-[548px]  relative rounded-[32px] overflow-hidden flex bg-gray-light\">\n        <div class=\"relative z-10 mt-auto h-auto w-full md:h-full\">\n            <div class=\"flex w-full h-full flex-col flex-wrap justify-end w-full md:w-7\/12 lg:w-1\/2 md:justify-center\">\n                <div class=\"flex flex-col gap-3 md:gap-[18px] md:transparent pt-16 pb-36 md:py-8 px-4 w-full md:max-w-[620px] mx-auto px-8\">\n\n                    <h1 class=\"hero-heading hero-heading--red-text\"><span>Projekt hos ABF V\u00e4rmland<\/span><\/h1>\n\n                    \n                                    <\/div>\n            <\/div>\n        <\/div>\n\n                    <picture class=\"as-background-image mix-blend-multiply bg-black\/40\"><img decoding=\"async\" src=\"https:\/\/www.abf.se\/varmland\/resized\/?url=https%3A%2F%2Fwww.abf.se%2Fwp-content%2Fuploads%2F2023%2F11%2FNyckeln-liggande_IMGP.jpg&#038;fit=crop&#038;w=1440&#038;s=28cf45efb5812eea95f3f39b5ea7c51a\" srcset=\"https:\/\/www.abf.se\/varmland\/resized\/?url=https%3A%2F%2Fwww.abf.se%2Fwp-content%2Fuploads%2F2023%2F11%2FNyckeln-liggande_IMGP.jpg&#038;fit=crop&#038;w=375&#038;h=540&#038;s=52c508ee5016d8a97c0c433242237da0 375w, https:\/\/www.abf.se\/varmland\/resized\/?url=https%3A%2F%2Fwww.abf.se%2Fwp-content%2Fuploads%2F2023%2F11%2FNyckeln-liggande_IMGP.jpg&#038;fit=crop&#038;w=447&#038;h=540&#038;s=5a76ce5bf1c48761803c2e694b992f30 447w, https:\/\/www.abf.se\/varmland\/resized\/?url=https%3A%2F%2Fwww.abf.se%2Fwp-content%2Fuploads%2F2023%2F11%2FNyckeln-liggande_IMGP.jpg&#038;fit=crop&#038;w=519&#038;h=540&#038;s=ef48dd76a3187c6c616e832375607fdd 519w, https:\/\/www.abf.se\/varmland\/resized\/?url=https%3A%2F%2Fwww.abf.se%2Fwp-content%2Fuploads%2F2023%2F11%2FNyckeln-liggande_IMGP.jpg&#038;fit=crop&#038;w=591&#038;h=540&#038;s=900acae04d52faa6a3460e681fe70811 591w, https:\/\/www.abf.se\/varmland\/resized\/?url=https%3A%2F%2Fwww.abf.se%2Fwp-content%2Fuploads%2F2023%2F11%2FNyckeln-liggande_IMGP.jpg&#038;fit=crop&#038;w=663&#038;h=540&#038;s=4e2f74d8baa7886b860a8124711c5373 663w, https:\/\/www.abf.se\/varmland\/resized\/?url=https%3A%2F%2Fwww.abf.se%2Fwp-content%2Fuploads%2F2023%2F11%2FNyckeln-liggande_IMGP.jpg&#038;fit=crop&#038;w=750&#038;h=540&#038;s=2da6756108c09e4d5e048f3c5c885e4a 750w, https:\/\/www.abf.se\/varmland\/resized\/?url=https%3A%2F%2Fwww.abf.se%2Fwp-content%2Fuploads%2F2023%2F11%2FNyckeln-liggande_IMGP.jpg&#038;fit=crop&#038;w=894&#038;h=540&#038;s=190a992757ebef1698f3ab13294e2746 894w, https:\/\/www.abf.se\/varmland\/resized\/?url=https%3A%2F%2Fwww.abf.se%2Fwp-content%2Fuploads%2F2023%2F11%2FNyckeln-liggande_IMGP.jpg&#038;fit=crop&#038;w=1038&#038;h=540&#038;s=721fd4b51228c0f9742bcb8c408cfaed 1038w, https:\/\/www.abf.se\/varmland\/resized\/?url=https%3A%2F%2Fwww.abf.se%2Fwp-content%2Fuploads%2F2023%2F11%2FNyckeln-liggande_IMGP.jpg&#038;fit=crop&#038;w=1182&#038;h=540&#038;s=cd8a19e60b053bc45a4d14744f8f109d 1182w, https:\/\/www.abf.se\/varmland\/resized\/?url=https%3A%2F%2Fwww.abf.se%2Fwp-content%2Fuploads%2F2023%2F11%2FNyckeln-liggande_IMGP.jpg&#038;fit=crop&#038;w=1326&#038;h=540&#038;s=7e020d075bc1138ed76eb424370c34a0 1326w, https:\/\/www.abf.se\/varmland\/resized\/?url=https%3A%2F%2Fwww.abf.se%2Fwp-content%2Fuploads%2F2023%2F11%2FNyckeln-liggande_IMGP.jpg&#038;fit=crop&#038;w=1440&#038;h=540&#038;s=c794b0a0c67358c67043fa6fb63d4988 1440w\" alt=\"\" height=\"540\" width=\"1440\" sizes=\"(max-width: 1440px) calc(100vw - 32px), 1440px\" loading=\"eager\" fetchpriority=\"high\" aria-hidden=\"true\" role=\"presentation\" \/><\/picture>\n        \n\n            <\/div>\n\n    <\/div>\n\n<div\n    class=\"acf-plain-heading-block container my-16\"\n    data-block=\"plain-heading-block\"\n>\n    <div class=\"max-w-[658px] mx-auto\">\n                            <p class=\"mt-8 body-xl text-black\">\n                Ut\u00f6ver studiecirklar, kulturarrangemang och annan folkbildning bedriver ABF V\u00e4rmland \u00e4ven verksamhet i projektform.  H\u00e4r kan du l\u00e4sa om v\u00e5ra p\u00e5g\u00e5ende projekt men \u00e4ven ta del av v\u00e5ra avslutade projekt\n            <\/p>\n            <\/div>\n<\/div>\n<div\n    class=\"acf-article-text-block article-container my-12\"\n    data-block=\"article-text-block\"\n>\n    <div class=\"wysiwyg\">\n        <h2 style=\"text-align: center\">V\u00e5ra p\u00e5g\u00e5ende projekt<\/h2>\n\n    <\/div>\n<\/div>\n<div\n    class=\"acf-text-image-block container bg-gray-light py-12 md:py-15\"\n    data-block=\"text-image-block\"\n>\n    <div\n    class=\"flex flex-col items-center md:flex-row gap-8 md:gap-0 justify-center\">\n        \n        <div class=\"w-full md:w-1\/2 md:order-2\">\n        <div class=\"mx-auto md:max-w-[368px]\">\n            <h2 class=\"heading-lg\">De \u00e4r h\u00e4r<\/h2>\n            <div class=\"mb-6 mt-4 wysiwyg\">\n                <p>\u00c5ret var 1945 och andra v\u00e4rldskriget hade precis tagit slut. I juli stannade ett t\u00e5g till p\u00e5 Herrhagen i Karlstad och av klev eller bars kvinnor som \u00f6verlevt F\u00f6rintelsen. Sommaren 2023 inledde ABF V\u00e4rmland tillsammans med polsksvenska skribenten Karolina Dzieciolowska ett nytt projekt med namnet &#8221;De \u00e4r h\u00e4r&#8221;.<\/p>\n\n            <\/div>\n                                            <a href='https:\/\/www.abf.se\/varmland\/nyheter\/vilka-var-de-judiska-kvinnorna\/' class=\"default-button\" target=\"\">L\u00e4s mer om starten av De \u00e4r h\u00e4r<\/a>\n                    <\/div>\n        <\/div>\n    <\/div>\n<\/div><div\n    class=\"acf-text-image-block container bg-gray-light py-12 md:py-15\"\n    data-block=\"text-image-block\"\n>\n    <div\n    class=\"flex flex-col items-center md:flex-row gap-8 md:gap-0 justify-between\">\n                        <div class=\"w-full md:w-1\/2 md:order-2\">\n            <picture><img decoding=\"async\" src=\"https:\/\/www.abf.se\/varmland\/resized\/?url=https%3A%2F%2Fwww.abf.se%2Fwp-content%2Fuploads%2F2023%2F11%2Fglada-kramar-foto-iStock_IMGP-1.jpg&#038;fit=crop&#038;w=578&#038;s=5080737cffd7262c9870f7e9bdfaba81\" srcset=\"https:\/\/www.abf.se\/varmland\/resized\/?url=https%3A%2F%2Fwww.abf.se%2Fwp-content%2Fuploads%2F2023%2F11%2Fglada-kramar-foto-iStock_IMGP-1.jpg&#038;fit=crop&#038;w=144&#038;h=126&#038;s=d3551dba85bf04975fcf8b315f01c538 144w, https:\/\/www.abf.se\/varmland\/resized\/?url=https%3A%2F%2Fwww.abf.se%2Fwp-content%2Fuploads%2F2023%2F11%2Fglada-kramar-foto-iStock_IMGP-1.jpg&#038;fit=crop&#038;w=240&#038;h=211&#038;s=48f193fa49a4031c69ad13bbfaa37e66 240w, https:\/\/www.abf.se\/varmland\/resized\/?url=https%3A%2F%2Fwww.abf.se%2Fwp-content%2Fuploads%2F2023%2F11%2Fglada-kramar-foto-iStock_IMGP-1.jpg&#038;fit=crop&#038;w=288&#038;h=253&#038;s=edfaf6a4f6a82e98dd084dc8e85c6095 288w, https:\/\/www.abf.se\/varmland\/resized\/?url=https%3A%2F%2Fwww.abf.se%2Fwp-content%2Fuploads%2F2023%2F11%2Fglada-kramar-foto-iStock_IMGP-1.jpg&#038;fit=crop&#038;w=336&#038;h=295&#038;s=cd79c3b7aeda2f6f375a515d02cad21a 336w, https:\/\/www.abf.se\/varmland\/resized\/?url=https%3A%2F%2Fwww.abf.se%2Fwp-content%2Fuploads%2F2023%2F11%2Fglada-kramar-foto-iStock_IMGP-1.jpg&#038;fit=crop&#038;w=432&#038;h=380&#038;s=09974735732ed15b33923cd1ddc0b390 432w, https:\/\/www.abf.se\/varmland\/resized\/?url=https%3A%2F%2Fwww.abf.se%2Fwp-content%2Fuploads%2F2023%2F11%2Fglada-kramar-foto-iStock_IMGP-1.jpg&#038;fit=crop&#038;w=480&#038;h=422&#038;s=866a4d52e53c33ca1401d2bdcdb30ce5 480w, https:\/\/www.abf.se\/varmland\/resized\/?url=https%3A%2F%2Fwww.abf.se%2Fwp-content%2Fuploads%2F2023%2F11%2Fglada-kramar-foto-iStock_IMGP-1.jpg&#038;fit=crop&#038;w=528&#038;h=464&#038;s=255efc18624a81b66185ea3c2757f959 528w, https:\/\/www.abf.se\/varmland\/resized\/?url=https%3A%2F%2Fwww.abf.se%2Fwp-content%2Fuploads%2F2023%2F11%2Fglada-kramar-foto-iStock_IMGP-1.jpg&#038;fit=crop&#038;w=578&#038;h=509&#038;s=50ef52f7cb8115f649807d5e17d801b7 578w, https:\/\/www.abf.se\/varmland\/resized\/?url=https%3A%2F%2Fwww.abf.se%2Fwp-content%2Fuploads%2F2023%2F11%2Fglada-kramar-foto-iStock_IMGP-1.jpg&#038;fit=crop&#038;w=672&#038;h=591&#038;s=20588058a8ee47565a3a45360c01d9d8 672w, https:\/\/www.abf.se\/varmland\/resized\/?url=https%3A%2F%2Fwww.abf.se%2Fwp-content%2Fuploads%2F2023%2F11%2Fglada-kramar-foto-iStock_IMGP-1.jpg&#038;fit=crop&#038;w=864&#038;h=760&#038;s=1860073066ffb0ab87d092a1ae01390f 864w, https:\/\/www.abf.se\/varmland\/resized\/?url=https%3A%2F%2Fwww.abf.se%2Fwp-content%2Fuploads%2F2023%2F11%2Fglada-kramar-foto-iStock_IMGP-1.jpg&#038;fit=crop&#038;w=1056&#038;h=929&#038;s=295e8fd0a02b4c1ac882b8597afd7022 1056w\" alt=\"tre &auml;ldre kvinnor i f&auml;rgstarka kl&auml;der kramar om varandra och skrattar hj&auml;rtligt\" height=\"509\" width=\"578\" sizes=\"auto, (max-width: 768px) 100vw,\n                (max-width: 1280px) 50vw, 578px\" loading=\"lazy\" fetchpriority=\"low\" \/><\/picture>\n\n        <\/div>\n        \n        <div class=\"w-full md:w-1\/2 md:order-1\">\n        <div class=\"mx-auto md:max-w-[368px]\">\n            <h2 class=\"heading-lg\">L\u00e4sgl\u00e4dje f\u00f6r \u00e4ldre<\/h2>\n            <div class=\"mb-6 mt-4 wysiwyg\">\n                <p>L\u00e4sgl\u00e4dje f\u00f6r \u00e4ldre \u00e4r ett projekt som handlar om att pension\u00e4rer p\u00e5 frivillig basis l\u00e4ser f\u00f6r andra \u00e4ldre med olika funktionsneds\u00e4ttningar. <\/p>\n<p>Det \u00e4r ett samarbete mellan studief\u00f6rbund, Region V\u00e4rmland, samt Pension\u00e4rsorganisationerna SPF och PRO. Det startade som ett regionalt projekt under 2010-2012 och har blivit en l\u00e5ngsiktig verksamhet som fortsatt ute i kommunerna.<\/p>\n\n            <\/div>\n                    <\/div>\n        <\/div>\n    <\/div>\n<\/div><div\n    class=\"acf-article-text-block article-container my-12\"\n    data-block=\"article-text-block\"\n>\n    <div class=\"wysiwyg\">\n        \n    <\/div>\n<\/div>\n<div\n    class=\"acf-article-text-block article-container my-12\"\n    data-block=\"article-text-block\"\n>\n    <div class=\"wysiwyg\">\n        <h2 style=\"text-align: center\">N\u00e5gra av v\u00e5ra avslutade projekt<\/h2>\n\n    <\/div>\n<\/div>\n<div\n    class=\"acf-text-image-block container my-12 md:my-15\"\n    data-block=\"text-image-block\"\n>\n    <div\n    class=\"flex flex-col items-center md:flex-row gap-8 md:gap-0 justify-between\">\n                        <div class=\"w-full md:w-1\/2 md:order-2\">\n            <picture><img decoding=\"async\" src=\"https:\/\/www.abf.se\/varmland\/resized\/?url=https%3A%2F%2Fwww.abf.se%2Fwp-content%2Fuploads%2Fsites%2F54%2F2024%2F04%2F307281967_400803128872499_2166280833003669896_n.jpg&#038;fit=crop&#038;w=578&#038;s=720105dfb02ce70b10eef3b0d99005d8\" srcset=\"https:\/\/www.abf.se\/varmland\/resized\/?url=https%3A%2F%2Fwww.abf.se%2Fwp-content%2Fuploads%2Fsites%2F54%2F2024%2F04%2F307281967_400803128872499_2166280833003669896_n.jpg&#038;fit=crop&#038;w=144&#038;h=126&#038;s=e5ffb4220cb58309f2f21ef43c42bd29 144w, https:\/\/www.abf.se\/varmland\/resized\/?url=https%3A%2F%2Fwww.abf.se%2Fwp-content%2Fuploads%2Fsites%2F54%2F2024%2F04%2F307281967_400803128872499_2166280833003669896_n.jpg&#038;fit=crop&#038;w=240&#038;h=211&#038;s=a32efba6f6df9415d435f296aa86d744 240w, https:\/\/www.abf.se\/varmland\/resized\/?url=https%3A%2F%2Fwww.abf.se%2Fwp-content%2Fuploads%2Fsites%2F54%2F2024%2F04%2F307281967_400803128872499_2166280833003669896_n.jpg&#038;fit=crop&#038;w=288&#038;h=253&#038;s=36104f7d0ef78e0dab9fd42b9225f9b3 288w, https:\/\/www.abf.se\/varmland\/resized\/?url=https%3A%2F%2Fwww.abf.se%2Fwp-content%2Fuploads%2Fsites%2F54%2F2024%2F04%2F307281967_400803128872499_2166280833003669896_n.jpg&#038;fit=crop&#038;w=336&#038;h=295&#038;s=e665a9d5776fe062f09918f053b8ae50 336w, https:\/\/www.abf.se\/varmland\/resized\/?url=https%3A%2F%2Fwww.abf.se%2Fwp-content%2Fuploads%2Fsites%2F54%2F2024%2F04%2F307281967_400803128872499_2166280833003669896_n.jpg&#038;fit=crop&#038;w=432&#038;h=380&#038;s=3d0ffcb789b714b162038e1e95168fda 432w, https:\/\/www.abf.se\/varmland\/resized\/?url=https%3A%2F%2Fwww.abf.se%2Fwp-content%2Fuploads%2Fsites%2F54%2F2024%2F04%2F307281967_400803128872499_2166280833003669896_n.jpg&#038;fit=crop&#038;w=480&#038;h=422&#038;s=b87e43802f97893560764360f2880153 480w, https:\/\/www.abf.se\/varmland\/resized\/?url=https%3A%2F%2Fwww.abf.se%2Fwp-content%2Fuploads%2Fsites%2F54%2F2024%2F04%2F307281967_400803128872499_2166280833003669896_n.jpg&#038;fit=crop&#038;w=528&#038;h=464&#038;s=e3aef417947e900f120733987d4f0fc1 528w, https:\/\/www.abf.se\/varmland\/resized\/?url=https%3A%2F%2Fwww.abf.se%2Fwp-content%2Fuploads%2Fsites%2F54%2F2024%2F04%2F307281967_400803128872499_2166280833003669896_n.jpg&#038;fit=crop&#038;w=578&#038;h=509&#038;s=6c3bce564163a55866ae6f1877a69aa2 578w, https:\/\/www.abf.se\/varmland\/resized\/?url=https%3A%2F%2Fwww.abf.se%2Fwp-content%2Fuploads%2Fsites%2F54%2F2024%2F04%2F307281967_400803128872499_2166280833003669896_n.jpg&#038;fit=crop&#038;w=672&#038;h=591&#038;s=a540893af8e511a6e61c30ac0e74aa92 672w, https:\/\/www.abf.se\/varmland\/resized\/?url=https%3A%2F%2Fwww.abf.se%2Fwp-content%2Fuploads%2Fsites%2F54%2F2024%2F04%2F307281967_400803128872499_2166280833003669896_n.jpg&#038;fit=crop&#038;w=864&#038;h=760&#038;s=d17aa0b97c51d8f52a6b86f474b93189 864w, https:\/\/www.abf.se\/varmland\/resized\/?url=https%3A%2F%2Fwww.abf.se%2Fwp-content%2Fuploads%2Fsites%2F54%2F2024%2F04%2F307281967_400803128872499_2166280833003669896_n.jpg&#038;fit=crop&#038;w=1056&#038;h=929&#038;s=2425010ebb6e70483514aa4d88e60199 1056w\" alt=\"Bild en folksamling som sitter i ett ca&eacute; och lyssnar p&aring; en f&ouml;rel&auml;sning. En &auml;ldre dam sitter ensam i mitten v&auml;nd mot kameran\" height=\"509\" width=\"578\" sizes=\"auto, (max-width: 768px) 100vw,\n                (max-width: 1280px) 50vw, 578px\" loading=\"lazy\" fetchpriority=\"low\" \/><\/picture>\n\n        <\/div>\n        \n        <div class=\"w-full md:w-1\/2 md:order-1\">\n        <div class=\"mx-auto md:max-w-[368px]\">\n            <h2 class=\"heading-lg\">V\u00e4nner f\u00f6r livet<\/h2>\n            <div class=\"mb-6 mt-4 wysiwyg\">\n                <p>V\u00e4nner f\u00f6r livet var ett h\u00e4lsofr\u00e4mjande arvsfondsprojekt och ett samarbete mellan studief\u00f6rbundet ABF och Studief\u00f6rbundet Vuxenskolan. Projektet genomf\u00f6rdes 2020-2023. H\u00e4r skedde brevv\u00e4xling mellan seniorer och femteklassare, m\u00f6tesplatser skapades, utflykter, workshops och studiecirklar genomf\u00f6rdes.<\/p>\n\n            <\/div>\n                                            <a href='https:\/\/www.abf.se\/varmland\/nyheter\/vanner-for-livet\/' class=\"default-button\" target=\"\">L\u00e4s mer om V\u00e4nner f\u00f6r livet h\u00e4r<\/a>\n                    <\/div>\n        <\/div>\n    <\/div>\n<\/div><div\n    class=\"acf-text-image-block container my-12 md:my-15\"\n    data-block=\"text-image-block\"\n>\n    <div\n    class=\"flex flex-col items-center md:flex-row gap-8 md:gap-0 justify-between\">\n                        <div class=\"w-full md:w-1\/2 md:order-1\">\n            <picture><img decoding=\"async\" src=\"https:\/\/www.abf.se\/varmland\/resized\/?url=https%3A%2F%2Fwww.abf.se%2Fwp-content%2Fuploads%2F2023%2F11%2FMan-med-mobil-foto-Pexels-Kampus-production_IMGP.jpg&#038;fit=crop&#038;w=578&#038;s=f6f0b0511c9d21db42e409ec55dd7815\" srcset=\"https:\/\/www.abf.se\/varmland\/resized\/?url=https%3A%2F%2Fwww.abf.se%2Fwp-content%2Fuploads%2F2023%2F11%2FMan-med-mobil-foto-Pexels-Kampus-production_IMGP.jpg&#038;fit=crop&#038;w=144&#038;h=126&#038;s=6e423495ba41c3eb4e95b851fa56891e 144w, https:\/\/www.abf.se\/varmland\/resized\/?url=https%3A%2F%2Fwww.abf.se%2Fwp-content%2Fuploads%2F2023%2F11%2FMan-med-mobil-foto-Pexels-Kampus-production_IMGP.jpg&#038;fit=crop&#038;w=240&#038;h=211&#038;s=7ba50c282d6101479f183e4494bddb88 240w, https:\/\/www.abf.se\/varmland\/resized\/?url=https%3A%2F%2Fwww.abf.se%2Fwp-content%2Fuploads%2F2023%2F11%2FMan-med-mobil-foto-Pexels-Kampus-production_IMGP.jpg&#038;fit=crop&#038;w=288&#038;h=253&#038;s=6cd60b0c60b999729fd5369d88d7625f 288w, https:\/\/www.abf.se\/varmland\/resized\/?url=https%3A%2F%2Fwww.abf.se%2Fwp-content%2Fuploads%2F2023%2F11%2FMan-med-mobil-foto-Pexels-Kampus-production_IMGP.jpg&#038;fit=crop&#038;w=336&#038;h=295&#038;s=7d659c88d72720188110f9f0a94e67cd 336w, https:\/\/www.abf.se\/varmland\/resized\/?url=https%3A%2F%2Fwww.abf.se%2Fwp-content%2Fuploads%2F2023%2F11%2FMan-med-mobil-foto-Pexels-Kampus-production_IMGP.jpg&#038;fit=crop&#038;w=432&#038;h=380&#038;s=7c024c6b5a50e9c23d8595300c1dd7d2 432w, https:\/\/www.abf.se\/varmland\/resized\/?url=https%3A%2F%2Fwww.abf.se%2Fwp-content%2Fuploads%2F2023%2F11%2FMan-med-mobil-foto-Pexels-Kampus-production_IMGP.jpg&#038;fit=crop&#038;w=480&#038;h=422&#038;s=d06c55f796d9f08c98524f4ec487b3f9 480w, https:\/\/www.abf.se\/varmland\/resized\/?url=https%3A%2F%2Fwww.abf.se%2Fwp-content%2Fuploads%2F2023%2F11%2FMan-med-mobil-foto-Pexels-Kampus-production_IMGP.jpg&#038;fit=crop&#038;w=528&#038;h=464&#038;s=f2ad41cef3e5d51d44e1e3d57738918b 528w, https:\/\/www.abf.se\/varmland\/resized\/?url=https%3A%2F%2Fwww.abf.se%2Fwp-content%2Fuploads%2F2023%2F11%2FMan-med-mobil-foto-Pexels-Kampus-production_IMGP.jpg&#038;fit=crop&#038;w=578&#038;h=509&#038;s=890e5b896264dd2d9bdd195847d8ccb1 578w, https:\/\/www.abf.se\/varmland\/resized\/?url=https%3A%2F%2Fwww.abf.se%2Fwp-content%2Fuploads%2F2023%2F11%2FMan-med-mobil-foto-Pexels-Kampus-production_IMGP.jpg&#038;fit=crop&#038;w=672&#038;h=591&#038;s=2f1ec157e011d110f1b45adb5fd0d067 672w, https:\/\/www.abf.se\/varmland\/resized\/?url=https%3A%2F%2Fwww.abf.se%2Fwp-content%2Fuploads%2F2023%2F11%2FMan-med-mobil-foto-Pexels-Kampus-production_IMGP.jpg&#038;fit=crop&#038;w=864&#038;h=760&#038;s=986693db51e40d6c9d0e729a09b036df 864w, https:\/\/www.abf.se\/varmland\/resized\/?url=https%3A%2F%2Fwww.abf.se%2Fwp-content%2Fuploads%2F2023%2F11%2FMan-med-mobil-foto-Pexels-Kampus-production_IMGP.jpg&#038;fit=crop&#038;w=1056&#038;h=929&#038;s=1f7d0c6af4d31f57bc6dd9dcdc5f6995 1056w\" alt=\"&auml;ldre man tittar fokuserat p&aring; sin mobiltelefon\" height=\"509\" width=\"578\" sizes=\"auto, (max-width: 768px) 100vw,\n                (max-width: 1280px) 50vw, 578px\" loading=\"lazy\" fetchpriority=\"low\" \/><\/picture>\n\n        <\/div>\n        \n        <div class=\"w-full md:w-1\/2 md:order-2\">\n        <div class=\"mx-auto md:max-w-[368px]\">\n            <h2 class=\"heading-lg\">L\u00e4ra f\u00f6r livet &#8211; Socialstyrelseprojekt<\/h2>\n            <div class=\"mb-6 mt-4 wysiwyg\">\n                <p>Under h\u00f6sten\u202f2022 drev vi projektet L\u00e4ra f\u00f6r livet\u202fmed st\u00f6d av\u202fSocialstyrelsen. Projektets huvudm\u00e5l var att minska ofrivillig ensamhet bland \u00e4ldre (62+). De kommuner som ingick var Filipstad, Storfors, Forshaga, \u00c5rj\u00e4ng, Grums och Eda. L\u00e4ra f\u00f6r livet omfattades av tv\u00e5 delprojekt d\u00e4r ena delen var studiecirklar inom den digitala v\u00e4rlden och den andra var ett samarbete med lokala biografer d\u00e4r  deltagarna fick se film tillsammans som f\u00f6ljts av gruppdiskussioner tillsammans med en samtalsledare.\u202fEtt uppskattat projekt som n\u00e5dde mer \u00e4n 300 deltagare\u202fi de sex kommunerna.\u202f <\/p>\n\n            <\/div>\n                    <\/div>\n        <\/div>\n    <\/div>\n<\/div>","protected":false},"excerpt":{"rendered":"","protected":false},"author":63,"featured_media":0,"parent":30,"menu_order":0,"comment_status":"closed","ping_status":"closed","template":"","meta":{"_acf_changed":false,"footnotes":""},"class_list":["post-117","page","type-page","status-publish","hentry"],"acf":[],"yoast_head":"<!-- This site is optimized with the Yoast SEO plugin v27.0 - https:\/\/yoast.com\/product\/yoast-seo-wordpress\/ -->\n<title>Projekt - V\u00e4rmland<\/title>\n<meta name=\"robots\" content=\"index, follow, max-snippet:-1, max-image-preview:large, max-video-preview:-1\" \/>\n<link rel=\"canonical\" href=\"https:\/\/www.abf.se\/varmland\/var-verksamhet\/projekt\/\" \/>\n<meta property=\"og:locale\" content=\"sv_SE\" \/>\n<meta property=\"og:type\" content=\"article\" \/>\n<meta property=\"og:title\" content=\"Projekt - V\u00e4rmland\" \/>\n<meta property=\"og:url\" content=\"https:\/\/www.abf.se\/varmland\/var-verksamhet\/projekt\/\" \/>\n<meta property=\"og:site_name\" content=\"V\u00e4rmland\" \/>\n<meta property=\"article:modified_time\" content=\"2024-04-24T17:27:30+00:00\" \/>\n<meta property=\"og:image\" content=\"https:\/\/www.abf.se\/wp-content\/uploads\/sites\/54\/2024\/04\/Nyckeln-liggande-scaled.jpg\" \/>\n\t<meta property=\"og:image:width\" content=\"2560\" \/>\n\t<meta property=\"og:image:height\" content=\"1440\" \/>\n\t<meta property=\"og:image:type\" content=\"image\/jpeg\" \/>\n<meta name=\"twitter:card\" content=\"summary_large_image\" \/>\n<script type=\"application\/ld+json\" class=\"yoast-schema-graph\">{\"@context\":\"https:\/\/schema.org\",\"@graph\":[{\"@type\":\"WebPage\",\"@id\":\"https:\/\/www.abf.se\/varmland\/var-verksamhet\/projekt\/\",\"url\":\"https:\/\/www.abf.se\/varmland\/var-verksamhet\/projekt\/\",\"name\":\"Projekt - V\u00e4rmland\",\"isPartOf\":{\"@id\":\"https:\/\/www.abf.se\/varmland\/#website\"},\"datePublished\":\"2024-04-08T11:39:38+00:00\",\"dateModified\":\"2024-04-24T17:27:30+00:00\",\"breadcrumb\":{\"@id\":\"https:\/\/www.abf.se\/varmland\/var-verksamhet\/projekt\/#breadcrumb\"},\"inLanguage\":\"sv-SE\",\"potentialAction\":[{\"@type\":\"ReadAction\",\"target\":[\"https:\/\/www.abf.se\/varmland\/var-verksamhet\/projekt\/\"]}]},{\"@type\":\"BreadcrumbList\",\"@id\":\"https:\/\/www.abf.se\/varmland\/var-verksamhet\/projekt\/#breadcrumb\",\"itemListElement\":[{\"@type\":\"ListItem\",\"position\":1,\"name\":\"Home\",\"item\":\"https:\/\/www.abf.se\/varmland\/\"},{\"@type\":\"ListItem\",\"position\":2,\"name\":\"V\u00e5r verksamhet\",\"item\":\"https:\/\/www.abf.se\/varmland\/var-verksamhet\/\"},{\"@type\":\"ListItem\",\"position\":3,\"name\":\"Projekt\"}]},{\"@type\":\"WebSite\",\"@id\":\"https:\/\/www.abf.se\/varmland\/#website\",\"url\":\"https:\/\/www.abf.se\/varmland\/\",\"name\":\"V\u00e4rmland\",\"description\":\"\",\"potentialAction\":[{\"@type\":\"SearchAction\",\"target\":{\"@type\":\"EntryPoint\",\"urlTemplate\":\"https:\/\/www.abf.se\/varmland\/?s={search_term_string}\"},\"query-input\":{\"@type\":\"PropertyValueSpecification\",\"valueRequired\":true,\"valueName\":\"search_term_string\"}}],\"inLanguage\":\"sv-SE\"}]}<\/script>\n<!-- \/ Yoast SEO plugin. -->","yoast_head_json":{"title":"Projekt - V\u00e4rmland","robots":{"index":"index","follow":"follow","max-snippet":"max-snippet:-1","max-image-preview":"max-image-preview:large","max-video-preview":"max-video-preview:-1"},"canonical":"https:\/\/www.abf.se\/varmland\/var-verksamhet\/projekt\/","og_locale":"sv_SE","og_type":"article","og_title":"Projekt - V\u00e4rmland","og_url":"https:\/\/www.abf.se\/varmland\/var-verksamhet\/projekt\/","og_site_name":"V\u00e4rmland","article_modified_time":"2024-04-24T17:27:30+00:00","og_image":[{"width":2560,"height":1440,"url":"https:\/\/www.abf.se\/wp-content\/uploads\/sites\/54\/2024\/04\/Nyckeln-liggande-scaled.jpg","type":"image\/jpeg"}],"twitter_card":"summary_large_image","schema":{"@context":"https:\/\/schema.org","@graph":[{"@type":"WebPage","@id":"https:\/\/www.abf.se\/varmland\/var-verksamhet\/projekt\/","url":"https:\/\/www.abf.se\/varmland\/var-verksamhet\/projekt\/","name":"Projekt - V\u00e4rmland","isPartOf":{"@id":"https:\/\/www.abf.se\/varmland\/#website"},"datePublished":"2024-04-08T11:39:38+00:00","dateModified":"2024-04-24T17:27:30+00:00","breadcrumb":{"@id":"https:\/\/www.abf.se\/varmland\/var-verksamhet\/projekt\/#breadcrumb"},"inLanguage":"sv-SE","potentialAction":[{"@type":"ReadAction","target":["https:\/\/www.abf.se\/varmland\/var-verksamhet\/projekt\/"]}]},{"@type":"BreadcrumbList","@id":"https:\/\/www.abf.se\/varmland\/var-verksamhet\/projekt\/#breadcrumb","itemListElement":[{"@type":"ListItem","position":1,"name":"Home","item":"https:\/\/www.abf.se\/varmland\/"},{"@type":"ListItem","position":2,"name":"V\u00e5r verksamhet","item":"https:\/\/www.abf.se\/varmland\/var-verksamhet\/"},{"@type":"ListItem","position":3,"name":"Projekt"}]},{"@type":"WebSite","@id":"https:\/\/www.abf.se\/varmland\/#website","url":"https:\/\/www.abf.se\/varmland\/","name":"V\u00e4rmland","description":"","potentialAction":[{"@type":"SearchAction","target":{"@type":"EntryPoint","urlTemplate":"https:\/\/www.abf.se\/varmland\/?s={search_term_string}"},"query-input":{"@type":"PropertyValueSpecification","valueRequired":true,"valueName":"search_term_string"}}],"inLanguage":"sv-SE"}]}},"_links":{"self":[{"href":"https:\/\/www.abf.se\/varmland\/wp-json\/wp\/v2\/pages\/117","targetHints":{"allow":["GET"]}}],"collection":[{"href":"https:\/\/www.abf.se\/varmland\/wp-json\/wp\/v2\/pages"}],"about":[{"href":"https:\/\/www.abf.se\/varmland\/wp-json\/wp\/v2\/types\/page"}],"author":[{"embeddable":true,"href":"https:\/\/www.abf.se\/varmland\/wp-json\/wp\/v2\/users\/63"}],"replies":[{"embeddable":true,"href":"https:\/\/www.abf.se\/varmland\/wp-json\/wp\/v2\/comments?post=117"}],"version-history":[{"count":38,"href":"https:\/\/www.abf.se\/varmland\/wp-json\/wp\/v2\/pages\/117\/revisions"}],"predecessor-version":[{"id":966,"href":"https:\/\/www.abf.se\/varmland\/wp-json\/wp\/v2\/pages\/117\/revisions\/966"}],"up":[{"embeddable":true,"href":"https:\/\/www.abf.se\/varmland\/wp-json\/wp\/v2\/pages\/30"}],"wp:attachment":[{"href":"https:\/\/www.abf.se\/varmland\/wp-json\/wp\/v2\/media?parent=117"}],"curies":[{"name":"wp","href":"https:\/\/api.w.org\/{rel}","templated":true}]}}