{"id":1482,"date":"2024-07-03T16:01:43","date_gmt":"2024-07-03T14:01:43","guid":{"rendered":"https:\/\/www.abf.se\/goteborg\/?page_id=1482"},"modified":"2026-03-31T14:03:15","modified_gmt":"2026-03-31T12:03:15","slug":"cirkelledarutbildningar","status":"publish","type":"page","link":"https:\/\/www.abf.se\/vast\/cirkelledarutbildningar\/","title":{"rendered":"Cirkelledarutbildningar"},"content":{"rendered":"<div\n    class=\"acf-plain-heading-block container my-16\"\n    data-block=\"plain-heading-block\"\n>\n    <div class=\"max-w-[658px] mx-auto\">\n                <h1 class=\"hero-heading\"><span>Utbildningar f\u00f6r<br \/>\r\nABF V\u00e4sts cirkelledare<\/span><\/h1>\n                    <\/div>\n<\/div>\n<div\n    class=\"acf-article-text-block article-container my-12\"\n    data-block=\"article-text-block\"\n>\n    <div class=\"wysiwyg\">\n        <h3>Varmt v\u00e4lkommen till v\u00e5ra utbildningar f\u00f6r cirkelledare. Alla v\u00e5ra cirkelledarutbildningar \u00e4r kostnadsfria.<\/h3>\n<h3>Anm\u00e4lan g\u00f6rs direkt till din kontaktperson p\u00e5 ABF V\u00e4st.<\/h3>\n\n    <\/div>\n<\/div>\n<div\n    class=\"acf-article-text-block article-container my-12\"\n    data-block=\"article-text-block\"\n>\n    <div class=\"wysiwyg\">\n        <h2 style=\"text-align: center\"><span style=\"color: #009aa3\">GRUND<\/span><\/h2>\n<h3><span style=\"color: #009aa3\">Under utbildningen f\u00e5r du grundl\u00e4ggande kunskaper om vad folkbildning \u00e4r, studiecirkelns pedagogik, ABFs bildningssyn och rollen som ledare.<\/span><\/h3>\n\n    <\/div>\n<\/div>\n<div\n    class=\"acf-article-text-block article-container my-12\"\n    data-block=\"article-text-block\"\n>\n    <div class=\"wysiwyg\">\n        <h3>CIRKELLEDARUTBILDNING GRUND, V\u00c5REN 2026<\/h3>\n<p>V\u00e4lj ett av f\u00f6ljande tillf\u00e4llen:<\/p>\n<h3 class=\"cvGsUA direction-ltr align-start para-style-body\"><strong><span class=\"a_GcMg font-feature-liga-off font-feature-clig-off font-feature-calt-off text-decoration-none text-strikethrough-none\">M\u00f6lndal<\/span><\/strong><\/h3>\n<p class=\"cvGsUA direction-ltr align-start para-style-body\"><strong><span class=\"a_GcMg font-feature-liga-off font-feature-clig-off font-feature-calt-off text-decoration-none text-strikethrough-none\">Plats: Fr\u00f6lundagatan 37 i ABFs lokaler<\/span><\/strong><span class=\"a_GcMg font-feature-liga-off font-feature-clig-off font-feature-calt-off text-decoration-none text-strikethrough-none\"><br \/>\n<\/span><span class=\"a_GcMg font-feature-liga-off font-feature-clig-off font-feature-calt-off text-decoration-none text-strikethrough-none\">\u2022 Onsdag 15 april, kl 14:00\u201316:30<br \/>\n<\/span><span class=\"a_GcMg font-feature-liga-off font-feature-clig-off font-feature-calt-off text-decoration-none text-strikethrough-none\">\u2022 Onsdag 15 april, kl 18:00\u201320:30<\/span><\/p>\n<h3 class=\"cvGsUA direction-ltr align-start para-style-body\"><span class=\"a_GcMg font-feature-liga-off font-feature-clig-off font-feature-calt-off text-decoration-none text-strikethrough-none\">G\u00f6teborg<\/span><\/h3>\n<p class=\"cvGsUA direction-ltr align-start para-style-body\"><strong><span class=\"a_GcMg font-feature-liga-off font-feature-clig-off font-feature-calt-off text-decoration-none text-strikethrough-none\">Plats: Meddelas vid kallelse<\/span><\/strong><span class=\"a_GcMg font-feature-liga-off font-feature-clig-off font-feature-calt-off text-decoration-none text-strikethrough-none\"><br \/>\n<\/span><span class=\"a_GcMg font-feature-liga-off font-feature-clig-off font-feature-calt-off text-decoration-none text-strikethrough-none\">\u2022 Tisdag 14 april, kl 14:00\u201316:30<br \/>\n<\/span><span class=\"a_GcMg font-feature-liga-off font-feature-clig-off font-feature-calt-off text-decoration-none text-strikethrough-none\">\u2022 Tisdag 14 april, kl 18:00\u201320:30<\/span><\/p>\n<h3 class=\"cvGsUA direction-ltr align-start para-style-body\"><span class=\"a_GcMg font-feature-liga-off font-feature-clig-off font-feature-calt-off text-decoration-none text-strikethrough-none\">Digitala utbildningstillf\u00e4llen<\/span><\/h3>\n<p><strong><span class=\"a_GcMg font-feature-liga-off font-feature-clig-off font-feature-calt-off text-decoration-none text-strikethrough-none\">Plats: Teams<\/span><\/strong><span class=\"a_GcMg font-feature-liga-off font-feature-clig-off font-feature-calt-off text-decoration-none text-strikethrough-none\"><br \/>\n<\/span><span class=\"a_GcMg font-feature-liga-off font-feature-clig-off font-feature-calt-off text-decoration-none text-strikethrough-none\">\u2022 M\u00e5ndag 20 april, kl 18:00\u201320:30<br \/>\n<\/span><span class=\"a_GcMg font-feature-liga-off font-feature-clig-off font-feature-calt-off text-decoration-none text-strikethrough-none\">\u2022 <\/span>Onsdag 22 april, kl 18:00\u201320:30<br \/>\n<span class=\"a_GcMg font-feature-liga-off font-feature-clig-off font-feature-calt-off text-decoration-none text-strikethrough-none\">\u2022 <\/span>Torsdag 23 april, kl 18:00\u201320:30<\/p>\n\n    <\/div>\n<\/div>\n<ul\n    class=\"acf-article-accordion-block accordion-group grid gap-4 my-12 article-container\"\n    data-block=\"article-accordion-block \"\n    data-ui-accordion-group\n>\n\n            <li class=\"accordion\" data-ui-accordion data-ui-accordion-open=\"false\">\n        <h3>\n        <button data-ui-accordion-button class=\"accordion-toggle font-bold\" aria-expanded=\"false\" aria-controls=\"row-upplagg-0\" id=\"upplagg-0\">\n            Uppl\u00e4gg\n            \n            <figure class=\"w-4.5 h-4.5\" aria-hidden=\"true\">\n            <svg width=\"20\" height=\"20\" viewBox=\"0 0 20 20\" fill=\"none\"\nclass=\"SvgIconElement\">\n<path d=\"M15.8333 7.16667L9.99992 13L4.16659 7.16667\" stroke=\"currentColor\"\/>\n<\/svg>\n            <\/figure>\n        <\/button>\n        \n                <\/h3>\n        <div class=\"accordion-content\">\n            <div id=\"row-upplagg-0\" role=\"region\" class=\"accordion-content-wrap\" aria-labelledby=\"upplagg-0\">\n                                            <div class=\"wysiwyg\">\n                    <p><strong>Introduktion<\/strong><br \/>\nSom cirkelledare \u00e4r du en viktig kugge i det st\u00e4ndigt p\u00e5g\u00e5ende folkbildningsarbetet hos ABF. Folkbildningen \u00e4r ett s\u00e4tt att g\u00f6ra kunskap tillg\u00e4ngligt f\u00f6r alla m\u00e4nniskor i v\u00e5rt samh\u00e4lle och \u00e4r en viktig del av cirkelledarrollen.<\/p>\n<p><strong>Cirkelledarutbildningens syfte<\/strong><br \/>\nABF vill med utbildningen ge dig som cirkelledare en inblick i:<\/p>\n<ul>\n<li>ABFs v\u00e4rdegrund<\/li>\n<li>Folkbildningens pedagogik<\/li>\n<li>Din roll som ledare inom folkbildningen<\/li>\n<\/ul>\n<p><strong>Mer information<\/strong><br \/>\nFika ing\u00e5r.<\/p>\n<p>Utbildningarna genomf\u00f6rs p\u00e5 svenska. Du beh\u00f6ver vara bekv\u00e4m med att b\u00e5de tala och l\u00e4sa f\u00f6r att kunna delta.<\/p>\n<p><strong>Alla ska kunna vara med<\/strong><br \/>\nI v\u00e5ra studiecirklar finns m\u00e4nniskor med olika bakgrund, f\u00f6ruts\u00e4ttningar, m\u00f6jligheter och intresseomr\u00e5den. Det \u00e4r vi glada f\u00f6r. Utan m\u00e5ngfald i gruppen f\u00f6rlorar studiecirkeln sin kraft. D\u00e4rf\u00f6r \u00e4r det viktigt att alla som deltar har m\u00f6jlighet att vara med p\u00e5 lika villkor.<\/p>\n<p>Demokrati och delaktighet \u00e4r tv\u00e5 viktiga h\u00f6rnstenar i en studiecirkel. Alla ska kunna p\u00e5verka och k\u00e4nna sig delaktiga i arbetet. Det \u00e4r detta arbetss\u00e4tt som g\u00f6r att m\u00e5nga upplever en studiecirkel som ett socialt givande, roligt och kreativt s\u00e4tt att l\u00e4ra sig tillsammans.<\/p>\n\n                <\/div>\n                                        <\/div>\n        <\/div>\n    <\/li>\n    <\/ul>\n<ul\n    class=\"acf-article-accordion-block accordion-group grid gap-4 my-12 article-container\"\n    data-block=\"article-accordion-block \"\n    data-ui-accordion-group\n>\n\n            <li class=\"accordion\" data-ui-accordion data-ui-accordion-open=\"false\">\n        <h3>\n        <button data-ui-accordion-button class=\"accordion-toggle font-bold\" aria-expanded=\"false\" aria-controls=\"row-kontakt-0\" id=\"kontakt-0\">\n            Kontakt\n            \n            <figure class=\"w-4.5 h-4.5\" aria-hidden=\"true\">\n            <svg width=\"20\" height=\"20\" viewBox=\"0 0 20 20\" fill=\"none\"\nclass=\"SvgIconElement\">\n<path d=\"M15.8333 7.16667L9.99992 13L4.16659 7.16667\" stroke=\"currentColor\"\/>\n<\/svg>\n            <\/figure>\n        <\/button>\n        \n                <\/h3>\n        <div class=\"accordion-content\">\n            <div id=\"row-kontakt-0\" role=\"region\" class=\"accordion-content-wrap\" aria-labelledby=\"kontakt-0\">\n                                                <div class=\"grid md:grid-cols-3 gap-y-10 mt-10\">\n                        \n                                                        <div class=\"contact flex flex-col gap-3\">\n                                <div class=\"md:max-w-[160px]\">\n                                    <picture><source media=\"(max-width:767px)\" srcset=\"https:\/\/www.abf.se\/vast\/resized\/?url=https%3A%2F%2Fwww.abf.se%2Fwp-content%2Fuploads%2Fsites%2F22%2F2025%2F06%2F9.jpg&#038;fit=crop&#038;w=800&#038;h=800&#038;s=8787d528e0732b990c80e2809238c801 1x, https:\/\/www.abf.se\/vast\/resized\/?url=https%3A%2F%2Fwww.abf.se%2Fwp-content%2Fuploads%2Fsites%2F22%2F2025%2F06%2F9.jpg&#038;fit=crop&#038;w=1600&#038;h=1600&#038;s=b9feeba16c8191dcfeb973adce48e4e6 2x\"><img decoding=\"async\" src=\"https:\/\/www.abf.se\/vast\/resized\/?url=https%3A%2F%2Fwww.abf.se%2Fwp-content%2Fuploads%2Fsites%2F22%2F2025%2F06%2F9.jpg&#038;fit=crop&#038;w=160&#038;s=97e98510a33e9a37ad227808ed3246f7\" srcset=\"https:\/\/www.abf.se\/vast\/resized\/?url=https%3A%2F%2Fwww.abf.se%2Fwp-content%2Fuploads%2Fsites%2F22%2F2025%2F06%2F9.jpg&#038;fit=crop&#038;w=320&#038;h=440&#038;s=60691248ea4d50d4d21fd61534199ec5 1x, https:\/\/www.abf.se\/vast\/resized\/?url=https%3A%2F%2Fwww.abf.se%2Fwp-content%2Fuploads%2Fsites%2F22%2F2025%2F06%2F9.jpg&#038;fit=crop&#038;w=320&#038;h=440&#038;s=60691248ea4d50d4d21fd61534199ec5 2x\" alt=\"\" \/><\/picture>\n                                <\/div>\n                                <div class=\"\">\n                                    <h4 class=\"heading-lg\">Annika Brekh<\/h4>\n                                    <p class=\"body-md\">Verksamhetsutvecklare och pedagogisk ansvarig<\/p>\n                                                                    <\/div>\n                                                                <div class=\"flex gap flex-col label-md gap-1\">\n                                                                        <div class=\"flex gap-3\">\n                                        <svg width=\"20\" height=\"20\" viewBox=\"0 0 20 20\" fill=\"none\" xmlns=\"http:\/\/www.w3.org\/2000\/svg\">\n<path d=\"M16.625 17.5C14.8333 17.5 13.0868 17.1007 11.3854 16.3021C9.68403 15.5035 8.17708 14.4479 6.86458 13.1354C5.55208 11.8229 4.49653 10.316 3.69792 8.61458C2.89931 6.91319 2.5 5.16667 2.5 3.375C2.5 3.125 2.58333 2.91667 2.75 2.75C2.91667 2.58333 3.125 2.5 3.375 2.5H6.75C6.94444 2.5 7.11806 2.5625 7.27083 2.6875C7.42361 2.8125 7.51389 2.97222 7.54167 3.16667L8.08333 6.08333C8.11111 6.27778 8.10764 6.45486 8.07292 6.61458C8.03819 6.77431 7.95833 6.91667 7.83333 7.04167L5.8125 9.08333C6.39583 10.0833 7.12847 11.0208 8.01042 11.8958C8.89236 12.7708 9.86111 13.5278 10.9167 14.1667L12.875 12.2083C13 12.0833 13.1632 11.9896 13.3646 11.9271C13.566 11.8646 13.7639 11.8472 13.9583 11.875L16.8333 12.4583C17.0278 12.5 17.1875 12.5938 17.3125 12.7396C17.4375 12.8854 17.5 13.0556 17.5 13.25V16.625C17.5 16.875 17.4167 17.0833 17.25 17.25C17.0833 17.4167 16.875 17.5 16.625 17.5ZM5.02083 7.5L6.39583 6.125L6.04167 4.16667H4.1875C4.25694 4.73611 4.35417 5.29861 4.47917 5.85417C4.60417 6.40972 4.78472 6.95833 5.02083 7.5ZM15.8333 15.7917V13.9583L13.875 13.5625L12.4792 14.9583C13.0208 15.1944 13.5729 15.3819 14.1354 15.5208C14.6979 15.6597 15.2639 15.75 15.8333 15.7917Z\" fill=\"black\"\/>\n<\/svg>\n                                        <p>\n                                                                                                                               <a href=\"callto:073-505 74 70\">073-505 74 70<\/a>\n                                                                                                                                     <\/p>\n                                    <\/div>\n                                                                                                            <div class=\"flex gap-3\">\n                                        <svg width=\"20\" height=\"20\" viewBox=\"0 0 20 20\" fill=\"none\" xmlns=\"http:\/\/www.w3.org\/2000\/svg\">\n<path d=\"M3.33366 16.6666C2.87533 16.6666 2.48296 16.5035 2.15658 16.1771C1.83019 15.8507 1.66699 15.4583 1.66699 15V4.99998C1.66699 4.54165 1.83019 4.14929 2.15658 3.8229C2.48296 3.49651 2.87533 3.33331 3.33366 3.33331H16.667C17.1253 3.33331 17.5177 3.49651 17.8441 3.8229C18.1705 4.14929 18.3337 4.54165 18.3337 4.99998V15C18.3337 15.4583 18.1705 15.8507 17.8441 16.1771C17.5177 16.5035 17.1253 16.6666 16.667 16.6666H3.33366ZM16.667 6.66665L10.4378 10.5625C10.3684 10.6041 10.2955 10.6354 10.2191 10.6562C10.1427 10.6771 10.0698 10.6875 10.0003 10.6875C9.93088 10.6875 9.85797 10.6771 9.78158 10.6562C9.70519 10.6354 9.63227 10.6041 9.56283 10.5625L3.33366 6.66665V15H16.667V6.66665ZM10.0003 9.16665L16.667 4.99998H3.33366L10.0003 9.16665ZM3.33366 6.87498V5.64581V5.66665V5.65623V6.87498Z\" fill=\"black\"\/>\n<\/svg>\n                                        <p><a href=\"mailto:annika.brekh@abf.se\">annika.brekh@abf.se<\/a><\/p>\n                                    <\/div>\n                                                                    <\/div>\n                                                            <\/div>\n                                            <\/div>\n                                        <\/div>\n        <\/div>\n    <\/li>\n    <\/ul>\n","protected":false},"excerpt":{"rendered":"","protected":false},"author":12,"featured_media":0,"parent":0,"menu_order":0,"comment_status":"closed","ping_status":"closed","template":"","meta":{"_acf_changed":false,"footnotes":""},"class_list":["post-1482","page","type-page","status-publish","hentry"],"acf":[],"yoast_head":"<!-- This site is optimized with the Yoast SEO plugin v27.0 - https:\/\/yoast.com\/product\/yoast-seo-wordpress\/ -->\n<title>Cirkelledarutbildningar - V\u00e4st<\/title>\n<meta name=\"robots\" content=\"index, follow, max-snippet:-1, max-image-preview:large, max-video-preview:-1\" \/>\n<link rel=\"canonical\" href=\"https:\/\/www.abf.se\/vast\/cirkelledarutbildningar\/\" \/>\n<meta property=\"og:locale\" content=\"sv_SE\" \/>\n<meta property=\"og:type\" content=\"article\" \/>\n<meta property=\"og:title\" content=\"Cirkelledarutbildningar - V\u00e4st\" \/>\n<meta property=\"og:url\" content=\"https:\/\/www.abf.se\/vast\/cirkelledarutbildningar\/\" \/>\n<meta property=\"og:site_name\" content=\"V\u00e4st\" \/>\n<meta property=\"article:modified_time\" content=\"2026-03-31T12:03:15+00:00\" \/>\n<meta property=\"og:image\" content=\"https:\/\/www.abf.se\/wp-content\/uploads\/sites\/22\/2024\/04\/Nyckeln-liggande-scaled.jpg\" \/>\n\t<meta property=\"og:image:width\" content=\"2560\" \/>\n\t<meta property=\"og:image:height\" content=\"1440\" \/>\n\t<meta property=\"og:image:type\" content=\"image\/jpeg\" \/>\n<meta name=\"twitter:card\" content=\"summary_large_image\" \/>\n<script type=\"application\/ld+json\" class=\"yoast-schema-graph\">{\"@context\":\"https:\/\/schema.org\",\"@graph\":[{\"@type\":\"WebPage\",\"@id\":\"https:\/\/www.abf.se\/vast\/cirkelledarutbildningar\/\",\"url\":\"https:\/\/www.abf.se\/vast\/cirkelledarutbildningar\/\",\"name\":\"Cirkelledarutbildningar - V\u00e4st\",\"isPartOf\":{\"@id\":\"https:\/\/www.abf.se\/vast\/#website\"},\"datePublished\":\"2024-07-03T14:01:43+00:00\",\"dateModified\":\"2026-03-31T12:03:15+00:00\",\"breadcrumb\":{\"@id\":\"https:\/\/www.abf.se\/vast\/cirkelledarutbildningar\/#breadcrumb\"},\"inLanguage\":\"sv-SE\",\"potentialAction\":[{\"@type\":\"ReadAction\",\"target\":[\"https:\/\/www.abf.se\/vast\/cirkelledarutbildningar\/\"]}]},{\"@type\":\"BreadcrumbList\",\"@id\":\"https:\/\/www.abf.se\/vast\/cirkelledarutbildningar\/#breadcrumb\",\"itemListElement\":[{\"@type\":\"ListItem\",\"position\":1,\"name\":\"Home\",\"item\":\"https:\/\/www.abf.se\/vast\/\"},{\"@type\":\"ListItem\",\"position\":2,\"name\":\"Cirkelledarutbildningar\"}]},{\"@type\":\"WebSite\",\"@id\":\"https:\/\/www.abf.se\/vast\/#website\",\"url\":\"https:\/\/www.abf.se\/vast\/\",\"name\":\"V\u00e4st\",\"description\":\"\",\"potentialAction\":[{\"@type\":\"SearchAction\",\"target\":{\"@type\":\"EntryPoint\",\"urlTemplate\":\"https:\/\/www.abf.se\/vast\/?s={search_term_string}\"},\"query-input\":{\"@type\":\"PropertyValueSpecification\",\"valueRequired\":true,\"valueName\":\"search_term_string\"}}],\"inLanguage\":\"sv-SE\"}]}<\/script>\n<!-- \/ Yoast SEO plugin. -->","yoast_head_json":{"title":"Cirkelledarutbildningar - V\u00e4st","robots":{"index":"index","follow":"follow","max-snippet":"max-snippet:-1","max-image-preview":"max-image-preview:large","max-video-preview":"max-video-preview:-1"},"canonical":"https:\/\/www.abf.se\/vast\/cirkelledarutbildningar\/","og_locale":"sv_SE","og_type":"article","og_title":"Cirkelledarutbildningar - V\u00e4st","og_url":"https:\/\/www.abf.se\/vast\/cirkelledarutbildningar\/","og_site_name":"V\u00e4st","article_modified_time":"2026-03-31T12:03:15+00:00","og_image":[{"width":2560,"height":1440,"url":"https:\/\/www.abf.se\/wp-content\/uploads\/sites\/22\/2024\/04\/Nyckeln-liggande-scaled.jpg","type":"image\/jpeg"}],"twitter_card":"summary_large_image","schema":{"@context":"https:\/\/schema.org","@graph":[{"@type":"WebPage","@id":"https:\/\/www.abf.se\/vast\/cirkelledarutbildningar\/","url":"https:\/\/www.abf.se\/vast\/cirkelledarutbildningar\/","name":"Cirkelledarutbildningar - V\u00e4st","isPartOf":{"@id":"https:\/\/www.abf.se\/vast\/#website"},"datePublished":"2024-07-03T14:01:43+00:00","dateModified":"2026-03-31T12:03:15+00:00","breadcrumb":{"@id":"https:\/\/www.abf.se\/vast\/cirkelledarutbildningar\/#breadcrumb"},"inLanguage":"sv-SE","potentialAction":[{"@type":"ReadAction","target":["https:\/\/www.abf.se\/vast\/cirkelledarutbildningar\/"]}]},{"@type":"BreadcrumbList","@id":"https:\/\/www.abf.se\/vast\/cirkelledarutbildningar\/#breadcrumb","itemListElement":[{"@type":"ListItem","position":1,"name":"Home","item":"https:\/\/www.abf.se\/vast\/"},{"@type":"ListItem","position":2,"name":"Cirkelledarutbildningar"}]},{"@type":"WebSite","@id":"https:\/\/www.abf.se\/vast\/#website","url":"https:\/\/www.abf.se\/vast\/","name":"V\u00e4st","description":"","potentialAction":[{"@type":"SearchAction","target":{"@type":"EntryPoint","urlTemplate":"https:\/\/www.abf.se\/vast\/?s={search_term_string}"},"query-input":{"@type":"PropertyValueSpecification","valueRequired":true,"valueName":"search_term_string"}}],"inLanguage":"sv-SE"}]}},"_links":{"self":[{"href":"https:\/\/www.abf.se\/vast\/wp-json\/wp\/v2\/pages\/1482","targetHints":{"allow":["GET"]}}],"collection":[{"href":"https:\/\/www.abf.se\/vast\/wp-json\/wp\/v2\/pages"}],"about":[{"href":"https:\/\/www.abf.se\/vast\/wp-json\/wp\/v2\/types\/page"}],"author":[{"embeddable":true,"href":"https:\/\/www.abf.se\/vast\/wp-json\/wp\/v2\/users\/12"}],"replies":[{"embeddable":true,"href":"https:\/\/www.abf.se\/vast\/wp-json\/wp\/v2\/comments?post=1482"}],"version-history":[{"count":93,"href":"https:\/\/www.abf.se\/vast\/wp-json\/wp\/v2\/pages\/1482\/revisions"}],"predecessor-version":[{"id":3010,"href":"https:\/\/www.abf.se\/vast\/wp-json\/wp\/v2\/pages\/1482\/revisions\/3010"}],"wp:attachment":[{"href":"https:\/\/www.abf.se\/vast\/wp-json\/wp\/v2\/media?parent=1482"}],"curies":[{"name":"wp","href":"https:\/\/api.w.org\/{rel}","templated":true}]}}