{"id":2022,"date":"2025-05-09T10:01:02","date_gmt":"2025-05-09T08:01:02","guid":{"rendered":"https:\/\/www.abf.se\/vast\/?page_id=2022"},"modified":"2025-10-10T14:15:49","modified_gmt":"2025-10-10T12:15:49","slug":"har-finns-vi","status":"publish","type":"page","link":"https:\/\/www.abf.se\/vast\/kontakt\/har-finns-vi\/","title":{"rendered":"H\u00e4r finns vi!"},"content":{"rendered":"<div\n    class=\"acf-plain-heading-block container my-16\"\n    data-block=\"plain-heading-block\"\n>\n    <div class=\"max-w-[658px] mx-auto\">\n                <h1 class=\"hero-heading\"><span>V\u00e5ra huvudkontor<\/span><\/h1>\n                    <\/div>\n<\/div>\n<div\n    class=\"acf-quick-link-block bg-red py-12 md:py-20\"\n    data-block=\"quick-link-block\"\n>\n    <div class=\"container\">\n        \n        <div\n            class=\"px-5 content:px-0 grid grid-cols-1 gap-8 md:grid-cols-2\">\n            \n            <article\nclass=\"round-corners-sm p-6 relative group grid grid-rows-[subgrid] row-[span_3] gap-4 bg-white text-red\"\n>\n            <h3\n        class=\"heading-sm group-hover:underline text-red\">\n            <a href=\"https:\/\/www.abf.se\/vast\/kontakt\/vara-kontor-goteborg\/\" class=\"expanded-hit-area\" target=\"\">\n                G\u00f6teborgskontoret\n            <\/a>\n        <\/h3>\n                <p class=\"body-md text-gray-text\">\n            Bes\u00f6ks- och postadress: \r\nOlof Palmes Plats 1, \r\n413 30 G\u00f6teborg\n        <\/p>\n        <figure\n    class=\"w-[38px] h-[38px] rounded-full p-2 group-hover:scale-110 transition-transform duration-300 self-end pointer-events-none bg-red text-white\">\n        <svg width=\"20\" height=\"20\" viewBox=\"0 0 20 20\" fill=\"none\" class=\"SvgIconElement\">\n<path d=\"M4.16659 10L15.8333 10\" stroke=\"currentColor\"\/>\n<path d=\"M9.99992 4.1665L15.8333 9.99984L9.99992 15.8332\" stroke=\"currentColor\"\/>\n<\/svg>\n    <\/figure>\n<\/article>            \n            <article\nclass=\"round-corners-sm p-6 relative group grid grid-rows-[subgrid] row-[span_3] gap-4 bg-white text-red\"\n>\n            <h3\n        class=\"heading-sm group-hover:underline text-red\">\n            <a href=\"https:\/\/www.abf.se\/vast\/kontakt\/molndalskontoret\/\" class=\"expanded-hit-area\" target=\"\">\n                M\u00f6lndalskontoret\n            <\/a>\n        <\/h3>\n                <p class=\"body-md text-gray-text\">\n            Bes\u00f6ks- och postadress:\r\nFr\u00f6lundagatan 37\r\n431 44 M\u00f6lndal\n        <\/p>\n        <figure\n    class=\"w-[38px] h-[38px] rounded-full p-2 group-hover:scale-110 transition-transform duration-300 self-end pointer-events-none bg-red text-white\">\n        <svg width=\"20\" height=\"20\" viewBox=\"0 0 20 20\" fill=\"none\" class=\"SvgIconElement\">\n<path d=\"M4.16659 10L15.8333 10\" stroke=\"currentColor\"\/>\n<path d=\"M9.99992 4.1665L15.8333 9.99984L9.99992 15.8332\" stroke=\"currentColor\"\/>\n<\/svg>\n    <\/figure>\n<\/article>                    <\/div>\n    <\/div>\n<\/div>\n<div\n    class=\"acf-plain-heading-block container my-16\"\n    data-block=\"plain-heading-block\"\n>\n    <div class=\"max-w-[658px] mx-auto\">\n                <h1 class=\"hero-heading\"><span>Vi finns h\u00e4r:<\/span><\/h1>\n                    <\/div>\n<\/div>\n<div\n    class=\"acf-quick-link-block bg-red py-12 md:py-20\"\n    data-block=\"quick-link-block\"\n>\n    <div class=\"container\">\n        \n        <div\n            class=\"px-5 content:px-0 grid grid-cols-1 gap-8 md:grid-cols-2 lg:grid-cols-4\">\n            \n            <article\nclass=\"round-corners-sm p-6 relative group grid grid-rows-[subgrid] row-[span_3] gap-4 bg-white text-red\"\n>\n            <h3\n        class=\"heading-sm group-hover:underline text-red\">\n            <a href=\"https:\/\/www.abf.se\/goteborg\/vara-kontor-folkets-hus\/\" class=\"expanded-hit-area\" target=\"\">\n                V\u00e5rt kontor i Folkets Hus, J\u00e4rntorget\n            <\/a>\n        <\/h3>\n                <p class=\"body-md text-gray-text\">\n            Bes\u00f6ksadress: \r\nOlof Palmes Plats 1, \r\n413 30 G\u00f6teborg\n        <\/p>\n        <figure\n    class=\"w-[38px] h-[38px] rounded-full p-2 group-hover:scale-110 transition-transform duration-300 self-end pointer-events-none bg-red text-white\">\n        <svg width=\"20\" height=\"20\" viewBox=\"0 0 20 20\" fill=\"none\" class=\"SvgIconElement\">\n<path d=\"M4.16659 10L15.8333 10\" stroke=\"currentColor\"\/>\n<path d=\"M9.99992 4.1665L15.8333 9.99984L9.99992 15.8332\" stroke=\"currentColor\"\/>\n<\/svg>\n    <\/figure>\n<\/article>            \n            <article\nclass=\"round-corners-sm p-6 relative group grid grid-rows-[subgrid] row-[span_3] gap-4 bg-white text-red\"\n>\n            <h3\n        class=\"heading-sm group-hover:underline text-red\">\n            <a href=\"https:\/\/www.abf.se\/goteborg\/kurslokaler-jarntorget\/\" class=\"expanded-hit-area\" target=\"\">\n                Kurslokaler p\u00e5 J\u00e4rntorget\n            <\/a>\n        <\/h3>\n                <p class=\"body-md text-gray-text\">\n            V\u00e5ra kurslokaler hittar du p\u00e5 J\u00e4rntorget 8, 413 30 G\u00f6teborg\n        <\/p>\n        <figure\n    class=\"w-[38px] h-[38px] rounded-full p-2 group-hover:scale-110 transition-transform duration-300 self-end pointer-events-none bg-red text-white\">\n        <svg width=\"20\" height=\"20\" viewBox=\"0 0 20 20\" fill=\"none\" class=\"SvgIconElement\">\n<path d=\"M4.16659 10L15.8333 10\" stroke=\"currentColor\"\/>\n<path d=\"M9.99992 4.1665L15.8333 9.99984L9.99992 15.8332\" stroke=\"currentColor\"\/>\n<\/svg>\n    <\/figure>\n<\/article>            \n            <article\nclass=\"round-corners-sm p-6 relative group grid grid-rows-[subgrid] row-[span_3] gap-4 bg-white text-red\"\n>\n            <h3\n        class=\"heading-sm group-hover:underline text-red\">\n            <a href=\"https:\/\/www.abf.se\/goteborg\/frolunda-kontoret\/\" class=\"expanded-hit-area\" target=\"\">\n                Kontor och kurslokaler i Fr\u00f6lunda\n            <\/a>\n        <\/h3>\n                <p class=\"body-md text-gray-text\">\n            Bes\u00f6ksadress:\r\nN\u00e4verlursgatan 28, \r\n421 44 V\u00e4stra Fr\u00f6lunda\n        <\/p>\n        <figure\n    class=\"w-[38px] h-[38px] rounded-full p-2 group-hover:scale-110 transition-transform duration-300 self-end pointer-events-none bg-red text-white\">\n        <svg width=\"20\" height=\"20\" viewBox=\"0 0 20 20\" fill=\"none\" class=\"SvgIconElement\">\n<path d=\"M4.16659 10L15.8333 10\" stroke=\"currentColor\"\/>\n<path d=\"M9.99992 4.1665L15.8333 9.99984L9.99992 15.8332\" stroke=\"currentColor\"\/>\n<\/svg>\n    <\/figure>\n<\/article>            \n            <article\nclass=\"round-corners-sm p-6 relative group grid grid-rows-[subgrid] row-[span_3] gap-4 bg-white text-red\"\n>\n            <h3\n        class=\"heading-sm group-hover:underline text-red\">\n            <a href=\"https:\/\/www.abf.se\/goteborg\/replokaler\/\" class=\"expanded-hit-area\" target=\"\">\n                Replokaler i Rockverkstan p\u00e5 Lindholmen\n            <\/a>\n        <\/h3>\n                <p class=\"body-md text-gray-text\">\n            Bes\u00f6ksadress:\r\nAnders Carlssons Gata 2, 417 55 G\u00f6teborg\n        <\/p>\n        <figure\n    class=\"w-[38px] h-[38px] rounded-full p-2 group-hover:scale-110 transition-transform duration-300 self-end pointer-events-none bg-red text-white\">\n        <svg width=\"20\" height=\"20\" viewBox=\"0 0 20 20\" fill=\"none\" class=\"SvgIconElement\">\n<path d=\"M4.16659 10L15.8333 10\" stroke=\"currentColor\"\/>\n<path d=\"M9.99992 4.1665L15.8333 9.99984L9.99992 15.8332\" stroke=\"currentColor\"\/>\n<\/svg>\n    <\/figure>\n<\/article>                    <\/div>\n    <\/div>\n<\/div>\n<div\n    class=\"acf-quick-link-block bg-red py-12 md:py-20\"\n    data-block=\"quick-link-block\"\n>\n    <div class=\"container\">\n        \n        <div\n            class=\"px-5 content:px-0 grid grid-cols-1 gap-8 lg:grid-cols-3\">\n            \n            <article\nclass=\"round-corners-sm p-6 relative group grid grid-rows-[subgrid] row-[span_3] gap-4 bg-white text-red\"\n>\n            <h3\n        class=\"heading-sm group-hover:underline text-red\">\n            <a href=\"https:\/\/integrationsnatverk-goteborg.se\/\" class=\"expanded-hit-area\" target=\"_blank\">\n                ABF p\u00e5 Hisingen\n            <\/a>\n        <\/h3>\n                <p class=\"body-md text-gray-text\">\n            I v\u00e5ra lokaler i Br\u00e4cke finns f\u00f6reningen Integrationsn\u00e4tverk. Kontakta dem f\u00f6r att delta i kostnadsfria cirklar. Alla bakgrunder och nationaliteter v\u00e4lkomna.\r\n\r\nBes\u00f6ksadress:\r\nV\u00e5rvindsgatan 20, \r\n418 73 G\u00f6teborg\n        <\/p>\n        <figure\n    class=\"w-[38px] h-[38px] rounded-full p-2 group-hover:scale-110 transition-transform duration-300 self-end pointer-events-none bg-red text-white\">\n        <svg width=\"20\" height=\"20\" viewBox=\"0 0 20 20\" fill=\"none\" class=\"SvgIconElement\">\n<path d=\"M4.16659 10L15.8333 10\" stroke=\"currentColor\"\/>\n<path d=\"M9.99992 4.1665L15.8333 9.99984L9.99992 15.8332\" stroke=\"currentColor\"\/>\n<\/svg>\n    <\/figure>\n<\/article>            \n            <article\nclass=\"round-corners-sm p-6 relative group grid grid-rows-[subgrid] row-[span_3] gap-4 bg-white text-red\"\n>\n            <h3\n        class=\"heading-sm group-hover:underline text-red\">\n            <a href=\"https:\/\/www.abf.se\/goteborg\/uci\/\" class=\"expanded-hit-area\" target=\"\">\n                ABF i Angered\n            <\/a>\n        <\/h3>\n                <p class=\"body-md text-gray-text\">\n            I v\u00e5ra lokaler i Angered Centrum finns f\u00f6reningen UCI (Utbildningscentret Iran). Kontakta dem f\u00f6r att delta i kostnadsfria cirklar. Alla bakgrunder och nationaliteter v\u00e4lkomna.\r\n\r\nBes\u00f6ksadress:\r\nAngereds torg 5, \r\n424 65 G\u00f6teborg\n        <\/p>\n        <figure\n    class=\"w-[38px] h-[38px] rounded-full p-2 group-hover:scale-110 transition-transform duration-300 self-end pointer-events-none bg-red text-white\">\n        <svg width=\"20\" height=\"20\" viewBox=\"0 0 20 20\" fill=\"none\" class=\"SvgIconElement\">\n<path d=\"M4.16659 10L15.8333 10\" stroke=\"currentColor\"\/>\n<path d=\"M9.99992 4.1665L15.8333 9.99984L9.99992 15.8332\" stroke=\"currentColor\"\/>\n<\/svg>\n    <\/figure>\n<\/article>            \n            <article\nclass=\"round-corners-sm p-6 relative group grid grid-rows-[subgrid] row-[span_3] gap-4 bg-white text-red\"\n>\n            <h3\n        class=\"heading-sm group-hover:underline text-red\">\n            <a href=\"https:\/\/www.abf.se\/goteborg\/abc\/\" class=\"expanded-hit-area\" target=\"\">\n                ABF i Hj\u00e4llbo\n            <\/a>\n        <\/h3>\n                <p class=\"body-md text-gray-text\">\n            I v\u00e5ra lokaler i Hj\u00e4llbo finns f\u00f6reningen ABC (Arabiska BokstavsCentret). Kontakta dem f\u00f6r att delta i kostnadsfria cirklar. Alla bakgrunder och nationaliteter v\u00e4lkomna.\r\n\r\nBes\u00f6ksadress:\r\nSkolsp\u00e5ret 31-33, \r\n424 31 G\u00f6teborg\n        <\/p>\n        <figure\n    class=\"w-[38px] h-[38px] rounded-full p-2 group-hover:scale-110 transition-transform duration-300 self-end pointer-events-none bg-red text-white\">\n        <svg width=\"20\" height=\"20\" viewBox=\"0 0 20 20\" fill=\"none\" class=\"SvgIconElement\">\n<path d=\"M4.16659 10L15.8333 10\" stroke=\"currentColor\"\/>\n<path d=\"M9.99992 4.1665L15.8333 9.99984L9.99992 15.8332\" stroke=\"currentColor\"\/>\n<\/svg>\n    <\/figure>\n<\/article>                    <\/div>\n    <\/div>\n<\/div>\n","protected":false},"excerpt":{"rendered":"","protected":false},"author":23,"featured_media":0,"parent":7,"menu_order":0,"comment_status":"closed","ping_status":"closed","template":"","meta":{"_acf_changed":false,"footnotes":""},"class_list":["post-2022","page","type-page","status-publish","hentry"],"acf":[],"yoast_head":"<!-- This site is optimized with the Yoast SEO plugin v27.0 - https:\/\/yoast.com\/product\/yoast-seo-wordpress\/ -->\n<title>H\u00e4r finns vi! - V\u00e4st<\/title>\n<meta name=\"robots\" content=\"index, follow, max-snippet:-1, max-image-preview:large, max-video-preview:-1\" \/>\n<link rel=\"canonical\" href=\"https:\/\/www.abf.se\/vast\/kontakt\/har-finns-vi\/\" \/>\n<meta property=\"og:locale\" content=\"sv_SE\" \/>\n<meta property=\"og:type\" content=\"article\" \/>\n<meta property=\"og:title\" content=\"H\u00e4r finns vi! - V\u00e4st\" \/>\n<meta property=\"og:url\" content=\"https:\/\/www.abf.se\/vast\/kontakt\/har-finns-vi\/\" \/>\n<meta property=\"og:site_name\" content=\"V\u00e4st\" \/>\n<meta property=\"article:modified_time\" content=\"2025-10-10T12:15:49+00:00\" \/>\n<meta property=\"og:image\" content=\"https:\/\/www.abf.se\/wp-content\/uploads\/sites\/22\/2024\/04\/Nyckeln-liggande-scaled.jpg\" \/>\n\t<meta property=\"og:image:width\" content=\"2560\" \/>\n\t<meta property=\"og:image:height\" content=\"1440\" \/>\n\t<meta property=\"og:image:type\" content=\"image\/jpeg\" \/>\n<meta name=\"twitter:card\" content=\"summary_large_image\" \/>\n<script type=\"application\/ld+json\" class=\"yoast-schema-graph\">{\"@context\":\"https:\/\/schema.org\",\"@graph\":[{\"@type\":\"WebPage\",\"@id\":\"https:\/\/www.abf.se\/vast\/kontakt\/har-finns-vi\/\",\"url\":\"https:\/\/www.abf.se\/vast\/kontakt\/har-finns-vi\/\",\"name\":\"H\u00e4r finns vi! - V\u00e4st\",\"isPartOf\":{\"@id\":\"https:\/\/www.abf.se\/vast\/#website\"},\"datePublished\":\"2025-05-09T08:01:02+00:00\",\"dateModified\":\"2025-10-10T12:15:49+00:00\",\"breadcrumb\":{\"@id\":\"https:\/\/www.abf.se\/vast\/kontakt\/har-finns-vi\/#breadcrumb\"},\"inLanguage\":\"sv-SE\",\"potentialAction\":[{\"@type\":\"ReadAction\",\"target\":[\"https:\/\/www.abf.se\/vast\/kontakt\/har-finns-vi\/\"]}]},{\"@type\":\"BreadcrumbList\",\"@id\":\"https:\/\/www.abf.se\/vast\/kontakt\/har-finns-vi\/#breadcrumb\",\"itemListElement\":[{\"@type\":\"ListItem\",\"position\":1,\"name\":\"Home\",\"item\":\"https:\/\/www.abf.se\/vast\/\"},{\"@type\":\"ListItem\",\"position\":2,\"name\":\"Kontakt\",\"item\":\"https:\/\/www.abf.se\/vast\/kontakt\/\"},{\"@type\":\"ListItem\",\"position\":3,\"name\":\"H\u00e4r finns vi!\"}]},{\"@type\":\"WebSite\",\"@id\":\"https:\/\/www.abf.se\/vast\/#website\",\"url\":\"https:\/\/www.abf.se\/vast\/\",\"name\":\"V\u00e4st\",\"description\":\"\",\"potentialAction\":[{\"@type\":\"SearchAction\",\"target\":{\"@type\":\"EntryPoint\",\"urlTemplate\":\"https:\/\/www.abf.se\/vast\/?s={search_term_string}\"},\"query-input\":{\"@type\":\"PropertyValueSpecification\",\"valueRequired\":true,\"valueName\":\"search_term_string\"}}],\"inLanguage\":\"sv-SE\"}]}<\/script>\n<!-- \/ Yoast SEO plugin. -->","yoast_head_json":{"title":"H\u00e4r finns vi! - V\u00e4st","robots":{"index":"index","follow":"follow","max-snippet":"max-snippet:-1","max-image-preview":"max-image-preview:large","max-video-preview":"max-video-preview:-1"},"canonical":"https:\/\/www.abf.se\/vast\/kontakt\/har-finns-vi\/","og_locale":"sv_SE","og_type":"article","og_title":"H\u00e4r finns vi! - V\u00e4st","og_url":"https:\/\/www.abf.se\/vast\/kontakt\/har-finns-vi\/","og_site_name":"V\u00e4st","article_modified_time":"2025-10-10T12:15:49+00:00","og_image":[{"width":2560,"height":1440,"url":"https:\/\/www.abf.se\/wp-content\/uploads\/sites\/22\/2024\/04\/Nyckeln-liggande-scaled.jpg","type":"image\/jpeg"}],"twitter_card":"summary_large_image","schema":{"@context":"https:\/\/schema.org","@graph":[{"@type":"WebPage","@id":"https:\/\/www.abf.se\/vast\/kontakt\/har-finns-vi\/","url":"https:\/\/www.abf.se\/vast\/kontakt\/har-finns-vi\/","name":"H\u00e4r finns vi! - V\u00e4st","isPartOf":{"@id":"https:\/\/www.abf.se\/vast\/#website"},"datePublished":"2025-05-09T08:01:02+00:00","dateModified":"2025-10-10T12:15:49+00:00","breadcrumb":{"@id":"https:\/\/www.abf.se\/vast\/kontakt\/har-finns-vi\/#breadcrumb"},"inLanguage":"sv-SE","potentialAction":[{"@type":"ReadAction","target":["https:\/\/www.abf.se\/vast\/kontakt\/har-finns-vi\/"]}]},{"@type":"BreadcrumbList","@id":"https:\/\/www.abf.se\/vast\/kontakt\/har-finns-vi\/#breadcrumb","itemListElement":[{"@type":"ListItem","position":1,"name":"Home","item":"https:\/\/www.abf.se\/vast\/"},{"@type":"ListItem","position":2,"name":"Kontakt","item":"https:\/\/www.abf.se\/vast\/kontakt\/"},{"@type":"ListItem","position":3,"name":"H\u00e4r finns vi!"}]},{"@type":"WebSite","@id":"https:\/\/www.abf.se\/vast\/#website","url":"https:\/\/www.abf.se\/vast\/","name":"V\u00e4st","description":"","potentialAction":[{"@type":"SearchAction","target":{"@type":"EntryPoint","urlTemplate":"https:\/\/www.abf.se\/vast\/?s={search_term_string}"},"query-input":{"@type":"PropertyValueSpecification","valueRequired":true,"valueName":"search_term_string"}}],"inLanguage":"sv-SE"}]}},"_links":{"self":[{"href":"https:\/\/www.abf.se\/vast\/wp-json\/wp\/v2\/pages\/2022","targetHints":{"allow":["GET"]}}],"collection":[{"href":"https:\/\/www.abf.se\/vast\/wp-json\/wp\/v2\/pages"}],"about":[{"href":"https:\/\/www.abf.se\/vast\/wp-json\/wp\/v2\/types\/page"}],"author":[{"embeddable":true,"href":"https:\/\/www.abf.se\/vast\/wp-json\/wp\/v2\/users\/23"}],"replies":[{"embeddable":true,"href":"https:\/\/www.abf.se\/vast\/wp-json\/wp\/v2\/comments?post=2022"}],"version-history":[{"count":5,"href":"https:\/\/www.abf.se\/vast\/wp-json\/wp\/v2\/pages\/2022\/revisions"}],"predecessor-version":[{"id":2340,"href":"https:\/\/www.abf.se\/vast\/wp-json\/wp\/v2\/pages\/2022\/revisions\/2340"}],"up":[{"embeddable":true,"href":"https:\/\/www.abf.se\/vast\/wp-json\/wp\/v2\/pages\/7"}],"wp:attachment":[{"href":"https:\/\/www.abf.se\/vast\/wp-json\/wp\/v2\/media?parent=2022"}],"curies":[{"name":"wp","href":"https:\/\/api.w.org\/{rel}","templated":true}]}}