{"id":2442,"date":"2025-11-29T16:32:25","date_gmt":"2025-11-29T15:32:25","guid":{"rendered":"https:\/\/www.abf.se\/vast\/?page_id=2442"},"modified":"2025-12-09T15:28:37","modified_gmt":"2025-12-09T14:28:37","slug":"nara-dig-i-goteborg","status":"publish","type":"page","link":"https:\/\/www.abf.se\/vast\/kategorier\/nara-dig-i-goteborg\/","title":{"rendered":"N\u00e4ra dig i G\u00f6teborg"},"content":{"rendered":"<div\n    class=\"acf-hero-block container-lg no-padding mb-12 js-geolocation\"\n    data-block=\"hero-block\"\n    data-index=\"0\"\n>\n    <div class=\"h-[548px]  relative rounded-[32px] overflow-hidden flex bg-gray-light\">\n        <div class=\"relative z-10 mt-auto h-auto w-full md:h-full\">\n            <div class=\"flex w-full h-full flex-col flex-wrap justify-end w-full md:w-7\/12 lg:w-1\/2 md:justify-center\">\n                <div class=\"flex flex-col gap-3 md:gap-[18px] md:transparent pt-16 pb-36 md:py-8 px-4 w-full md:max-w-[620px] mx-auto px-8\">\n\n                    <h1 class=\"hero-heading hero-heading--red-text\"><span>Kurser n\u00e4ra <br \/>\r\ndig i G\u00f6teborg<\/span><\/h1>\n\n                    \n                                    <\/div>\n            <\/div>\n        <\/div>\n\n                    <picture class=\"as-background-image mix-blend-multiply bg-black\/40\"><img decoding=\"async\" src=\"https:\/\/www.abf.se\/vast\/resized\/?url=https%3A%2F%2Fwww.abf.se%2Fwp-content%2Fuploads%2Fsites%2F22%2F2025%2F12%2FGlada-seniorer_stor.jpg&#038;fit=crop&#038;w=1440&#038;s=68ec4c527fa01ae5bd2093f7fa3cb56d\" srcset=\"https:\/\/www.abf.se\/vast\/resized\/?url=https%3A%2F%2Fwww.abf.se%2Fwp-content%2Fuploads%2Fsites%2F22%2F2025%2F12%2FGlada-seniorer_stor.jpg&#038;fit=crop&#038;w=375&#038;h=540&#038;s=d221c9e15167e65b2c5aa2be04f812cd 375w, https:\/\/www.abf.se\/vast\/resized\/?url=https%3A%2F%2Fwww.abf.se%2Fwp-content%2Fuploads%2Fsites%2F22%2F2025%2F12%2FGlada-seniorer_stor.jpg&#038;fit=crop&#038;w=447&#038;h=540&#038;s=8e7df9688d74521d58c957765547ce26 447w, https:\/\/www.abf.se\/vast\/resized\/?url=https%3A%2F%2Fwww.abf.se%2Fwp-content%2Fuploads%2Fsites%2F22%2F2025%2F12%2FGlada-seniorer_stor.jpg&#038;fit=crop&#038;w=519&#038;h=540&#038;s=b36a8cc2fc878290e9b64e5645718757 519w, https:\/\/www.abf.se\/vast\/resized\/?url=https%3A%2F%2Fwww.abf.se%2Fwp-content%2Fuploads%2Fsites%2F22%2F2025%2F12%2FGlada-seniorer_stor.jpg&#038;fit=crop&#038;w=591&#038;h=540&#038;s=a82ed86876f965d5036bd3c6a9873df7 591w, https:\/\/www.abf.se\/vast\/resized\/?url=https%3A%2F%2Fwww.abf.se%2Fwp-content%2Fuploads%2Fsites%2F22%2F2025%2F12%2FGlada-seniorer_stor.jpg&#038;fit=crop&#038;w=663&#038;h=540&#038;s=2028ef0f85b9e34afa2853ba8c5ae7b1 663w, https:\/\/www.abf.se\/vast\/resized\/?url=https%3A%2F%2Fwww.abf.se%2Fwp-content%2Fuploads%2Fsites%2F22%2F2025%2F12%2FGlada-seniorer_stor.jpg&#038;fit=crop&#038;w=750&#038;h=540&#038;s=b1f064c66eda3a72a315644ac1720a03 750w, https:\/\/www.abf.se\/vast\/resized\/?url=https%3A%2F%2Fwww.abf.se%2Fwp-content%2Fuploads%2Fsites%2F22%2F2025%2F12%2FGlada-seniorer_stor.jpg&#038;fit=crop&#038;w=894&#038;h=540&#038;s=d84260e5cac79c1ea8de9ff63318688e 894w, https:\/\/www.abf.se\/vast\/resized\/?url=https%3A%2F%2Fwww.abf.se%2Fwp-content%2Fuploads%2Fsites%2F22%2F2025%2F12%2FGlada-seniorer_stor.jpg&#038;fit=crop&#038;w=1038&#038;h=540&#038;s=c7938248aaaae3a56cadf1433af1961e 1038w, https:\/\/www.abf.se\/vast\/resized\/?url=https%3A%2F%2Fwww.abf.se%2Fwp-content%2Fuploads%2Fsites%2F22%2F2025%2F12%2FGlada-seniorer_stor.jpg&#038;fit=crop&#038;w=1182&#038;h=540&#038;s=117517be717c8ef0794ec9b12130bb6c 1182w, https:\/\/www.abf.se\/vast\/resized\/?url=https%3A%2F%2Fwww.abf.se%2Fwp-content%2Fuploads%2Fsites%2F22%2F2025%2F12%2FGlada-seniorer_stor.jpg&#038;fit=crop&#038;w=1326&#038;h=540&#038;s=d588ae3c8513570d5892f3bb54ceaf74 1326w, https:\/\/www.abf.se\/vast\/resized\/?url=https%3A%2F%2Fwww.abf.se%2Fwp-content%2Fuploads%2Fsites%2F22%2F2025%2F12%2FGlada-seniorer_stor.jpg&#038;fit=crop&#038;w=1440&#038;h=540&#038;s=bad4cab4e6faf7c07d91d3a66a28d4b9 1440w\" alt=\"\" height=\"540\" width=\"1440\" sizes=\"(max-width: 1440px) calc(100vw - 32px), 1440px\" loading=\"eager\" fetchpriority=\"high\" aria-hidden=\"true\" role=\"presentation\" \/><\/picture>\n        \n\n            <\/div>\n\n    <\/div>\n\n<div\n    class=\"acf-article-text-block article-container my-12\"\n    data-block=\"article-text-block\"\n>\n    <div class=\"wysiwyg\">\n        <h3><span data-teams=\"true\">Kurser med l\u00e5g avgift i G\u00f6teborgs olika stadsdelar \u2013 till exempel keramik i Bergsj\u00f6ns kulturhus, s\u00f6mnad p\u00e5 Bl\u00e5 st\u00e4llet eller f\u00f6r\u00e4ldra-barn-kurser i Folkets hus Hammarkullen. \u00c4ven sp\u00e4nnande pop up-kurser i f\u00f6reningslokaler, \u00f6ppna f\u00f6r alla.<\/span><\/h3>\n\n    <\/div>\n<\/div>\n<div\n    class=\"acf-article-text-block article-container my-12\"\n    data-block=\"article-text-block\"\n>\n    <div class=\"wysiwyg\">\n        <h3><strong>Bl\u00e5 St\u00e4llet i Angered<\/strong><\/h3>\n<p><span data-teams=\"true\">Du som bor i Angered k\u00e4nner s\u00e4kert till Bl\u00e5 St\u00e4llet! I kulturhusets fina lokaler erbjuder ABF, tillsammans med Bl\u00e5 St\u00e4llet, kurser i hantverk till l\u00e5g kostnad. F\u00f6retr\u00e4de ges f\u00f6r Angeredsbor. \u00c4ven du som bor utanf\u00f6r Angered kan anm\u00e4la dig, och f\u00e5r d\u00e5 delta i m\u00e5n av plats.<\/span><\/p>\n\n    <\/div>\n<\/div>\n<div\n    class=\"acf-article-cta-link-block article-container my-8\"\n    data-block=\"article-cta-link-block\"\n>\n<div>\n    <a class=\"inline-flex flex-row items-center gap-4 text-link underline text-red-dark\"\n        href=\"https:\/\/www.abf.se\/vast\/alt-startsida\/nara-dig-i-goteborg\/bla-stallet\/\"\n            >\n        <span class=\"\">\n        Kurser hos Bl\u00e5 St\u00e4llet\n        <\/span>\n        <figure aria-hidden=\"true\" class=\"rounded-full bg-red-dark w-8 h-8 p-1 text-white\">\n            <svg width=\"20\" height=\"20\" viewBox=\"0 0 20 20\" fill=\"none\" class=\"SvgIconElement\">\n<path d=\"M4.16659 10L15.8333 10\" stroke=\"currentColor\"\/>\n<path d=\"M9.99992 4.1665L15.8333 9.99984L9.99992 15.8332\" stroke=\"currentColor\"\/>\n<\/svg>\n        <\/figure>\n    <\/a>\n<\/div>\n<\/div>\n<div\n    class=\"acf-article-text-block article-container my-12\"\n    data-block=\"article-text-block\"\n>\n    <div class=\"wysiwyg\">\n        <h3><strong>Kulturhuset Bergsj\u00f6n<\/strong><\/h3>\n<p><span data-teams=\"true\">I det nya, fina kulturhuset kan du g\u00e5 ABF-kurser i olika sorters hantverk tillsammans med andra Bergsj\u00f6-bor. Kostnaden \u00e4r l\u00e5g. \u00c4ven du som bor utanf\u00f6r Bergsj\u00f6n kan anm\u00e4la dig, men f\u00f6retr\u00e4de ges till n\u00e4rboende. Det brukar bli h\u00e4rliga, kreativa grupper som skapar tillsammans!<\/span><\/p>\n\n    <\/div>\n<\/div>\n<div\n    class=\"acf-article-cta-link-block article-container my-8\"\n    data-block=\"article-cta-link-block\"\n>\n<div>\n    <a class=\"inline-flex flex-row items-center gap-4 text-link underline text-red-dark\"\n        href=\"https:\/\/www.abf.se\/vast\/alt-startsida\/nara-dig-i-goteborg\/kulturhuset-bergsjon\/\"\n            >\n        <span class=\"\">\n        Kurser hos Kulturhuset Bergsj\u00f6n\n        <\/span>\n        <figure aria-hidden=\"true\" class=\"rounded-full bg-red-dark w-8 h-8 p-1 text-white\">\n            <svg width=\"20\" height=\"20\" viewBox=\"0 0 20 20\" fill=\"none\" class=\"SvgIconElement\">\n<path d=\"M4.16659 10L15.8333 10\" stroke=\"currentColor\"\/>\n<path d=\"M9.99992 4.1665L15.8333 9.99984L9.99992 15.8332\" stroke=\"currentColor\"\/>\n<\/svg>\n        <\/figure>\n    <\/a>\n<\/div>\n<\/div>\n<div\n    class=\"acf-article-text-block article-container my-12\"\n    data-block=\"article-text-block\"\n>\n    <div class=\"wysiwyg\">\n        <h3><strong>Folkets Hus Hammarkullen<\/strong><\/h3>\n<p><span data-teams=\"true\">H\u00e4r kan du g\u00e5 f\u00f6r\u00e4ldra-barn-kurser och andra kurser. Har du sj\u00e4lv en id\u00e9 till en kurs? Tillsammans hj\u00e4lper vi dig att starta den! ABF och Folkets Hus Hammarkullen ordnar ocks\u00e5, tillsammans med Angereds Folkh\u00f6gskola och Mariakyrkan, fyra sp\u00e4nnande f\u00f6rel\u00e4sningar varje termin.<\/span><\/p>\n\n    <\/div>\n<\/div>\n<div\n    class=\"acf-article-cta-link-block article-container my-8\"\n    data-block=\"article-cta-link-block\"\n>\n<div>\n    <a class=\"inline-flex flex-row items-center gap-4 text-link underline text-red-dark\"\n        href=\"https:\/\/www.abf.se\/vast\/alt-startsida\/nara-dig-i-goteborg\/folkets-hus-hammarkullen\/\"\n            >\n        <span class=\"\">\n        Kurser hos Folkets Hus Hammarkullen\n        <\/span>\n        <figure aria-hidden=\"true\" class=\"rounded-full bg-red-dark w-8 h-8 p-1 text-white\">\n            <svg width=\"20\" height=\"20\" viewBox=\"0 0 20 20\" fill=\"none\" class=\"SvgIconElement\">\n<path d=\"M4.16659 10L15.8333 10\" stroke=\"currentColor\"\/>\n<path d=\"M9.99992 4.1665L15.8333 9.99984L9.99992 15.8332\" stroke=\"currentColor\"\/>\n<\/svg>\n        <\/figure>\n    <\/a>\n<\/div>\n<\/div>\n<div\n    class=\"acf-article-text-block article-container my-12\"\n    data-block=\"article-text-block\"\n>\n    <div class=\"wysiwyg\">\n        <h3><strong>\u00d6stra G\u00f6teborgs Alternativa Tr\u00e4ffpunkt<\/strong><\/h3>\n<p>\u00d6GAT \u00e4r en ideell kulturf\u00f6rening som fungerar som en kreativ m\u00f6tesplats f\u00f6r konstn\u00e4rer och allm\u00e4nheten i \u00d6stra G\u00f6teborg, s\u00e4rskilt centrerad kring Bergsj\u00f6n och Gamlestaden, med lokaler f\u00f6r keramik, musik, atelj\u00e9er och workshops, och de \u00e4r k\u00e4nda f\u00f6r sin \u00e5rliga Konstrunda och publika evenemang som konserter och utst\u00e4llningar.<\/p>\n\n    <\/div>\n<\/div>\n<div\n    class=\"acf-article-cta-link-block article-container my-8\"\n    data-block=\"article-cta-link-block\"\n>\n<div>\n    <a class=\"inline-flex flex-row items-center gap-4 text-link underline text-red-dark\"\n        href=\"https:\/\/www.abf.se\/vast\/alt-startsida\/nara-dig-i-goteborg\/ostra-goteborgs-alternativa-traffpunkt\/\"\n            >\n        <span class=\"\">\n        Kurser hos \u00d6GAT\n        <\/span>\n        <figure aria-hidden=\"true\" class=\"rounded-full bg-red-dark w-8 h-8 p-1 text-white\">\n            <svg width=\"20\" height=\"20\" viewBox=\"0 0 20 20\" fill=\"none\" class=\"SvgIconElement\">\n<path d=\"M4.16659 10L15.8333 10\" stroke=\"currentColor\"\/>\n<path d=\"M9.99992 4.1665L15.8333 9.99984L9.99992 15.8332\" stroke=\"currentColor\"\/>\n<\/svg>\n        <\/figure>\n    <\/a>\n<\/div>\n<\/div>\n","protected":false},"excerpt":{"rendered":"","protected":false},"author":23,"featured_media":0,"parent":2358,"menu_order":0,"comment_status":"closed","ping_status":"closed","template":"","meta":{"_acf_changed":false,"footnotes":""},"class_list":["post-2442","page","type-page","status-publish","hentry"],"acf":[],"yoast_head":"<!-- This site is optimized with the Yoast SEO plugin v27.0 - https:\/\/yoast.com\/product\/yoast-seo-wordpress\/ -->\n<title>N\u00e4ra dig i G\u00f6teborg - V\u00e4st<\/title>\n<meta name=\"robots\" content=\"index, follow, max-snippet:-1, max-image-preview:large, max-video-preview:-1\" \/>\n<link rel=\"canonical\" href=\"https:\/\/www.abf.se\/vast\/kategorier\/nara-dig-i-goteborg\/\" \/>\n<meta property=\"og:locale\" content=\"sv_SE\" \/>\n<meta property=\"og:type\" content=\"article\" \/>\n<meta property=\"og:title\" content=\"N\u00e4ra dig i G\u00f6teborg - V\u00e4st\" \/>\n<meta property=\"og:url\" content=\"https:\/\/www.abf.se\/vast\/kategorier\/nara-dig-i-goteborg\/\" \/>\n<meta property=\"og:site_name\" content=\"V\u00e4st\" \/>\n<meta property=\"article:modified_time\" content=\"2025-12-09T14:28:37+00:00\" \/>\n<meta property=\"og:image\" content=\"https:\/\/www.abf.se\/wp-content\/uploads\/sites\/22\/2024\/04\/Nyckeln-liggande-scaled.jpg\" \/>\n\t<meta property=\"og:image:width\" content=\"2560\" \/>\n\t<meta property=\"og:image:height\" content=\"1440\" \/>\n\t<meta property=\"og:image:type\" content=\"image\/jpeg\" \/>\n<meta name=\"twitter:card\" content=\"summary_large_image\" \/>\n<script type=\"application\/ld+json\" class=\"yoast-schema-graph\">{\"@context\":\"https:\/\/schema.org\",\"@graph\":[{\"@type\":\"WebPage\",\"@id\":\"https:\/\/www.abf.se\/vast\/kategorier\/nara-dig-i-goteborg\/\",\"url\":\"https:\/\/www.abf.se\/vast\/kategorier\/nara-dig-i-goteborg\/\",\"name\":\"N\u00e4ra dig i G\u00f6teborg - V\u00e4st\",\"isPartOf\":{\"@id\":\"https:\/\/www.abf.se\/vast\/#website\"},\"datePublished\":\"2025-11-29T15:32:25+00:00\",\"dateModified\":\"2025-12-09T14:28:37+00:00\",\"breadcrumb\":{\"@id\":\"https:\/\/www.abf.se\/vast\/kategorier\/nara-dig-i-goteborg\/#breadcrumb\"},\"inLanguage\":\"sv-SE\",\"potentialAction\":[{\"@type\":\"ReadAction\",\"target\":[\"https:\/\/www.abf.se\/vast\/kategorier\/nara-dig-i-goteborg\/\"]}]},{\"@type\":\"BreadcrumbList\",\"@id\":\"https:\/\/www.abf.se\/vast\/kategorier\/nara-dig-i-goteborg\/#breadcrumb\",\"itemListElement\":[{\"@type\":\"ListItem\",\"position\":1,\"name\":\"Home\",\"item\":\"https:\/\/www.abf.se\/vast\/\"},{\"@type\":\"ListItem\",\"position\":2,\"name\":\"Kategorier\",\"item\":\"https:\/\/www.abf.se\/vast\/kategorier\/\"},{\"@type\":\"ListItem\",\"position\":3,\"name\":\"N\u00e4ra dig i G\u00f6teborg\"}]},{\"@type\":\"WebSite\",\"@id\":\"https:\/\/www.abf.se\/vast\/#website\",\"url\":\"https:\/\/www.abf.se\/vast\/\",\"name\":\"V\u00e4st\",\"description\":\"\",\"potentialAction\":[{\"@type\":\"SearchAction\",\"target\":{\"@type\":\"EntryPoint\",\"urlTemplate\":\"https:\/\/www.abf.se\/vast\/?s={search_term_string}\"},\"query-input\":{\"@type\":\"PropertyValueSpecification\",\"valueRequired\":true,\"valueName\":\"search_term_string\"}}],\"inLanguage\":\"sv-SE\"}]}<\/script>\n<!-- \/ Yoast SEO plugin. -->","yoast_head_json":{"title":"N\u00e4ra dig i G\u00f6teborg - V\u00e4st","robots":{"index":"index","follow":"follow","max-snippet":"max-snippet:-1","max-image-preview":"max-image-preview:large","max-video-preview":"max-video-preview:-1"},"canonical":"https:\/\/www.abf.se\/vast\/kategorier\/nara-dig-i-goteborg\/","og_locale":"sv_SE","og_type":"article","og_title":"N\u00e4ra dig i G\u00f6teborg - V\u00e4st","og_url":"https:\/\/www.abf.se\/vast\/kategorier\/nara-dig-i-goteborg\/","og_site_name":"V\u00e4st","article_modified_time":"2025-12-09T14:28:37+00:00","og_image":[{"width":2560,"height":1440,"url":"https:\/\/www.abf.se\/wp-content\/uploads\/sites\/22\/2024\/04\/Nyckeln-liggande-scaled.jpg","type":"image\/jpeg"}],"twitter_card":"summary_large_image","schema":{"@context":"https:\/\/schema.org","@graph":[{"@type":"WebPage","@id":"https:\/\/www.abf.se\/vast\/kategorier\/nara-dig-i-goteborg\/","url":"https:\/\/www.abf.se\/vast\/kategorier\/nara-dig-i-goteborg\/","name":"N\u00e4ra dig i G\u00f6teborg - V\u00e4st","isPartOf":{"@id":"https:\/\/www.abf.se\/vast\/#website"},"datePublished":"2025-11-29T15:32:25+00:00","dateModified":"2025-12-09T14:28:37+00:00","breadcrumb":{"@id":"https:\/\/www.abf.se\/vast\/kategorier\/nara-dig-i-goteborg\/#breadcrumb"},"inLanguage":"sv-SE","potentialAction":[{"@type":"ReadAction","target":["https:\/\/www.abf.se\/vast\/kategorier\/nara-dig-i-goteborg\/"]}]},{"@type":"BreadcrumbList","@id":"https:\/\/www.abf.se\/vast\/kategorier\/nara-dig-i-goteborg\/#breadcrumb","itemListElement":[{"@type":"ListItem","position":1,"name":"Home","item":"https:\/\/www.abf.se\/vast\/"},{"@type":"ListItem","position":2,"name":"Kategorier","item":"https:\/\/www.abf.se\/vast\/kategorier\/"},{"@type":"ListItem","position":3,"name":"N\u00e4ra dig i G\u00f6teborg"}]},{"@type":"WebSite","@id":"https:\/\/www.abf.se\/vast\/#website","url":"https:\/\/www.abf.se\/vast\/","name":"V\u00e4st","description":"","potentialAction":[{"@type":"SearchAction","target":{"@type":"EntryPoint","urlTemplate":"https:\/\/www.abf.se\/vast\/?s={search_term_string}"},"query-input":{"@type":"PropertyValueSpecification","valueRequired":true,"valueName":"search_term_string"}}],"inLanguage":"sv-SE"}]}},"_links":{"self":[{"href":"https:\/\/www.abf.se\/vast\/wp-json\/wp\/v2\/pages\/2442","targetHints":{"allow":["GET"]}}],"collection":[{"href":"https:\/\/www.abf.se\/vast\/wp-json\/wp\/v2\/pages"}],"about":[{"href":"https:\/\/www.abf.se\/vast\/wp-json\/wp\/v2\/types\/page"}],"author":[{"embeddable":true,"href":"https:\/\/www.abf.se\/vast\/wp-json\/wp\/v2\/users\/23"}],"replies":[{"embeddable":true,"href":"https:\/\/www.abf.se\/vast\/wp-json\/wp\/v2\/comments?post=2442"}],"version-history":[{"count":12,"href":"https:\/\/www.abf.se\/vast\/wp-json\/wp\/v2\/pages\/2442\/revisions"}],"predecessor-version":[{"id":2693,"href":"https:\/\/www.abf.se\/vast\/wp-json\/wp\/v2\/pages\/2442\/revisions\/2693"}],"up":[{"embeddable":true,"href":"https:\/\/www.abf.se\/vast\/wp-json\/wp\/v2\/pages\/2358"}],"wp:attachment":[{"href":"https:\/\/www.abf.se\/vast\/wp-json\/wp\/v2\/media?parent=2442"}],"curies":[{"name":"wp","href":"https:\/\/api.w.org\/{rel}","templated":true}]}}