{"id":2498,"date":"2025-12-09T10:33:26","date_gmt":"2025-12-09T09:33:26","guid":{"rendered":"https:\/\/www.abf.se\/vast\/?page_id=2498"},"modified":"2025-12-09T19:54:39","modified_gmt":"2025-12-09T18:54:39","slug":"ostra-goteborgs-alternativa-traffpunkt","status":"publish","type":"page","link":"https:\/\/www.abf.se\/vast\/kategorier\/nara-dig-i-goteborg\/ostra-goteborgs-alternativa-traffpunkt\/","title":{"rendered":"\u00d6stra G\u00f6teborgs Alternativa Tr\u00e4ffpunkt"},"content":{"rendered":"<div\n    class=\"acf-hero-block container-lg no-padding mb-12 js-geolocation\"\n    data-block=\"hero-block\"\n    data-index=\"0\"\n>\n    <div class=\"h-[548px]  relative rounded-[32px] overflow-hidden flex bg-gray-light\">\n        <div class=\"relative z-10 mt-auto h-auto w-full md:h-full\">\n            <div class=\"flex w-full h-full flex-col flex-wrap justify-end w-full md:w-7\/12 lg:w-1\/2 md:justify-center\">\n                <div class=\"flex flex-col gap-3 md:gap-[18px] md:transparent pt-16 pb-36 md:py-8 px-4 w-full md:max-w-[620px] mx-auto px-8\">\n\n                    <h1 class=\"hero-heading hero-heading--red-text\"><span>Kurser hos \u00d6stra <br \/>\r\nG\u00f6teborgs Alternativa <br \/>\r\nTr\u00e4ffpunkt<\/span><\/h1>\n\n                    \n                                    <\/div>\n            <\/div>\n        <\/div>\n\n                    <picture class=\"as-background-image mix-blend-multiply bg-black\/40\"><img decoding=\"async\" src=\"https:\/\/www.abf.se\/vast\/resized\/?url=https%3A%2F%2Fwww.abf.se%2Fwp-content%2Fuploads%2Fsites%2F22%2F2025%2F12%2FIMG_2095-scaled.jpeg&#038;fit=crop&#038;w=1440&#038;s=f3bbb7022b7b0622a11395f7f8acde77\" srcset=\"https:\/\/www.abf.se\/vast\/resized\/?url=https%3A%2F%2Fwww.abf.se%2Fwp-content%2Fuploads%2Fsites%2F22%2F2025%2F12%2FIMG_2095-scaled.jpeg&#038;fit=crop&#038;w=375&#038;h=540&#038;s=7c9aed2de4291c8312072c360472c159 375w, https:\/\/www.abf.se\/vast\/resized\/?url=https%3A%2F%2Fwww.abf.se%2Fwp-content%2Fuploads%2Fsites%2F22%2F2025%2F12%2FIMG_2095-scaled.jpeg&#038;fit=crop&#038;w=447&#038;h=540&#038;s=5b35928c3263664573ef29840c99e5fe 447w, https:\/\/www.abf.se\/vast\/resized\/?url=https%3A%2F%2Fwww.abf.se%2Fwp-content%2Fuploads%2Fsites%2F22%2F2025%2F12%2FIMG_2095-scaled.jpeg&#038;fit=crop&#038;w=519&#038;h=540&#038;s=00ecd0c6c2f404148225fd78566908b6 519w, https:\/\/www.abf.se\/vast\/resized\/?url=https%3A%2F%2Fwww.abf.se%2Fwp-content%2Fuploads%2Fsites%2F22%2F2025%2F12%2FIMG_2095-scaled.jpeg&#038;fit=crop&#038;w=591&#038;h=540&#038;s=2a613287b9f6b2f5078f5733609e7233 591w, https:\/\/www.abf.se\/vast\/resized\/?url=https%3A%2F%2Fwww.abf.se%2Fwp-content%2Fuploads%2Fsites%2F22%2F2025%2F12%2FIMG_2095-scaled.jpeg&#038;fit=crop&#038;w=663&#038;h=540&#038;s=1948c31921e34d6857bd9ae77e44c435 663w, https:\/\/www.abf.se\/vast\/resized\/?url=https%3A%2F%2Fwww.abf.se%2Fwp-content%2Fuploads%2Fsites%2F22%2F2025%2F12%2FIMG_2095-scaled.jpeg&#038;fit=crop&#038;w=750&#038;h=540&#038;s=547ff6b90240e5b452353cdd562920f9 750w, https:\/\/www.abf.se\/vast\/resized\/?url=https%3A%2F%2Fwww.abf.se%2Fwp-content%2Fuploads%2Fsites%2F22%2F2025%2F12%2FIMG_2095-scaled.jpeg&#038;fit=crop&#038;w=894&#038;h=540&#038;s=b31b927ea5caa0368361551303b513f3 894w, https:\/\/www.abf.se\/vast\/resized\/?url=https%3A%2F%2Fwww.abf.se%2Fwp-content%2Fuploads%2Fsites%2F22%2F2025%2F12%2FIMG_2095-scaled.jpeg&#038;fit=crop&#038;w=1038&#038;h=540&#038;s=7f3b9e22306b7cc1742514f78aad11a4 1038w, https:\/\/www.abf.se\/vast\/resized\/?url=https%3A%2F%2Fwww.abf.se%2Fwp-content%2Fuploads%2Fsites%2F22%2F2025%2F12%2FIMG_2095-scaled.jpeg&#038;fit=crop&#038;w=1182&#038;h=540&#038;s=0b25e3459fe8b0b189137f9e6035f52a 1182w, https:\/\/www.abf.se\/vast\/resized\/?url=https%3A%2F%2Fwww.abf.se%2Fwp-content%2Fuploads%2Fsites%2F22%2F2025%2F12%2FIMG_2095-scaled.jpeg&#038;fit=crop&#038;w=1326&#038;h=540&#038;s=efebf6171609f49d91f486db03506e60 1326w, https:\/\/www.abf.se\/vast\/resized\/?url=https%3A%2F%2Fwww.abf.se%2Fwp-content%2Fuploads%2Fsites%2F22%2F2025%2F12%2FIMG_2095-scaled.jpeg&#038;fit=crop&#038;w=1440&#038;h=540&#038;s=5945c79408c308f50c82396411e4ba61 1440w\" alt=\"\" height=\"540\" width=\"1440\" sizes=\"(max-width: 1440px) calc(100vw - 32px), 1440px\" loading=\"eager\" fetchpriority=\"high\" aria-hidden=\"true\" role=\"presentation\" \/><\/picture>\n        \n\n            <\/div>\n\n    <\/div>\n\n<form id=\"CourseSearch\" action=\"https:\/\/www.abf.se\/vast\/kurs-sok\/\" hx-boost=\"true\" hx-target=\"#search-results\" hx-replace-url=\"false\" hx-headers='{\"HX-Action\": \"render_search\"}'>\n    \n            <div class=\"container mb-8\">\n            <div id=\"search-results\">\n                <div class=\"mb-6\">\n    \n    <div class=\"flex flex-col gap-4 md:gap-0 md:flex-row\">\n        <div class=\"inline-flex justify-between md:justify-start items-start gap-2\">\n            <input type=\"hidden\" id=\"type\" name=\"type\" value=\"course\">\n            <a href=\"\/vast\/wp-json\/wp\/v2\/pages\/2498?type=course&#038;partner%5B0%5D=72909\" class=\"py-3 px-[26px] rounded-3xl border border-red-dark font-medium text-white bg-red-dark\" href=\"\">Kurser (1)<\/a>\n            <a href=\"\/vast\/wp-json\/wp\/v2\/pages\/2498?type=event&#038;partner%5B0%5D=72909\" class=\"py-3 px-[26px] rounded-3xl border border-red-dark font-medium text-red-dark bg-white\" href=\"\">Evenemang (0)<\/a>\n        <\/div>\n        <div class=\"inline-flex items-center align-center justify-end self-center ml-auto gap-7\">\n            <input type=\"hidden\" name=\"lat\" value=\"\" disabled>\n            <input type=\"hidden\" name=\"lon\" value=\"\" disabled>\n            <div>\n                <select name=\"sort\" class=\"InputField-minimal-select\" data-sort-dropdown aria-label=\"V\u00e4lj sortering f\u00f6r resultaten\">\n                    <option value=\"\"  selected  disabled>Sortera efter<\/option>\n                                            <option value=\"date\" >Startdatum<\/option>\n                                            <option value=\"date_desc\" >Senast startdatum<\/option>\n                                            <option value=\"relevance\" >Relevans<\/option>\n                                            <option value=\"name\" >Alfabetisk ordning<\/option>\n                                            <option value=\"price\" >Pris l\u00e5gt &#8211; h\u00f6gt<\/option>\n                                            <option value=\"price_desc\" >Pris h\u00f6gt &#8211; l\u00e5gt<\/option>\n                                            <option value=\"geo\" >N\u00e4ra mig<\/option>\n                                    <\/select>\n            <\/div>\n\n                        <div class=\"hidden md:flex flex-row items-center gap-2\">\n                <a href=\"\/vast\/wp-json\/wp\/v2\/pages\/2498?type=course&amp;partner%5B0%5D=72909&amp;display=grid\" class=\"[&#038;_svg]:fill-red-dark\">\n                    <span class=\"sr-only\">\n                        Visa resultaten i ett rutn\u00e4t\n                    <\/span>\n                    <svg width=\"18\" height=\"18\" viewBox=\"0 0 18 18\" fill=\"none\" xmlns=\"http:\/\/www.w3.org\/2000\/svg\">\n<rect x=\"11\" width=\"7\" height=\"7\" rx=\"2\" fill=\"\"\/>\n<rect width=\"7\" height=\"7\" rx=\"2\" fill=\"\"\/>\n<rect x=\"11\" y=\"11\" width=\"7\" height=\"7\" rx=\"2\" fill=\"\"\/>\n<rect y=\"11\" width=\"7\" height=\"7\" rx=\"2\" fill=\"\"\/>\n<\/svg>\n<\/a>\n                <a href=\"\/vast\/wp-json\/wp\/v2\/pages\/2498?type=course&amp;partner%5B0%5D=72909&amp;display=list\" class=\"[&#038;_svg]:stroke-gray\">\n                    <span class=\"sr-only\">\n                        Visa resultaten som en lista\n                    <\/span>\n                    <svg width=\"32\" height=\"32\" viewBox=\"0 0 32 32\" fill=\"none\" xmlns=\"http:\/\/www.w3.org\/2000\/svg\">\n<path d=\"M12 8.5H27\" stroke-width=\"3\" stroke-linecap=\"round\" stroke-linejoin=\"round\"\/>\n<path d=\"M12 16H26.9992\" stroke-width=\"3\" stroke-linecap=\"round\" stroke-linejoin=\"round\"\/>\n<path d=\"M12 23.5H26.9992\" stroke-width=\"3\" stroke-linecap=\"round\" stroke-linejoin=\"round\"\/>\n<path d=\"M5 8.5H7\" stroke-width=\"3\" stroke-linecap=\"round\" stroke-linejoin=\"round\"\/>\n<path d=\"M5 16H6.99923\" stroke-width=\"3\" stroke-linecap=\"round\" stroke-linejoin=\"round\"\/>\n<path d=\"M5 23.5H6.99923\" stroke-width=\"3\" stroke-linecap=\"round\" stroke-linejoin=\"round\"\/>\n<\/svg>\n<\/a>\n            <\/div>\n        <\/div>\n    <\/div>\n<\/div>\n<div>\n    <div hx-boost=\"false\">\n        <div class=\"grid grid-cols-1 gap-x-4 gap-y-8 sm:grid-cols-2 md:grid-cols-3 mb-8\">\n            \n        <article class=\"CourseCard realtive group\">\n    \n    <div class=\"CourseCard-container\">\n                    <figure class=\"CourseCard-image\">\n                                <picture><img decoding=\"async\" src=\"https:\/\/www.abf.se\/vast\/resized\/?url=https%3A%2F%2Fwww.abf.se%2Fwp-content%2Fuploads%2Fsites%2F22%2F2026%2F02%2FImage.jpeg&#038;fit=crop&#038;w=368&#038;s=9aff376d508703cb010ed17f58945093\" srcset=\"https:\/\/www.abf.se\/vast\/resized\/?url=https%3A%2F%2Fwww.abf.se%2Fwp-content%2Fuploads%2Fsites%2F22%2F2026%2F02%2FImage.jpeg&#038;fit=crop&#038;w=48&#038;h=180&#038;s=eb8ead0dd1a193fb2d84c0f64a5ed6bb 48w, https:\/\/www.abf.se\/vast\/resized\/?url=https%3A%2F%2Fwww.abf.se%2Fwp-content%2Fuploads%2Fsites%2F22%2F2026%2F02%2FImage.jpeg&#038;fit=crop&#038;w=72&#038;h=180&#038;s=f973a1e99b1ac96fbc1d98435183e3c2 72w, https:\/\/www.abf.se\/vast\/resized\/?url=https%3A%2F%2Fwww.abf.se%2Fwp-content%2Fuploads%2Fsites%2F22%2F2026%2F02%2FImage.jpeg&#038;fit=crop&#038;w=96&#038;h=180&#038;s=78c8f057dba35760dc04609b895d22d1 96w, https:\/\/www.abf.se\/vast\/resized\/?url=https%3A%2F%2Fwww.abf.se%2Fwp-content%2Fuploads%2Fsites%2F22%2F2026%2F02%2FImage.jpeg&#038;fit=crop&#038;w=120&#038;h=180&#038;s=6ef7d56bc81955b01937616c4e7753ed 120w, https:\/\/www.abf.se\/vast\/resized\/?url=https%3A%2F%2Fwww.abf.se%2Fwp-content%2Fuploads%2Fsites%2F22%2F2026%2F02%2FImage.jpeg&#038;fit=crop&#038;w=144&#038;h=180&#038;s=951f26f231102892fedb35c3e77dcf6d 144w, https:\/\/www.abf.se\/vast\/resized\/?url=https%3A%2F%2Fwww.abf.se%2Fwp-content%2Fuploads%2Fsites%2F22%2F2026%2F02%2FImage.jpeg&#038;fit=crop&#038;w=168&#038;h=180&#038;s=dc216a26255e4172048487cc5d14de64 168w, https:\/\/www.abf.se\/vast\/resized\/?url=https%3A%2F%2Fwww.abf.se%2Fwp-content%2Fuploads%2Fsites%2F22%2F2026%2F02%2FImage.jpeg&#038;fit=crop&#038;w=192&#038;h=180&#038;s=f7babb614558cb7a7a32c092d510e6cb 192w, https:\/\/www.abf.se\/vast\/resized\/?url=https%3A%2F%2Fwww.abf.se%2Fwp-content%2Fuploads%2Fsites%2F22%2F2026%2F02%2FImage.jpeg&#038;fit=crop&#038;w=216&#038;h=180&#038;s=492af071014a0c8163f30252bf52aaee 216w, https:\/\/www.abf.se\/vast\/resized\/?url=https%3A%2F%2Fwww.abf.se%2Fwp-content%2Fuploads%2Fsites%2F22%2F2026%2F02%2FImage.jpeg&#038;fit=crop&#038;w=240&#038;h=180&#038;s=0585db74f5c8115bcddada11888a71a3 240w, https:\/\/www.abf.se\/vast\/resized\/?url=https%3A%2F%2Fwww.abf.se%2Fwp-content%2Fuploads%2Fsites%2F22%2F2026%2F02%2FImage.jpeg&#038;fit=crop&#038;w=264&#038;h=180&#038;s=92b6a7aa00129aa087e6b97ce6f541bc 264w, https:\/\/www.abf.se\/vast\/resized\/?url=https%3A%2F%2Fwww.abf.se%2Fwp-content%2Fuploads%2Fsites%2F22%2F2026%2F02%2FImage.jpeg&#038;fit=crop&#038;w=288&#038;h=180&#038;s=fa45107a16e709215249c3b7d9e85548 288w, https:\/\/www.abf.se\/vast\/resized\/?url=https%3A%2F%2Fwww.abf.se%2Fwp-content%2Fuploads%2Fsites%2F22%2F2026%2F02%2FImage.jpeg&#038;fit=crop&#038;w=312&#038;h=180&#038;s=754829a148df9ada77d2d35f5fe0c3ff 312w, https:\/\/www.abf.se\/vast\/resized\/?url=https%3A%2F%2Fwww.abf.se%2Fwp-content%2Fuploads%2Fsites%2F22%2F2026%2F02%2FImage.jpeg&#038;fit=crop&#038;w=336&#038;h=180&#038;s=7210dd41e208bdda5fbc152e1e0d5a3f 336w, https:\/\/www.abf.se\/vast\/resized\/?url=https%3A%2F%2Fwww.abf.se%2Fwp-content%2Fuploads%2Fsites%2F22%2F2026%2F02%2FImage.jpeg&#038;fit=crop&#038;w=360&#038;h=180&#038;s=256ed5719a9c8bebf3a09a2d2ac9da31 360w, https:\/\/www.abf.se\/vast\/resized\/?url=https%3A%2F%2Fwww.abf.se%2Fwp-content%2Fuploads%2Fsites%2F22%2F2026%2F02%2FImage.jpeg&#038;fit=crop&#038;w=368&#038;h=180&#038;s=a2dcadf4e7111dc268bfb66e88563bcf 368w, https:\/\/www.abf.se\/vast\/resized\/?url=https%3A%2F%2Fwww.abf.se%2Fwp-content%2Fuploads%2Fsites%2F22%2F2026%2F02%2FImage.jpeg&#038;fit=crop&#038;w=384&#038;h=180&#038;s=6cdecc36f66a5426cd5ea5bbe24440df 384w, https:\/\/www.abf.se\/vast\/resized\/?url=https%3A%2F%2Fwww.abf.se%2Fwp-content%2Fuploads%2Fsites%2F22%2F2026%2F02%2FImage.jpeg&#038;fit=crop&#038;w=432&#038;h=180&#038;s=6dde9214598d7cb5d6f7c6a58cc92a9a 432w, https:\/\/www.abf.se\/vast\/resized\/?url=https%3A%2F%2Fwww.abf.se%2Fwp-content%2Fuploads%2Fsites%2F22%2F2026%2F02%2FImage.jpeg&#038;fit=crop&#038;w=480&#038;h=180&#038;s=3a01398c96b5abff38c45cd661013602 480w, https:\/\/www.abf.se\/vast\/resized\/?url=https%3A%2F%2Fwww.abf.se%2Fwp-content%2Fuploads%2Fsites%2F22%2F2026%2F02%2FImage.jpeg&#038;fit=crop&#038;w=528&#038;h=180&#038;s=4a83e003e223efdf3179c846632889fc 528w, https:\/\/www.abf.se\/vast\/resized\/?url=https%3A%2F%2Fwww.abf.se%2Fwp-content%2Fuploads%2Fsites%2F22%2F2026%2F02%2FImage.jpeg&#038;fit=crop&#038;w=576&#038;h=180&#038;s=0d07594c196a9ee9c0d3fa5ef4917ecf 576w, https:\/\/www.abf.se\/vast\/resized\/?url=https%3A%2F%2Fwww.abf.se%2Fwp-content%2Fuploads%2Fsites%2F22%2F2026%2F02%2FImage.jpeg&#038;fit=crop&#038;w=624&#038;h=180&#038;s=dfb09c8f7efc4e902ec15bd0f601d376 624w, https:\/\/www.abf.se\/vast\/resized\/?url=https%3A%2F%2Fwww.abf.se%2Fwp-content%2Fuploads%2Fsites%2F22%2F2026%2F02%2FImage.jpeg&#038;fit=crop&#038;w=672&#038;h=180&#038;s=97c545af946df050732e3aebbe39deb8 672w, https:\/\/www.abf.se\/vast\/resized\/?url=https%3A%2F%2Fwww.abf.se%2Fwp-content%2Fuploads%2Fsites%2F22%2F2026%2F02%2FImage.jpeg&#038;fit=crop&#038;w=720&#038;h=180&#038;s=909361459f340db1920e6cff03a27eb0 720w\" alt=\"\" height=\"180\" width=\"368\" sizes=\"auto, (max-width: 768px) 368px, (max-width: 1156px) 33vw, 368px\" loading=\"lazy\" fetchpriority=\"low\" \/><\/picture>\n            <\/figure>\n                <header class=\"CourseCard-header\">\n                        <h3 class=\"CourseCard-title\">\n                                    Keramik- Sommarkurs p\u00e5 \u00d6gat 13-15 juli\n                            <\/h3>\n        <\/header>\n        <div class=\"CourseCard-details\">\n            <ul>\n                                    <li class=\"CourseCard-location\">\n                        <p>\n                            Plats: <strong>\u00d6GAT &#8211; \u00d6stra G\u00f6teborgs Alternativa Tr\u00e4ffpunkt<br\/>G\u00f6taholmsgatan 22 G\u00f6teborg<\/strong>\n                        <\/p>\n                    <\/li>\n                                                    <li class=\"CourseCard-gatherings\">\n                        <p>\n                            Antal tr\u00e4ffar: <strong>3<\/strong>\n                        <\/p>\n                    <\/li>\n                                \n                                    <li class=\"CourseCard-date\">\n                        <p>\n                            Start:\n                            <time datetime=\"2026-07-13\">\n                                <strong>\n                                    13 juli 2026\n                                <\/strong>\n                            <\/time>\n                        <\/p>\n                    <\/li>\n                                                    <li class=\"CourseCard-date\">\n                        <p>\n                            Tid:\n                            <strong>\n                                                                                                        <span class=\"sr-only\">\n                                        P\u00e5g\u00e5r mellan\n                                    <\/span>\n                                    <time datetime=\"17.00\">\n                                        17.00\n                                    <\/time>\n                                                                                                                                        <span aria-hidden=\"true\">&#8211;<\/span>\n                                    <span class=\"sr-only\">och<\/span>\n                                    <time datetime=\"20.00\">\n                                        20.00\n                                    <\/time>\n                                                            <\/strong>\n                        <\/p>\n                    <\/li>\n                                <li class=\"CourseCard-price\">\n                    <p>\n                        Pris: <strong>1860:-<\/strong>\n                    <\/p>\n                <\/li>\n            <\/ul>\n        <\/div>\n                <footer class=\"CourseCard-footer\">\n            <a\n                class=\"align-center text-red-dark group block flex items-center justify-end gap-2\"\n                href=\"https:\/\/www.abf.se\/vast\/kurs\/sommarkurs-keramik-pa-ogat-13-15-juli-2026-3894836\/\"\n            >\n                <span class=\"underline group-hover:no-underline expanded-hit-area\">L\u00e4s mer och anm\u00e4l dig<\/span>\n                <span\n                    class=\"bg-red-dark flex h-[38px] w-[38px] origin-center items-center justify-center rounded-full transition-transform duration-300 group-hover:scale-105\"\n                >\n                    <figure\n                        aria-hidden=\"true\"\n                        class=\"h-6 w-6 text-white\"\n                    >\n                                                    <svg width=\"20\" height=\"20\" viewBox=\"0 0 20 20\" fill=\"none\" class=\"SvgIconElement\">\n<path d=\"M4.16659 10L15.8333 10\" stroke=\"currentColor\"\/>\n<path d=\"M9.99992 4.1665L15.8333 9.99984L9.99992 15.8332\" stroke=\"currentColor\"\/>\n<\/svg>\n                                            <\/figure>\n                <\/span>\n            <\/a>\n        <\/footer>\n            <\/div>\n<\/article>\n    <\/div>\n    <\/div>\n\n    <\/div>\n            <\/div>\n        <\/div>\n    <\/form><div\n    class=\"acf-article-text-block article-container my-12\"\n    data-block=\"article-text-block\"\n>\n    <div class=\"wysiwyg\">\n        <p>Om det inte listas n\u00e5gra kurser ovan beror det p\u00e5 att vi \u00e4nnu ej har publicerat n\u00e5gra kommande kurser. Ring eller mejla oss f\u00f6r att f\u00e5 reda p\u00e5 n\u00e4r n\u00e4sta kurs planerad!<\/p>\n<p>Tel: 031-774 31 00<br \/>\nMejl: <a href=\"mailto:info.vast@abf.se\">info.vast@abf.se<\/a><\/p>\n\n    <\/div>\n<\/div>\n","protected":false},"excerpt":{"rendered":"","protected":false},"author":23,"featured_media":0,"parent":2442,"menu_order":0,"comment_status":"closed","ping_status":"closed","template":"","meta":{"_acf_changed":false,"footnotes":""},"class_list":["post-2498","page","type-page","status-publish","hentry"],"acf":[],"yoast_head":"<!-- This site is optimized with the Yoast SEO plugin v27.0 - https:\/\/yoast.com\/product\/yoast-seo-wordpress\/ -->\n<title>\u00d6stra G\u00f6teborgs Alternativa Tr\u00e4ffpunkt - V\u00e4st<\/title>\n<meta name=\"robots\" content=\"index, follow, max-snippet:-1, max-image-preview:large, max-video-preview:-1\" \/>\n<link rel=\"canonical\" href=\"https:\/\/www.abf.se\/vast\/kategorier\/nara-dig-i-goteborg\/ostra-goteborgs-alternativa-traffpunkt\/\" \/>\n<meta property=\"og:locale\" content=\"sv_SE\" \/>\n<meta property=\"og:type\" content=\"article\" \/>\n<meta property=\"og:title\" content=\"\u00d6stra G\u00f6teborgs Alternativa Tr\u00e4ffpunkt - V\u00e4st\" \/>\n<meta property=\"og:url\" content=\"https:\/\/www.abf.se\/vast\/kategorier\/nara-dig-i-goteborg\/ostra-goteborgs-alternativa-traffpunkt\/\" \/>\n<meta property=\"og:site_name\" content=\"V\u00e4st\" \/>\n<meta property=\"article:modified_time\" content=\"2025-12-09T18:54:39+00:00\" \/>\n<meta property=\"og:image\" content=\"https:\/\/www.abf.se\/wp-content\/uploads\/sites\/22\/2024\/04\/Nyckeln-liggande-scaled.jpg\" \/>\n\t<meta property=\"og:image:width\" content=\"2560\" \/>\n\t<meta property=\"og:image:height\" content=\"1440\" \/>\n\t<meta property=\"og:image:type\" content=\"image\/jpeg\" \/>\n<meta name=\"twitter:card\" content=\"summary_large_image\" \/>\n<script type=\"application\/ld+json\" class=\"yoast-schema-graph\">{\"@context\":\"https:\/\/schema.org\",\"@graph\":[{\"@type\":\"WebPage\",\"@id\":\"https:\/\/www.abf.se\/vast\/kategorier\/nara-dig-i-goteborg\/ostra-goteborgs-alternativa-traffpunkt\/\",\"url\":\"https:\/\/www.abf.se\/vast\/kategorier\/nara-dig-i-goteborg\/ostra-goteborgs-alternativa-traffpunkt\/\",\"name\":\"\u00d6stra G\u00f6teborgs Alternativa Tr\u00e4ffpunkt - V\u00e4st\",\"isPartOf\":{\"@id\":\"https:\/\/www.abf.se\/vast\/#website\"},\"datePublished\":\"2025-12-09T09:33:26+00:00\",\"dateModified\":\"2025-12-09T18:54:39+00:00\",\"breadcrumb\":{\"@id\":\"https:\/\/www.abf.se\/vast\/kategorier\/nara-dig-i-goteborg\/ostra-goteborgs-alternativa-traffpunkt\/#breadcrumb\"},\"inLanguage\":\"sv-SE\",\"potentialAction\":[{\"@type\":\"ReadAction\",\"target\":[\"https:\/\/www.abf.se\/vast\/kategorier\/nara-dig-i-goteborg\/ostra-goteborgs-alternativa-traffpunkt\/\"]}]},{\"@type\":\"BreadcrumbList\",\"@id\":\"https:\/\/www.abf.se\/vast\/kategorier\/nara-dig-i-goteborg\/ostra-goteborgs-alternativa-traffpunkt\/#breadcrumb\",\"itemListElement\":[{\"@type\":\"ListItem\",\"position\":1,\"name\":\"Home\",\"item\":\"https:\/\/www.abf.se\/vast\/\"},{\"@type\":\"ListItem\",\"position\":2,\"name\":\"Kategorier\",\"item\":\"https:\/\/www.abf.se\/vast\/kategorier\/\"},{\"@type\":\"ListItem\",\"position\":3,\"name\":\"N\u00e4ra dig i G\u00f6teborg\",\"item\":\"https:\/\/www.abf.se\/vast\/kategorier\/nara-dig-i-goteborg\/\"},{\"@type\":\"ListItem\",\"position\":4,\"name\":\"\u00d6stra G\u00f6teborgs Alternativa Tr\u00e4ffpunkt\"}]},{\"@type\":\"WebSite\",\"@id\":\"https:\/\/www.abf.se\/vast\/#website\",\"url\":\"https:\/\/www.abf.se\/vast\/\",\"name\":\"V\u00e4st\",\"description\":\"\",\"potentialAction\":[{\"@type\":\"SearchAction\",\"target\":{\"@type\":\"EntryPoint\",\"urlTemplate\":\"https:\/\/www.abf.se\/vast\/?s={search_term_string}\"},\"query-input\":{\"@type\":\"PropertyValueSpecification\",\"valueRequired\":true,\"valueName\":\"search_term_string\"}}],\"inLanguage\":\"sv-SE\"}]}<\/script>\n<!-- \/ Yoast SEO plugin. -->","yoast_head_json":{"title":"\u00d6stra G\u00f6teborgs Alternativa Tr\u00e4ffpunkt - V\u00e4st","robots":{"index":"index","follow":"follow","max-snippet":"max-snippet:-1","max-image-preview":"max-image-preview:large","max-video-preview":"max-video-preview:-1"},"canonical":"https:\/\/www.abf.se\/vast\/kategorier\/nara-dig-i-goteborg\/ostra-goteborgs-alternativa-traffpunkt\/","og_locale":"sv_SE","og_type":"article","og_title":"\u00d6stra G\u00f6teborgs Alternativa Tr\u00e4ffpunkt - V\u00e4st","og_url":"https:\/\/www.abf.se\/vast\/kategorier\/nara-dig-i-goteborg\/ostra-goteborgs-alternativa-traffpunkt\/","og_site_name":"V\u00e4st","article_modified_time":"2025-12-09T18:54:39+00:00","og_image":[{"width":2560,"height":1440,"url":"https:\/\/www.abf.se\/wp-content\/uploads\/sites\/22\/2024\/04\/Nyckeln-liggande-scaled.jpg","type":"image\/jpeg"}],"twitter_card":"summary_large_image","schema":{"@context":"https:\/\/schema.org","@graph":[{"@type":"WebPage","@id":"https:\/\/www.abf.se\/vast\/kategorier\/nara-dig-i-goteborg\/ostra-goteborgs-alternativa-traffpunkt\/","url":"https:\/\/www.abf.se\/vast\/kategorier\/nara-dig-i-goteborg\/ostra-goteborgs-alternativa-traffpunkt\/","name":"\u00d6stra G\u00f6teborgs Alternativa Tr\u00e4ffpunkt - V\u00e4st","isPartOf":{"@id":"https:\/\/www.abf.se\/vast\/#website"},"datePublished":"2025-12-09T09:33:26+00:00","dateModified":"2025-12-09T18:54:39+00:00","breadcrumb":{"@id":"https:\/\/www.abf.se\/vast\/kategorier\/nara-dig-i-goteborg\/ostra-goteborgs-alternativa-traffpunkt\/#breadcrumb"},"inLanguage":"sv-SE","potentialAction":[{"@type":"ReadAction","target":["https:\/\/www.abf.se\/vast\/kategorier\/nara-dig-i-goteborg\/ostra-goteborgs-alternativa-traffpunkt\/"]}]},{"@type":"BreadcrumbList","@id":"https:\/\/www.abf.se\/vast\/kategorier\/nara-dig-i-goteborg\/ostra-goteborgs-alternativa-traffpunkt\/#breadcrumb","itemListElement":[{"@type":"ListItem","position":1,"name":"Home","item":"https:\/\/www.abf.se\/vast\/"},{"@type":"ListItem","position":2,"name":"Kategorier","item":"https:\/\/www.abf.se\/vast\/kategorier\/"},{"@type":"ListItem","position":3,"name":"N\u00e4ra dig i G\u00f6teborg","item":"https:\/\/www.abf.se\/vast\/kategorier\/nara-dig-i-goteborg\/"},{"@type":"ListItem","position":4,"name":"\u00d6stra G\u00f6teborgs Alternativa Tr\u00e4ffpunkt"}]},{"@type":"WebSite","@id":"https:\/\/www.abf.se\/vast\/#website","url":"https:\/\/www.abf.se\/vast\/","name":"V\u00e4st","description":"","potentialAction":[{"@type":"SearchAction","target":{"@type":"EntryPoint","urlTemplate":"https:\/\/www.abf.se\/vast\/?s={search_term_string}"},"query-input":{"@type":"PropertyValueSpecification","valueRequired":true,"valueName":"search_term_string"}}],"inLanguage":"sv-SE"}]}},"_links":{"self":[{"href":"https:\/\/www.abf.se\/vast\/wp-json\/wp\/v2\/pages\/2498","targetHints":{"allow":["GET"]}}],"collection":[{"href":"https:\/\/www.abf.se\/vast\/wp-json\/wp\/v2\/pages"}],"about":[{"href":"https:\/\/www.abf.se\/vast\/wp-json\/wp\/v2\/types\/page"}],"author":[{"embeddable":true,"href":"https:\/\/www.abf.se\/vast\/wp-json\/wp\/v2\/users\/23"}],"replies":[{"embeddable":true,"href":"https:\/\/www.abf.se\/vast\/wp-json\/wp\/v2\/comments?post=2498"}],"version-history":[{"count":9,"href":"https:\/\/www.abf.se\/vast\/wp-json\/wp\/v2\/pages\/2498\/revisions"}],"predecessor-version":[{"id":2756,"href":"https:\/\/www.abf.se\/vast\/wp-json\/wp\/v2\/pages\/2498\/revisions\/2756"}],"up":[{"embeddable":true,"href":"https:\/\/www.abf.se\/vast\/wp-json\/wp\/v2\/pages\/2442"}],"wp:attachment":[{"href":"https:\/\/www.abf.se\/vast\/wp-json\/wp\/v2\/media?parent=2498"}],"curies":[{"name":"wp","href":"https:\/\/api.w.org\/{rel}","templated":true}]}}