{"id":1254,"date":"2026-01-21T12:41:11","date_gmt":"2026-01-21T11:41:11","guid":{"rendered":"https:\/\/www.abf.se\/vasternorrland\/?page_id=1254"},"modified":"2026-01-21T12:41:11","modified_gmt":"2026-01-21T11:41:11","slug":"utan-folkbildning-tystnar-sverige","status":"publish","type":"page","link":"https:\/\/www.abf.se\/vasternorrland\/utan-folkbildning-tystnar-sverige\/","title":{"rendered":"Utan folkbildning tystnar Sverige"},"content":{"rendered":"<div\n    class=\"acf-hero-block container-lg no-padding mb-12 js-geolocation\"\n    data-block=\"hero-block\"\n    data-index=\"0\"\n>\n    <div class=\"h-[548px]  relative rounded-[32px] overflow-hidden flex bg-gray-light\">\n        <div class=\"relative z-10 mt-auto h-auto w-full md:h-full\">\n            <div class=\"flex w-full h-full flex-col flex-wrap justify-end w-full md:w-7\/12 lg:w-1\/2 md:justify-center\">\n                <div class=\"flex flex-col gap-3 md:gap-[18px] md:transparent pt-16 pb-36 md:py-8 px-4 w-full md:max-w-[620px] mx-auto px-8\">\n\n                    <h1 class=\"hero-heading\"><span>Utan folkbildning tystnar Sverige<\/span><\/h1>\n\n                    \n                                    <\/div>\n            <\/div>\n        <\/div>\n\n                    <picture class=\"as-background-image mix-blend-multiply bg-black\/40\"><img decoding=\"async\" src=\"https:\/\/www.abf.se\/resized\/wp-content\/uploads\/2025\/06\/ABFskylt.png?fit=crop&#038;w=1440&#038;s=66a9ecb07682e8a0f1be980fcb54a03a\" srcset=\"https:\/\/www.abf.se\/resized\/wp-content\/uploads\/2025\/06\/ABFskylt.png?fit=crop&#038;w=375&#038;h=540&#038;s=b2cc99d02843585f00740b1086207c77 375w, https:\/\/www.abf.se\/resized\/wp-content\/uploads\/2025\/06\/ABFskylt.png?fit=crop&#038;w=447&#038;h=540&#038;s=088c8be7e32ea819c8636b24542619b9 447w, https:\/\/www.abf.se\/resized\/wp-content\/uploads\/2025\/06\/ABFskylt.png?fit=crop&#038;w=519&#038;h=540&#038;s=bd2e72a9c0e583662d823983dd0312ee 519w, https:\/\/www.abf.se\/resized\/wp-content\/uploads\/2025\/06\/ABFskylt.png?fit=crop&#038;w=591&#038;h=540&#038;s=c093c23861f34ce59960263abf737553 591w, https:\/\/www.abf.se\/resized\/wp-content\/uploads\/2025\/06\/ABFskylt.png?fit=crop&#038;w=663&#038;h=540&#038;s=369397a532262b346966a8b259073671 663w, https:\/\/www.abf.se\/resized\/wp-content\/uploads\/2025\/06\/ABFskylt.png?fit=crop&#038;w=750&#038;h=540&#038;s=51aa6347b238ee9ea07ac58cb4e93bed 750w, https:\/\/www.abf.se\/resized\/wp-content\/uploads\/2025\/06\/ABFskylt.png?fit=crop&#038;w=894&#038;h=540&#038;s=64cd1d2d742e58e1c61003c0fd91e80a 894w, https:\/\/www.abf.se\/resized\/wp-content\/uploads\/2025\/06\/ABFskylt.png?fit=crop&#038;w=1038&#038;h=540&#038;s=a8687a7ca1d92f78207e0b184dd2d6d3 1038w, https:\/\/www.abf.se\/resized\/wp-content\/uploads\/2025\/06\/ABFskylt.png?fit=crop&#038;w=1182&#038;h=540&#038;s=96a8a8f7e8c2c59f270c6000598c2a65 1182w, https:\/\/www.abf.se\/resized\/wp-content\/uploads\/2025\/06\/ABFskylt.png?fit=crop&#038;w=1326&#038;h=540&#038;s=97a48e208f4b2c250b0188379849d859 1326w, https:\/\/www.abf.se\/resized\/wp-content\/uploads\/2025\/06\/ABFskylt.png?fit=crop&#038;w=1440&#038;h=540&#038;s=ebef56d2f78b5543aaa7adc54f5d689b 1440w\" alt=\"\" height=\"540\" width=\"1440\" sizes=\"(max-width: 1440px) calc(100vw - 32px), 1440px\" loading=\"eager\" fetchpriority=\"high\" aria-hidden=\"true\" role=\"presentation\" \/><\/picture>\n        \n\n            <\/div>\n\n    <\/div>\n\n\n\n<div\n    class=\"acf-plain-heading-block container my-16\"\n    data-block=\"plain-heading-block\"\n>\n    <div class=\"max-w-[658px] mx-auto\">\n                            <p class=\"mt-8 body-xl text-black\">\n                Folkbildning handlar om att skapa m\u00f6jligheter, f\u00f6r l\u00e4rande, delaktighet och gemenskap. Det \u00e4r d\u00e4r r\u00f6ster h\u00f6rs, id\u00e9er f\u00f6ds och framtid formas. N\u00e4r dessa rum f\u00f6rsvinner, tystnar n\u00e5got st\u00f6rre.\n            <\/p>\n            <\/div>\n<\/div>\n\n\n<div\n    class=\"acf-article-cta-link-block article-container my-8\"\n    data-block=\"article-cta-link-block\"\n>\n<div>\n    <a class=\"inline-flex flex-row items-center gap-4 text-link underline text-red-dark\"\n        href=\"https:\/\/www.abf.se\/utan-folkbildning-tystnar-sverige\/utan-folkbildning-tystnar-sverige-kampanjsamlingssida\/\"\n            >\n        <span class=\"\">\n        Vill du vara med och g\u00f6ra skillnad?\n        <\/span>\n        <figure aria-hidden=\"true\" class=\"rounded-full bg-red-dark w-8 h-8 p-1 text-white\">\n            <svg width=\"20\" height=\"20\" viewBox=\"0 0 20 20\" fill=\"none\" class=\"SvgIconElement\">\n<path d=\"M4.16659 10L15.8333 10\" stroke=\"currentColor\"\/>\n<path d=\"M9.99992 4.1665L15.8333 9.99984L9.99992 15.8332\" stroke=\"currentColor\"\/>\n<\/svg>\n        <\/figure>\n    <\/a>\n<\/div>\n<\/div>\n\n\n<div\n        class=\"acf-article-video-block article-container-lg my-12 external-video\"\n        data-block=\"article-video-block\"\n    >\n                \n                    <iframe loading=\"lazy\" title=\"ABF Utan folkbildning tystnar Sverige 4K\" width=\"500\" height=\"281\" src=\"https:\/\/www.youtube.com\/embed\/V_8rbaU-wFg?feature=oembed\" frameborder=\"0\" allow=\"accelerometer; autoplay; clipboard-write; encrypted-media; gyroscope; picture-in-picture; web-share\" referrerpolicy=\"strict-origin-when-cross-origin\" allowfullscreen><\/iframe>\n                            <\/div>\n\n\n<div\n    class=\"acf-text-image-block container bg-gray-light py-12 md:py-15\"\n    data-block=\"text-image-block\"\n>\n    <div\n    class=\"flex flex-col items-center md:flex-row gap-8 md:gap-0 justify-between\">\n                        <div class=\"w-full md:w-1\/2 md:order-1\">\n            <picture><img decoding=\"async\" src=\"https:\/\/www.abf.se\/resized\/wp-content\/uploads\/2025\/06\/ABF_bildbank-163.jpg?fit=crop&#038;w=578&#038;s=13a3964fa2bb5c8d41dabfd4f0fb4c1b\" srcset=\"https:\/\/www.abf.se\/resized\/wp-content\/uploads\/2025\/06\/ABF_bildbank-163.jpg?fit=crop&#038;w=144&#038;h=126&#038;s=165b4c578a2e08b7ee52f9a45ceb22c5 144w, https:\/\/www.abf.se\/resized\/wp-content\/uploads\/2025\/06\/ABF_bildbank-163.jpg?fit=crop&#038;w=240&#038;h=211&#038;s=5e092727557fbb0a03ed5a8766e1d079 240w, https:\/\/www.abf.se\/resized\/wp-content\/uploads\/2025\/06\/ABF_bildbank-163.jpg?fit=crop&#038;w=288&#038;h=253&#038;s=7d10ccbd38ad7abfa63ff6976a43f7a3 288w, https:\/\/www.abf.se\/resized\/wp-content\/uploads\/2025\/06\/ABF_bildbank-163.jpg?fit=crop&#038;w=336&#038;h=295&#038;s=963b802275a9f19a0e1d73df677fd8ad 336w, https:\/\/www.abf.se\/resized\/wp-content\/uploads\/2025\/06\/ABF_bildbank-163.jpg?fit=crop&#038;w=432&#038;h=380&#038;s=6e4f5429fbc2130f1accfc69553a7a6b 432w, https:\/\/www.abf.se\/resized\/wp-content\/uploads\/2025\/06\/ABF_bildbank-163.jpg?fit=crop&#038;w=480&#038;h=422&#038;s=e042c170ada17da41c0b1f8c468e3b44 480w, https:\/\/www.abf.se\/resized\/wp-content\/uploads\/2025\/06\/ABF_bildbank-163.jpg?fit=crop&#038;w=528&#038;h=464&#038;s=cb720d1cf99e0d0ae709ff26b5c3aef1 528w, https:\/\/www.abf.se\/resized\/wp-content\/uploads\/2025\/06\/ABF_bildbank-163.jpg?fit=crop&#038;w=578&#038;h=509&#038;s=1d7a0872eefd11b33536fefd735512ce 578w, https:\/\/www.abf.se\/resized\/wp-content\/uploads\/2025\/06\/ABF_bildbank-163.jpg?fit=crop&#038;w=672&#038;h=591&#038;s=4c9b67df19dbc446c3fd1f754e3c6e15 672w, https:\/\/www.abf.se\/resized\/wp-content\/uploads\/2025\/06\/ABF_bildbank-163.jpg?fit=crop&#038;w=864&#038;h=760&#038;s=ed296f1e51e3f0e9860e0bb4a4f7dbdb 864w, https:\/\/www.abf.se\/resized\/wp-content\/uploads\/2025\/06\/ABF_bildbank-163.jpg?fit=crop&#038;w=1056&#038;h=929&#038;s=d7c2666d513f23244299377bf0d24a1e 1056w\" alt=\"Tv&aring; unga personer i en r&ouml;d soffa. En sitter i soffan, med en basgitarr, en sitter p&aring; soffkarmen, med en elgitarr. P&aring; v&auml;ggen bakom dem sitter en ABF-affisch med ett tecknat motiv p&aring; en ung kvinna och orden live, podcast, music.\" height=\"509\" width=\"578\" sizes=\"auto, (max-width: 768px) 100vw,\n                (max-width: 1280px) 50vw, 578px\" loading=\"lazy\" fetchpriority=\"low\" \/><\/picture>\n\n        <\/div>\n        \n        <div class=\"w-full md:w-1\/2 md:order-2\">\n        <div class=\"mx-auto md:max-w-[368px]\">\n            <h2 class=\"heading-lg\">D\u00e4r id\u00e9er f\u00e5r ta plats<\/h2>\n            <div class=\"mb-6 mt-4 wysiwyg\">\n                <p>Folkbildning \u00e4r platsen d\u00e4r ber\u00e4ttelser, erfarenheter och nya perspektiv f\u00e5r utrymme. Det \u00e4r d\u00e4r m\u00e4nniskor m\u00f6ts f\u00f6r att skapa, samtala och l\u00e4ra, p\u00e5 sina egna villkor. N\u00e4r vi f\u00f6rlorar dessa rum, f\u00f6rlorar vi inte bara en plats, vi tappar ocks\u00e5 gemenskap, kreativitet och trygghet. D\u00e4rf\u00f6r beh\u00f6ver vi bevara dem, f\u00f6r att s\u00e4kra r\u00f6ster, m\u00f6jligheter och framtidstro.<\/p>\n\n            <\/div>\n                                            <a href='https:\/\/www.abf.se\/utan-folkbildning-tystnar-sverige\/utan-folkbildning-tystnar-sverige-kampanjsamlingssida\/' class=\"default-button\" target=\"\">Vill du g\u00f6ra skillnad?<\/a>\n                    <\/div>\n        <\/div>\n    <\/div>\n<\/div>\n\n<div\n    class=\"acf-text-image-block container my-12 md:my-15\"\n    data-block=\"text-image-block\"\n>\n    <div\n    class=\"flex flex-col items-center md:flex-row gap-8 md:gap-0 justify-between\">\n                        <div class=\"w-full md:w-1\/2 md:order-2\">\n            <picture><img decoding=\"async\" src=\"https:\/\/www.abf.se\/resized\/wp-content\/uploads\/2025\/06\/ABF_bildbank-205-scaled.jpg?fit=crop&#038;w=578&#038;s=e1813e50c839efa302faf6035dfd673d\" srcset=\"https:\/\/www.abf.se\/resized\/wp-content\/uploads\/2025\/06\/ABF_bildbank-205-scaled.jpg?fit=crop&#038;w=144&#038;h=126&#038;s=501653d7781880ecc89d30a26eae33a6 144w, https:\/\/www.abf.se\/resized\/wp-content\/uploads\/2025\/06\/ABF_bildbank-205-scaled.jpg?fit=crop&#038;w=240&#038;h=211&#038;s=28190bf9541aeb59aa251b0e6b4e8ace 240w, https:\/\/www.abf.se\/resized\/wp-content\/uploads\/2025\/06\/ABF_bildbank-205-scaled.jpg?fit=crop&#038;w=288&#038;h=253&#038;s=7802a83e00f81e50e74cff86c5babc06 288w, https:\/\/www.abf.se\/resized\/wp-content\/uploads\/2025\/06\/ABF_bildbank-205-scaled.jpg?fit=crop&#038;w=336&#038;h=295&#038;s=e057440172b5736cd317ce283c304b0f 336w, https:\/\/www.abf.se\/resized\/wp-content\/uploads\/2025\/06\/ABF_bildbank-205-scaled.jpg?fit=crop&#038;w=432&#038;h=380&#038;s=fbe84892f68a41170a65f50d29bda08e 432w, https:\/\/www.abf.se\/resized\/wp-content\/uploads\/2025\/06\/ABF_bildbank-205-scaled.jpg?fit=crop&#038;w=480&#038;h=422&#038;s=d0c34d381fa5d4c334f134de7b0f6c0f 480w, https:\/\/www.abf.se\/resized\/wp-content\/uploads\/2025\/06\/ABF_bildbank-205-scaled.jpg?fit=crop&#038;w=528&#038;h=464&#038;s=faf4ebd9dc7670d7e454ae2fc5e169eb 528w, https:\/\/www.abf.se\/resized\/wp-content\/uploads\/2025\/06\/ABF_bildbank-205-scaled.jpg?fit=crop&#038;w=578&#038;h=509&#038;s=05e06cbfeeddf51f289bccb3b9d431cd 578w, https:\/\/www.abf.se\/resized\/wp-content\/uploads\/2025\/06\/ABF_bildbank-205-scaled.jpg?fit=crop&#038;w=672&#038;h=591&#038;s=99c2a4a55c53450d9a6e1a4ab1627be8 672w, https:\/\/www.abf.se\/resized\/wp-content\/uploads\/2025\/06\/ABF_bildbank-205-scaled.jpg?fit=crop&#038;w=864&#038;h=760&#038;s=bf934f1b9181077e04e2bffc94d130c8 864w, https:\/\/www.abf.se\/resized\/wp-content\/uploads\/2025\/06\/ABF_bildbank-205-scaled.jpg?fit=crop&#038;w=1056&#038;h=929&#038;s=9199db0fa8d2b8edcacf359b91e88733 1056w\" alt=\"Glad kvinna med f&ouml;rkl&auml;de kramar en klump med lera vid en drejskiva.\" height=\"509\" width=\"578\" sizes=\"auto, (max-width: 768px) 100vw,\n                (max-width: 1280px) 50vw, 578px\" loading=\"lazy\" fetchpriority=\"low\" \/><\/picture>\n\n        <\/div>\n        \n        <div class=\"w-full md:w-1\/2 md:order-1\">\n        <div class=\"mx-auto md:max-w-[368px]\">\n            <h2 class=\"heading-lg\">En kraft som b\u00e4r samh\u00e4llet<\/h2>\n            <div class=\"mb-6 mt-4 wysiwyg\">\n                <p>Folkbildning \u00e4r en samh\u00e4llskraft som st\u00e4rker demokratin, minskar klyftor och bygger gemenskap. Den finns i hela landet, fr\u00e5n spr\u00e5kcaf\u00e9er till replokaler och v\u00e4lkomnar alla oavsett bakgrund. D\u00e4rf\u00f6r \u00e4r det hela samh\u00e4llet som p\u00e5verkas n\u00e4r den tystnar.<\/p>\n\n            <\/div>\n                                            <a href='https:\/\/www.abf.se\/utan-folkbildning-tystnar-sverige\/utan-folkbildning-tystnar-sverige-kampanjsamlingssida\/' class=\"default-button\" target=\"\">H\u00e5ller du med? Var med och bidra!<\/a>\n                    <\/div>\n        <\/div>\n    <\/div>\n<\/div>\n\n<div\n    class=\"acf-article-text-block article-container my-12\"\n    data-block=\"article-text-block\"\n>\n    <div class=\"wysiwyg\">\n        <h2>Utan folkbildning tystnar Sverige \u2013 men tillsammans kan vi h\u00e5lla r\u00f6sterna levande.<\/h2>\n<p><strong>Folkbildning \u00e4r mer \u00e4n studiecirklar.<\/strong> Det \u00e4r m\u00f6ten mellan m\u00e4nniskor, nya spr\u00e5k, musik, skapande och samtal som f\u00e5r oss att v\u00e4xa tillsammans. Det \u00e4r d\u00e4r vi l\u00e4r oss att lyssna, f\u00f6rst\u00e5 och p\u00e5verka.<\/p>\n<p><strong>N\u00e4r replokaler tystnar och samtalen upph\u00f6r f\u00f6rsvinner<\/strong> mer \u00e4n bara ljud. Det handlar om demokrati, delaktighet och framtidstro. Folkbildning ger plats f\u00f6r ber\u00e4ttelser, id\u00e9er och m\u00e4nniskor som annars inte f\u00e5r utrymme.<\/p>\n<p><strong>Folkbildning st\u00e4rker demokratin<\/strong> genom att fr\u00e4mja kritiskt t\u00e4nkande och motverka desinformation. Den minskar utbildningsklyftor och g\u00f6r kunskap tillg\u00e4nglig f\u00f6r fler. Den skapar gemenskap, motverkar ensamhet och ger m\u00e4nniskor m\u00f6jlighet att p\u00e5verka sina liv.<\/p>\n<p><strong>Den g\u00f6r kulturen tillg\u00e4nglig f\u00f6r fler<\/strong> och ger en meningsfull fritid. Det finns \u00f6verallt i landet och har s\u00e4rskilt fokus p\u00e5 att inkludera nyanl\u00e4nda, \u00e4ldre samt personer med funktionsneds\u00e4ttning. D\u00e4rf\u00f6r spelar den en viktig roll i att skapa ett mer \u00f6ppet och tillg\u00e4ngligt samh\u00e4lle.<\/p>\n\n    <\/div>\n<\/div>\n\n\n<div\n    class=\"acf-article-cta-link-block article-container my-8\"\n    data-block=\"article-cta-link-block\"\n>\n<div>\n    <a class=\"inline-flex flex-row items-center gap-4 text-link underline text-red-dark\"\n        href=\"https:\/\/www.abf.se\/utan-folkbildning-tystnar-sverige\/utan-folkbildning-tystnar-sverige-kampanjsamlingssida\/\"\n            >\n        <span class=\"\">\n        L\u00e4s mer om vad du kan g\u00f6ra f\u00f6r att bidra!\n        <\/span>\n        <figure aria-hidden=\"true\" class=\"rounded-full bg-red-dark w-8 h-8 p-1 text-white\">\n            <svg width=\"20\" height=\"20\" viewBox=\"0 0 20 20\" fill=\"none\" class=\"SvgIconElement\">\n<path d=\"M4.16659 10L15.8333 10\" stroke=\"currentColor\"\/>\n<path d=\"M9.99992 4.1665L15.8333 9.99984L9.99992 15.8332\" stroke=\"currentColor\"\/>\n<\/svg>\n        <\/figure>\n    <\/a>\n<\/div>\n<\/div>\n\n\n<div\n    class=\"acf-article-image-block mb-12 container\"\n    data-block=\"article-image-block\"\n>\n<div class=\"grid md:grid-cols-2 gap-4\">\n\n        <figure>\n        \n            <picture class=\"round-corners-lg w-full\"><img decoding=\"async\" src=\"https:\/\/www.abf.se\/resized\/wp-content\/uploads\/2025\/06\/ABF_bildbank-300-scaled.jpg?fit=contain&#038;w=578&#038;s=70f6652a948be59d142fe323c03a57b4\" srcset=\"https:\/\/www.abf.se\/resized\/wp-content\/uploads\/2025\/06\/ABF_bildbank-300-scaled.jpg?fit=contain&#038;w=375&#038;h=249&#038;s=d48076ad504e240d8dd483eb478e1b3c 375w, https:\/\/www.abf.se\/resized\/wp-content\/uploads\/2025\/06\/ABF_bildbank-300-scaled.jpg?fit=contain&#038;w=423&#038;h=281&#038;s=8349526f3e8da0b226d61144bec7076f 423w, https:\/\/www.abf.se\/resized\/wp-content\/uploads\/2025\/06\/ABF_bildbank-300-scaled.jpg?fit=contain&#038;w=471&#038;h=313&#038;s=f6cb512cc95994c17a4d626ebc295af0 471w, https:\/\/www.abf.se\/resized\/wp-content\/uploads\/2025\/06\/ABF_bildbank-300-scaled.jpg?fit=contain&#038;w=519&#038;h=345&#038;s=8dfb5b274af8626515f4c2393588932d 519w, https:\/\/www.abf.se\/resized\/wp-content\/uploads\/2025\/06\/ABF_bildbank-300-scaled.jpg?fit=contain&#038;w=567&#038;h=377&#038;s=c78afd304d17c8f1c1ea59df984b9158 567w, https:\/\/www.abf.se\/resized\/wp-content\/uploads\/2025\/06\/ABF_bildbank-300-scaled.jpg?fit=contain&#038;w=578&#038;s=70f6652a948be59d142fe323c03a57b4 578w, https:\/\/www.abf.se\/resized\/wp-content\/uploads\/2025\/06\/ABF_bildbank-300-scaled.jpg?fit=contain&#038;w=750&#038;h=499&#038;s=89a02508c10293565c6e8074afc7d44f 750w, https:\/\/www.abf.se\/resized\/wp-content\/uploads\/2025\/06\/ABF_bildbank-300-scaled.jpg?fit=contain&#038;w=846&#038;h=563&#038;s=132805839ba69148bf2cd0246ec28d42 846w, https:\/\/www.abf.se\/resized\/wp-content\/uploads\/2025\/06\/ABF_bildbank-300-scaled.jpg?fit=contain&#038;w=942&#038;h=627&#038;s=1d582e35ed7f0b7b268cc61f8da713ba 942w, https:\/\/www.abf.se\/resized\/wp-content\/uploads\/2025\/06\/ABF_bildbank-300-scaled.jpg?fit=contain&#038;w=1038&#038;h=691&#038;s=2516bccb9b85422a300a766bd42505d2 1038w, https:\/\/www.abf.se\/resized\/wp-content\/uploads\/2025\/06\/ABF_bildbank-300-scaled.jpg?fit=contain&#038;w=1134&#038;h=755&#038;s=9cc5d57b0aed995564d3dfcc5ebd37de 1134w\" alt=\"Dansande grupp lyfter glad kvinna i guldglittriga kl&auml;der, som g&ouml;r v-tecknet med v&auml;nster hand.\" height=\"385\" width=\"578\" sizes=\"auto, (max-width: 768px) calc(100vw - 40px), (min-width: 768px) and (max-width: 1156px) calc(50vw - 56px), calc((1156px \/ 2) - 16px)\" loading=\"lazy\" fetchpriority=\"low\" class=\"round-corners-lg w-full\" \/><\/picture>\n                        <\/figure>\n        <figure>\n        \n            <picture class=\"round-corners-lg w-full\"><img decoding=\"async\" src=\"https:\/\/www.abf.se\/resized\/wp-content\/uploads\/2025\/06\/ABF_bildbank-190.jpg?fit=contain&#038;w=578&#038;s=8d762d5f89e1d332d554229866e59d53\" srcset=\"https:\/\/www.abf.se\/resized\/wp-content\/uploads\/2025\/06\/ABF_bildbank-190.jpg?fit=contain&#038;w=375&#038;h=249&#038;s=d4f3f14b1af26316c29946256bd07a97 375w, https:\/\/www.abf.se\/resized\/wp-content\/uploads\/2025\/06\/ABF_bildbank-190.jpg?fit=contain&#038;w=423&#038;h=281&#038;s=00574d0d7e8c8acba2f0ea9728492a9e 423w, https:\/\/www.abf.se\/resized\/wp-content\/uploads\/2025\/06\/ABF_bildbank-190.jpg?fit=contain&#038;w=471&#038;h=313&#038;s=e02157e9722f7879f5dc5469d6d473d9 471w, https:\/\/www.abf.se\/resized\/wp-content\/uploads\/2025\/06\/ABF_bildbank-190.jpg?fit=contain&#038;w=519&#038;h=345&#038;s=d15c59d6c689fe23c16cd0e0c465715f 519w, https:\/\/www.abf.se\/resized\/wp-content\/uploads\/2025\/06\/ABF_bildbank-190.jpg?fit=contain&#038;w=567&#038;h=377&#038;s=31be53652affdab29f5705e940047505 567w, https:\/\/www.abf.se\/resized\/wp-content\/uploads\/2025\/06\/ABF_bildbank-190.jpg?fit=contain&#038;w=578&#038;s=8d762d5f89e1d332d554229866e59d53 578w, https:\/\/www.abf.se\/resized\/wp-content\/uploads\/2025\/06\/ABF_bildbank-190.jpg?fit=contain&#038;w=750&#038;h=499&#038;s=5a847d00bfcd6972852b2100e52ea19a 750w, https:\/\/www.abf.se\/resized\/wp-content\/uploads\/2025\/06\/ABF_bildbank-190.jpg?fit=contain&#038;w=846&#038;h=563&#038;s=e89cf376c9959ff9a08d4b598f313070 846w, https:\/\/www.abf.se\/resized\/wp-content\/uploads\/2025\/06\/ABF_bildbank-190.jpg?fit=contain&#038;w=942&#038;h=627&#038;s=f7613a3b2bb8897e34eb2226d8b2f794 942w, https:\/\/www.abf.se\/resized\/wp-content\/uploads\/2025\/06\/ABF_bildbank-190.jpg?fit=contain&#038;w=1038&#038;h=691&#038;s=41a14fb06350c641ff057fef19a487c5 1038w, https:\/\/www.abf.se\/resized\/wp-content\/uploads\/2025\/06\/ABF_bildbank-190.jpg?fit=contain&#038;w=1134&#038;h=755&#038;s=e67973448970f4bebb828a22204cccd6 1134w\" alt=\"Glada k&ouml;rmedlemmar runt ett piano d&auml;r en man studerar ett papper, med fingrarna p&aring; tangenterna\" height=\"385\" width=\"578\" sizes=\"auto, (max-width: 768px) calc(100vw - 40px), (min-width: 768px) and (max-width: 1156px) calc(50vw - 56px), calc((1156px \/ 2) - 16px)\" loading=\"lazy\" fetchpriority=\"low\" class=\"round-corners-lg w-full\" \/><\/picture>\n                        <\/figure>\n        <\/div>\n\n<\/div>\n\n\n<div\n    class=\"acf-quick-link-block bg-red py-12 md:py-20\"\n    data-block=\"quick-link-block\"\n>\n    <div class=\"container\">\n        \n        <div\n            class=\"px-5 content:px-0 grid grid-cols-1 gap-8 lg:grid-cols-3\">\n            \n            <article\nclass=\"round-corners-sm p-6 relative group grid grid-rows-[subgrid] row-[span_3] gap-4 bg-white text-red\"\n>\n            <h3\n        class=\"heading-sm group-hover:underline text-red\">\n            <a href=\"https:\/\/www.abf.se\/utan-folkbildning-tystnar-sverige\/utan-folkbildning-tystnar-sverige-kampanjsamlingssida\/\" class=\"expanded-hit-area\" target=\"\">\n                Var med och bidra\n            <\/a>\n        <\/h3>\n                <p class=\"body-md text-gray-text\">\n            Ta del av tips, argument och material f\u00f6r att enkelt kunna vara en del av motst\u00e5ndet.\n        <\/p>\n        <figure\n    class=\"w-[38px] h-[38px] rounded-full p-2 group-hover:scale-110 transition-transform duration-300 self-end pointer-events-none bg-red text-white\">\n        <svg width=\"20\" height=\"20\" viewBox=\"0 0 20 20\" fill=\"none\" class=\"SvgIconElement\">\n<path d=\"M4.16659 10L15.8333 10\" stroke=\"currentColor\"\/>\n<path d=\"M9.99992 4.1665L15.8333 9.99984L9.99992 15.8332\" stroke=\"currentColor\"\/>\n<\/svg>\n    <\/figure>\n<\/article>            \n            <article\nclass=\"round-corners-sm p-6 relative group grid grid-rows-[subgrid] row-[span_3] gap-4 bg-white text-red\"\n>\n            <h3\n        class=\"heading-sm group-hover:underline text-red\">\n            <a href=\"https:\/\/www.abf.se\/om-abf\/\" class=\"expanded-hit-area\" target=\"\">\n                Om ABF\n            <\/a>\n        <\/h3>\n                <p class=\"body-md text-gray-text\">\n            Arbetarnas Bildningsf\u00f6rbund (ABF) \u00e4r Sveriges st\u00f6rsta studief\u00f6rbund som erbjuder studiecirklar, kurser, f\u00f6rel\u00e4sningar och kulturarrangemang i Sveriges alla kommuner.\n        <\/p>\n        <figure\n    class=\"w-[38px] h-[38px] rounded-full p-2 group-hover:scale-110 transition-transform duration-300 self-end pointer-events-none bg-red text-white\">\n        <svg width=\"20\" height=\"20\" viewBox=\"0 0 20 20\" fill=\"none\" class=\"SvgIconElement\">\n<path d=\"M4.16659 10L15.8333 10\" stroke=\"currentColor\"\/>\n<path d=\"M9.99992 4.1665L15.8333 9.99984L9.99992 15.8332\" stroke=\"currentColor\"\/>\n<\/svg>\n    <\/figure>\n<\/article>            \n            <article\nclass=\"round-corners-sm p-6 relative group grid grid-rows-[subgrid] row-[span_3] gap-4 bg-white text-red\"\n>\n            <h3\n        class=\"heading-sm group-hover:underline text-red\">\n            <a href=\"https:\/\/www.abf.se\/om-abf\/abfs-verksamhet\/\" class=\"expanded-hit-area\" target=\"\">\n                ABFs verksamhet\n            <\/a>\n        <\/h3>\n                <p class=\"body-md text-gray-text\">\n            Hos ABF hittar du alltifr\u00e5n k\u00f6rs\u00e5ng och studiecirklar i hemberedskap till svenska f\u00f6r nyanl\u00e4nda och luffarsl\u00f6jd f\u00f6r synskadade. ABF finns d\u00e4r du finns.\n        <\/p>\n        <figure\n    class=\"w-[38px] h-[38px] rounded-full p-2 group-hover:scale-110 transition-transform duration-300 self-end pointer-events-none bg-red text-white\">\n        <svg width=\"20\" height=\"20\" viewBox=\"0 0 20 20\" fill=\"none\" class=\"SvgIconElement\">\n<path d=\"M4.16659 10L15.8333 10\" stroke=\"currentColor\"\/>\n<path d=\"M9.99992 4.1665L15.8333 9.99984L9.99992 15.8332\" stroke=\"currentColor\"\/>\n<\/svg>\n    <\/figure>\n<\/article>                    <\/div>\n    <\/div>\n<\/div>\n","protected":false},"excerpt":{"rendered":"","protected":false},"author":117,"featured_media":0,"parent":0,"menu_order":0,"comment_status":"closed","ping_status":"closed","template":"","meta":{"_acf_changed":false,"footnotes":""},"class_list":["post-1254","page","type-page","status-publish","hentry"],"acf":[],"yoast_head":"<!-- This site is optimized with the Yoast SEO plugin v27.0 - https:\/\/yoast.com\/product\/yoast-seo-wordpress\/ -->\n<title>Utan folkbildning tystnar Sverige - V\u00e4sternorrland<\/title>\n<meta name=\"robots\" content=\"index, follow, max-snippet:-1, max-image-preview:large, max-video-preview:-1\" \/>\n<link rel=\"canonical\" href=\"https:\/\/www.abf.se\/vasternorrland\/utan-folkbildning-tystnar-sverige\/\" \/>\n<meta property=\"og:locale\" content=\"sv_SE\" \/>\n<meta property=\"og:type\" content=\"article\" \/>\n<meta property=\"og:title\" content=\"Utan folkbildning tystnar Sverige - V\u00e4sternorrland\" \/>\n<meta property=\"og:url\" content=\"https:\/\/www.abf.se\/vasternorrland\/utan-folkbildning-tystnar-sverige\/\" \/>\n<meta property=\"og:site_name\" content=\"V\u00e4sternorrland\" \/>\n<meta property=\"og:image\" content=\"https:\/\/www.abf.se\/wp-content\/uploads\/sites\/56\/2024\/04\/Nyckeln-liggande-scaled.jpg\" \/>\n\t<meta property=\"og:image:width\" content=\"2560\" \/>\n\t<meta property=\"og:image:height\" content=\"1440\" \/>\n\t<meta property=\"og:image:type\" content=\"image\/jpeg\" \/>\n<meta name=\"twitter:card\" content=\"summary_large_image\" \/>\n<script type=\"application\/ld+json\" class=\"yoast-schema-graph\">{\"@context\":\"https:\/\/schema.org\",\"@graph\":[{\"@type\":\"WebPage\",\"@id\":\"https:\/\/www.abf.se\/vasternorrland\/utan-folkbildning-tystnar-sverige\/\",\"url\":\"https:\/\/www.abf.se\/vasternorrland\/utan-folkbildning-tystnar-sverige\/\",\"name\":\"Utan folkbildning tystnar Sverige - V\u00e4sternorrland\",\"isPartOf\":{\"@id\":\"https:\/\/www.abf.se\/vasternorrland\/#website\"},\"datePublished\":\"2026-01-21T11:41:11+00:00\",\"breadcrumb\":{\"@id\":\"https:\/\/www.abf.se\/vasternorrland\/utan-folkbildning-tystnar-sverige\/#breadcrumb\"},\"inLanguage\":\"sv-SE\",\"potentialAction\":[{\"@type\":\"ReadAction\",\"target\":[\"https:\/\/www.abf.se\/vasternorrland\/utan-folkbildning-tystnar-sverige\/\"]}]},{\"@type\":\"BreadcrumbList\",\"@id\":\"https:\/\/www.abf.se\/vasternorrland\/utan-folkbildning-tystnar-sverige\/#breadcrumb\",\"itemListElement\":[{\"@type\":\"ListItem\",\"position\":1,\"name\":\"Home\",\"item\":\"https:\/\/www.abf.se\/vasternorrland\/\"},{\"@type\":\"ListItem\",\"position\":2,\"name\":\"Utan folkbildning tystnar Sverige\"}]},{\"@type\":\"WebSite\",\"@id\":\"https:\/\/www.abf.se\/vasternorrland\/#website\",\"url\":\"https:\/\/www.abf.se\/vasternorrland\/\",\"name\":\"V\u00e4sternorrland\",\"description\":\"\",\"potentialAction\":[{\"@type\":\"SearchAction\",\"target\":{\"@type\":\"EntryPoint\",\"urlTemplate\":\"https:\/\/www.abf.se\/vasternorrland\/?s={search_term_string}\"},\"query-input\":{\"@type\":\"PropertyValueSpecification\",\"valueRequired\":true,\"valueName\":\"search_term_string\"}}],\"inLanguage\":\"sv-SE\"}]}<\/script>\n<!-- \/ Yoast SEO plugin. -->","yoast_head_json":{"title":"Utan folkbildning tystnar Sverige - V\u00e4sternorrland","robots":{"index":"index","follow":"follow","max-snippet":"max-snippet:-1","max-image-preview":"max-image-preview:large","max-video-preview":"max-video-preview:-1"},"canonical":"https:\/\/www.abf.se\/vasternorrland\/utan-folkbildning-tystnar-sverige\/","og_locale":"sv_SE","og_type":"article","og_title":"Utan folkbildning tystnar Sverige - V\u00e4sternorrland","og_url":"https:\/\/www.abf.se\/vasternorrland\/utan-folkbildning-tystnar-sverige\/","og_site_name":"V\u00e4sternorrland","og_image":[{"width":2560,"height":1440,"url":"https:\/\/www.abf.se\/wp-content\/uploads\/sites\/56\/2024\/04\/Nyckeln-liggande-scaled.jpg","type":"image\/jpeg"}],"twitter_card":"summary_large_image","schema":{"@context":"https:\/\/schema.org","@graph":[{"@type":"WebPage","@id":"https:\/\/www.abf.se\/vasternorrland\/utan-folkbildning-tystnar-sverige\/","url":"https:\/\/www.abf.se\/vasternorrland\/utan-folkbildning-tystnar-sverige\/","name":"Utan folkbildning tystnar Sverige - V\u00e4sternorrland","isPartOf":{"@id":"https:\/\/www.abf.se\/vasternorrland\/#website"},"datePublished":"2026-01-21T11:41:11+00:00","breadcrumb":{"@id":"https:\/\/www.abf.se\/vasternorrland\/utan-folkbildning-tystnar-sverige\/#breadcrumb"},"inLanguage":"sv-SE","potentialAction":[{"@type":"ReadAction","target":["https:\/\/www.abf.se\/vasternorrland\/utan-folkbildning-tystnar-sverige\/"]}]},{"@type":"BreadcrumbList","@id":"https:\/\/www.abf.se\/vasternorrland\/utan-folkbildning-tystnar-sverige\/#breadcrumb","itemListElement":[{"@type":"ListItem","position":1,"name":"Home","item":"https:\/\/www.abf.se\/vasternorrland\/"},{"@type":"ListItem","position":2,"name":"Utan folkbildning tystnar Sverige"}]},{"@type":"WebSite","@id":"https:\/\/www.abf.se\/vasternorrland\/#website","url":"https:\/\/www.abf.se\/vasternorrland\/","name":"V\u00e4sternorrland","description":"","potentialAction":[{"@type":"SearchAction","target":{"@type":"EntryPoint","urlTemplate":"https:\/\/www.abf.se\/vasternorrland\/?s={search_term_string}"},"query-input":{"@type":"PropertyValueSpecification","valueRequired":true,"valueName":"search_term_string"}}],"inLanguage":"sv-SE"}]}},"_links":{"self":[{"href":"https:\/\/www.abf.se\/vasternorrland\/wp-json\/wp\/v2\/pages\/1254","targetHints":{"allow":["GET"]}}],"collection":[{"href":"https:\/\/www.abf.se\/vasternorrland\/wp-json\/wp\/v2\/pages"}],"about":[{"href":"https:\/\/www.abf.se\/vasternorrland\/wp-json\/wp\/v2\/types\/page"}],"author":[{"embeddable":true,"href":"https:\/\/www.abf.se\/vasternorrland\/wp-json\/wp\/v2\/users\/117"}],"replies":[{"embeddable":true,"href":"https:\/\/www.abf.se\/vasternorrland\/wp-json\/wp\/v2\/comments?post=1254"}],"version-history":[{"count":1,"href":"https:\/\/www.abf.se\/vasternorrland\/wp-json\/wp\/v2\/pages\/1254\/revisions"}],"predecessor-version":[{"id":1255,"href":"https:\/\/www.abf.se\/vasternorrland\/wp-json\/wp\/v2\/pages\/1254\/revisions\/1255"}],"wp:attachment":[{"href":"https:\/\/www.abf.se\/vasternorrland\/wp-json\/wp\/v2\/media?parent=1254"}],"curies":[{"name":"wp","href":"https:\/\/api.w.org\/{rel}","templated":true}]}}