{"id":381,"date":"2024-04-13T10:20:33","date_gmt":"2024-04-13T08:20:33","guid":{"rendered":"https:\/\/www.abf.se\/vasternorrland\/?page_id=381"},"modified":"2024-04-13T10:32:31","modified_gmt":"2024-04-13T08:32:31","slug":"kulturbank","status":"publish","type":"page","link":"https:\/\/www.abf.se\/vasternorrland\/kulturbank\/","title":{"rendered":"Kulturbank"},"content":{"rendered":"<div\n    class=\"acf-hero-block container-lg no-padding mb-12 js-geolocation\"\n    data-block=\"hero-block\"\n    data-index=\"0\"\n>\n    <div class=\"h-[548px]  relative rounded-[32px] overflow-hidden flex bg-gray-light\">\n        <div class=\"relative z-10 mt-auto h-auto w-full md:h-full\">\n            <div class=\"flex w-full h-full flex-col flex-wrap justify-end w-full md:w-7\/12 lg:w-1\/2 md:justify-center\">\n                <div class=\"flex flex-col gap-3 md:gap-[18px] md:transparent pt-16 pb-36 md:py-8 px-4 w-full md:max-w-[620px] mx-auto px-8\">\n\n                    <h1 class=\"hero-heading hero-heading--red-text\"><span>Kulturbank V\u00e4sternorrland<\/span><\/h1>\n\n                                            <p class=\"mt-4 max-w-[48ch] text-white\">\n                            Beh\u00f6ver ni f\u00e5 f\u00f6rslag till Ert kulturprogram? Kontakta oss s\u00e5 hj\u00e4lper vi er p\u00e5 b\u00e4sta m\u00f6jliga s\u00e4tt. H\u00e4r har vi listat n\u00e5gra f\u00f6rslag p\u00e5 underh\u00e5llare och f\u00f6rel\u00e4sare i v\u00e5r region.\n                        <\/p>\n                    \n                                    <\/div>\n            <\/div>\n        <\/div>\n\n                    <picture class=\"as-background-image mix-blend-multiply bg-black\/40\"><img decoding=\"async\" src=\"https:\/\/www.abf.se\/vasternorrland\/resized\/?url=https%3A%2F%2Fwww.abf.se%2Fwp-content%2Fuploads%2Fsites%2F56%2F2024%2F04%2Fnotblad.jpeg&#038;fit=crop&#038;w=1440&#038;s=bea7686d59bd542ec407697f91c6a0b7\" srcset=\"https:\/\/www.abf.se\/vasternorrland\/resized\/?url=https%3A%2F%2Fwww.abf.se%2Fwp-content%2Fuploads%2Fsites%2F56%2F2024%2F04%2Fnotblad.jpeg&#038;fit=crop&#038;w=375&#038;h=540&#038;s=dd1ec997eab417a17a9333af18a3f45a 375w, https:\/\/www.abf.se\/vasternorrland\/resized\/?url=https%3A%2F%2Fwww.abf.se%2Fwp-content%2Fuploads%2Fsites%2F56%2F2024%2F04%2Fnotblad.jpeg&#038;fit=crop&#038;w=447&#038;h=540&#038;s=6a37febf6c9f30b77e97509653a8a843 447w, https:\/\/www.abf.se\/vasternorrland\/resized\/?url=https%3A%2F%2Fwww.abf.se%2Fwp-content%2Fuploads%2Fsites%2F56%2F2024%2F04%2Fnotblad.jpeg&#038;fit=crop&#038;w=519&#038;h=540&#038;s=cf540f5c92b682e5e1102c7c6cab654e 519w, https:\/\/www.abf.se\/vasternorrland\/resized\/?url=https%3A%2F%2Fwww.abf.se%2Fwp-content%2Fuploads%2Fsites%2F56%2F2024%2F04%2Fnotblad.jpeg&#038;fit=crop&#038;w=591&#038;h=540&#038;s=f4110d09e25d3b9050e550389cee1592 591w, https:\/\/www.abf.se\/vasternorrland\/resized\/?url=https%3A%2F%2Fwww.abf.se%2Fwp-content%2Fuploads%2Fsites%2F56%2F2024%2F04%2Fnotblad.jpeg&#038;fit=crop&#038;w=663&#038;h=540&#038;s=25ef76e160030f699c47814560c64d6e 663w, https:\/\/www.abf.se\/vasternorrland\/resized\/?url=https%3A%2F%2Fwww.abf.se%2Fwp-content%2Fuploads%2Fsites%2F56%2F2024%2F04%2Fnotblad.jpeg&#038;fit=crop&#038;w=750&#038;h=540&#038;s=a461340b68ddd9a99dd936ba8d11c940 750w, https:\/\/www.abf.se\/vasternorrland\/resized\/?url=https%3A%2F%2Fwww.abf.se%2Fwp-content%2Fuploads%2Fsites%2F56%2F2024%2F04%2Fnotblad.jpeg&#038;fit=crop&#038;w=894&#038;h=540&#038;s=9f62032e041bb4d0e440b8220d678f59 894w, https:\/\/www.abf.se\/vasternorrland\/resized\/?url=https%3A%2F%2Fwww.abf.se%2Fwp-content%2Fuploads%2Fsites%2F56%2F2024%2F04%2Fnotblad.jpeg&#038;fit=crop&#038;w=1038&#038;h=540&#038;s=4ce2762bcb8974d69e930a26c2cf1edf 1038w, https:\/\/www.abf.se\/vasternorrland\/resized\/?url=https%3A%2F%2Fwww.abf.se%2Fwp-content%2Fuploads%2Fsites%2F56%2F2024%2F04%2Fnotblad.jpeg&#038;fit=crop&#038;w=1182&#038;h=540&#038;s=41d64529f1d33d24db6831e1ec5b64b0 1182w, https:\/\/www.abf.se\/vasternorrland\/resized\/?url=https%3A%2F%2Fwww.abf.se%2Fwp-content%2Fuploads%2Fsites%2F56%2F2024%2F04%2Fnotblad.jpeg&#038;fit=crop&#038;w=1326&#038;h=540&#038;s=0808f99170787a9cfdfcb72708c9a641 1326w, https:\/\/www.abf.se\/vasternorrland\/resized\/?url=https%3A%2F%2Fwww.abf.se%2Fwp-content%2Fuploads%2Fsites%2F56%2F2024%2F04%2Fnotblad.jpeg&#038;fit=crop&#038;w=1440&#038;h=540&#038;s=af19c3d105a5bd58975e685a277d1c7e 1440w\" alt=\"\" height=\"540\" width=\"1440\" sizes=\"(max-width: 1440px) calc(100vw - 32px), 1440px\" loading=\"eager\" fetchpriority=\"high\" aria-hidden=\"true\" role=\"presentation\" \/><\/picture>\n        \n\n            <\/div>\n\n    <\/div>\n\n<div\n    class=\"acf-article-text-block article-container my-12\"\n    data-block=\"article-text-block\"\n>\n    <div class=\"wysiwyg\">\n        <h2>H\u00e4r \u00e4r n\u00e5gra f\u00f6rslag p\u00e5 underh\u00e5llare och f\u00f6rel\u00e4sare.<\/h2>\n<ul class=\"ul1\">\n<li class=\"li1\"><strong>Tobbes ukuleleorkester:<\/strong>\u00a0En ukulelekonsert med ca 35-50 personer p\u00e5 scen.<\/li>\n<li class=\"li1\"><strong>Trio Club 64<\/strong>:\u00a0\u00a0Underh\u00e5llning som passar de flesta.<\/li>\n<li class=\"li1\"><strong>Agneta Olsson:<\/strong>\u00a0V\u00e4lk\u00e4nd s\u00e5ngerska med egen show.<\/li>\n<li class=\"li1\"><strong>Annika Cecilia (fd \u00d6stman Winhagen):<\/strong>\u00a0Tolkar Edit Piaf och Monica Zetterlund.<\/li>\n<li class=\"li1\"><strong>Emmas dr\u00e4ngar:<\/strong>\u00a0Mansk\u00f6r fr\u00e5n \u00c5ngermanland\u00a0sjunger allt fr\u00e5n visor till psalmer.<\/li>\n<li class=\"li1\"><strong>F\u00f6rel\u00e4sare<\/strong>: Kontakta oss om inriktning, ex. lokalhistoria, h\u00e4lsa, samh\u00e4llsfr\u00e5gor&#8230;<\/li>\n<li class=\"li1\"><strong>Barn- och familjeprogram:<\/strong> Smultron &amp; S\u00e5ng, Daff Daff m.fl<\/li>\n<li class=\"li1\"><strong>Teaterprogram<\/strong>: Peder Forsberg. Hur blir man en kulturarbetare, en konstn\u00e4r?<\/li>\n<li class=\"li1\"><strong>Teaterprogram<\/strong>:\u00a0En hyllning till\u00a0Allan Edvall 100 \u00e5r.\u00a0<a href=\"https:\/\/www.abf.se\/globalassets\/distrikt--avdelningar\/abf-vasternorrlands-lan\/abf-vasternorrland\/dokument\/allan-edvall-100-ar.pdf\" target=\"_blank\" rel=\"noopener\"><span class=\"s2\">L\u00e4s mer!\u00a0<\/span><\/a><\/li>\n<li class=\"li1\"><strong>Trubadur<\/strong>: Klas Norberg, Andreas Nilsson, Lars-\u00c5ke Melin, Ulf J\u00e4rnankar, Anders H\u00e4gg,\u00a0Bo Beverl\u00f6v Ume\u00e5,\u00a0Christer Joald \u00d6vik, m.fl.<\/li>\n<li class=\"li1\"><strong>Da Capos:<\/strong> Trio fr\u00e5n regionen, Bo och Lena Ahlberg samt Lennart Jacobsson, spelar och underh\u00e5ller med melodier som du knappt minns att du gl\u00f6mt.<\/li>\n<li class=\"li1\"><strong>Lasse Jonza \u00d6-vik:<\/strong>\u00a0 trub\/dansbandmusik<\/li>\n<li class=\"li1\"><strong>Skogsfalket \u00d6vik:<\/strong>\u00a0(liten grupp passar PRO)<\/li>\n<li class=\"li1\"><strong>Kalas\u00a0\u00a0\u00d6-vik:<\/strong>\u00a0duo med bra repertoar f\u00f6r de flesta<\/li>\n<li class=\"li1\"><strong>Svea Bylund \u00d6-vik:<\/strong>\u00a0Standup ( mycket bra)<\/li>\n<li class=\"li1\"><strong>BEA Benka Forsberg och Anders Olsson:\u00a0<\/strong>Musik och stand up<\/li>\n<li class=\"li1\"><strong>Hans Ivar Gjersvold \u00d6vik:\u00a0<\/strong>Trolleri<\/li>\n<\/ul>\n<p class=\"p1\">Denna sida uppdateras allt eftersom fler alternativ inkommer.<\/p>\n\n    <\/div>\n<\/div>\n","protected":false},"excerpt":{"rendered":"","protected":false},"author":95,"featured_media":0,"parent":0,"menu_order":0,"comment_status":"closed","ping_status":"closed","template":"","meta":{"_acf_changed":false,"footnotes":""},"class_list":["post-381","page","type-page","status-publish","hentry"],"acf":[],"yoast_head":"<!-- This site is optimized with the Yoast SEO plugin v27.0 - https:\/\/yoast.com\/product\/yoast-seo-wordpress\/ -->\n<title>Kulturbank - V\u00e4sternorrland<\/title>\n<meta name=\"robots\" content=\"index, follow, max-snippet:-1, max-image-preview:large, max-video-preview:-1\" \/>\n<link rel=\"canonical\" href=\"https:\/\/www.abf.se\/vasternorrland\/kulturbank\/\" \/>\n<meta property=\"og:locale\" content=\"sv_SE\" \/>\n<meta property=\"og:type\" content=\"article\" \/>\n<meta property=\"og:title\" content=\"Kulturbank - V\u00e4sternorrland\" \/>\n<meta property=\"og:url\" content=\"https:\/\/www.abf.se\/vasternorrland\/kulturbank\/\" \/>\n<meta property=\"og:site_name\" content=\"V\u00e4sternorrland\" \/>\n<meta property=\"article:modified_time\" content=\"2024-04-13T08:32:31+00:00\" \/>\n<meta property=\"og:image\" content=\"https:\/\/www.abf.se\/wp-content\/uploads\/sites\/56\/2024\/04\/Nyckeln-liggande-scaled.jpg\" \/>\n\t<meta property=\"og:image:width\" content=\"2560\" \/>\n\t<meta property=\"og:image:height\" content=\"1440\" \/>\n\t<meta property=\"og:image:type\" content=\"image\/jpeg\" \/>\n<meta name=\"twitter:card\" content=\"summary_large_image\" \/>\n<script type=\"application\/ld+json\" class=\"yoast-schema-graph\">{\"@context\":\"https:\/\/schema.org\",\"@graph\":[{\"@type\":\"WebPage\",\"@id\":\"https:\/\/www.abf.se\/vasternorrland\/kulturbank\/\",\"url\":\"https:\/\/www.abf.se\/vasternorrland\/kulturbank\/\",\"name\":\"Kulturbank - V\u00e4sternorrland\",\"isPartOf\":{\"@id\":\"https:\/\/www.abf.se\/vasternorrland\/#website\"},\"datePublished\":\"2024-04-13T08:20:33+00:00\",\"dateModified\":\"2024-04-13T08:32:31+00:00\",\"breadcrumb\":{\"@id\":\"https:\/\/www.abf.se\/vasternorrland\/kulturbank\/#breadcrumb\"},\"inLanguage\":\"sv-SE\",\"potentialAction\":[{\"@type\":\"ReadAction\",\"target\":[\"https:\/\/www.abf.se\/vasternorrland\/kulturbank\/\"]}]},{\"@type\":\"BreadcrumbList\",\"@id\":\"https:\/\/www.abf.se\/vasternorrland\/kulturbank\/#breadcrumb\",\"itemListElement\":[{\"@type\":\"ListItem\",\"position\":1,\"name\":\"Home\",\"item\":\"https:\/\/www.abf.se\/vasternorrland\/\"},{\"@type\":\"ListItem\",\"position\":2,\"name\":\"Kulturbank\"}]},{\"@type\":\"WebSite\",\"@id\":\"https:\/\/www.abf.se\/vasternorrland\/#website\",\"url\":\"https:\/\/www.abf.se\/vasternorrland\/\",\"name\":\"V\u00e4sternorrland\",\"description\":\"\",\"potentialAction\":[{\"@type\":\"SearchAction\",\"target\":{\"@type\":\"EntryPoint\",\"urlTemplate\":\"https:\/\/www.abf.se\/vasternorrland\/?s={search_term_string}\"},\"query-input\":{\"@type\":\"PropertyValueSpecification\",\"valueRequired\":true,\"valueName\":\"search_term_string\"}}],\"inLanguage\":\"sv-SE\"}]}<\/script>\n<!-- \/ Yoast SEO plugin. -->","yoast_head_json":{"title":"Kulturbank - V\u00e4sternorrland","robots":{"index":"index","follow":"follow","max-snippet":"max-snippet:-1","max-image-preview":"max-image-preview:large","max-video-preview":"max-video-preview:-1"},"canonical":"https:\/\/www.abf.se\/vasternorrland\/kulturbank\/","og_locale":"sv_SE","og_type":"article","og_title":"Kulturbank - V\u00e4sternorrland","og_url":"https:\/\/www.abf.se\/vasternorrland\/kulturbank\/","og_site_name":"V\u00e4sternorrland","article_modified_time":"2024-04-13T08:32:31+00:00","og_image":[{"width":2560,"height":1440,"url":"https:\/\/www.abf.se\/wp-content\/uploads\/sites\/56\/2024\/04\/Nyckeln-liggande-scaled.jpg","type":"image\/jpeg"}],"twitter_card":"summary_large_image","schema":{"@context":"https:\/\/schema.org","@graph":[{"@type":"WebPage","@id":"https:\/\/www.abf.se\/vasternorrland\/kulturbank\/","url":"https:\/\/www.abf.se\/vasternorrland\/kulturbank\/","name":"Kulturbank - V\u00e4sternorrland","isPartOf":{"@id":"https:\/\/www.abf.se\/vasternorrland\/#website"},"datePublished":"2024-04-13T08:20:33+00:00","dateModified":"2024-04-13T08:32:31+00:00","breadcrumb":{"@id":"https:\/\/www.abf.se\/vasternorrland\/kulturbank\/#breadcrumb"},"inLanguage":"sv-SE","potentialAction":[{"@type":"ReadAction","target":["https:\/\/www.abf.se\/vasternorrland\/kulturbank\/"]}]},{"@type":"BreadcrumbList","@id":"https:\/\/www.abf.se\/vasternorrland\/kulturbank\/#breadcrumb","itemListElement":[{"@type":"ListItem","position":1,"name":"Home","item":"https:\/\/www.abf.se\/vasternorrland\/"},{"@type":"ListItem","position":2,"name":"Kulturbank"}]},{"@type":"WebSite","@id":"https:\/\/www.abf.se\/vasternorrland\/#website","url":"https:\/\/www.abf.se\/vasternorrland\/","name":"V\u00e4sternorrland","description":"","potentialAction":[{"@type":"SearchAction","target":{"@type":"EntryPoint","urlTemplate":"https:\/\/www.abf.se\/vasternorrland\/?s={search_term_string}"},"query-input":{"@type":"PropertyValueSpecification","valueRequired":true,"valueName":"search_term_string"}}],"inLanguage":"sv-SE"}]}},"_links":{"self":[{"href":"https:\/\/www.abf.se\/vasternorrland\/wp-json\/wp\/v2\/pages\/381","targetHints":{"allow":["GET"]}}],"collection":[{"href":"https:\/\/www.abf.se\/vasternorrland\/wp-json\/wp\/v2\/pages"}],"about":[{"href":"https:\/\/www.abf.se\/vasternorrland\/wp-json\/wp\/v2\/types\/page"}],"author":[{"embeddable":true,"href":"https:\/\/www.abf.se\/vasternorrland\/wp-json\/wp\/v2\/users\/95"}],"replies":[{"embeddable":true,"href":"https:\/\/www.abf.se\/vasternorrland\/wp-json\/wp\/v2\/comments?post=381"}],"version-history":[{"count":9,"href":"https:\/\/www.abf.se\/vasternorrland\/wp-json\/wp\/v2\/pages\/381\/revisions"}],"predecessor-version":[{"id":395,"href":"https:\/\/www.abf.se\/vasternorrland\/wp-json\/wp\/v2\/pages\/381\/revisions\/395"}],"wp:attachment":[{"href":"https:\/\/www.abf.se\/vasternorrland\/wp-json\/wp\/v2\/media?parent=381"}],"curies":[{"name":"wp","href":"https:\/\/api.w.org\/{rel}","templated":true}]}}