{"id":575,"date":"2024-04-17T13:48:33","date_gmt":"2024-04-17T11:48:33","guid":{"rendered":"https:\/\/www.abf.se\/vasternorrland\/?page_id=575"},"modified":"2026-01-13T11:13:39","modified_gmt":"2026-01-13T10:13:39","slug":"lediga-tjanster","status":"publish","type":"page","link":"https:\/\/www.abf.se\/vasternorrland\/lediga-tjanster\/","title":{"rendered":"Lediga tj\u00e4nster"},"content":{"rendered":"<div\n    class=\"acf-plain-heading-block container my-16\"\n    data-block=\"plain-heading-block\"\n>\n    <div class=\"max-w-[658px] mx-auto\">\n                <h1 class=\"hero-heading\"><span>S\u00f6k lediga jobb hos ABF V\u00e4sternorrland<\/span><\/h1>\n                            <p class=\"mt-8 body-xl text-black\">\n                H\u00e4r annonseras de lediga tj\u00e4nster som finns just nu hos ABF V\u00e4sternorrland. V\u00e4lkommen med din ans\u00f6kan! Finns det inga lediga tj\u00e4nster \u00e4r du alltid v\u00e4lkommen med en spontanans\u00f6kan.\n            <\/p>\n            <\/div>\n<\/div>\n<div\n    class=\"acf-article-text-block article-container my-12\"\n    data-block=\"article-text-block\"\n>\n    <div class=\"wysiwyg\">\n        <h3>Folkbildare, studieombudsman och chef i ABF V\u00e4sternorrland<\/h3>\n<p>Vi s\u00f6ker dig som vill leda ABF V\u00e4sternorrland i en tid av stora utmaningar f\u00f6r att utveckla ABFs folkbildningsverksamhet, st\u00e4rka folkbildningen och \u00f6ka lokal f\u00f6rankring i hela l\u00e4net genom att bygga ut samarbeten med v\u00e5ra 50-talet medlemsorganisationer och ut\u00f6ka antalet studiecirklar. ABF V\u00e4sternorrland har idag drygt tio anst\u00e4llda. Tj\u00e4nsten \u00e4r placerad i Sundsvall, men arbetsomr\u00e5det \u00e4r hela V\u00e4sternorrland.<\/p>\n<p>ABF \u00e4r Sveriges ledande studief\u00f6rbund och en kraft f\u00f6r f\u00f6r\u00e4ndring. Vi arbetar f\u00f6r att skapa ett mer j\u00e4mlikt och inkluderande samh\u00e4lle, d\u00e4r fler f\u00e5r m\u00f6jlighet att v\u00e4xa genom bildning, kultur och gemenskap. V\u00e5ra r\u00f6tter finns i arbetarr\u00f6relsen och vi tror p\u00e5 folkbildningens kraft, att st\u00e4rka demokratin och ge fler en r\u00f6st.<\/p>\n<p>Du \u00e4r som studiombudsman\/chef underst\u00e4lld och den som verkst\u00e4ller styrelsens beslut och har det \u00f6vergripande ansvaret f\u00f6r verksamhet, personal, arbetsmilj\u00f6 och ekonomi.<\/p>\n<p>Arbetsuppgifterna \u00e4r i huvudsak inriktade mot att leda, utveckla och f\u00f6lja upp verksamheten enligt avdelningens beslutade m\u00e5l och till h\u00f6g kvalitet tillsammans med \u00f6vriga medarbetare. I arbetsuppgifterna ing\u00e5r \u00e4ven omv\u00e4rldsspaning och att delta i skrivandet av projektans\u00f6kningar och redovisning samt uppf\u00f6ljning av projekt.<\/p>\n<p>Vi s\u00f6ker dig som inte \u00e4r r\u00e4dd f\u00f6r stora utmaningar och h\u00f6gt tempo, vill arbeta i en medlemsstyrd organisation och som har erfarenhet av folkbildnings- och folkr\u00f6relsearbete. Du ska dela ABF:s och arbetarr\u00f6relsens grundl\u00e4ggande v\u00e4rderingar.<\/p>\n<p>Det \u00e4r \u00f6nskv\u00e4rt och meriterande att du har tidigare erfarenhet av att arbetat som ombudsman inom arbetarr\u00f6relsen eller annan folkr\u00f6relse och att du har erfarenhet av att leda personal och ekonomiansvar. God administrativ och kommunikativ f\u00f6rm\u00e5ga liksom god vana vid att arbeta i digitala verktyg \u00e4r ocks\u00e5 viktigt. Erfarenheter av kvalitetsarbete och av att skriva och redovisa projekt \u00e4r meriterande.<\/p>\n<p>F\u00f6r tj\u00e4nsten kr\u00e4vs k\u00f6rkort. Tj\u00e4nsten \u00e4r en tillsvidareanst\u00e4llning p\u00e5 heltid med placering i Sundsvall, men med hela V\u00e4sternorrland som arbetsomr\u00e5de. Helg- och kv\u00e4llsarbete f\u00f6rekommer. Tj\u00e4nsten \u00e4r en tillsvidareanst\u00e4llning.<\/p>\n<p>F\u00f6r fr\u00e5gor och mer information om tj\u00e4nsten \u00e4r du v\u00e4lkommen att kontakta Stefan Wiken p\u00e5 telefon 070-3659055, <a href=\"mailto:stefan.wiken@abf.se\">stefan.wiken@abf.se<\/a>. Ans\u00f6kan med CV och ans\u00f6kningsbrev mailas till <a href=\"mailto:stefan.wiken@abf.se\">stefan.wiken@abf.se<\/a>. Sista ans\u00f6kningsdag \u00e4r den 2 februari.<\/p>\n\n    <\/div>\n<\/div>\n<div class=\"container-lg mb-6\">\n    <div class=\"md:pl-6 flex flex-row gap-1 items-center mt-6 body-m flex-wrap gap-y-2\">\n<span class=\"flex flex-row gap items-center gap-x-1\">\n         <a class=\"label-sm md:label-md text-red-dark font-[350] underline\" href=\"https:\/\/www.abf.se\/vasternorrland\/\"\n        >\n        Hem\n    <\/a>\n\n<\/span>\n<span class=\"flex flex-row gap items-center gap-x-1\">\n         <svg width=\"14\" height=\"15\" viewBox=\"0 0 14 15\" fill=\"none\" xmlns=\"http:\/\/www.w3.org\/2000\/svg\">\n<g id=\"fi:arrow-up\">\n<path id=\"Vector\" d=\"M5.01823 3.41669L9.10156 7.50002L5.01823 11.5834\" stroke=\"#909090\"\/>\n<\/g>\n<\/svg>\n\n        <a class=\"label-sm md:label-md text-red-dark font-[350] font-medium\" href=\"\"\n         aria-current=\"page\" >\n        Lediga tj\u00e4nster\n    <\/a>\n\n<\/span>\n<\/div><\/div>\n","protected":false},"excerpt":{"rendered":"","protected":false},"author":95,"featured_media":0,"parent":0,"menu_order":0,"comment_status":"closed","ping_status":"closed","template":"","meta":{"_acf_changed":false,"footnotes":""},"class_list":["post-575","page","type-page","status-publish","hentry"],"acf":[],"yoast_head":"<!-- This site is optimized with the Yoast SEO plugin v27.0 - https:\/\/yoast.com\/product\/yoast-seo-wordpress\/ -->\n<title>Lediga tj\u00e4nster - V\u00e4sternorrland<\/title>\n<meta name=\"robots\" content=\"index, follow, max-snippet:-1, max-image-preview:large, max-video-preview:-1\" \/>\n<link rel=\"canonical\" href=\"https:\/\/www.abf.se\/vasternorrland\/lediga-tjanster\/\" \/>\n<meta property=\"og:locale\" content=\"sv_SE\" \/>\n<meta property=\"og:type\" content=\"article\" \/>\n<meta property=\"og:title\" content=\"Lediga tj\u00e4nster - V\u00e4sternorrland\" \/>\n<meta property=\"og:url\" content=\"https:\/\/www.abf.se\/vasternorrland\/lediga-tjanster\/\" \/>\n<meta property=\"og:site_name\" content=\"V\u00e4sternorrland\" \/>\n<meta property=\"article:modified_time\" content=\"2026-01-13T10:13:39+00:00\" \/>\n<meta property=\"og:image\" content=\"https:\/\/www.abf.se\/wp-content\/uploads\/sites\/56\/2024\/04\/Nyckeln-liggande-scaled.jpg\" \/>\n\t<meta property=\"og:image:width\" content=\"2560\" \/>\n\t<meta property=\"og:image:height\" content=\"1440\" \/>\n\t<meta property=\"og:image:type\" content=\"image\/jpeg\" \/>\n<meta name=\"twitter:card\" content=\"summary_large_image\" \/>\n<script type=\"application\/ld+json\" class=\"yoast-schema-graph\">{\"@context\":\"https:\/\/schema.org\",\"@graph\":[{\"@type\":\"WebPage\",\"@id\":\"https:\/\/www.abf.se\/vasternorrland\/lediga-tjanster\/\",\"url\":\"https:\/\/www.abf.se\/vasternorrland\/lediga-tjanster\/\",\"name\":\"Lediga tj\u00e4nster - V\u00e4sternorrland\",\"isPartOf\":{\"@id\":\"https:\/\/www.abf.se\/vasternorrland\/#website\"},\"datePublished\":\"2024-04-17T11:48:33+00:00\",\"dateModified\":\"2026-01-13T10:13:39+00:00\",\"breadcrumb\":{\"@id\":\"https:\/\/www.abf.se\/vasternorrland\/lediga-tjanster\/#breadcrumb\"},\"inLanguage\":\"sv-SE\",\"potentialAction\":[{\"@type\":\"ReadAction\",\"target\":[\"https:\/\/www.abf.se\/vasternorrland\/lediga-tjanster\/\"]}]},{\"@type\":\"BreadcrumbList\",\"@id\":\"https:\/\/www.abf.se\/vasternorrland\/lediga-tjanster\/#breadcrumb\",\"itemListElement\":[{\"@type\":\"ListItem\",\"position\":1,\"name\":\"Home\",\"item\":\"https:\/\/www.abf.se\/vasternorrland\/\"},{\"@type\":\"ListItem\",\"position\":2,\"name\":\"Lediga tj\u00e4nster\"}]},{\"@type\":\"WebSite\",\"@id\":\"https:\/\/www.abf.se\/vasternorrland\/#website\",\"url\":\"https:\/\/www.abf.se\/vasternorrland\/\",\"name\":\"V\u00e4sternorrland\",\"description\":\"\",\"potentialAction\":[{\"@type\":\"SearchAction\",\"target\":{\"@type\":\"EntryPoint\",\"urlTemplate\":\"https:\/\/www.abf.se\/vasternorrland\/?s={search_term_string}\"},\"query-input\":{\"@type\":\"PropertyValueSpecification\",\"valueRequired\":true,\"valueName\":\"search_term_string\"}}],\"inLanguage\":\"sv-SE\"}]}<\/script>\n<!-- \/ Yoast SEO plugin. -->","yoast_head_json":{"title":"Lediga tj\u00e4nster - V\u00e4sternorrland","robots":{"index":"index","follow":"follow","max-snippet":"max-snippet:-1","max-image-preview":"max-image-preview:large","max-video-preview":"max-video-preview:-1"},"canonical":"https:\/\/www.abf.se\/vasternorrland\/lediga-tjanster\/","og_locale":"sv_SE","og_type":"article","og_title":"Lediga tj\u00e4nster - V\u00e4sternorrland","og_url":"https:\/\/www.abf.se\/vasternorrland\/lediga-tjanster\/","og_site_name":"V\u00e4sternorrland","article_modified_time":"2026-01-13T10:13:39+00:00","og_image":[{"width":2560,"height":1440,"url":"https:\/\/www.abf.se\/wp-content\/uploads\/sites\/56\/2024\/04\/Nyckeln-liggande-scaled.jpg","type":"image\/jpeg"}],"twitter_card":"summary_large_image","schema":{"@context":"https:\/\/schema.org","@graph":[{"@type":"WebPage","@id":"https:\/\/www.abf.se\/vasternorrland\/lediga-tjanster\/","url":"https:\/\/www.abf.se\/vasternorrland\/lediga-tjanster\/","name":"Lediga tj\u00e4nster - V\u00e4sternorrland","isPartOf":{"@id":"https:\/\/www.abf.se\/vasternorrland\/#website"},"datePublished":"2024-04-17T11:48:33+00:00","dateModified":"2026-01-13T10:13:39+00:00","breadcrumb":{"@id":"https:\/\/www.abf.se\/vasternorrland\/lediga-tjanster\/#breadcrumb"},"inLanguage":"sv-SE","potentialAction":[{"@type":"ReadAction","target":["https:\/\/www.abf.se\/vasternorrland\/lediga-tjanster\/"]}]},{"@type":"BreadcrumbList","@id":"https:\/\/www.abf.se\/vasternorrland\/lediga-tjanster\/#breadcrumb","itemListElement":[{"@type":"ListItem","position":1,"name":"Home","item":"https:\/\/www.abf.se\/vasternorrland\/"},{"@type":"ListItem","position":2,"name":"Lediga tj\u00e4nster"}]},{"@type":"WebSite","@id":"https:\/\/www.abf.se\/vasternorrland\/#website","url":"https:\/\/www.abf.se\/vasternorrland\/","name":"V\u00e4sternorrland","description":"","potentialAction":[{"@type":"SearchAction","target":{"@type":"EntryPoint","urlTemplate":"https:\/\/www.abf.se\/vasternorrland\/?s={search_term_string}"},"query-input":{"@type":"PropertyValueSpecification","valueRequired":true,"valueName":"search_term_string"}}],"inLanguage":"sv-SE"}]}},"_links":{"self":[{"href":"https:\/\/www.abf.se\/vasternorrland\/wp-json\/wp\/v2\/pages\/575","targetHints":{"allow":["GET"]}}],"collection":[{"href":"https:\/\/www.abf.se\/vasternorrland\/wp-json\/wp\/v2\/pages"}],"about":[{"href":"https:\/\/www.abf.se\/vasternorrland\/wp-json\/wp\/v2\/types\/page"}],"author":[{"embeddable":true,"href":"https:\/\/www.abf.se\/vasternorrland\/wp-json\/wp\/v2\/users\/95"}],"replies":[{"embeddable":true,"href":"https:\/\/www.abf.se\/vasternorrland\/wp-json\/wp\/v2\/comments?post=575"}],"version-history":[{"count":38,"href":"https:\/\/www.abf.se\/vasternorrland\/wp-json\/wp\/v2\/pages\/575\/revisions"}],"predecessor-version":[{"id":1230,"href":"https:\/\/www.abf.se\/vasternorrland\/wp-json\/wp\/v2\/pages\/575\/revisions\/1230"}],"wp:attachment":[{"href":"https:\/\/www.abf.se\/vasternorrland\/wp-json\/wp\/v2\/media?parent=575"}],"curies":[{"name":"wp","href":"https:\/\/api.w.org\/{rel}","templated":true}]}}